{"id":9143,"date":"2025-06-16T09:30:00","date_gmt":"2025-06-16T07:30:00","guid":{"rendered":"https:\/\/famicord.ch\/?post_type=pregnancy_zone&#038;p=9143"},"modified":"2025-12-23T12:23:15","modified_gmt":"2025-12-23T11:23:15","slug":"primi-movimenti-del-bambino","status":"publish","type":"pregnancy_zone","link":"https:\/\/famicord.ch\/it\/pregnancy-zone-2\/come-ci-si-prende-cura-di-se-durante-la-gravidanza\/primi-movimenti-del-bambino","title":{"rendered":"I primi movimenti del bambino \u2013 quando si iniziano a sentire?"},"content":{"rendered":"<p><script type=\"application\/ld+json\">{\"@context\":\"https:\/\/schema.org\",\"@type\":\"FAQPage\",\"@id\":\"https:\/\/famicord.ch\/it\/pregnancy-zone-2\/schwangerschaftsinformationen\/erste-bewegungen-des-babys#faq\",\"url\":\"https:\/\/famicord.ch\/it\/pregnancy-zone-2\/schwangerschaftsinformationen\/erste-bewegungen-des-babys\",\"inLanguage\":\"it-CH\",\"mainEntity\":[{\"@type\":\"Question\",\"name\":\"In quale settimana si sente il bambino?\",\"acceptedAnswer\":{\"@type\":\"Answer\",\"text\":\"I primi movimenti \u2013 come un gorgoglio, un solletico o una sensazione fluida \u2013 possono essere percepiti a partire dalla 16\u00aa settimana, ma pi\u00f9 spesso tra la 18\u00aa e la 22\u00aa settimana.\"}},{\"@type\":\"Question\",\"name\":\"Quando si vedono i movimenti dall\u2019esterno?\",\"acceptedAnswer\":{\"@type\":\"Answer\",\"text\":\"Tra il 7\u00ba e l\u20198\u00ba mese di gravidanza, quando il bambino d\u00e0 calci forti o si muove intensamente, tali movimenti possono essere visibili anche dall\u2019esterno.\"}},{\"@type\":\"Question\",\"name\":\"Dove si sentono i primi movimenti?\",\"acceptedAnswer\":{\"@type\":\"Answer\",\"text\":\"Dipende dalla posizione del bambino e della placenta, ma pi\u00f9 comunemente si sentono in basso, nella parte inferiore dell\u2019addome, appena sopra la linea dello slip.\"}}]}<\/script><\/p>\n\n\n<p class=\" eplus-wrapper\">I genitori aspettano con impazienza di sentire i primi movimenti del loro bambino. Questi momenti sono spesso molto emozionanti e contribuiscono in modo significativo al legame tra il bambino e i genitori. Per monitorare il benessere del feto, \u00e8 molto importante che la madre osservi e conti i movimenti del bambino. Ma in quale settimana di gravidanza si iniziano a sentire i primi movimenti?<\/p>\n\n\n\n<h2 class=\" wp-block-heading eplus-wrapper\"><strong>Come riconoscere i primi movimenti del bambino nel grembo?<\/strong><\/h2>\n\n\n\n<p class=\" eplus-wrapper\">I movimenti del bambino nel grembo possono essere percepiti in modi molto diversi. Le donne al loro primo figlio si aspettano spesso calci forti, ma i primi movimenti assomigliano pi\u00f9 a un leggero battito d\u2019ali di farfalla. I veri calci, talvolta anche fastidiosi, compaiono di solito solo poco prima del parto. Frequenza e intensit\u00e0 dei movimenti dipendono anche dalla posizione del bambino nell\u2019utero. Anche il peso della madre prima della gravidanza e la quantit\u00e0 di tessuto adiposo influiscono sulla percezione \u2013 le donne minute e snelle avvertono di solito i primi movimenti prima.<\/p>\n\n\n\n<h2 class=\" wp-block-heading eplus-wrapper\"><strong>Quando si sentono i primi movimenti durante la gravidanza?<\/strong><\/h2>\n\n\n\n<p class=\" eplus-wrapper\">A partire dalla 15\u00aa settimana di gravidanza, il bambino esegue movimenti complessi con braccia e gambe. Tuttavia, sono ancora troppo leggeri per essere percepiti dalla madre. Dalla 16\u00aa settimana alcune donne potrebbero avvertire i primi movimenti, ma di solito si iniziano a sentire attorno alla 20\u00aa settimana. Molte donne li paragonano a movimenti intestinali \u2013 una sorta di gorgoglio o fruscio. In una seconda gravidanza, questi movimenti possono essere percepiti gi\u00e0 tra la 15\u00aa e la 18\u00aa settimana. Con il progredire della gravidanza diventano pi\u00f9 regolari e intensi.<\/p>\n\n\n\n<p class=\" eplus-wrapper\">Verso la fine della gravidanza, il bambino diventa pi\u00f9 grande e i movimenti tornano ad essere pi\u00f9 delicati. Tuttavia, restano molto importanti, poich\u00e9 sono segno di benessere e di uno sviluppo sano.<\/p>\n\n\n\n<h2 class=\" wp-block-heading eplus-wrapper\"><strong>Come sono i primi movimenti del bambino \u2013 e sono regolari?<\/strong><\/h2>\n\n\n\n<p class=\" eplus-wrapper\">Non \u00e8 sempre facile percepire i primi movimenti del bambino, soprattutto durante la prima gravidanza, quando la donna non sa ancora bene cosa aspettarsi. Il momento migliore per sentirli \u00e8 quando si \u00e8 completamente rilassate, ad esempio sdraiate sulla schiena. In questo modo \u00e8 pi\u00f9 facile percepire i segnali del corpo.<\/p>\n\n\n\n<p class=\" eplus-wrapper\">Ogni bambino ha un proprio ritmo quotidiano \u2013 alcuni sono attivi al mattino, altri la sera. I movimenti si fanno spesso pi\u00f9 intensi dopo i pasti. L\u2019attivit\u00e0 del bambino \u00e8 un segnale di uno sviluppo sano e lo aiuta anche a prepararsi al parto.<\/p>\n\n\n\n<h2 class=\" wp-block-heading eplus-wrapper\"><strong>Come si muove il bambino nell\u2019utero?<\/strong><\/h2>\n\n\n\n<p class=\" eplus-wrapper\">Il bambino muove braccia e gambe, fa capriole, succhia il pollice e sbadiglia. Durante le ecografie si pu\u00f2 talvolta vedere il bambino fare smorfie o sorridere. Le ecografie 3D e 4D sono oggi particolarmente apprezzate, poich\u00e9 permettono ai genitori di vedere chiaramente il loro bambino e portare a casa foto o video ricordo.<\/p>\n\n\n\n<p class=\" eplus-wrapper\">L\u2019attivit\u00e0 del bambino viene valutata anche nel cosiddetto test di Manning (profilo biofisico), solitamente effettuato nel terzo trimestre o dopo il termine. Durante questo esame, i movimenti respiratori e generali del feto vengono analizzati tramite ecografia e tracciato CTG. L\u2019obiettivo \u00e8 valutare il benessere del bambino \u2013 un risultato anomalo pu\u00f2 indicare un\u2019eventuale sofferenza fetale.<\/p>\n\n\n\n<h2 class=\" wp-block-heading eplus-wrapper\"><strong>Un bambino particolarmente attivo nel grembo<\/strong><\/h2>\n\n\n\n<p class=\" eplus-wrapper\">Dopo i pasti o durante i momenti di riposo della madre, il bambino \u00e8 spesso pi\u00f9 attivo. Le donne con meno tessuto adiposo percepiscono questi movimenti in modo pi\u00f9 intenso. Il bambino reagisce anche alla musica ad alto volume o a stimoli esterni con dei movimenti. Anche le emozioni della madre influenzano l\u2019attivit\u00e0 del bambino.<\/p>\n\n\n\n<p class=\" eplus-wrapper\">Durante il sonno, il bambino non si muove \u2013 queste fasi durano circa 40 minuti e raramente pi\u00f9 di 90 minuti. Nei casi di bambini molto attivi, un leggero dondolio o una passeggiata possono avere un effetto calmante. Alcune madri ascoltano musica classica per rilassare il bambino \u2013 a partire dalla 25\u00aa settimana circa, il feto reagisce ai suoni esterni.<\/p>\n\n\n\n<h2 class=\" wp-block-heading eplus-wrapper\"><strong>Come contare i movimenti del bambino prima del parto?<\/strong><\/h2>\n\n\n\n<p class=\" eplus-wrapper\">Soprattutto nella seconda met\u00e0 della gravidanza, \u00e8 molto importante contare i movimenti del bambino ogni giorno. In questo modo, la madre pu\u00f2 monitorare il benessere del bambino a casa. Il momento migliore per contare \u00e8 un\u2019ora dopo il pasto o quando il bambino \u00e8 pi\u00f9 attivo \u2013 sdraiandosi sul lato sinistro. Se la madre avverte meno di quattro movimenti in un\u2019ora, dovrebbe continuare a contare per un\u2019altra ora.<\/p>\n\n\n\n<p class=\" eplus-wrapper\">Alcune raccomandazioni consigliano di contare fino a percepire dieci movimenti \u2013 \u00e8 il cosiddetto metodo Cardiff. I movimenti vanno contati tra le 9 e le 21. Questo esercizio dovrebbe essere ripetuto ogni giorno fino a raggiungere dieci movimenti. Anche una speciale scheda per annotare i movimenti pu\u00f2 essere utile. L\u2019assenza di movimenti fino alla 22\u00aa settimana di gravidanza dovrebbe essere assolutamente valutata da un medico.<\/p>\n\n\n\n<h2 class=\" wp-block-heading eplus-wrapper\"><strong>In che mese si sentono i calci del bambino?<\/strong><\/h2>\n\n\n\n<p class=\" eplus-wrapper\">Affinch\u00e9 il bambino possa dare calci o premere contro l\u2019utero, deve aver raggiunto una certa forza e dimensione \u2013 ci\u00f2 avviene generalmente dalla 26\u00aa settimana, ovvero verso la fine del 6\u00ba mese. La futura madre percepisce allora movimenti pi\u00f9 evidenti, a volte anche una tensione sgradevole o colpi in determinati punti del ventre. A volte il bambino spinge una mano o un piede contro la parete addominale \u2013 un fenomeno piuttosto comune in gravidanza. Vederlo per la prima volta \u00e8 un\u2019esperienza indimenticabile per molti genitori.<\/p>\n\n\n\n<p class=\" eplus-wrapper\">Alla fine della gravidanza, i movimenti del bambino diventano pi\u00f9 delicati, ma molto evidenti a causa del poco spazio. Molte future mamme li trovano allora scomodi o addirittura dolorosi.<\/p>\n\n\n\n<h2 class=\" wp-block-heading eplus-wrapper\"><strong>Come stimolare i movimenti del bambino?<\/strong><\/h2>\n\n\n<ul class=\" wp-block-list eplus-wrapper eplus-styles-uid-74ba6d\">\n<li class=\" eplus-wrapper\"><strong>Bussare e parlare<\/strong>: Quando il bambino d\u00e0 un calcio, si pu\u00f2 bussare delicatamente in risposta. Anche parlare \u00e8 utile \u2013 il bambino non capisce ancora il linguaggio, ma \u00e8 in grado di riconoscerlo alla fine del terzo trimestre.<\/li>\n\n\n\n<li class=\" eplus-wrapper\"><strong>Dondolare e mettere la musica<\/strong>: La musica riprodotta con le cuffie o un altoparlante sul ventre pu\u00f2 aiutare il bambino ad abituarsi ai suoni esterni. Anche i movimenti della madre stimolano l\u2019attivit\u00e0, mentre i movimenti calmi indicano un momento di riposo.<\/li>\n\n\n\n<li class=\" eplus-wrapper\"><strong>Mangiare dolci e ridere<\/strong>: Un livello di zucchero nel sangue pi\u00f9 alto rende il bambino pi\u00f9 attivo \u2013 ma i dolci vanno consumati con moderazione. Anche il ridere stimola la circolazione, il che pu\u00f2 intensificare i movimenti del bambino. Durante un\u2019ecografia, le risate della madre possono addirittura aumentare i movimenti del feto.<\/li>\n<\/ul>\n\n\n<h2 class=\" wp-block-heading eplus-wrapper\"><strong>FAQ:<\/strong><\/h2>\n\n\n\n<p class=\" eplus-wrapper\"><strong>A quale settimana si sente il bambino?<\/strong><br>I primi movimenti \u2013 come un gorgoglio, un solletico o una sensazione fluida \u2013 possono essere percepiti a partire dalla 16\u00aa settimana, ma pi\u00f9 spesso tra la 18\u00aa e la 22\u00aa settimana.<\/p>\n\n\n\n<p class=\" eplus-wrapper\"><strong>Quando si vedono i movimenti dall\u2019esterno?<\/strong><br>Tra il 7\u00ba e l\u20198\u00ba mese di gravidanza, quando il bambino d\u00e0 calci forti o si muove intensamente, tali movimenti possono essere visibili anche dall\u2019esterno.<\/p>\n\n\n\n<p class=\" eplus-wrapper\"><strong>Dove si sentono i primi movimenti?<\/strong><br>Dipende dalla posizione del bambino e della placenta, ma pi\u00f9 comunemente si sentono in basso, nella parte inferiore dell\u2019addome, appena sopra la linea dello slip.<\/p>\n","protected":false},"excerpt":{"rendered":"<p>I genitori aspettano con impazienza di sentire i primi movimenti del loro bambino. Questi momenti sono spesso molto emozionanti e contribuiscono in modo significativo al legame tra il bambino e i genitori. Per monitorare il benessere del feto, \u00e8 molto importante che la madre osservi e conti i movimenti del bambino. Ma in quale settimana [&hellip;]<\/p>\n","protected":false},"author":4,"featured_media":9140,"template":"","pregnancy_zone_category":[96],"class_list":["post-9143","pregnancy_zone","type-pregnancy_zone","status-publish","has-post-thumbnail","hentry","pregnancy_zone_category-come-ci-si-prende-cura-di-se-durante-la-gravidanza"],"acf":[],"yoast_head":"<!-- This site is optimized with the Yoast SEO plugin v27.5 - https:\/\/yoast.com\/product\/yoast-seo-wordpress\/ -->\n<title>Movimenti del bambino in gravidanza | FamiCord Suisse<\/title>\n<meta name=\"description\" content=\"Quando si sentono i primi movimenti del bambino? Scoprite come si percepiscono e cosa indicano sul suo benessere.\" \/>\n<meta name=\"robots\" content=\"index, follow, max-snippet:-1, max-image-preview:large, max-video-preview:-1\" \/>\n<link rel=\"canonical\" href=\"https:\/\/famicord.ch\/it\/pregnancy-zone-2\/come-ci-si-prende-cura-di-se-durante-la-gravidanza\/primi-movimenti-del-bambino\" \/>\n<meta property=\"og:locale\" content=\"it_IT\" \/>\n<meta property=\"og:type\" content=\"article\" \/>\n<meta property=\"og:title\" content=\"Movimenti del bambino in gravidanza | FamiCord Suisse\" \/>\n<meta property=\"og:description\" content=\"Quando si sentono i primi movimenti del bambino? Scoprite come si percepiscono e cosa indicano sul suo benessere.\" \/>\n<meta property=\"og:url\" content=\"https:\/\/famicord.ch\/it\/pregnancy-zone-2\/come-ci-si-prende-cura-di-se-durante-la-gravidanza\/primi-movimenti-del-bambino\" \/>\n<meta property=\"og:site_name\" content=\"Famicord Suisse\" \/>\n<meta property=\"article:modified_time\" content=\"2025-12-23T11:23:15+00:00\" \/>\n<meta property=\"og:image\" content=\"https:\/\/famicord.ch\/wp-content\/uploads\/2025\/06\/Bewegung_Baby.webp\" \/>\n\t<meta property=\"og:image:width\" content=\"640\" \/>\n\t<meta property=\"og:image:height\" content=\"427\" \/>\n\t<meta property=\"og:image:type\" content=\"image\/webp\" \/>\n<meta name=\"twitter:card\" content=\"summary_large_image\" \/>\n<meta name=\"twitter:label1\" content=\"Est. reading time\" \/>\n\t<meta name=\"twitter:data1\" content=\"7 minutes\" \/>\n<script type=\"application\/ld+json\" class=\"yoast-schema-graph\">{\"@context\":\"https:\\\/\\\/schema.org\",\"@graph\":[{\"@type\":\"WebPage\",\"@id\":\"https:\\\/\\\/famicord.ch\\\/it\\\/pregnancy-zone-2\\\/come-ci-si-prende-cura-di-se-durante-la-gravidanza\\\/primi-movimenti-del-bambino\",\"url\":\"https:\\\/\\\/famicord.ch\\\/it\\\/pregnancy-zone-2\\\/come-ci-si-prende-cura-di-se-durante-la-gravidanza\\\/primi-movimenti-del-bambino\",\"name\":\"Movimenti del bambino in gravidanza | FamiCord Suisse\",\"isPartOf\":{\"@id\":\"https:\\\/\\\/famicord.ch\\\/it#website\"},\"primaryImageOfPage\":{\"@id\":\"https:\\\/\\\/famicord.ch\\\/it\\\/pregnancy-zone-2\\\/come-ci-si-prende-cura-di-se-durante-la-gravidanza\\\/primi-movimenti-del-bambino#primaryimage\"},\"image\":{\"@id\":\"https:\\\/\\\/famicord.ch\\\/it\\\/pregnancy-zone-2\\\/come-ci-si-prende-cura-di-se-durante-la-gravidanza\\\/primi-movimenti-del-bambino#primaryimage\"},\"thumbnailUrl\":\"https:\\\/\\\/famicord.ch\\\/wp-content\\\/uploads\\\/2025\\\/06\\\/Bewegung_Baby.webp\",\"datePublished\":\"2025-06-16T07:30:00+00:00\",\"dateModified\":\"2025-12-23T11:23:15+00:00\",\"description\":\"Quando si sentono i primi movimenti del bambino? Scoprite come si percepiscono e cosa indicano sul suo benessere.\",\"breadcrumb\":{\"@id\":\"https:\\\/\\\/famicord.ch\\\/it\\\/pregnancy-zone-2\\\/come-ci-si-prende-cura-di-se-durante-la-gravidanza\\\/primi-movimenti-del-bambino#breadcrumb\"},\"inLanguage\":\"it-CH\",\"potentialAction\":[{\"@type\":\"ReadAction\",\"target\":[\"https:\\\/\\\/famicord.ch\\\/it\\\/pregnancy-zone-2\\\/come-ci-si-prende-cura-di-se-durante-la-gravidanza\\\/primi-movimenti-del-bambino\"]}]},{\"@type\":\"ImageObject\",\"inLanguage\":\"it-CH\",\"@id\":\"https:\\\/\\\/famicord.ch\\\/it\\\/pregnancy-zone-2\\\/come-ci-si-prende-cura-di-se-durante-la-gravidanza\\\/primi-movimenti-del-bambino#primaryimage\",\"url\":\"https:\\\/\\\/famicord.ch\\\/wp-content\\\/uploads\\\/2025\\\/06\\\/Bewegung_Baby.webp\",\"contentUrl\":\"https:\\\/\\\/famicord.ch\\\/wp-content\\\/uploads\\\/2025\\\/06\\\/Bewegung_Baby.webp\",\"width\":640,\"height\":427},{\"@type\":\"BreadcrumbList\",\"@id\":\"https:\\\/\\\/famicord.ch\\\/it\\\/pregnancy-zone-2\\\/come-ci-si-prende-cura-di-se-durante-la-gravidanza\\\/primi-movimenti-del-bambino#breadcrumb\",\"itemListElement\":[{\"@type\":\"ListItem\",\"position\":1,\"name\":\"Home\",\"item\":\"https:\\\/\\\/famicord.ch\\\/it\"},{\"@type\":\"ListItem\",\"position\":2,\"name\":\"FamiBlog\",\"item\":\"https:\\\/\\\/famicord.ch\\\/it\\\/pregnancy-zone-2\"},{\"@type\":\"ListItem\",\"position\":3,\"name\":\"I primi movimenti del bambino \u2013 quando si iniziano a sentire?\"}]},{\"@type\":\"WebSite\",\"@id\":\"https:\\\/\\\/famicord.ch\\\/it#website\",\"url\":\"https:\\\/\\\/famicord.ch\\\/it\",\"name\":\"Famicord.ch\",\"description\":\"\",\"potentialAction\":[{\"@type\":\"SearchAction\",\"target\":{\"@type\":\"EntryPoint\",\"urlTemplate\":\"https:\\\/\\\/famicord.ch\\\/it?s={search_term_string}\"},\"query-input\":{\"@type\":\"PropertyValueSpecification\",\"valueRequired\":true,\"valueName\":\"search_term_string\"}}],\"inLanguage\":\"it-CH\"}]}<\/script>\n<!-- \/ Yoast SEO plugin. -->","yoast_head_json":{"title":"Movimenti del bambino in gravidanza | FamiCord Suisse","description":"Quando si sentono i primi movimenti del bambino? Scoprite come si percepiscono e cosa indicano sul suo benessere.","robots":{"index":"index","follow":"follow","max-snippet":"max-snippet:-1","max-image-preview":"max-image-preview:large","max-video-preview":"max-video-preview:-1"},"canonical":"https:\/\/famicord.ch\/it\/pregnancy-zone-2\/come-ci-si-prende-cura-di-se-durante-la-gravidanza\/primi-movimenti-del-bambino","og_locale":"it_IT","og_type":"article","og_title":"Movimenti del bambino in gravidanza | FamiCord Suisse","og_description":"Quando si sentono i primi movimenti del bambino? Scoprite come si percepiscono e cosa indicano sul suo benessere.","og_url":"https:\/\/famicord.ch\/it\/pregnancy-zone-2\/come-ci-si-prende-cura-di-se-durante-la-gravidanza\/primi-movimenti-del-bambino","og_site_name":"Famicord Suisse","article_modified_time":"2025-12-23T11:23:15+00:00","og_image":[{"width":640,"height":427,"url":"https:\/\/famicord.ch\/wp-content\/uploads\/2025\/06\/Bewegung_Baby.webp","type":"image\/webp"}],"twitter_card":"summary_large_image","twitter_misc":{"Est. reading time":"7 minutes"},"schema":{"@context":"https:\/\/schema.org","@graph":[{"@type":"WebPage","@id":"https:\/\/famicord.ch\/it\/pregnancy-zone-2\/come-ci-si-prende-cura-di-se-durante-la-gravidanza\/primi-movimenti-del-bambino","url":"https:\/\/famicord.ch\/it\/pregnancy-zone-2\/come-ci-si-prende-cura-di-se-durante-la-gravidanza\/primi-movimenti-del-bambino","name":"Movimenti del bambino in gravidanza | FamiCord Suisse","isPartOf":{"@id":"https:\/\/famicord.ch\/it#website"},"primaryImageOfPage":{"@id":"https:\/\/famicord.ch\/it\/pregnancy-zone-2\/come-ci-si-prende-cura-di-se-durante-la-gravidanza\/primi-movimenti-del-bambino#primaryimage"},"image":{"@id":"https:\/\/famicord.ch\/it\/pregnancy-zone-2\/come-ci-si-prende-cura-di-se-durante-la-gravidanza\/primi-movimenti-del-bambino#primaryimage"},"thumbnailUrl":"https:\/\/famicord.ch\/wp-content\/uploads\/2025\/06\/Bewegung_Baby.webp","datePublished":"2025-06-16T07:30:00+00:00","dateModified":"2025-12-23T11:23:15+00:00","description":"Quando si sentono i primi movimenti del bambino? Scoprite come si percepiscono e cosa indicano sul suo benessere.","breadcrumb":{"@id":"https:\/\/famicord.ch\/it\/pregnancy-zone-2\/come-ci-si-prende-cura-di-se-durante-la-gravidanza\/primi-movimenti-del-bambino#breadcrumb"},"inLanguage":"it-CH","potentialAction":[{"@type":"ReadAction","target":["https:\/\/famicord.ch\/it\/pregnancy-zone-2\/come-ci-si-prende-cura-di-se-durante-la-gravidanza\/primi-movimenti-del-bambino"]}]},{"@type":"ImageObject","inLanguage":"it-CH","@id":"https:\/\/famicord.ch\/it\/pregnancy-zone-2\/come-ci-si-prende-cura-di-se-durante-la-gravidanza\/primi-movimenti-del-bambino#primaryimage","url":"https:\/\/famicord.ch\/wp-content\/uploads\/2025\/06\/Bewegung_Baby.webp","contentUrl":"https:\/\/famicord.ch\/wp-content\/uploads\/2025\/06\/Bewegung_Baby.webp","width":640,"height":427},{"@type":"BreadcrumbList","@id":"https:\/\/famicord.ch\/it\/pregnancy-zone-2\/come-ci-si-prende-cura-di-se-durante-la-gravidanza\/primi-movimenti-del-bambino#breadcrumb","itemListElement":[{"@type":"ListItem","position":1,"name":"Home","item":"https:\/\/famicord.ch\/it"},{"@type":"ListItem","position":2,"name":"FamiBlog","item":"https:\/\/famicord.ch\/it\/pregnancy-zone-2"},{"@type":"ListItem","position":3,"name":"I primi movimenti del bambino \u2013 quando si iniziano a sentire?"}]},{"@type":"WebSite","@id":"https:\/\/famicord.ch\/it#website","url":"https:\/\/famicord.ch\/it","name":"Famicord.ch","description":"","potentialAction":[{"@type":"SearchAction","target":{"@type":"EntryPoint","urlTemplate":"https:\/\/famicord.ch\/it?s={search_term_string}"},"query-input":{"@type":"PropertyValueSpecification","valueRequired":true,"valueName":"search_term_string"}}],"inLanguage":"it-CH"}]}},"_links":{"self":[{"href":"https:\/\/famicord.ch\/it\/wp-json\/wp\/v2\/pregnancy_zone\/9143","targetHints":{"allow":["GET"]}}],"collection":[{"href":"https:\/\/famicord.ch\/it\/wp-json\/wp\/v2\/pregnancy_zone"}],"about":[{"href":"https:\/\/famicord.ch\/it\/wp-json\/wp\/v2\/types\/pregnancy_zone"}],"author":[{"embeddable":true,"href":"https:\/\/famicord.ch\/it\/wp-json\/wp\/v2\/users\/4"}],"wp:featuredmedia":[{"embeddable":true,"href":"https:\/\/famicord.ch\/it\/wp-json\/wp\/v2\/media\/9140"}],"wp:attachment":[{"href":"https:\/\/famicord.ch\/it\/wp-json\/wp\/v2\/media?parent=9143"}],"wp:term":[{"taxonomy":"pregnancy_zone_category","embeddable":true,"href":"https:\/\/famicord.ch\/it\/wp-json\/wp\/v2\/pregnancy_zone_category?post=9143"}],"curies":[{"name":"wp","href":"https:\/\/api.w.org\/{rel}","templated":true}]}}