{"id":8273,"date":"2025-03-03T09:30:00","date_gmt":"2025-03-03T08:30:00","guid":{"rendered":"https:\/\/famicord.ch\/?post_type=pregnancy_zone&#038;p=8273"},"modified":"2026-01-05T12:28:13","modified_gmt":"2026-01-05T11:28:13","slug":"vertigini","status":"publish","type":"pregnancy_zone","link":"https:\/\/famicord.ch\/it\/pregnancy-zone-2\/come-ci-si-prende-cura-di-se-durante-la-gravidanza\/vertigini","title":{"rendered":"Vertigini durante la gravidanza"},"content":{"rendered":"\n<p class=\" eplus-wrapper\">Durante la gravidanza, molti sintomi e disagi si manifestano e sono legati a questa condizione speciale. Uno di questi \u00e8 la vertigine. Molte donne in gravidanza le sperimentano gi\u00e0 nelle prime settimane di gestazione e, di solito, non rappresentano un problema grave. Tuttavia, se si verificano nel terzo trimestre, verso la fine della gravidanza, potrebbero indicare complicazioni pericolose come la preeclampsia o la sindrome HELLP. Quali sono le cause delle vertigini durante la gravidanza e si possono prevenire?<\/p>\n\n\n\n<h2 class=\" wp-block-heading eplus-wrapper\"><strong>Vertigini nelle prime fasi della gravidanza<\/strong><\/h2>\n\n\n\n<p class=\" eplus-wrapper\">Molte donne soffrono di diversi disagi nelle prime settimane di gravidanza. I pi\u00f9 comuni sono nausea e vomito, che si verificano fino al 70% delle future mamme. Inoltre, le donne in gravidanza si lamentano spesso di stanchezza, sbalzi d&#8217;umore e sonnolenza eccessiva. Alcune donne sperimentano anche mal di testa e vertigini, oltre ai sintomi tipici e frequenti come il ritardo del ciclo mestruale o il seno dolorante. Da cosa dipende? Le vertigini nelle prime fasi della gravidanza sono generalmente causate dai cambiamenti ormonali nel corpo della donna. Per sostenere la crescita sana del bambino nell&#8217;utero, si verificano diversi cambiamenti in vari sistemi e organi del corpo materno. Questi includono l&#8217;aumento del flusso sanguigno e del volume del sangue circolante, nonch\u00e9 la diminuzione della pressione sanguigna. Per questo motivo, le vertigini si manifestano pi\u00f9 comunemente quando avviene un cambio di posizione improvviso, come alzarsi da sdraiati a in piedi. \u00c8 importante alzarsi sempre lentamente, preferibilmente prima sedendosi, per evitare un improvviso calo della pressione sanguigna. Se la donna soffre frequentemente di nausea e vomito all&#8217;inizio della gravidanza, potrebbe verificarsi una disidratazione, di cui uno dei sintomi \u00e8 appunto la vertigine.<\/p>\n\n\n\n<h2 class=\" wp-block-heading eplus-wrapper\"><strong>Cause delle vertigini durante la gravidanza<\/strong><\/h2>\n\n\n\n<p class=\" eplus-wrapper\">Come accennato in precedenza, le cause ormonali sono tra i motivi pi\u00f9 comuni delle vertigini. Esse influenzano la funzione del cuore, l&#8217;espansione dei vasi sanguigni e la diminuzione fisiologica della pressione sanguigna durante la gravidanza. Tuttavia, ci sono altre cause di vertigini. Possono essere causate dagli effetti collaterali dei farmaci assunti dalla donna in gravidanza. In questo caso, il medico potrebbe aggiustare il trattamento o la dose, se possibile.<\/p>\n\n\n\n<p class=\" eplus-wrapper\">Le vertigini durante la gravidanza possono anche essere un segno di malnutrizione o dieta inadeguata, nonch\u00e9 di scarsa assunzione di liquidi. Possono anche manifestarsi come sintomo di anemia, che nelle donne incinte \u00e8 spesso causata dalla carenza di ferro. Man mano che la gravidanza progredisce e il pancione della madre cresce, la pressione dell&#8217;utero sulla vena cava inferiore aumenta, il che pu\u00f2 provocare vertigini o anche svenimenti. Per questo motivo, alle donne in gravidanza viene spesso consigliato di dormire sul lato sinistro per evitare questi disagi.<\/p>\n\n\n\n<h2 class=\" wp-block-heading eplus-wrapper\"><strong>Come prevenire le vertigini durante la gravidanza<\/strong><\/h2>\n\n\n\n<p class=\" eplus-wrapper\">Non esiste una formula comprovata per prevenire le vertigini durante la gravidanza, ma puoi cercare di evitarle seguendo questi consigli:<\/p>\n\n\n<ul class=\" wp-block-list eplus-wrapper eplus-styles-uid-d440a8\">\n<li class=\" eplus-wrapper\">Cerca di evitare di stare in piedi per periodi prolungati.<\/li>\n\n\n\n<li class=\" eplus-wrapper\">Non alzarti troppo rapidamente quando passi da una posizione seduta o sdraiata a una posizione eretta.<\/li>\n\n\n\n<li class=\" eplus-wrapper\">Evita di sdraiarti sulla schiena, soprattutto nel secondo e terzo trimestre.<\/li>\n\n\n\n<li class=\" eplus-wrapper\">Segui una dieta sana e regolare ed evita livelli bassi di zucchero nel sangue.<\/li>\n\n\n\n<li class=\" eplus-wrapper\">Bevi molta acqua per evitare la disidratazione.<\/li>\n\n\n\n<li class=\" eplus-wrapper\">Prendi sempre i farmaci e gli integratori secondo le raccomandazioni del medico.<\/li>\n<\/ul>\n\n\n<h2 class=\" wp-block-heading eplus-wrapper\"><strong>Vertigini nel terzo trimestre<\/strong><\/h2>\n\n\n\n<p class=\" eplus-wrapper\">Il bambino in crescita e l&#8217;utero possono esercitare una pressione crescente sui vasi sanguigni verso la fine della gravidanza, ostacolando il normale flusso sanguigno. Pertanto, le cause delle vertigini nel terzo trimestre sono simili a quelle delle prime settimane di gravidanza e, di solito, non sono motivo di preoccupazione.<\/p>\n\n\n\n<p class=\" eplus-wrapper\">Tuttavia, nelle ultime settimane di gravidanza, potrebbero insorgere complicazioni particolarmente pericolose che non devono essere sottovalutate. Se le vertigini sono accompagnate da sintomi come sanguinamento, dolore addominale, problemi di vista, difficolt\u00e0 respiratorie o mal di testa molto forti, \u00e8 necessario recarsi immediatamente al pronto soccorso di un ospedale maternit\u00e0. Questi sintomi potrebbero indicare un\u2019imminente eclampsia o preeclampsia (intossicazione gravidica). Inoltre, le vertigini e altri disagi potrebbero essere correlati alla sindrome HELLP. In questi casi, il trattamento consiste generalmente nell\u2019interruzione della gravidanza. Pertanto, si consiglia di informarsi sulla possibilit\u00e0 di raccolta del sangue da cordone ombelicale e di conservazione delle cellule staminali per essere preparati in caso di parto prematuro. Se non hai ancora preso una decisione e desideri saperne di pi\u00f9: <a href=\"https:\/\/famicord.ch\/it\/cellule-staminali\/cellule-staminali-tipi\">cliccare qui<\/a><\/p>\n\n\n\n<p class=\" eplus-wrapper\">Nella maggior parte dei casi, le vertigini durante la gravidanza sono un sintomo tipico che non segnala complicazioni gravi. Tuttavia, se le vertigini diventano molto debilitanti o sono accompagnate dai sintomi sopra descritti, \u00e8 meglio consultare uno specialista.<\/p>\n","protected":false},"excerpt":{"rendered":"<p>Durante la gravidanza, molti sintomi e disagi si manifestano e sono legati a questa condizione speciale. Uno di questi \u00e8 la vertigine. Molte donne in gravidanza le sperimentano gi\u00e0 nelle prime settimane di gestazione e, di solito, non rappresentano un problema grave. Tuttavia, se si verificano nel terzo trimestre, verso la fine della gravidanza, potrebbero [&hellip;]<\/p>\n","protected":false},"author":4,"featured_media":8270,"template":"","pregnancy_zone_category":[96],"class_list":["post-8273","pregnancy_zone","type-pregnancy_zone","status-publish","has-post-thumbnail","hentry","pregnancy_zone_category-come-ci-si-prende-cura-di-se-durante-la-gravidanza"],"acf":[],"yoast_head":"<!-- This site is optimized with the Yoast SEO plugin v27.5 - https:\/\/yoast.com\/product\/yoast-seo-wordpress\/ -->\n<title>Vertigini in gravidanza | FamiCord<\/title>\n<meta name=\"description\" content=\"Vertigini in gravidanza: cause comuni, prevenzione e segnali che richiedono il parere medico.\" \/>\n<meta name=\"robots\" content=\"index, follow, max-snippet:-1, max-image-preview:large, max-video-preview:-1\" \/>\n<link rel=\"canonical\" href=\"https:\/\/famicord.ch\/it\/pregnancy-zone-2\/come-ci-si-prende-cura-di-se-durante-la-gravidanza\/vertigini\" \/>\n<meta property=\"og:locale\" content=\"it_IT\" \/>\n<meta property=\"og:type\" content=\"article\" \/>\n<meta property=\"og:title\" content=\"Vertigini in gravidanza | FamiCord\" \/>\n<meta property=\"og:description\" content=\"Vertigini in gravidanza: cause comuni, prevenzione e segnali che richiedono il parere medico.\" \/>\n<meta property=\"og:url\" content=\"https:\/\/famicord.ch\/it\/pregnancy-zone-2\/come-ci-si-prende-cura-di-se-durante-la-gravidanza\/vertigini\" \/>\n<meta property=\"og:site_name\" content=\"Famicord Suisse\" \/>\n<meta property=\"article:modified_time\" content=\"2026-01-05T11:28:13+00:00\" \/>\n<meta property=\"og:image\" content=\"https:\/\/famicord.ch\/wp-content\/uploads\/2025\/02\/Schwindel.webp\" \/>\n\t<meta property=\"og:image:width\" content=\"600\" \/>\n\t<meta property=\"og:image:height\" content=\"400\" \/>\n\t<meta property=\"og:image:type\" content=\"image\/webp\" \/>\n<meta name=\"twitter:card\" content=\"summary_large_image\" \/>\n<meta name=\"twitter:label1\" content=\"Est. reading time\" \/>\n\t<meta name=\"twitter:data1\" content=\"5 minutes\" \/>\n<script type=\"application\/ld+json\" class=\"yoast-schema-graph\">{\"@context\":\"https:\\\/\\\/schema.org\",\"@graph\":[{\"@type\":\"WebPage\",\"@id\":\"https:\\\/\\\/famicord.ch\\\/it\\\/pregnancy-zone-2\\\/come-ci-si-prende-cura-di-se-durante-la-gravidanza\\\/vertigini\",\"url\":\"https:\\\/\\\/famicord.ch\\\/it\\\/pregnancy-zone-2\\\/come-ci-si-prende-cura-di-se-durante-la-gravidanza\\\/vertigini\",\"name\":\"Vertigini in gravidanza | FamiCord\",\"isPartOf\":{\"@id\":\"https:\\\/\\\/famicord.ch\\\/it#website\"},\"primaryImageOfPage\":{\"@id\":\"https:\\\/\\\/famicord.ch\\\/it\\\/pregnancy-zone-2\\\/come-ci-si-prende-cura-di-se-durante-la-gravidanza\\\/vertigini#primaryimage\"},\"image\":{\"@id\":\"https:\\\/\\\/famicord.ch\\\/it\\\/pregnancy-zone-2\\\/come-ci-si-prende-cura-di-se-durante-la-gravidanza\\\/vertigini#primaryimage\"},\"thumbnailUrl\":\"https:\\\/\\\/famicord.ch\\\/wp-content\\\/uploads\\\/2025\\\/02\\\/Schwindel.webp\",\"datePublished\":\"2025-03-03T08:30:00+00:00\",\"dateModified\":\"2026-01-05T11:28:13+00:00\",\"description\":\"Vertigini in gravidanza: cause comuni, prevenzione e segnali che richiedono il parere medico.\",\"breadcrumb\":{\"@id\":\"https:\\\/\\\/famicord.ch\\\/it\\\/pregnancy-zone-2\\\/come-ci-si-prende-cura-di-se-durante-la-gravidanza\\\/vertigini#breadcrumb\"},\"inLanguage\":\"it-CH\",\"potentialAction\":[{\"@type\":\"ReadAction\",\"target\":[\"https:\\\/\\\/famicord.ch\\\/it\\\/pregnancy-zone-2\\\/come-ci-si-prende-cura-di-se-durante-la-gravidanza\\\/vertigini\"]}]},{\"@type\":\"ImageObject\",\"inLanguage\":\"it-CH\",\"@id\":\"https:\\\/\\\/famicord.ch\\\/it\\\/pregnancy-zone-2\\\/come-ci-si-prende-cura-di-se-durante-la-gravidanza\\\/vertigini#primaryimage\",\"url\":\"https:\\\/\\\/famicord.ch\\\/wp-content\\\/uploads\\\/2025\\\/02\\\/Schwindel.webp\",\"contentUrl\":\"https:\\\/\\\/famicord.ch\\\/wp-content\\\/uploads\\\/2025\\\/02\\\/Schwindel.webp\",\"width\":600,\"height\":400},{\"@type\":\"BreadcrumbList\",\"@id\":\"https:\\\/\\\/famicord.ch\\\/it\\\/pregnancy-zone-2\\\/come-ci-si-prende-cura-di-se-durante-la-gravidanza\\\/vertigini#breadcrumb\",\"itemListElement\":[{\"@type\":\"ListItem\",\"position\":1,\"name\":\"Home\",\"item\":\"https:\\\/\\\/famicord.ch\\\/it\"},{\"@type\":\"ListItem\",\"position\":2,\"name\":\"FamiBlog\",\"item\":\"https:\\\/\\\/famicord.ch\\\/it\\\/pregnancy-zone-2\"},{\"@type\":\"ListItem\",\"position\":3,\"name\":\"Vertigini durante la gravidanza\"}]},{\"@type\":\"WebSite\",\"@id\":\"https:\\\/\\\/famicord.ch\\\/it#website\",\"url\":\"https:\\\/\\\/famicord.ch\\\/it\",\"name\":\"Famicord.ch\",\"description\":\"\",\"potentialAction\":[{\"@type\":\"SearchAction\",\"target\":{\"@type\":\"EntryPoint\",\"urlTemplate\":\"https:\\\/\\\/famicord.ch\\\/it?s={search_term_string}\"},\"query-input\":{\"@type\":\"PropertyValueSpecification\",\"valueRequired\":true,\"valueName\":\"search_term_string\"}}],\"inLanguage\":\"it-CH\"}]}<\/script>\n<!-- \/ Yoast SEO plugin. -->","yoast_head_json":{"title":"Vertigini in gravidanza | FamiCord","description":"Vertigini in gravidanza: cause comuni, prevenzione e segnali che richiedono il parere medico.","robots":{"index":"index","follow":"follow","max-snippet":"max-snippet:-1","max-image-preview":"max-image-preview:large","max-video-preview":"max-video-preview:-1"},"canonical":"https:\/\/famicord.ch\/it\/pregnancy-zone-2\/come-ci-si-prende-cura-di-se-durante-la-gravidanza\/vertigini","og_locale":"it_IT","og_type":"article","og_title":"Vertigini in gravidanza | FamiCord","og_description":"Vertigini in gravidanza: cause comuni, prevenzione e segnali che richiedono il parere medico.","og_url":"https:\/\/famicord.ch\/it\/pregnancy-zone-2\/come-ci-si-prende-cura-di-se-durante-la-gravidanza\/vertigini","og_site_name":"Famicord Suisse","article_modified_time":"2026-01-05T11:28:13+00:00","og_image":[{"width":600,"height":400,"url":"https:\/\/famicord.ch\/wp-content\/uploads\/2025\/02\/Schwindel.webp","type":"image\/webp"}],"twitter_card":"summary_large_image","twitter_misc":{"Est. reading time":"5 minutes"},"schema":{"@context":"https:\/\/schema.org","@graph":[{"@type":"WebPage","@id":"https:\/\/famicord.ch\/it\/pregnancy-zone-2\/come-ci-si-prende-cura-di-se-durante-la-gravidanza\/vertigini","url":"https:\/\/famicord.ch\/it\/pregnancy-zone-2\/come-ci-si-prende-cura-di-se-durante-la-gravidanza\/vertigini","name":"Vertigini in gravidanza | FamiCord","isPartOf":{"@id":"https:\/\/famicord.ch\/it#website"},"primaryImageOfPage":{"@id":"https:\/\/famicord.ch\/it\/pregnancy-zone-2\/come-ci-si-prende-cura-di-se-durante-la-gravidanza\/vertigini#primaryimage"},"image":{"@id":"https:\/\/famicord.ch\/it\/pregnancy-zone-2\/come-ci-si-prende-cura-di-se-durante-la-gravidanza\/vertigini#primaryimage"},"thumbnailUrl":"https:\/\/famicord.ch\/wp-content\/uploads\/2025\/02\/Schwindel.webp","datePublished":"2025-03-03T08:30:00+00:00","dateModified":"2026-01-05T11:28:13+00:00","description":"Vertigini in gravidanza: cause comuni, prevenzione e segnali che richiedono il parere medico.","breadcrumb":{"@id":"https:\/\/famicord.ch\/it\/pregnancy-zone-2\/come-ci-si-prende-cura-di-se-durante-la-gravidanza\/vertigini#breadcrumb"},"inLanguage":"it-CH","potentialAction":[{"@type":"ReadAction","target":["https:\/\/famicord.ch\/it\/pregnancy-zone-2\/come-ci-si-prende-cura-di-se-durante-la-gravidanza\/vertigini"]}]},{"@type":"ImageObject","inLanguage":"it-CH","@id":"https:\/\/famicord.ch\/it\/pregnancy-zone-2\/come-ci-si-prende-cura-di-se-durante-la-gravidanza\/vertigini#primaryimage","url":"https:\/\/famicord.ch\/wp-content\/uploads\/2025\/02\/Schwindel.webp","contentUrl":"https:\/\/famicord.ch\/wp-content\/uploads\/2025\/02\/Schwindel.webp","width":600,"height":400},{"@type":"BreadcrumbList","@id":"https:\/\/famicord.ch\/it\/pregnancy-zone-2\/come-ci-si-prende-cura-di-se-durante-la-gravidanza\/vertigini#breadcrumb","itemListElement":[{"@type":"ListItem","position":1,"name":"Home","item":"https:\/\/famicord.ch\/it"},{"@type":"ListItem","position":2,"name":"FamiBlog","item":"https:\/\/famicord.ch\/it\/pregnancy-zone-2"},{"@type":"ListItem","position":3,"name":"Vertigini durante la gravidanza"}]},{"@type":"WebSite","@id":"https:\/\/famicord.ch\/it#website","url":"https:\/\/famicord.ch\/it","name":"Famicord.ch","description":"","potentialAction":[{"@type":"SearchAction","target":{"@type":"EntryPoint","urlTemplate":"https:\/\/famicord.ch\/it?s={search_term_string}"},"query-input":{"@type":"PropertyValueSpecification","valueRequired":true,"valueName":"search_term_string"}}],"inLanguage":"it-CH"}]}},"_links":{"self":[{"href":"https:\/\/famicord.ch\/it\/wp-json\/wp\/v2\/pregnancy_zone\/8273","targetHints":{"allow":["GET"]}}],"collection":[{"href":"https:\/\/famicord.ch\/it\/wp-json\/wp\/v2\/pregnancy_zone"}],"about":[{"href":"https:\/\/famicord.ch\/it\/wp-json\/wp\/v2\/types\/pregnancy_zone"}],"author":[{"embeddable":true,"href":"https:\/\/famicord.ch\/it\/wp-json\/wp\/v2\/users\/4"}],"wp:featuredmedia":[{"embeddable":true,"href":"https:\/\/famicord.ch\/it\/wp-json\/wp\/v2\/media\/8270"}],"wp:attachment":[{"href":"https:\/\/famicord.ch\/it\/wp-json\/wp\/v2\/media?parent=8273"}],"wp:term":[{"taxonomy":"pregnancy_zone_category","embeddable":true,"href":"https:\/\/famicord.ch\/it\/wp-json\/wp\/v2\/pregnancy_zone_category?post=8273"}],"curies":[{"name":"wp","href":"https:\/\/api.w.org\/{rel}","templated":true}]}}