{"id":6210,"date":"2024-01-31T08:53:35","date_gmt":"2024-01-31T07:53:35","guid":{"rendered":"https:\/\/wordpress-famicord-ch.empressia.dev\/pregnancy-zone-2\/%pregnancy_zone_category%\/wochenbett-was-gibt-es-darueber-zu-wissen"},"modified":"2026-01-06T13:02:33","modified_gmt":"2026-01-06T12:02:33","slug":"wochenbett-was-gibt-es-darueber-zu-wissen","status":"publish","type":"pregnancy_zone","link":"https:\/\/famicord.ch\/it\/pregnancy-zone-2\/come-ci-si-prende-cura-di-se-durante-la-gravidanza\/wochenbett-was-gibt-es-darueber-zu-wissen","title":{"rendered":"Il post-partum: cosa c&#8217;\u00e8 da sapere?"},"content":{"rendered":"<h2>Che cos&#8217;\u00e8 il puerperio?<\/h2>\n<p>Si tratta di un periodo di alcune settimane dopo il parto. Pu\u00f2 essere suddiviso in 3 fasi:<\/p>\n<ul>\n<li>la fase immediata, cio\u00e8 le prime 24 ore dopo la nascita, che presenta il rischio pi\u00f9 elevato di complicazioni<\/li>\n<li>Postpartum precoce (prima settimana dopo il parto)<\/li>\n<li>Postpartum tardivo (fino a 6-8 settimane dopo il parto)<\/li>\n<\/ul>\n<p>Nel periodo postnatale si devono evitare attivit\u00e0 come portare il peso del bambino e fare il bagno, nonch\u00e9 i rapporti sessuali e l&#8217;uso di assorbenti interni. L&#8217;attivit\u00e0 fisica non \u00e8 consigliata fino a sei settimane dopo un parto naturale, mentre bisogna aspettare circa due mesi dopo un parto cesareo. \u00c8 consigliabile consultare un fisioterapista uroginecologo che adatter\u00e0 l&#8217;intensit\u00e0 degli esercizi alle condizioni attuali della donna. Questo \u00e8 importante perch\u00e9, tra l&#8217;altro, c&#8217;\u00e8 il rischio che i muscoli retti dell&#8217;addome si spostino e si formino ernie. Si raccomanda che la donna cammini o faccia esercizi normali ogni giorno per tutto il periodo postnatale.<\/p>\n<h2>Cambiamenti nel corpo durante il periodo post-partum<\/h2>\n<p>Nel periodo postnatale si verificano una serie di cambiamenti nel corpo della donna per ripristinare lo stato precedente alla gravidanza. La concentrazione di ormoni della gravidanza diminuisce. Il livello di prolattina aumenta. L&#8217;utero si restringe, soprattutto durante l&#8217;allattamento (per effetto dell&#8217;ossitocina), e le ferite perineali o del taglio cesareo si rimarginano. La vagina stirata durante il travaglio ritorna allo stato precedente la gravidanza dopo circa tre settimane. Si noti, tuttavia, che l&#8217;ingresso vaginale sar\u00e0 di solito pi\u00f9 libero di prima. A seconda che la donna allatti il bambino o meno, si verificheranno le mestruazioni.&nbsp;Questo \u00e8 una conseguenza dell&#8217;aumento del livello di prolattina durante l&#8217;allattamento, che influisce sulla riduzione della produzione di estrogeni e sull&#8217;assenza di mestruazioni. Tuttavia, si tratta di un fenomeno molto individuale: alcune madri hanno le mestruazioni verso la fine del puerperio, mentre altre donne non hanno le mestruazioni fino a poche settimane dopo aver terminato l&#8217;allattamento o aver iniziato ad aumentare l&#8217;alimentazione del bambino. I tempi della prima ovulazione dopo il parto sono simili. \u00c8 importante ricordare che l&#8217;assenza di mestruazioni dopo il parto non esclude la presenza di ovulazione, quindi l&#8217;allattamento al seno non pu\u00f2 essere considerato un metodo contraccettivo. La perdita di sangue durante il parto riduce il volume del sangue circolante e la concentrazione di emoglobina, pertanto alcune donne dovrebbero assumere integratori di ferro. La frequenza cardiaca e la pressione sanguigna si normalizzano nella prima settimana dopo il parto. La concentrazione di ferro, invece, dovrebbe normalizzarsi 14 giorni dopo il parto.<\/p>\n<p><span style=\"font-size: 13px;\"><\/span><\/p>\n<p>&nbsp;<\/p>\n<h2>Feci post-partum<\/h2>\n<p>A causa della rigenerazione e della guarigione del rivestimento uterino e dell&#8217;utero, una donna sperimenter\u00e0 le cosiddette perdite post-partum dopo il parto. Le perdite possono continuare per tutto il periodo post-partum e durare fino a 6-8 settimane. Tuttavia, il loro carattere cambia nel tempo. All&#8217;inizio sono di colore sanguigno, poi marrone (dopo alcuni giorni del periodo postpartum), alla fine della seconda settimana diventano pi\u00f9 chiare (gialle) o grigio-bianche, fino a scomparire completamente. \u00c8 importante garantire una buona igiene, poich\u00e9 le feci possono essere un terreno di coltura per i batteri. In caso di sanguinamento persistente o di perdite abbondanti, \u00e8 necessario consultare il ginecologo o il pronto soccorso, ad esempio per escludere un&#8217;emorragia post-partum tardiva.<\/p>\n<h2>Complicazioni post-partum<\/h2>\n<p><strong>Mastite post-partum<\/strong><br \/>\nColpisce un terzo delle donne che allattano al seno e di solito si manifesta circa 2-3 settimane dopo l&#8217;inizio dell&#8217;allattamento. Pu\u00f2 essere causata da un&#8217;errata tecnica di allattamento, da una lesione del capezzolo o da una sovrapproduzione di latte. \u00c8 caratterizzata da dolore e arrossamento, di solito su un solo seno. Se i sintomi non scompaiono dopo aver svuotato il seno e applicato impacchi, si inizia una terapia antibiotica, che di solito dura 10 giorni. Occasionalmente si sviluppa un ascesso che deve essere inciso e drenato dal personale medico. \u00c8 importante ricordare che il cancro al seno presenta sintomi simili a quelli della mastite; se questi non si attenuano, \u00e8 necessario effettuare un esame istopatologico. \u00c8 importante che la mastite non impedisca al bambino di continuare ad allattare dopo il parto.<\/p>\n<p><strong>Tromboembolia venosa nel puerperio<\/strong><br \/>\nPer prevenire le emorragie durante il travaglio, l&#8217;organismo della gestante sviluppa uno stato di ipercoagulabilit\u00e0, che \u00e8 fisiologico durante la gravidanza. Pertanto, il rischio di lesioni trombotiche aumenta notevolmente nel corso della gravidanza. La percentuale aumenta ulteriormente nel periodo postnatale. Se una donna soffre anche di trombofilia, il rischio di tromboembolia venosa \u00e8 molto elevato. In queste situazioni, i medici somministrano un trattamento anticoagulante secondo le raccomandazioni attuali che corrispondono ai fattori di rischio della donna in questione.<\/p>\n<p><strong>Endometrite post-partum<\/strong><br \/>\nL&#8217;infezione dell&#8217;endometrio si verifica pi\u00f9 frequentemente dopo un parto cesareo. \u00c8 causata da batteri provenienti dalla vagina o dal canale cervicale. Oltre al parto cesareo, i fattori di rischio sono la rottura prematura delle membrane, il diabete mellito, il parto prematuro o la gravidanza postnatale. I sintomi, che comprendono febbre e dolori addominali, si manifestano di solito dal 3\u00b0 al 4\u00b0 giorno post-partum, ma possono anche verificarsi durante tutto il periodo post-partum. Il trattamento consiste nella somministrazione di antibiotici. Per prevenire l&#8217;endometrite post-partum, di solito si somministra una dose di antibiotico prima del parto cesareo.<\/p>\n<p><strong>Depressione post-partum<\/strong><br \/>\n\u00c8 considerata una delle complicazioni pi\u00f9 comuni del periodo post-partum e colpisce il 10-15% delle donne. La depressione post-partum \u00e8 molto pi\u00f9 comune. \u00c8 un sintomo lieve che si manifesta fino all&#8217;85% delle donne dopo il parto e di solito scompare intorno al 14\u00b0 giorno del periodo postpartum. Per diagnosticare la depressione post-partum si utilizzano criteri diagnostici specifici. La causa esatta non \u00e8 nota, ma i disturbi ormonali sperimentati dalla donna dopo il parto possono essere un fattore determinante. Il trattamento della depressione dipende dalla gravit\u00e0 dei sintomi e si basa, tra l&#8217;altro, sulla farmacologia e sulla terapia cognitivo-comportamentale. I sintomi associati alla depressione post-partum non devono essere sottovalutati, poich\u00e9 senza un trattamento adeguato possono durare a lungo e avere conseguenze di vasta portata.<\/p>\n<p><span style=\"font-size: 13px;\"><\/span><\/p>\n<p>&nbsp;<\/p>\n","protected":false},"excerpt":{"rendered":"<p>In ginecologia e ostetricia, il puerperio \u00e8 costituito dalle prime 6-8 settimane dopo la nascita del bambino. \u00c8 un periodo di cambiamento, sia nella vita della madre che nel suo corpo. I cambiamenti avvenuti durante la gravidanza vengono invertiti, il corpo si rigenera e torna lentamente allo stato in cui si trovava nove mesi prima. Che cosa bisogna sapere sul periodo post-partum e quali complicazioni possono essere associate ad esso?<\/p>\n","protected":false},"author":2,"featured_media":5379,"template":"","pregnancy_zone_category":[96],"class_list":["post-6210","pregnancy_zone","type-pregnancy_zone","status-publish","has-post-thumbnail","hentry","pregnancy_zone_category-come-ci-si-prende-cura-di-se-durante-la-gravidanza"],"acf":[],"yoast_head":"<!-- This site is optimized with the Yoast SEO plugin v27.5 - https:\/\/yoast.com\/product\/yoast-seo-wordpress\/ -->\n<title>Puerperio dopo il parto: fasi e complicazioni | FamiCord<\/title>\n<meta name=\"description\" content=\"Cos\u2019\u00e8 il puerperio? Fasi, cambiamenti del corpo, perdite post-parto e complicazioni dopo il parto.\" \/>\n<meta name=\"robots\" content=\"index, follow, max-snippet:-1, max-image-preview:large, max-video-preview:-1\" \/>\n<link rel=\"canonical\" href=\"https:\/\/famicord.ch\/it\/pregnancy-zone-2\/come-ci-si-prende-cura-di-se-durante-la-gravidanza\/wochenbett-was-gibt-es-darueber-zu-wissen\" \/>\n<meta property=\"og:locale\" content=\"it_IT\" \/>\n<meta property=\"og:type\" content=\"article\" \/>\n<meta property=\"og:title\" content=\"Puerperio dopo il parto: fasi e complicazioni | FamiCord\" \/>\n<meta property=\"og:description\" content=\"Cos\u2019\u00e8 il puerperio? Fasi, cambiamenti del corpo, perdite post-parto e complicazioni dopo il parto.\" \/>\n<meta property=\"og:url\" content=\"https:\/\/famicord.ch\/it\/pregnancy-zone-2\/come-ci-si-prende-cura-di-se-durante-la-gravidanza\/wochenbett-was-gibt-es-darueber-zu-wissen\" \/>\n<meta property=\"og:site_name\" content=\"Famicord Suisse\" \/>\n<meta property=\"article:modified_time\" content=\"2026-01-06T12:02:33+00:00\" \/>\n<meta property=\"og:image\" content=\"https:\/\/famicord.ch\/wp-content\/uploads\/2024\/08\/Wochenbett.jpg\" \/>\n\t<meta property=\"og:image:width\" content=\"555\" \/>\n\t<meta property=\"og:image:height\" content=\"370\" \/>\n\t<meta property=\"og:image:type\" content=\"image\/webp\" \/>\n<meta name=\"twitter:card\" content=\"summary_large_image\" \/>\n<meta name=\"twitter:label1\" content=\"Est. reading time\" \/>\n\t<meta name=\"twitter:data1\" content=\"6 minutes\" \/>\n<script type=\"application\/ld+json\" class=\"yoast-schema-graph\">{\"@context\":\"https:\\\/\\\/schema.org\",\"@graph\":[{\"@type\":\"WebPage\",\"@id\":\"https:\\\/\\\/famicord.ch\\\/it\\\/pregnancy-zone-2\\\/come-ci-si-prende-cura-di-se-durante-la-gravidanza\\\/wochenbett-was-gibt-es-darueber-zu-wissen\",\"url\":\"https:\\\/\\\/famicord.ch\\\/it\\\/pregnancy-zone-2\\\/come-ci-si-prende-cura-di-se-durante-la-gravidanza\\\/wochenbett-was-gibt-es-darueber-zu-wissen\",\"name\":\"Puerperio dopo il parto: fasi e complicazioni | FamiCord\",\"isPartOf\":{\"@id\":\"https:\\\/\\\/famicord.ch\\\/it#website\"},\"primaryImageOfPage\":{\"@id\":\"https:\\\/\\\/famicord.ch\\\/it\\\/pregnancy-zone-2\\\/come-ci-si-prende-cura-di-se-durante-la-gravidanza\\\/wochenbett-was-gibt-es-darueber-zu-wissen#primaryimage\"},\"image\":{\"@id\":\"https:\\\/\\\/famicord.ch\\\/it\\\/pregnancy-zone-2\\\/come-ci-si-prende-cura-di-se-durante-la-gravidanza\\\/wochenbett-was-gibt-es-darueber-zu-wissen#primaryimage\"},\"thumbnailUrl\":\"https:\\\/\\\/famicord.ch\\\/wp-content\\\/uploads\\\/2024\\\/08\\\/Wochenbett.jpg\",\"datePublished\":\"2024-01-31T07:53:35+00:00\",\"dateModified\":\"2026-01-06T12:02:33+00:00\",\"description\":\"Cos\u2019\u00e8 il puerperio? Fasi, cambiamenti del corpo, perdite post-parto e complicazioni dopo il parto.\",\"breadcrumb\":{\"@id\":\"https:\\\/\\\/famicord.ch\\\/it\\\/pregnancy-zone-2\\\/come-ci-si-prende-cura-di-se-durante-la-gravidanza\\\/wochenbett-was-gibt-es-darueber-zu-wissen#breadcrumb\"},\"inLanguage\":\"it-CH\",\"potentialAction\":[{\"@type\":\"ReadAction\",\"target\":[\"https:\\\/\\\/famicord.ch\\\/it\\\/pregnancy-zone-2\\\/come-ci-si-prende-cura-di-se-durante-la-gravidanza\\\/wochenbett-was-gibt-es-darueber-zu-wissen\"]}]},{\"@type\":\"ImageObject\",\"inLanguage\":\"it-CH\",\"@id\":\"https:\\\/\\\/famicord.ch\\\/it\\\/pregnancy-zone-2\\\/come-ci-si-prende-cura-di-se-durante-la-gravidanza\\\/wochenbett-was-gibt-es-darueber-zu-wissen#primaryimage\",\"url\":\"https:\\\/\\\/famicord.ch\\\/wp-content\\\/uploads\\\/2024\\\/08\\\/Wochenbett.jpg\",\"contentUrl\":\"https:\\\/\\\/famicord.ch\\\/wp-content\\\/uploads\\\/2024\\\/08\\\/Wochenbett.jpg\",\"width\":555,\"height\":370},{\"@type\":\"BreadcrumbList\",\"@id\":\"https:\\\/\\\/famicord.ch\\\/it\\\/pregnancy-zone-2\\\/come-ci-si-prende-cura-di-se-durante-la-gravidanza\\\/wochenbett-was-gibt-es-darueber-zu-wissen#breadcrumb\",\"itemListElement\":[{\"@type\":\"ListItem\",\"position\":1,\"name\":\"Home\",\"item\":\"https:\\\/\\\/famicord.ch\\\/it\"},{\"@type\":\"ListItem\",\"position\":2,\"name\":\"FamiBlog\",\"item\":\"https:\\\/\\\/famicord.ch\\\/it\\\/pregnancy-zone-2\"},{\"@type\":\"ListItem\",\"position\":3,\"name\":\"Il post-partum: cosa c&#8217;\u00e8 da sapere?\"}]},{\"@type\":\"WebSite\",\"@id\":\"https:\\\/\\\/famicord.ch\\\/it#website\",\"url\":\"https:\\\/\\\/famicord.ch\\\/it\",\"name\":\"Famicord.ch\",\"description\":\"\",\"potentialAction\":[{\"@type\":\"SearchAction\",\"target\":{\"@type\":\"EntryPoint\",\"urlTemplate\":\"https:\\\/\\\/famicord.ch\\\/it?s={search_term_string}\"},\"query-input\":{\"@type\":\"PropertyValueSpecification\",\"valueRequired\":true,\"valueName\":\"search_term_string\"}}],\"inLanguage\":\"it-CH\"}]}<\/script>\n<!-- \/ Yoast SEO plugin. -->","yoast_head_json":{"title":"Puerperio dopo il parto: fasi e complicazioni | FamiCord","description":"Cos\u2019\u00e8 il puerperio? Fasi, cambiamenti del corpo, perdite post-parto e complicazioni dopo il parto.","robots":{"index":"index","follow":"follow","max-snippet":"max-snippet:-1","max-image-preview":"max-image-preview:large","max-video-preview":"max-video-preview:-1"},"canonical":"https:\/\/famicord.ch\/it\/pregnancy-zone-2\/come-ci-si-prende-cura-di-se-durante-la-gravidanza\/wochenbett-was-gibt-es-darueber-zu-wissen","og_locale":"it_IT","og_type":"article","og_title":"Puerperio dopo il parto: fasi e complicazioni | FamiCord","og_description":"Cos\u2019\u00e8 il puerperio? Fasi, cambiamenti del corpo, perdite post-parto e complicazioni dopo il parto.","og_url":"https:\/\/famicord.ch\/it\/pregnancy-zone-2\/come-ci-si-prende-cura-di-se-durante-la-gravidanza\/wochenbett-was-gibt-es-darueber-zu-wissen","og_site_name":"Famicord Suisse","article_modified_time":"2026-01-06T12:02:33+00:00","og_image":[{"width":555,"height":370,"url":"https:\/\/famicord.ch\/wp-content\/uploads\/2024\/08\/Wochenbett.jpg","type":"image\/webp"}],"twitter_card":"summary_large_image","twitter_misc":{"Est. reading time":"6 minutes"},"schema":{"@context":"https:\/\/schema.org","@graph":[{"@type":"WebPage","@id":"https:\/\/famicord.ch\/it\/pregnancy-zone-2\/come-ci-si-prende-cura-di-se-durante-la-gravidanza\/wochenbett-was-gibt-es-darueber-zu-wissen","url":"https:\/\/famicord.ch\/it\/pregnancy-zone-2\/come-ci-si-prende-cura-di-se-durante-la-gravidanza\/wochenbett-was-gibt-es-darueber-zu-wissen","name":"Puerperio dopo il parto: fasi e complicazioni | FamiCord","isPartOf":{"@id":"https:\/\/famicord.ch\/it#website"},"primaryImageOfPage":{"@id":"https:\/\/famicord.ch\/it\/pregnancy-zone-2\/come-ci-si-prende-cura-di-se-durante-la-gravidanza\/wochenbett-was-gibt-es-darueber-zu-wissen#primaryimage"},"image":{"@id":"https:\/\/famicord.ch\/it\/pregnancy-zone-2\/come-ci-si-prende-cura-di-se-durante-la-gravidanza\/wochenbett-was-gibt-es-darueber-zu-wissen#primaryimage"},"thumbnailUrl":"https:\/\/famicord.ch\/wp-content\/uploads\/2024\/08\/Wochenbett.jpg","datePublished":"2024-01-31T07:53:35+00:00","dateModified":"2026-01-06T12:02:33+00:00","description":"Cos\u2019\u00e8 il puerperio? Fasi, cambiamenti del corpo, perdite post-parto e complicazioni dopo il parto.","breadcrumb":{"@id":"https:\/\/famicord.ch\/it\/pregnancy-zone-2\/come-ci-si-prende-cura-di-se-durante-la-gravidanza\/wochenbett-was-gibt-es-darueber-zu-wissen#breadcrumb"},"inLanguage":"it-CH","potentialAction":[{"@type":"ReadAction","target":["https:\/\/famicord.ch\/it\/pregnancy-zone-2\/come-ci-si-prende-cura-di-se-durante-la-gravidanza\/wochenbett-was-gibt-es-darueber-zu-wissen"]}]},{"@type":"ImageObject","inLanguage":"it-CH","@id":"https:\/\/famicord.ch\/it\/pregnancy-zone-2\/come-ci-si-prende-cura-di-se-durante-la-gravidanza\/wochenbett-was-gibt-es-darueber-zu-wissen#primaryimage","url":"https:\/\/famicord.ch\/wp-content\/uploads\/2024\/08\/Wochenbett.jpg","contentUrl":"https:\/\/famicord.ch\/wp-content\/uploads\/2024\/08\/Wochenbett.jpg","width":555,"height":370},{"@type":"BreadcrumbList","@id":"https:\/\/famicord.ch\/it\/pregnancy-zone-2\/come-ci-si-prende-cura-di-se-durante-la-gravidanza\/wochenbett-was-gibt-es-darueber-zu-wissen#breadcrumb","itemListElement":[{"@type":"ListItem","position":1,"name":"Home","item":"https:\/\/famicord.ch\/it"},{"@type":"ListItem","position":2,"name":"FamiBlog","item":"https:\/\/famicord.ch\/it\/pregnancy-zone-2"},{"@type":"ListItem","position":3,"name":"Il post-partum: cosa c&#8217;\u00e8 da sapere?"}]},{"@type":"WebSite","@id":"https:\/\/famicord.ch\/it#website","url":"https:\/\/famicord.ch\/it","name":"Famicord.ch","description":"","potentialAction":[{"@type":"SearchAction","target":{"@type":"EntryPoint","urlTemplate":"https:\/\/famicord.ch\/it?s={search_term_string}"},"query-input":{"@type":"PropertyValueSpecification","valueRequired":true,"valueName":"search_term_string"}}],"inLanguage":"it-CH"}]}},"_links":{"self":[{"href":"https:\/\/famicord.ch\/it\/wp-json\/wp\/v2\/pregnancy_zone\/6210","targetHints":{"allow":["GET"]}}],"collection":[{"href":"https:\/\/famicord.ch\/it\/wp-json\/wp\/v2\/pregnancy_zone"}],"about":[{"href":"https:\/\/famicord.ch\/it\/wp-json\/wp\/v2\/types\/pregnancy_zone"}],"author":[{"embeddable":true,"href":"https:\/\/famicord.ch\/it\/wp-json\/wp\/v2\/users\/2"}],"wp:featuredmedia":[{"embeddable":true,"href":"https:\/\/famicord.ch\/it\/wp-json\/wp\/v2\/media\/5379"}],"wp:attachment":[{"href":"https:\/\/famicord.ch\/it\/wp-json\/wp\/v2\/media?parent=6210"}],"wp:term":[{"taxonomy":"pregnancy_zone_category","embeddable":true,"href":"https:\/\/famicord.ch\/it\/wp-json\/wp\/v2\/pregnancy_zone_category?post=6210"}],"curies":[{"name":"wp","href":"https:\/\/api.w.org\/{rel}","templated":true}]}}