{"id":6076,"date":"2025-12-18T08:01:00","date_gmt":"2025-12-18T07:01:00","guid":{"rendered":"https:\/\/wordpress-famicord-ch.empressia.dev\/pregnancy-zone-2\/%pregnancy_zone_category%\/atemnot-in-der-schwangerschaft-was-sind-die-ursachen"},"modified":"2026-01-27T12:48:28","modified_gmt":"2026-01-27T11:48:28","slug":"atemnot-in-der-schwangerschaft-was-sind-die-ursachen","status":"publish","type":"pregnancy_zone","link":"https:\/\/famicord.ch\/it\/pregnancy-zone-2\/disturbi-della-gravidanza\/atemnot-in-der-schwangerschaft-was-sind-die-ursachen","title":{"rendered":"Respiro corto in gravidanza: quali sono le cause?"},"content":{"rendered":"<h2>Sintomi di dispnea in gravidanza<\/h2>\n<p class=\"Standard\">Ognuno di noi pu\u00f2 avvertire la mancanza di respiro in modi diversi. Per questo motivo, di solito i medici la definiscono un sintomo soggettivo. Naturalmente, anche la dispnea grave pu\u00f2 causare un calo della saturazione, ma di solito si tratta di un sintomo che il medico non pu\u00f2 esaminare e di cui viene a conoscenza solo parlando con la paziente. Nella maggior parte dei casi, le donne in gravidanza riferiscono la dispnea quando avvertono difficolt\u00e0 a fare respiri profondi, pressione sul diaframma o affaticamento pi\u00f9 rapido, e quando avvertono addirittura mancanza di fiato quando parlano.Ognuno di noi pu\u00f2 avvertire la mancanza di respiro in modi diversi. Per questo motivo, di solito i medici la definiscono un sintomo soggettivo. Naturalmente, anche la dispnea grave pu\u00f2 causare un calo della saturazione, ma di solito si tratta di un sintomo che il medico non pu\u00f2 esaminare e di cui viene a conoscenza solo parlando con la paziente. Nella maggior parte dei casi, le donne in gravidanza riferiscono la dispnea quando avvertono difficolt\u00e0 a fare respiri profondi, pressione sul diaframma o affaticamento pi\u00f9 rapido, e quando avvertono addirittura mancanza di fiato quando parlano.<\/p>\n<p class=\"Standard\">I sintomi allarmanti della dispnea in gravidanza sono il dolore toracico o l&#8217;emottisi. Questo perch\u00e9 pu\u00f2 essere un segno di embolia polmonare, che ha conseguenze gravi e richiede una visita immediata al pronto soccorso. Lo stesso vale se la mancanza di respiro si verifica dopo aver mangiato del cibo o dopo una puntura di insetto. Pu\u00f2 essere un sintomo di allergia o addirittura di shock anafilattico. Anche la mancanza di respiro nel contesto dell&#8217;asma bronchiale richiede il parere del medico.<\/p>\n<h2>Cause della dispnea in gravidanza<\/h2>\n<p class=\"Standard\">Fino al 70% delle donne in gravidanza sperimenta il respiro corto durante i nove mesi. Nella maggior parte dei casi, questo sintomo non ha nulla a che fare con l&#8217;attivit\u00e0 fisica. Il respiro affannoso in gravidanza pu\u00f2 avere diverse cause. La maggior parte di esse non ha a che fare con una malattia grave, ma \u00e8 semplicemente causata da cambiamenti fisiologici nel corpo della futura mamma. La sensazione di mancanza di respiro in gravidanza \u00e8 solitamente causata da un naturale innalzamento del diaframma, che d\u00e0 a molte future mamme l&#8217;impressione di avere difficolt\u00e0 a respirare profondamente. Inoltre, la mancanza di respiro in gravidanza pu\u00f2 essere causata anche dall&#8217;effetto dell&#8217;ormone progesterone, responsabile del mantenimento della gravidanza, sul centro respiratorio, compresa la respirazione accelerata.<\/p>\n<p class=\"Standard\">La sensazione di respiro corto pu\u00f2 essere influenzata anche dalle emozioni legate al parto imminente. Lo stress pu\u00f2 portare a una respirazione accelerata e superficiale, che si manifesta con una sensazione di affanno.<\/p>\n<h2>Cosa aiuta il respiro affannoso in gravidanza?<\/h2>\n<p class=\"Standard\">Alcune delle cause della dispnea in gravidanza sfuggono al nostro controllo. Tuttavia, ci sono situazioni in cui si pu\u00f2 intervenire concretamente per ottenere l&#8217;effetto desiderato. La futura mamma pu\u00f2 cercare di controllare i propri sentimenti, rilassarsi e praticare una respirazione tranquilla. Controllare consapevolmente la respirazione pu\u00f2 ridurre efficacemente la sensazione di affanno. Molte mamme possono anche trarre beneficio dalla meditazione o dai corsi di yoga.<\/p>\n<p class=\"Standard\">Anche le donne in gravidanza ricorrono all&#8217;aiuto di fisioterapisti. Oltre ad allenare i muscoli del pavimento pelvico, il fisioterapista pu\u00f2 anche mostrare come respirare correttamente e rilassare i muscoli addominali, tra le altre cose.<\/p>\n<p class=\"Standard\">Tuttavia, se l&#8217;affanno \u00e8 causato da una malattia, come la COVID-19 o l&#8217;asma bronchiale, \u00e8 necessario consultare un medico e talvolta intraprendere un trattamento farmacologico.<\/p>\n","protected":false},"excerpt":{"rendered":"<p>La mancanza di respiro \u00e8 un sintomo soggettivo che non pu\u00f2 essere valutato oggettivamente con test o scale. Tuttavia, pu\u00f2 rendere la vita quotidiana di una donna incinta molto spiacevole. Le cause dell&#8217;affanno in gravidanza possono essere molteplici. Scoprite quali sono le pi\u00f9 comuni e quali sono i rimedi per la mancanza di respiro in gravidanza.<\/p>\n","protected":false},"author":2,"featured_media":4595,"template":"","pregnancy_zone_category":[95],"class_list":["post-6076","pregnancy_zone","type-pregnancy_zone","status-publish","has-post-thumbnail","hentry","pregnancy_zone_category-disturbi-della-gravidanza"],"acf":[],"yoast_head":"<!-- This site is optimized with the Yoast SEO plugin v27.5 - https:\/\/yoast.com\/product\/yoast-seo-wordpress\/ -->\n<title>Respiro corto in gravidanza \u2013 cause e sintomi | FamiCord<\/title>\n<meta name=\"description\" content=\"Respiro corto in gravidanza: cause pi\u00f9 comuni, sintomi, segnali di allarme e rimedi sicuri per migliorare la respirazione.\" \/>\n<meta name=\"robots\" content=\"index, follow, max-snippet:-1, max-image-preview:large, max-video-preview:-1\" \/>\n<link rel=\"canonical\" href=\"https:\/\/famicord.ch\/it\/pregnancy-zone-2\/disturbi-della-gravidanza\/atemnot-in-der-schwangerschaft-was-sind-die-ursachen\" \/>\n<meta property=\"og:locale\" content=\"it_IT\" \/>\n<meta property=\"og:type\" content=\"article\" \/>\n<meta property=\"og:title\" content=\"Respiro corto in gravidanza \u2013 cause e sintomi | FamiCord\" \/>\n<meta property=\"og:description\" content=\"Respiro corto in gravidanza: cause pi\u00f9 comuni, sintomi, segnali di allarme e rimedi sicuri per migliorare la respirazione.\" \/>\n<meta property=\"og:url\" content=\"https:\/\/famicord.ch\/it\/pregnancy-zone-2\/disturbi-della-gravidanza\/atemnot-in-der-schwangerschaft-was-sind-die-ursachen\" \/>\n<meta property=\"og:site_name\" content=\"Famicord Suisse\" \/>\n<meta property=\"article:modified_time\" content=\"2026-01-27T11:48:28+00:00\" \/>\n<meta property=\"og:image\" content=\"https:\/\/famicord.ch\/wp-content\/uploads\/2024\/08\/Atemnot.png\" \/>\n\t<meta property=\"og:image:width\" content=\"855\" \/>\n\t<meta property=\"og:image:height\" content=\"644\" \/>\n\t<meta property=\"og:image:type\" content=\"image\/png\" \/>\n<meta name=\"twitter:card\" content=\"summary_large_image\" \/>\n<meta name=\"twitter:label1\" content=\"Est. reading time\" \/>\n\t<meta name=\"twitter:data1\" content=\"4 minutes\" \/>\n<script type=\"application\/ld+json\" class=\"yoast-schema-graph\">{\"@context\":\"https:\\\/\\\/schema.org\",\"@graph\":[{\"@type\":\"WebPage\",\"@id\":\"https:\\\/\\\/famicord.ch\\\/it\\\/pregnancy-zone-2\\\/disturbi-della-gravidanza\\\/atemnot-in-der-schwangerschaft-was-sind-die-ursachen\",\"url\":\"https:\\\/\\\/famicord.ch\\\/it\\\/pregnancy-zone-2\\\/disturbi-della-gravidanza\\\/atemnot-in-der-schwangerschaft-was-sind-die-ursachen\",\"name\":\"Respiro corto in gravidanza \u2013 cause e sintomi | FamiCord\",\"isPartOf\":{\"@id\":\"https:\\\/\\\/famicord.ch\\\/it#website\"},\"primaryImageOfPage\":{\"@id\":\"https:\\\/\\\/famicord.ch\\\/it\\\/pregnancy-zone-2\\\/disturbi-della-gravidanza\\\/atemnot-in-der-schwangerschaft-was-sind-die-ursachen#primaryimage\"},\"image\":{\"@id\":\"https:\\\/\\\/famicord.ch\\\/it\\\/pregnancy-zone-2\\\/disturbi-della-gravidanza\\\/atemnot-in-der-schwangerschaft-was-sind-die-ursachen#primaryimage\"},\"thumbnailUrl\":\"https:\\\/\\\/famicord.ch\\\/wp-content\\\/uploads\\\/2024\\\/08\\\/Atemnot.png\",\"datePublished\":\"2025-12-18T07:01:00+00:00\",\"dateModified\":\"2026-01-27T11:48:28+00:00\",\"description\":\"Respiro corto in gravidanza: cause pi\u00f9 comuni, sintomi, segnali di allarme e rimedi sicuri per migliorare la respirazione.\",\"breadcrumb\":{\"@id\":\"https:\\\/\\\/famicord.ch\\\/it\\\/pregnancy-zone-2\\\/disturbi-della-gravidanza\\\/atemnot-in-der-schwangerschaft-was-sind-die-ursachen#breadcrumb\"},\"inLanguage\":\"it-CH\",\"potentialAction\":[{\"@type\":\"ReadAction\",\"target\":[\"https:\\\/\\\/famicord.ch\\\/it\\\/pregnancy-zone-2\\\/disturbi-della-gravidanza\\\/atemnot-in-der-schwangerschaft-was-sind-die-ursachen\"]}]},{\"@type\":\"ImageObject\",\"inLanguage\":\"it-CH\",\"@id\":\"https:\\\/\\\/famicord.ch\\\/it\\\/pregnancy-zone-2\\\/disturbi-della-gravidanza\\\/atemnot-in-der-schwangerschaft-was-sind-die-ursachen#primaryimage\",\"url\":\"https:\\\/\\\/famicord.ch\\\/wp-content\\\/uploads\\\/2024\\\/08\\\/Atemnot.png\",\"contentUrl\":\"https:\\\/\\\/famicord.ch\\\/wp-content\\\/uploads\\\/2024\\\/08\\\/Atemnot.png\",\"width\":855,\"height\":644},{\"@type\":\"BreadcrumbList\",\"@id\":\"https:\\\/\\\/famicord.ch\\\/it\\\/pregnancy-zone-2\\\/disturbi-della-gravidanza\\\/atemnot-in-der-schwangerschaft-was-sind-die-ursachen#breadcrumb\",\"itemListElement\":[{\"@type\":\"ListItem\",\"position\":1,\"name\":\"Home\",\"item\":\"https:\\\/\\\/famicord.ch\\\/it\"},{\"@type\":\"ListItem\",\"position\":2,\"name\":\"FamiBlog\",\"item\":\"https:\\\/\\\/famicord.ch\\\/it\\\/pregnancy-zone-2\"},{\"@type\":\"ListItem\",\"position\":3,\"name\":\"Respiro corto in gravidanza: quali sono le cause?\"}]},{\"@type\":\"WebSite\",\"@id\":\"https:\\\/\\\/famicord.ch\\\/it#website\",\"url\":\"https:\\\/\\\/famicord.ch\\\/it\",\"name\":\"Famicord.ch\",\"description\":\"\",\"potentialAction\":[{\"@type\":\"SearchAction\",\"target\":{\"@type\":\"EntryPoint\",\"urlTemplate\":\"https:\\\/\\\/famicord.ch\\\/it?s={search_term_string}\"},\"query-input\":{\"@type\":\"PropertyValueSpecification\",\"valueRequired\":true,\"valueName\":\"search_term_string\"}}],\"inLanguage\":\"it-CH\"}]}<\/script>\n<!-- \/ Yoast SEO plugin. -->","yoast_head_json":{"title":"Respiro corto in gravidanza \u2013 cause e sintomi | FamiCord","description":"Respiro corto in gravidanza: cause pi\u00f9 comuni, sintomi, segnali di allarme e rimedi sicuri per migliorare la respirazione.","robots":{"index":"index","follow":"follow","max-snippet":"max-snippet:-1","max-image-preview":"max-image-preview:large","max-video-preview":"max-video-preview:-1"},"canonical":"https:\/\/famicord.ch\/it\/pregnancy-zone-2\/disturbi-della-gravidanza\/atemnot-in-der-schwangerschaft-was-sind-die-ursachen","og_locale":"it_IT","og_type":"article","og_title":"Respiro corto in gravidanza \u2013 cause e sintomi | FamiCord","og_description":"Respiro corto in gravidanza: cause pi\u00f9 comuni, sintomi, segnali di allarme e rimedi sicuri per migliorare la respirazione.","og_url":"https:\/\/famicord.ch\/it\/pregnancy-zone-2\/disturbi-della-gravidanza\/atemnot-in-der-schwangerschaft-was-sind-die-ursachen","og_site_name":"Famicord Suisse","article_modified_time":"2026-01-27T11:48:28+00:00","og_image":[{"width":855,"height":644,"url":"https:\/\/famicord.ch\/wp-content\/uploads\/2024\/08\/Atemnot.png","type":"image\/png"}],"twitter_card":"summary_large_image","twitter_misc":{"Est. reading time":"4 minutes"},"schema":{"@context":"https:\/\/schema.org","@graph":[{"@type":"WebPage","@id":"https:\/\/famicord.ch\/it\/pregnancy-zone-2\/disturbi-della-gravidanza\/atemnot-in-der-schwangerschaft-was-sind-die-ursachen","url":"https:\/\/famicord.ch\/it\/pregnancy-zone-2\/disturbi-della-gravidanza\/atemnot-in-der-schwangerschaft-was-sind-die-ursachen","name":"Respiro corto in gravidanza \u2013 cause e sintomi | FamiCord","isPartOf":{"@id":"https:\/\/famicord.ch\/it#website"},"primaryImageOfPage":{"@id":"https:\/\/famicord.ch\/it\/pregnancy-zone-2\/disturbi-della-gravidanza\/atemnot-in-der-schwangerschaft-was-sind-die-ursachen#primaryimage"},"image":{"@id":"https:\/\/famicord.ch\/it\/pregnancy-zone-2\/disturbi-della-gravidanza\/atemnot-in-der-schwangerschaft-was-sind-die-ursachen#primaryimage"},"thumbnailUrl":"https:\/\/famicord.ch\/wp-content\/uploads\/2024\/08\/Atemnot.png","datePublished":"2025-12-18T07:01:00+00:00","dateModified":"2026-01-27T11:48:28+00:00","description":"Respiro corto in gravidanza: cause pi\u00f9 comuni, sintomi, segnali di allarme e rimedi sicuri per migliorare la respirazione.","breadcrumb":{"@id":"https:\/\/famicord.ch\/it\/pregnancy-zone-2\/disturbi-della-gravidanza\/atemnot-in-der-schwangerschaft-was-sind-die-ursachen#breadcrumb"},"inLanguage":"it-CH","potentialAction":[{"@type":"ReadAction","target":["https:\/\/famicord.ch\/it\/pregnancy-zone-2\/disturbi-della-gravidanza\/atemnot-in-der-schwangerschaft-was-sind-die-ursachen"]}]},{"@type":"ImageObject","inLanguage":"it-CH","@id":"https:\/\/famicord.ch\/it\/pregnancy-zone-2\/disturbi-della-gravidanza\/atemnot-in-der-schwangerschaft-was-sind-die-ursachen#primaryimage","url":"https:\/\/famicord.ch\/wp-content\/uploads\/2024\/08\/Atemnot.png","contentUrl":"https:\/\/famicord.ch\/wp-content\/uploads\/2024\/08\/Atemnot.png","width":855,"height":644},{"@type":"BreadcrumbList","@id":"https:\/\/famicord.ch\/it\/pregnancy-zone-2\/disturbi-della-gravidanza\/atemnot-in-der-schwangerschaft-was-sind-die-ursachen#breadcrumb","itemListElement":[{"@type":"ListItem","position":1,"name":"Home","item":"https:\/\/famicord.ch\/it"},{"@type":"ListItem","position":2,"name":"FamiBlog","item":"https:\/\/famicord.ch\/it\/pregnancy-zone-2"},{"@type":"ListItem","position":3,"name":"Respiro corto in gravidanza: quali sono le cause?"}]},{"@type":"WebSite","@id":"https:\/\/famicord.ch\/it#website","url":"https:\/\/famicord.ch\/it","name":"Famicord.ch","description":"","potentialAction":[{"@type":"SearchAction","target":{"@type":"EntryPoint","urlTemplate":"https:\/\/famicord.ch\/it?s={search_term_string}"},"query-input":{"@type":"PropertyValueSpecification","valueRequired":true,"valueName":"search_term_string"}}],"inLanguage":"it-CH"}]}},"_links":{"self":[{"href":"https:\/\/famicord.ch\/it\/wp-json\/wp\/v2\/pregnancy_zone\/6076","targetHints":{"allow":["GET"]}}],"collection":[{"href":"https:\/\/famicord.ch\/it\/wp-json\/wp\/v2\/pregnancy_zone"}],"about":[{"href":"https:\/\/famicord.ch\/it\/wp-json\/wp\/v2\/types\/pregnancy_zone"}],"author":[{"embeddable":true,"href":"https:\/\/famicord.ch\/it\/wp-json\/wp\/v2\/users\/2"}],"wp:featuredmedia":[{"embeddable":true,"href":"https:\/\/famicord.ch\/it\/wp-json\/wp\/v2\/media\/4595"}],"wp:attachment":[{"href":"https:\/\/famicord.ch\/it\/wp-json\/wp\/v2\/media?parent=6076"}],"wp:term":[{"taxonomy":"pregnancy_zone_category","embeddable":true,"href":"https:\/\/famicord.ch\/it\/wp-json\/wp\/v2\/pregnancy_zone_category?post=6076"}],"curies":[{"name":"wp","href":"https:\/\/api.w.org\/{rel}","templated":true}]}}