{"id":6031,"date":"2025-09-24T12:08:00","date_gmt":"2025-09-24T10:08:00","guid":{"rendered":"https:\/\/wordpress-famicord-ch.empressia.dev\/pregnancy-zone-2\/%pregnancy_zone_category%\/die-31-schwangerschaftswoche-ist-eine-zeit-der-grossen-vorbereitung-um-ihr-baby-auf-der-welt-willkommen-zu-heissen-entwicklung-des-babys-im-7-monat"},"modified":"2025-12-10T15:14:09","modified_gmt":"2025-12-10T14:14:09","slug":"die-31-schwangerschaftswoche-ist-eine-zeit-der-grossen-vorbereitung-um-ihr-baby-auf-der-welt-willkommen-zu-heissen-entwicklung-des-babys-im-7-monat","status":"publish","type":"pregnancy_zone","link":"https:\/\/famicord.ch\/it\/pregnancy-zone-2\/calendario-della-gravidanza\/die-31-schwangerschaftswoche-ist-eine-zeit-der-grossen-vorbereitung-um-ihr-baby-auf-der-welt-willkommen-zu-heissen-entwicklung-des-babys-im-7-monat","title":{"rendered":"La 31a settimana di gravidanza \u00e8 un momento di grande preparazione per accogliere il vostro bambino nel mondo. Sviluppo del bambino nel 7\u00b0 mese"},"content":{"rendered":"<p>&nbsp;<\/p>\n<p>Questa settimana \u00e8 un buon momento per prendere una decisione sulla conservazione delle cellule staminali dal sangue del cordone ombelicale. Viene raccolto durante il parto e l&#8217;intero processo \u00e8 sicuro sia per il bambino che per la madre. Vale la pena di parlarne con l&#8217;ostetrica o il medico quando se ne presenta l&#8217;occasione.<\/p>\n<h2>Settimana 31 &#8211; che mese \u00e8? I disturbi della gravidanza nelle donne<\/h2>\n<p><strong>La 31a settimana di gravidanza \u00e8 il 7\u00b0 mese del 3\u00b0 trimestre<\/strong>. In questo periodo, la futura mamma ha forti sbalzi d&#8217;umore. La causa \u00e8 la turbolenza ormonale. Non deve preoccuparsi, sono sintomi del tutto normali.<\/p>\n<p><strong>Il bambino cresce sempre pi\u00f9 velocemente<\/strong> e l&#8217;utero in espansione esercita una pressione sugli organi interni. Questo pu\u00f2 essere il motivo del gonfiore. I piedi sono di solito i pi\u00f9 gonfi, quindi la madre potrebbe aver bisogno di scarpe pi\u00f9 grandi e comode. Il gonfiore diminuir\u00e0 subito dopo il parto. La ritenzione idrica \u00e8 un problema comune alle donne negli ultimi mesi di gravidanza.<\/p>\n<p>L&#8217;utero esercita anche una pressione sul diaframma. Il volume polmonare della futura madre pu\u00f2 diminuire. Pertanto, avr\u00e0 difficolt\u00e0 a respirare. Anche il minimo sforzo provoca mancanza di respiro, quindi \u00e8 consigliabile riposare di pi\u00f9. Alla 31a settimana di gravidanza la pancia \u00e8 ancora alta.<\/p>\n<h2>31a settimana di gravidanza &#8211; movimenti e sviluppo del bambino<\/h2>\n<p><strong>Nella 31a settimana di gravidanza, i movimenti del bambino diventano un po&#8217; pi\u00f9 deboli.<\/strong> Il piccolo continua a viziare la mamma con i calci, ma non con la stessa intensit\u00e0 di prima. Questa settimana \u00e8 importante per lo sviluppo del bambino. Ora si sta formando la rete di connessioni tra i neuroni del cervello. Il bambino ha sensi sempre pi\u00f9 acuti. Il bambino \u00e8 gi\u00e0 in grado di sentire, quindi la madre pu\u00f2 aspettarsi calci non appena parla.<\/p>\n<p>Alla 31a settimana di gravidanza, <strong>il peso del bambino oscilla intorno a 1,3-1,6 kg<\/strong>. A quest&#8217;et\u00e0 pu\u00f2 misurare tra i 40 e i 45 cm.<\/p>\n<p>&nbsp;<\/p>\n<p>&nbsp;<\/p>\n","protected":false},"excerpt":{"rendered":"<p>In questa fase della gravidanza, la madre subir\u00e0 degli sbalzi d&#8217;umore, del tutto normali in questo periodo. Dovr\u00e0 inoltre sottoporsi a una serie di esami. \u00c8 anche un momento che dovrebbe essere sfruttato per completare l&#8217;attrezzatura.<\/p>\n","protected":false},"author":2,"featured_media":2763,"template":"","pregnancy_zone_category":[97],"class_list":["post-6031","pregnancy_zone","type-pregnancy_zone","status-publish","has-post-thumbnail","hentry","pregnancy_zone_category-calendario-della-gravidanza"],"acf":[],"yoast_head":"<!-- This site is optimized with the Yoast SEO plugin v27.5 - https:\/\/yoast.com\/product\/yoast-seo-wordpress\/ -->\n<title>Settimana 31: Crescita, meno movimenti &amp; fiato corto | FamiCord<\/title>\n<meta name=\"description\" content=\"Alla 31\u00aa settimana il bambino pesa 1,3\u20131,6 kg, si muove meno e affina i sensi. La madre pu\u00f2 avvertire fiato corto, gonfiore e sbalzi d\u2019umore.\" \/>\n<meta name=\"robots\" content=\"index, follow, max-snippet:-1, max-image-preview:large, max-video-preview:-1\" \/>\n<link rel=\"canonical\" href=\"https:\/\/famicord.ch\/it\/pregnancy-zone-2\/calendario-della-gravidanza\/die-31-schwangerschaftswoche-ist-eine-zeit-der-grossen-vorbereitung-um-ihr-baby-auf-der-welt-willkommen-zu-heissen-entwicklung-des-babys-im-7-monat\" \/>\n<meta property=\"og:locale\" content=\"it_IT\" \/>\n<meta property=\"og:type\" content=\"article\" \/>\n<meta property=\"og:title\" content=\"Settimana 31: Crescita, meno movimenti &amp; fiato corto | FamiCord\" \/>\n<meta property=\"og:description\" content=\"Alla 31\u00aa settimana il bambino pesa 1,3\u20131,6 kg, si muove meno e affina i sensi. La madre pu\u00f2 avvertire fiato corto, gonfiore e sbalzi d\u2019umore.\" \/>\n<meta property=\"og:url\" content=\"https:\/\/famicord.ch\/it\/pregnancy-zone-2\/calendario-della-gravidanza\/die-31-schwangerschaftswoche-ist-eine-zeit-der-grossen-vorbereitung-um-ihr-baby-auf-der-welt-willkommen-zu-heissen-entwicklung-des-babys-im-7-monat\" \/>\n<meta property=\"og:site_name\" content=\"Famicord Suisse\" \/>\n<meta property=\"article:modified_time\" content=\"2025-12-10T14:14:09+00:00\" \/>\n<meta property=\"og:image\" content=\"https:\/\/famicord.ch\/wp-content\/uploads\/2024\/08\/31_Dynia_pizmowa.jpg\" \/>\n\t<meta property=\"og:image:width\" content=\"610\" \/>\n\t<meta property=\"og:image:height\" content=\"413\" \/>\n\t<meta property=\"og:image:type\" content=\"image\/jpeg\" \/>\n<meta name=\"twitter:card\" content=\"summary_large_image\" \/>\n<meta name=\"twitter:label1\" content=\"Est. reading time\" \/>\n\t<meta name=\"twitter:data1\" content=\"2 minutes\" \/>\n<script type=\"application\/ld+json\" class=\"yoast-schema-graph\">{\"@context\":\"https:\\\/\\\/schema.org\",\"@graph\":[{\"@type\":\"WebPage\",\"@id\":\"https:\\\/\\\/famicord.ch\\\/it\\\/pregnancy-zone-2\\\/calendario-della-gravidanza\\\/die-31-schwangerschaftswoche-ist-eine-zeit-der-grossen-vorbereitung-um-ihr-baby-auf-der-welt-willkommen-zu-heissen-entwicklung-des-babys-im-7-monat\",\"url\":\"https:\\\/\\\/famicord.ch\\\/it\\\/pregnancy-zone-2\\\/calendario-della-gravidanza\\\/die-31-schwangerschaftswoche-ist-eine-zeit-der-grossen-vorbereitung-um-ihr-baby-auf-der-welt-willkommen-zu-heissen-entwicklung-des-babys-im-7-monat\",\"name\":\"Settimana 31: Crescita, meno movimenti & fiato corto | FamiCord\",\"isPartOf\":{\"@id\":\"https:\\\/\\\/famicord.ch\\\/it#website\"},\"primaryImageOfPage\":{\"@id\":\"https:\\\/\\\/famicord.ch\\\/it\\\/pregnancy-zone-2\\\/calendario-della-gravidanza\\\/die-31-schwangerschaftswoche-ist-eine-zeit-der-grossen-vorbereitung-um-ihr-baby-auf-der-welt-willkommen-zu-heissen-entwicklung-des-babys-im-7-monat#primaryimage\"},\"image\":{\"@id\":\"https:\\\/\\\/famicord.ch\\\/it\\\/pregnancy-zone-2\\\/calendario-della-gravidanza\\\/die-31-schwangerschaftswoche-ist-eine-zeit-der-grossen-vorbereitung-um-ihr-baby-auf-der-welt-willkommen-zu-heissen-entwicklung-des-babys-im-7-monat#primaryimage\"},\"thumbnailUrl\":\"https:\\\/\\\/famicord.ch\\\/wp-content\\\/uploads\\\/2024\\\/08\\\/31_Dynia_pizmowa.jpg\",\"datePublished\":\"2025-09-24T10:08:00+00:00\",\"dateModified\":\"2025-12-10T14:14:09+00:00\",\"description\":\"Alla 31\u00aa settimana il bambino pesa 1,3\u20131,6 kg, si muove meno e affina i sensi. La madre pu\u00f2 avvertire fiato corto, gonfiore e sbalzi d\u2019umore.\",\"breadcrumb\":{\"@id\":\"https:\\\/\\\/famicord.ch\\\/it\\\/pregnancy-zone-2\\\/calendario-della-gravidanza\\\/die-31-schwangerschaftswoche-ist-eine-zeit-der-grossen-vorbereitung-um-ihr-baby-auf-der-welt-willkommen-zu-heissen-entwicklung-des-babys-im-7-monat#breadcrumb\"},\"inLanguage\":\"it-CH\",\"potentialAction\":[{\"@type\":\"ReadAction\",\"target\":[\"https:\\\/\\\/famicord.ch\\\/it\\\/pregnancy-zone-2\\\/calendario-della-gravidanza\\\/die-31-schwangerschaftswoche-ist-eine-zeit-der-grossen-vorbereitung-um-ihr-baby-auf-der-welt-willkommen-zu-heissen-entwicklung-des-babys-im-7-monat\"]}]},{\"@type\":\"ImageObject\",\"inLanguage\":\"it-CH\",\"@id\":\"https:\\\/\\\/famicord.ch\\\/it\\\/pregnancy-zone-2\\\/calendario-della-gravidanza\\\/die-31-schwangerschaftswoche-ist-eine-zeit-der-grossen-vorbereitung-um-ihr-baby-auf-der-welt-willkommen-zu-heissen-entwicklung-des-babys-im-7-monat#primaryimage\",\"url\":\"https:\\\/\\\/famicord.ch\\\/wp-content\\\/uploads\\\/2024\\\/08\\\/31_Dynia_pizmowa.jpg\",\"contentUrl\":\"https:\\\/\\\/famicord.ch\\\/wp-content\\\/uploads\\\/2024\\\/08\\\/31_Dynia_pizmowa.jpg\",\"width\":610,\"height\":413},{\"@type\":\"BreadcrumbList\",\"@id\":\"https:\\\/\\\/famicord.ch\\\/it\\\/pregnancy-zone-2\\\/calendario-della-gravidanza\\\/die-31-schwangerschaftswoche-ist-eine-zeit-der-grossen-vorbereitung-um-ihr-baby-auf-der-welt-willkommen-zu-heissen-entwicklung-des-babys-im-7-monat#breadcrumb\",\"itemListElement\":[{\"@type\":\"ListItem\",\"position\":1,\"name\":\"Home\",\"item\":\"https:\\\/\\\/famicord.ch\\\/it\"},{\"@type\":\"ListItem\",\"position\":2,\"name\":\"FamiBlog\",\"item\":\"https:\\\/\\\/famicord.ch\\\/it\\\/pregnancy-zone-2\"},{\"@type\":\"ListItem\",\"position\":3,\"name\":\"La 31a settimana di gravidanza \u00e8 un momento di grande preparazione per accogliere il vostro bambino nel mondo. Sviluppo del bambino nel 7\u00b0 mese\"}]},{\"@type\":\"WebSite\",\"@id\":\"https:\\\/\\\/famicord.ch\\\/it#website\",\"url\":\"https:\\\/\\\/famicord.ch\\\/it\",\"name\":\"Famicord.ch\",\"description\":\"\",\"potentialAction\":[{\"@type\":\"SearchAction\",\"target\":{\"@type\":\"EntryPoint\",\"urlTemplate\":\"https:\\\/\\\/famicord.ch\\\/it?s={search_term_string}\"},\"query-input\":{\"@type\":\"PropertyValueSpecification\",\"valueRequired\":true,\"valueName\":\"search_term_string\"}}],\"inLanguage\":\"it-CH\"}]}<\/script>\n<!-- \/ Yoast SEO plugin. -->","yoast_head_json":{"title":"Settimana 31: Crescita, meno movimenti & fiato corto | FamiCord","description":"Alla 31\u00aa settimana il bambino pesa 1,3\u20131,6 kg, si muove meno e affina i sensi. La madre pu\u00f2 avvertire fiato corto, gonfiore e sbalzi d\u2019umore.","robots":{"index":"index","follow":"follow","max-snippet":"max-snippet:-1","max-image-preview":"max-image-preview:large","max-video-preview":"max-video-preview:-1"},"canonical":"https:\/\/famicord.ch\/it\/pregnancy-zone-2\/calendario-della-gravidanza\/die-31-schwangerschaftswoche-ist-eine-zeit-der-grossen-vorbereitung-um-ihr-baby-auf-der-welt-willkommen-zu-heissen-entwicklung-des-babys-im-7-monat","og_locale":"it_IT","og_type":"article","og_title":"Settimana 31: Crescita, meno movimenti & fiato corto | FamiCord","og_description":"Alla 31\u00aa settimana il bambino pesa 1,3\u20131,6 kg, si muove meno e affina i sensi. La madre pu\u00f2 avvertire fiato corto, gonfiore e sbalzi d\u2019umore.","og_url":"https:\/\/famicord.ch\/it\/pregnancy-zone-2\/calendario-della-gravidanza\/die-31-schwangerschaftswoche-ist-eine-zeit-der-grossen-vorbereitung-um-ihr-baby-auf-der-welt-willkommen-zu-heissen-entwicklung-des-babys-im-7-monat","og_site_name":"Famicord Suisse","article_modified_time":"2025-12-10T14:14:09+00:00","og_image":[{"width":610,"height":413,"url":"https:\/\/famicord.ch\/wp-content\/uploads\/2024\/08\/31_Dynia_pizmowa.jpg","type":"image\/jpeg"}],"twitter_card":"summary_large_image","twitter_misc":{"Est. reading time":"2 minutes"},"schema":{"@context":"https:\/\/schema.org","@graph":[{"@type":"WebPage","@id":"https:\/\/famicord.ch\/it\/pregnancy-zone-2\/calendario-della-gravidanza\/die-31-schwangerschaftswoche-ist-eine-zeit-der-grossen-vorbereitung-um-ihr-baby-auf-der-welt-willkommen-zu-heissen-entwicklung-des-babys-im-7-monat","url":"https:\/\/famicord.ch\/it\/pregnancy-zone-2\/calendario-della-gravidanza\/die-31-schwangerschaftswoche-ist-eine-zeit-der-grossen-vorbereitung-um-ihr-baby-auf-der-welt-willkommen-zu-heissen-entwicklung-des-babys-im-7-monat","name":"Settimana 31: Crescita, meno movimenti & fiato corto | FamiCord","isPartOf":{"@id":"https:\/\/famicord.ch\/it#website"},"primaryImageOfPage":{"@id":"https:\/\/famicord.ch\/it\/pregnancy-zone-2\/calendario-della-gravidanza\/die-31-schwangerschaftswoche-ist-eine-zeit-der-grossen-vorbereitung-um-ihr-baby-auf-der-welt-willkommen-zu-heissen-entwicklung-des-babys-im-7-monat#primaryimage"},"image":{"@id":"https:\/\/famicord.ch\/it\/pregnancy-zone-2\/calendario-della-gravidanza\/die-31-schwangerschaftswoche-ist-eine-zeit-der-grossen-vorbereitung-um-ihr-baby-auf-der-welt-willkommen-zu-heissen-entwicklung-des-babys-im-7-monat#primaryimage"},"thumbnailUrl":"https:\/\/famicord.ch\/wp-content\/uploads\/2024\/08\/31_Dynia_pizmowa.jpg","datePublished":"2025-09-24T10:08:00+00:00","dateModified":"2025-12-10T14:14:09+00:00","description":"Alla 31\u00aa settimana il bambino pesa 1,3\u20131,6 kg, si muove meno e affina i sensi. La madre pu\u00f2 avvertire fiato corto, gonfiore e sbalzi d\u2019umore.","breadcrumb":{"@id":"https:\/\/famicord.ch\/it\/pregnancy-zone-2\/calendario-della-gravidanza\/die-31-schwangerschaftswoche-ist-eine-zeit-der-grossen-vorbereitung-um-ihr-baby-auf-der-welt-willkommen-zu-heissen-entwicklung-des-babys-im-7-monat#breadcrumb"},"inLanguage":"it-CH","potentialAction":[{"@type":"ReadAction","target":["https:\/\/famicord.ch\/it\/pregnancy-zone-2\/calendario-della-gravidanza\/die-31-schwangerschaftswoche-ist-eine-zeit-der-grossen-vorbereitung-um-ihr-baby-auf-der-welt-willkommen-zu-heissen-entwicklung-des-babys-im-7-monat"]}]},{"@type":"ImageObject","inLanguage":"it-CH","@id":"https:\/\/famicord.ch\/it\/pregnancy-zone-2\/calendario-della-gravidanza\/die-31-schwangerschaftswoche-ist-eine-zeit-der-grossen-vorbereitung-um-ihr-baby-auf-der-welt-willkommen-zu-heissen-entwicklung-des-babys-im-7-monat#primaryimage","url":"https:\/\/famicord.ch\/wp-content\/uploads\/2024\/08\/31_Dynia_pizmowa.jpg","contentUrl":"https:\/\/famicord.ch\/wp-content\/uploads\/2024\/08\/31_Dynia_pizmowa.jpg","width":610,"height":413},{"@type":"BreadcrumbList","@id":"https:\/\/famicord.ch\/it\/pregnancy-zone-2\/calendario-della-gravidanza\/die-31-schwangerschaftswoche-ist-eine-zeit-der-grossen-vorbereitung-um-ihr-baby-auf-der-welt-willkommen-zu-heissen-entwicklung-des-babys-im-7-monat#breadcrumb","itemListElement":[{"@type":"ListItem","position":1,"name":"Home","item":"https:\/\/famicord.ch\/it"},{"@type":"ListItem","position":2,"name":"FamiBlog","item":"https:\/\/famicord.ch\/it\/pregnancy-zone-2"},{"@type":"ListItem","position":3,"name":"La 31a settimana di gravidanza \u00e8 un momento di grande preparazione per accogliere il vostro bambino nel mondo. Sviluppo del bambino nel 7\u00b0 mese"}]},{"@type":"WebSite","@id":"https:\/\/famicord.ch\/it#website","url":"https:\/\/famicord.ch\/it","name":"Famicord.ch","description":"","potentialAction":[{"@type":"SearchAction","target":{"@type":"EntryPoint","urlTemplate":"https:\/\/famicord.ch\/it?s={search_term_string}"},"query-input":{"@type":"PropertyValueSpecification","valueRequired":true,"valueName":"search_term_string"}}],"inLanguage":"it-CH"}]}},"_links":{"self":[{"href":"https:\/\/famicord.ch\/it\/wp-json\/wp\/v2\/pregnancy_zone\/6031","targetHints":{"allow":["GET"]}}],"collection":[{"href":"https:\/\/famicord.ch\/it\/wp-json\/wp\/v2\/pregnancy_zone"}],"about":[{"href":"https:\/\/famicord.ch\/it\/wp-json\/wp\/v2\/types\/pregnancy_zone"}],"author":[{"embeddable":true,"href":"https:\/\/famicord.ch\/it\/wp-json\/wp\/v2\/users\/2"}],"wp:featuredmedia":[{"embeddable":true,"href":"https:\/\/famicord.ch\/it\/wp-json\/wp\/v2\/media\/2763"}],"wp:attachment":[{"href":"https:\/\/famicord.ch\/it\/wp-json\/wp\/v2\/media?parent=6031"}],"wp:term":[{"taxonomy":"pregnancy_zone_category","embeddable":true,"href":"https:\/\/famicord.ch\/it\/wp-json\/wp\/v2\/pregnancy_zone_category?post=6031"}],"curies":[{"name":"wp","href":"https:\/\/api.w.org\/{rel}","templated":true}]}}