{"id":6029,"date":"2025-09-10T13:33:00","date_gmt":"2025-09-10T11:33:00","guid":{"rendered":"https:\/\/wordpress-famicord-ch.empressia.dev\/pregnancy-zone-2\/%pregnancy_zone_category%\/29-schwangerschaftswoche-die-intensivste-zeit-in-der-entwicklung-ihres-babys"},"modified":"2025-12-10T14:50:59","modified_gmt":"2025-12-10T13:50:59","slug":"29-schwangerschaftswoche-die-intensivste-zeit-in-der-entwicklung-ihres-babys","status":"publish","type":"pregnancy_zone","link":"https:\/\/famicord.ch\/it\/pregnancy-zone-2\/calendario-della-gravidanza\/29-schwangerschaftswoche-die-intensivste-zeit-in-der-entwicklung-ihres-babys","title":{"rendered":"29a settimana di gravidanza &#8211; il periodo pi\u00f9 intenso dello sviluppo del bambino"},"content":{"rendered":"<p>&nbsp;Ogni giorno che passa, il bambino sviluppa nuove capacit\u00e0 e nuovi organi. Aumenta anche la quantit\u00e0 di liquido amniotico nell&#8217;utero, con conseguente aumento di peso per la gestante.<\/p>\n<h2 class=\"h4\">29a settimana di gravidanza: che mese \u00e8? Come sta la madre questa settimana?<\/h2>\n<p><strong>La 29a settimana di gravidanza \u00e8 l&#8217;inizio del 7\u00b0 mese<\/strong>. Durante questo periodo, la donna nota ulteriori cambiamenti nel suo corpo. Alla 29a settimana di gravidanza, la pancia \u00e8 gi\u00e0 visibile e assomiglia a una piccola palla. L&#8217;utero \u00e8 teso, quindi la madre pu\u00f2 avere la sensazione di non riuscire a respirare profondamente. Non preoccupatevi: il bambino pu\u00f2 premere delicatamente sul diaframma. Se la mancanza di respiro si presenta pi\u00f9 spesso, \u00e8 opportuno limitare l&#8217;attivit\u00e0 e riposare, concentrandosi sulla preparazione al parto e sul completamento del periodo post-partum.<\/p>\n<p>Alcune madri lamentano gambe e piedi gonfi, ma non \u00e8 la regola. Il gonfiore diminuisce solo dopo la nascita, ma le madri lo sopportano con coraggio e aspettano pazientemente la nascita del bambino. Il gonfiore si riduce con un leggero esercizio fisico abbinato al riposo, ed \u00e8 bene alzare le gambe. Nella 29a settimana di gravidanza, la madre \u00e8 anche a rischio di infezione delle vie urinarie, quindi deve prestare maggiore attenzione. Deve bere molti liquidi per eliminare i batteri dalla vescica.<\/p>\n<p>Il pisolino avr\u00e0 un effetto positivo sul suo umore. Purtroppo non \u00e8 sempre possibile sincronizzarlo con il ritmo del bambino. Quando la madre dorme, lui \u00e8 di solito pi\u00f9 attivo. Il bambino dorme quando la madre si muove. Il motivo \u00e8 la sensazione di dondolio che lo accompagna in questo momento.<\/p>\n<p>Nella 29a settimana di gravidanza, il peso della madre aumenta, a causa dell&#8217;accumulo di pi\u00f9 liquido amniotico nell&#8217;utero. Anche il bambino sta crescendo, il che \u00e8 una buona notizia.<\/p>\n<h2 class=\"h4\">29a settimana di gravidanza &#8211; movimenti e peso del bambino<\/h2>\n<p>Alla <strong>29a settimana di gravidanza, il bambino dovrebbe pesare circa 1.300 g<\/strong>. Guadagner\u00e0 altri 2.000 g prima di nascere. Sar\u00e0 lungo fino a 40 cm. Il bambino si muover\u00e0 meno ora. Sta crescendo, quindi sar\u00e0 sempre pi\u00f9 difficile per lui rimanere dritto. Durante l&#8217;ecografia della 29a settimana di gravidanza, la madre pu\u00f2 vedere l&#8217;aspetto del suo bambino.<\/p>\n<h2 class=\"h4\">29a settimana di gravidanza: che aspetto ha il bambino?<\/h2>\n<p>Il piccolo assomiglia finalmente a un neonato paffuto! Aumenta di peso e accumula grasso. L&#8217;olfatto \u00e8 gi\u00e0 ben sviluppato, per cui \u00e8 in grado di distinguere l&#8217;odore della madre subito dopo la nascita. Gli altri sensi del bambino si sviluppano altrettanto rapidamente. All&#8217;inizio della 29a settimana, il bambino pu\u00f2 vedere le ombre, quindi la luce pu\u00f2 irritarlo. Se diventa irrequieto, la madre pu\u00f2 parlargli. La sua voce sar\u00e0 rilassante.<\/p>\n<p>Il sistema termoregolatore del bambino inizia a svilupparsi durante questo periodo della gravidanza. Alcuni bambini perdono il lanugine (la lanugine che aiuta a mantenere il corpo caldo), altri lo hanno ancora il giorno della nascita.<\/p>\n<p class=\"h4\">&nbsp;<\/p>\n","protected":false},"excerpt":{"rendered":"<p>Alla 29a settimana di gravidanza, il piccolo sta gi\u00e0 prendendo forma. Poich\u00e9 sta crescendo, pu\u00f2 essere pi\u00f9 difficile per la madre. La pancia che cresce chiede riposo. La futura madre ha gi\u00e0 completato pi\u00f9 della met\u00e0 della sua gravidanza. Mancano solo 3 mesi alla nascita.<\/p>\n","protected":false},"author":2,"featured_media":2751,"template":"","pregnancy_zone_category":[97],"class_list":["post-6029","pregnancy_zone","type-pregnancy_zone","status-publish","has-post-thumbnail","hentry","pregnancy_zone_category-calendario-della-gravidanza"],"acf":[],"yoast_head":"<!-- This site is optimized with the Yoast SEO plugin v27.5 - https:\/\/yoast.com\/product\/yoast-seo-wordpress\/ -->\n<title>Settimana 29: Crescita, meno movimenti &amp; respiro corto | FamiCord<\/title>\n<meta name=\"description\" content=\"Alla 29\u00aa settimana il bambino pesa circa 1.300 g e si muove meno. La madre pu\u00f2 avvertire fiato corto, gonfiore o stanchezza per l\u2019aumento dell\u2019utero e del liquido amniotico.\" \/>\n<meta name=\"robots\" content=\"index, follow, max-snippet:-1, max-image-preview:large, max-video-preview:-1\" \/>\n<link rel=\"canonical\" href=\"https:\/\/famicord.ch\/it\/pregnancy-zone-2\/calendario-della-gravidanza\/29-schwangerschaftswoche-die-intensivste-zeit-in-der-entwicklung-ihres-babys\" \/>\n<meta property=\"og:locale\" content=\"it_IT\" \/>\n<meta property=\"og:type\" content=\"article\" \/>\n<meta property=\"og:title\" content=\"Settimana 29: Crescita, meno movimenti &amp; respiro corto | FamiCord\" \/>\n<meta property=\"og:description\" content=\"Alla 29\u00aa settimana il bambino pesa circa 1.300 g e si muove meno. La madre pu\u00f2 avvertire fiato corto, gonfiore o stanchezza per l\u2019aumento dell\u2019utero e del liquido amniotico.\" \/>\n<meta property=\"og:url\" content=\"https:\/\/famicord.ch\/it\/pregnancy-zone-2\/calendario-della-gravidanza\/29-schwangerschaftswoche-die-intensivste-zeit-in-der-entwicklung-ihres-babys\" \/>\n<meta property=\"og:site_name\" content=\"Famicord Suisse\" \/>\n<meta property=\"article:modified_time\" content=\"2025-12-10T13:50:59+00:00\" \/>\n<meta property=\"og:image\" content=\"https:\/\/famicord.ch\/wp-content\/uploads\/2024\/08\/29_Jicama.jpg\" \/>\n\t<meta property=\"og:image:width\" content=\"610\" \/>\n\t<meta property=\"og:image:height\" content=\"413\" \/>\n\t<meta property=\"og:image:type\" content=\"image\/jpeg\" \/>\n<meta name=\"twitter:card\" content=\"summary_large_image\" \/>\n<meta name=\"twitter:label1\" content=\"Est. reading time\" \/>\n\t<meta name=\"twitter:data1\" content=\"3 minutes\" \/>\n<script type=\"application\/ld+json\" class=\"yoast-schema-graph\">{\"@context\":\"https:\\\/\\\/schema.org\",\"@graph\":[{\"@type\":\"WebPage\",\"@id\":\"https:\\\/\\\/famicord.ch\\\/it\\\/pregnancy-zone-2\\\/calendario-della-gravidanza\\\/29-schwangerschaftswoche-die-intensivste-zeit-in-der-entwicklung-ihres-babys\",\"url\":\"https:\\\/\\\/famicord.ch\\\/it\\\/pregnancy-zone-2\\\/calendario-della-gravidanza\\\/29-schwangerschaftswoche-die-intensivste-zeit-in-der-entwicklung-ihres-babys\",\"name\":\"Settimana 29: Crescita, meno movimenti & respiro corto | FamiCord\",\"isPartOf\":{\"@id\":\"https:\\\/\\\/famicord.ch\\\/it#website\"},\"primaryImageOfPage\":{\"@id\":\"https:\\\/\\\/famicord.ch\\\/it\\\/pregnancy-zone-2\\\/calendario-della-gravidanza\\\/29-schwangerschaftswoche-die-intensivste-zeit-in-der-entwicklung-ihres-babys#primaryimage\"},\"image\":{\"@id\":\"https:\\\/\\\/famicord.ch\\\/it\\\/pregnancy-zone-2\\\/calendario-della-gravidanza\\\/29-schwangerschaftswoche-die-intensivste-zeit-in-der-entwicklung-ihres-babys#primaryimage\"},\"thumbnailUrl\":\"https:\\\/\\\/famicord.ch\\\/wp-content\\\/uploads\\\/2024\\\/08\\\/29_Jicama.jpg\",\"datePublished\":\"2025-09-10T11:33:00+00:00\",\"dateModified\":\"2025-12-10T13:50:59+00:00\",\"description\":\"Alla 29\u00aa settimana il bambino pesa circa 1.300 g e si muove meno. La madre pu\u00f2 avvertire fiato corto, gonfiore o stanchezza per l\u2019aumento dell\u2019utero e del liquido amniotico.\",\"breadcrumb\":{\"@id\":\"https:\\\/\\\/famicord.ch\\\/it\\\/pregnancy-zone-2\\\/calendario-della-gravidanza\\\/29-schwangerschaftswoche-die-intensivste-zeit-in-der-entwicklung-ihres-babys#breadcrumb\"},\"inLanguage\":\"it-CH\",\"potentialAction\":[{\"@type\":\"ReadAction\",\"target\":[\"https:\\\/\\\/famicord.ch\\\/it\\\/pregnancy-zone-2\\\/calendario-della-gravidanza\\\/29-schwangerschaftswoche-die-intensivste-zeit-in-der-entwicklung-ihres-babys\"]}]},{\"@type\":\"ImageObject\",\"inLanguage\":\"it-CH\",\"@id\":\"https:\\\/\\\/famicord.ch\\\/it\\\/pregnancy-zone-2\\\/calendario-della-gravidanza\\\/29-schwangerschaftswoche-die-intensivste-zeit-in-der-entwicklung-ihres-babys#primaryimage\",\"url\":\"https:\\\/\\\/famicord.ch\\\/wp-content\\\/uploads\\\/2024\\\/08\\\/29_Jicama.jpg\",\"contentUrl\":\"https:\\\/\\\/famicord.ch\\\/wp-content\\\/uploads\\\/2024\\\/08\\\/29_Jicama.jpg\",\"width\":610,\"height\":413},{\"@type\":\"BreadcrumbList\",\"@id\":\"https:\\\/\\\/famicord.ch\\\/it\\\/pregnancy-zone-2\\\/calendario-della-gravidanza\\\/29-schwangerschaftswoche-die-intensivste-zeit-in-der-entwicklung-ihres-babys#breadcrumb\",\"itemListElement\":[{\"@type\":\"ListItem\",\"position\":1,\"name\":\"Home\",\"item\":\"https:\\\/\\\/famicord.ch\\\/it\"},{\"@type\":\"ListItem\",\"position\":2,\"name\":\"FamiBlog\",\"item\":\"https:\\\/\\\/famicord.ch\\\/it\\\/pregnancy-zone-2\"},{\"@type\":\"ListItem\",\"position\":3,\"name\":\"29a settimana di gravidanza &#8211; il periodo pi\u00f9 intenso dello sviluppo del bambino\"}]},{\"@type\":\"WebSite\",\"@id\":\"https:\\\/\\\/famicord.ch\\\/it#website\",\"url\":\"https:\\\/\\\/famicord.ch\\\/it\",\"name\":\"Famicord.ch\",\"description\":\"\",\"potentialAction\":[{\"@type\":\"SearchAction\",\"target\":{\"@type\":\"EntryPoint\",\"urlTemplate\":\"https:\\\/\\\/famicord.ch\\\/it?s={search_term_string}\"},\"query-input\":{\"@type\":\"PropertyValueSpecification\",\"valueRequired\":true,\"valueName\":\"search_term_string\"}}],\"inLanguage\":\"it-CH\"}]}<\/script>\n<!-- \/ Yoast SEO plugin. -->","yoast_head_json":{"title":"Settimana 29: Crescita, meno movimenti & respiro corto | FamiCord","description":"Alla 29\u00aa settimana il bambino pesa circa 1.300 g e si muove meno. La madre pu\u00f2 avvertire fiato corto, gonfiore o stanchezza per l\u2019aumento dell\u2019utero e del liquido amniotico.","robots":{"index":"index","follow":"follow","max-snippet":"max-snippet:-1","max-image-preview":"max-image-preview:large","max-video-preview":"max-video-preview:-1"},"canonical":"https:\/\/famicord.ch\/it\/pregnancy-zone-2\/calendario-della-gravidanza\/29-schwangerschaftswoche-die-intensivste-zeit-in-der-entwicklung-ihres-babys","og_locale":"it_IT","og_type":"article","og_title":"Settimana 29: Crescita, meno movimenti & respiro corto | FamiCord","og_description":"Alla 29\u00aa settimana il bambino pesa circa 1.300 g e si muove meno. La madre pu\u00f2 avvertire fiato corto, gonfiore o stanchezza per l\u2019aumento dell\u2019utero e del liquido amniotico.","og_url":"https:\/\/famicord.ch\/it\/pregnancy-zone-2\/calendario-della-gravidanza\/29-schwangerschaftswoche-die-intensivste-zeit-in-der-entwicklung-ihres-babys","og_site_name":"Famicord Suisse","article_modified_time":"2025-12-10T13:50:59+00:00","og_image":[{"width":610,"height":413,"url":"https:\/\/famicord.ch\/wp-content\/uploads\/2024\/08\/29_Jicama.jpg","type":"image\/jpeg"}],"twitter_card":"summary_large_image","twitter_misc":{"Est. reading time":"3 minutes"},"schema":{"@context":"https:\/\/schema.org","@graph":[{"@type":"WebPage","@id":"https:\/\/famicord.ch\/it\/pregnancy-zone-2\/calendario-della-gravidanza\/29-schwangerschaftswoche-die-intensivste-zeit-in-der-entwicklung-ihres-babys","url":"https:\/\/famicord.ch\/it\/pregnancy-zone-2\/calendario-della-gravidanza\/29-schwangerschaftswoche-die-intensivste-zeit-in-der-entwicklung-ihres-babys","name":"Settimana 29: Crescita, meno movimenti & respiro corto | FamiCord","isPartOf":{"@id":"https:\/\/famicord.ch\/it#website"},"primaryImageOfPage":{"@id":"https:\/\/famicord.ch\/it\/pregnancy-zone-2\/calendario-della-gravidanza\/29-schwangerschaftswoche-die-intensivste-zeit-in-der-entwicklung-ihres-babys#primaryimage"},"image":{"@id":"https:\/\/famicord.ch\/it\/pregnancy-zone-2\/calendario-della-gravidanza\/29-schwangerschaftswoche-die-intensivste-zeit-in-der-entwicklung-ihres-babys#primaryimage"},"thumbnailUrl":"https:\/\/famicord.ch\/wp-content\/uploads\/2024\/08\/29_Jicama.jpg","datePublished":"2025-09-10T11:33:00+00:00","dateModified":"2025-12-10T13:50:59+00:00","description":"Alla 29\u00aa settimana il bambino pesa circa 1.300 g e si muove meno. La madre pu\u00f2 avvertire fiato corto, gonfiore o stanchezza per l\u2019aumento dell\u2019utero e del liquido amniotico.","breadcrumb":{"@id":"https:\/\/famicord.ch\/it\/pregnancy-zone-2\/calendario-della-gravidanza\/29-schwangerschaftswoche-die-intensivste-zeit-in-der-entwicklung-ihres-babys#breadcrumb"},"inLanguage":"it-CH","potentialAction":[{"@type":"ReadAction","target":["https:\/\/famicord.ch\/it\/pregnancy-zone-2\/calendario-della-gravidanza\/29-schwangerschaftswoche-die-intensivste-zeit-in-der-entwicklung-ihres-babys"]}]},{"@type":"ImageObject","inLanguage":"it-CH","@id":"https:\/\/famicord.ch\/it\/pregnancy-zone-2\/calendario-della-gravidanza\/29-schwangerschaftswoche-die-intensivste-zeit-in-der-entwicklung-ihres-babys#primaryimage","url":"https:\/\/famicord.ch\/wp-content\/uploads\/2024\/08\/29_Jicama.jpg","contentUrl":"https:\/\/famicord.ch\/wp-content\/uploads\/2024\/08\/29_Jicama.jpg","width":610,"height":413},{"@type":"BreadcrumbList","@id":"https:\/\/famicord.ch\/it\/pregnancy-zone-2\/calendario-della-gravidanza\/29-schwangerschaftswoche-die-intensivste-zeit-in-der-entwicklung-ihres-babys#breadcrumb","itemListElement":[{"@type":"ListItem","position":1,"name":"Home","item":"https:\/\/famicord.ch\/it"},{"@type":"ListItem","position":2,"name":"FamiBlog","item":"https:\/\/famicord.ch\/it\/pregnancy-zone-2"},{"@type":"ListItem","position":3,"name":"29a settimana di gravidanza &#8211; il periodo pi\u00f9 intenso dello sviluppo del bambino"}]},{"@type":"WebSite","@id":"https:\/\/famicord.ch\/it#website","url":"https:\/\/famicord.ch\/it","name":"Famicord.ch","description":"","potentialAction":[{"@type":"SearchAction","target":{"@type":"EntryPoint","urlTemplate":"https:\/\/famicord.ch\/it?s={search_term_string}"},"query-input":{"@type":"PropertyValueSpecification","valueRequired":true,"valueName":"search_term_string"}}],"inLanguage":"it-CH"}]}},"_links":{"self":[{"href":"https:\/\/famicord.ch\/it\/wp-json\/wp\/v2\/pregnancy_zone\/6029","targetHints":{"allow":["GET"]}}],"collection":[{"href":"https:\/\/famicord.ch\/it\/wp-json\/wp\/v2\/pregnancy_zone"}],"about":[{"href":"https:\/\/famicord.ch\/it\/wp-json\/wp\/v2\/types\/pregnancy_zone"}],"author":[{"embeddable":true,"href":"https:\/\/famicord.ch\/it\/wp-json\/wp\/v2\/users\/2"}],"wp:featuredmedia":[{"embeddable":true,"href":"https:\/\/famicord.ch\/it\/wp-json\/wp\/v2\/media\/2751"}],"wp:attachment":[{"href":"https:\/\/famicord.ch\/it\/wp-json\/wp\/v2\/media?parent=6029"}],"wp:term":[{"taxonomy":"pregnancy_zone_category","embeddable":true,"href":"https:\/\/famicord.ch\/it\/wp-json\/wp\/v2\/pregnancy_zone_category?post=6029"}],"curies":[{"name":"wp","href":"https:\/\/api.w.org\/{rel}","templated":true}]}}