{"id":6028,"date":"2025-09-03T13:34:00","date_gmt":"2025-09-03T11:34:00","guid":{"rendered":"https:\/\/wordpress-famicord-ch.empressia.dev\/pregnancy-zone-2\/%pregnancy_zone_category%\/28-schwangerschaftswoche-bewegungen-und-gewicht-des-babys-im-7-monat-der-schwangerschaft"},"modified":"2025-12-10T12:20:54","modified_gmt":"2025-12-10T11:20:54","slug":"28-schwangerschaftswoche-bewegungen-und-gewicht-des-babys-im-7-monat-der-schwangerschaft","status":"publish","type":"pregnancy_zone","link":"https:\/\/famicord.ch\/it\/pregnancy-zone-2\/calendario-della-gravidanza\/28-schwangerschaftswoche-bewegungen-und-gewicht-des-babys-im-7-monat-der-schwangerschaft","title":{"rendered":"28a settimana di gravidanza &#8211; movimenti e peso del bambino nel 7\u00b0 mese di gravidanza"},"content":{"rendered":"<p>&nbsp;<\/p>\n<p>A questo punto, la madre non pensa ancora al parto, anche se pu\u00f2 accadere in casi eccezionali. Se il bambino nasce troppo presto, deve essere curato da specialisti. Tuttavia, una madre con una gravidanza non complicata non ha motivo di preoccuparsi.<\/p>\n<h2 class=\"h4\">28a settimana: che mese \u00e8?<\/h2>\n<p><strong>La 28a settimana di gravidanza \u00e8 l&#8217;inizio del 7\u00b0 mese e del 3\u00b0 trimestre<\/strong>. In caso di dubbi e se una donna non sa come convertire le settimane in mesi, deve chiedere aiuto a un medico o a un&#8217;ostetrica. Pu\u00f2 anche cercare su Internet<\/p>\n<h2 class=\"h4\">Cambiamenti nella madre alla 28a settimana di gravidanza<\/h2>\n<p>Alla 28a settimana di gravidanza, il peso della madre \u00e8 aumentato di almeno 8 kg. Il fondo dell&#8217;utero si trova ora 7 cm sopra l&#8217;ombelico.<strong> Alcune donne iniziano a lamentare dolori alla schiena in questo periodo<\/strong>. Dovreste riposare di pi\u00f9, prendervi cura della vostra colonna vertebrale facendo esercizi leggeri per donne in gravidanza, che vi faranno sicuramente sentire meglio.<\/p>\n<p>Se si verifica un fastidioso prurito della pelle, non bisogna farsi prendere dal panico, ma informare il medico, che sicuramente dar\u00e0 sollievo. La bile pu\u00f2 accumularsi nel corpo della donna incinta, provocando questo disturbo. A sua volta, un leggero prurito pu\u00f2 essere il risultato dello stiramento della pelle &#8211; dopo tutto, la pancia cresce costantemente.<\/p>\n<p>Alcune donne in gravidanza hanno problemi <strong>all&#8217;apparato digerente<\/strong>, in particolare bruciori di stomaco dopo i pasti o stitichezza. Tuttavia, con una dieta corretta, tisane e supposte e pomate da banco, i sintomi possono essere efficacemente alleviati. Prima di ricorrere a farmaci, integratori alimentari o rimedi casalinghi, \u00e8 sempre bene consultare il proprio medico.<\/p>\n<p>Nella 28a settimana di gravidanza, la madre pu\u00f2 dover affrontare <strong>un&#8217;aumentata attivit\u00e0 delle membrane mucose<\/strong>. Questo pu\u00f2 portare a un naso che cola e a russare facilmente di notte. Non preoccupatevi, il naso che cola passer\u00e0 nelle settimane successive.<\/p>\n<h2 class=\"h4\">28 settimane &#8211; Peso, movimenti e sviluppo del bambino<\/h2>\n<p>I classici calci, alla 28a settimana, potrebbero essere un ricordo del passato. <strong>I movimenti del bambino saranno ora pi\u00f9 deboli<\/strong>, perch\u00e9 il piccolo \u00e8 in costante crescita (pesa gi\u00e0 quasi 1 kg ed \u00e8 alto circa 36 cm) e presto si sentir\u00e0 un po&#8217; stretto. Se nascesse prematuro in questa fase, alla 28a settimana di gravidanza, avrebbe bisogno di cure speciali. Tuttavia, \u00e8 gi\u00e0 abbastanza sviluppato per funzionare al di fuori del corpo della madre in un&#8217;incubatrice. Una gravidanza gemellare a 28 settimane ha molte pi\u00f9 probabilit\u00e0 di essere prematura perch\u00e9 le gravidanze multiple di solito si concludono pi\u00f9 rapidamente e i bambini vengono assistiti da specialisti dopo la nascita in modo che possano svilupparsi correttamente.<\/p>\n<p>Il bambino cresce e impara a deglutire il liquido amniotico. Si tratta di un esercizio di fitness che vi torner\u00e0 utile dopo il parto. A volte lampeggia anche. Entro questa settimana, i genitali del bambino dovrebbero essersi formati, in modo che i <strong>genitori possano scoprirne il sesso<\/strong>. Gli errori in questa materia si verificano molto raramente.<\/p>\n<p>Nella 28a settimana di gravidanza si sviluppano i polmoni del bambino. In questo momento sono ricoperti di tensioattivo, che ne riduce la tensione superficiale. Dopodich\u00e9, non \u00e8 pi\u00f9 necessario.<\/p>\n<p>Il bambino trascorre la maggior parte della giornata dormendo. Purtroppo, non necessariamente quando la madre dorme.<strong> \u00c8 interessante notare che \u00e8 stato anche dimostrato che il bambino sogna!<\/strong> La 28a settimana di gravidanza \u00e8 piena di sorprese.<\/p>\n<p class=\"h4\">&nbsp;<\/p>\n","protected":false},"excerpt":{"rendered":"<p>Alla 28a settimana di gravidanza, per le future mamme inizia la sindrome del nido. Anche se si sentono un po&#8217; in difficolt\u00e0, possono pulire, fare la spesa e finire il bucato fino a quando non hanno il fiato corto. Questo \u00e8 il loro modo di prepararsi al nuovo membro della famiglia.<\/p>\n","protected":false},"author":2,"featured_media":2745,"template":"","pregnancy_zone_category":[97],"class_list":["post-6028","pregnancy_zone","type-pregnancy_zone","status-publish","has-post-thumbnail","hentry","pregnancy_zone_category-calendario-della-gravidanza"],"acf":[],"yoast_head":"<!-- This site is optimized with the Yoast SEO plugin v27.5 - https:\/\/yoast.com\/product\/yoast-seo-wordpress\/ -->\n<title>Settimana 28: Meno movimenti &amp; bimbo quasi 1 kg | FamiCord<\/title>\n<meta name=\"description\" content=\"Alla 28\u00aa settimana inizia il terzo trimestre. Il bambino pesa quasi 1 kg, si muove meno e dorme molto. La madre pu\u00f2 avvertire mal di schiena, prurito o disturbi digestivi.\" \/>\n<meta name=\"robots\" content=\"index, follow, max-snippet:-1, max-image-preview:large, max-video-preview:-1\" \/>\n<link rel=\"canonical\" href=\"https:\/\/famicord.ch\/it\/pregnancy-zone-2\/calendario-della-gravidanza\/28-schwangerschaftswoche-bewegungen-und-gewicht-des-babys-im-7-monat-der-schwangerschaft\" \/>\n<meta property=\"og:locale\" content=\"it_IT\" \/>\n<meta property=\"og:type\" content=\"article\" \/>\n<meta property=\"og:title\" content=\"Settimana 28: Meno movimenti &amp; bimbo quasi 1 kg | FamiCord\" \/>\n<meta property=\"og:description\" content=\"Alla 28\u00aa settimana inizia il terzo trimestre. Il bambino pesa quasi 1 kg, si muove meno e dorme molto. La madre pu\u00f2 avvertire mal di schiena, prurito o disturbi digestivi.\" \/>\n<meta property=\"og:url\" content=\"https:\/\/famicord.ch\/it\/pregnancy-zone-2\/calendario-della-gravidanza\/28-schwangerschaftswoche-bewegungen-und-gewicht-des-babys-im-7-monat-der-schwangerschaft\" \/>\n<meta property=\"og:site_name\" content=\"Famicord Suisse\" \/>\n<meta property=\"article:modified_time\" content=\"2025-12-10T11:20:54+00:00\" \/>\n<meta property=\"og:image\" content=\"https:\/\/famicord.ch\/wp-content\/uploads\/2024\/08\/28_Kokos.jpg\" \/>\n\t<meta property=\"og:image:width\" content=\"610\" \/>\n\t<meta property=\"og:image:height\" content=\"413\" \/>\n\t<meta property=\"og:image:type\" content=\"image\/jpeg\" \/>\n<meta name=\"twitter:card\" content=\"summary_large_image\" \/>\n<meta name=\"twitter:label1\" content=\"Est. reading time\" \/>\n\t<meta name=\"twitter:data1\" content=\"4 minutes\" \/>\n<script type=\"application\/ld+json\" class=\"yoast-schema-graph\">{\"@context\":\"https:\\\/\\\/schema.org\",\"@graph\":[{\"@type\":\"WebPage\",\"@id\":\"https:\\\/\\\/famicord.ch\\\/it\\\/pregnancy-zone-2\\\/calendario-della-gravidanza\\\/28-schwangerschaftswoche-bewegungen-und-gewicht-des-babys-im-7-monat-der-schwangerschaft\",\"url\":\"https:\\\/\\\/famicord.ch\\\/it\\\/pregnancy-zone-2\\\/calendario-della-gravidanza\\\/28-schwangerschaftswoche-bewegungen-und-gewicht-des-babys-im-7-monat-der-schwangerschaft\",\"name\":\"Settimana 28: Meno movimenti & bimbo quasi 1 kg | FamiCord\",\"isPartOf\":{\"@id\":\"https:\\\/\\\/famicord.ch\\\/it#website\"},\"primaryImageOfPage\":{\"@id\":\"https:\\\/\\\/famicord.ch\\\/it\\\/pregnancy-zone-2\\\/calendario-della-gravidanza\\\/28-schwangerschaftswoche-bewegungen-und-gewicht-des-babys-im-7-monat-der-schwangerschaft#primaryimage\"},\"image\":{\"@id\":\"https:\\\/\\\/famicord.ch\\\/it\\\/pregnancy-zone-2\\\/calendario-della-gravidanza\\\/28-schwangerschaftswoche-bewegungen-und-gewicht-des-babys-im-7-monat-der-schwangerschaft#primaryimage\"},\"thumbnailUrl\":\"https:\\\/\\\/famicord.ch\\\/wp-content\\\/uploads\\\/2024\\\/08\\\/28_Kokos.jpg\",\"datePublished\":\"2025-09-03T11:34:00+00:00\",\"dateModified\":\"2025-12-10T11:20:54+00:00\",\"description\":\"Alla 28\u00aa settimana inizia il terzo trimestre. Il bambino pesa quasi 1 kg, si muove meno e dorme molto. La madre pu\u00f2 avvertire mal di schiena, prurito o disturbi digestivi.\",\"breadcrumb\":{\"@id\":\"https:\\\/\\\/famicord.ch\\\/it\\\/pregnancy-zone-2\\\/calendario-della-gravidanza\\\/28-schwangerschaftswoche-bewegungen-und-gewicht-des-babys-im-7-monat-der-schwangerschaft#breadcrumb\"},\"inLanguage\":\"it-CH\",\"potentialAction\":[{\"@type\":\"ReadAction\",\"target\":[\"https:\\\/\\\/famicord.ch\\\/it\\\/pregnancy-zone-2\\\/calendario-della-gravidanza\\\/28-schwangerschaftswoche-bewegungen-und-gewicht-des-babys-im-7-monat-der-schwangerschaft\"]}]},{\"@type\":\"ImageObject\",\"inLanguage\":\"it-CH\",\"@id\":\"https:\\\/\\\/famicord.ch\\\/it\\\/pregnancy-zone-2\\\/calendario-della-gravidanza\\\/28-schwangerschaftswoche-bewegungen-und-gewicht-des-babys-im-7-monat-der-schwangerschaft#primaryimage\",\"url\":\"https:\\\/\\\/famicord.ch\\\/wp-content\\\/uploads\\\/2024\\\/08\\\/28_Kokos.jpg\",\"contentUrl\":\"https:\\\/\\\/famicord.ch\\\/wp-content\\\/uploads\\\/2024\\\/08\\\/28_Kokos.jpg\",\"width\":610,\"height\":413},{\"@type\":\"BreadcrumbList\",\"@id\":\"https:\\\/\\\/famicord.ch\\\/it\\\/pregnancy-zone-2\\\/calendario-della-gravidanza\\\/28-schwangerschaftswoche-bewegungen-und-gewicht-des-babys-im-7-monat-der-schwangerschaft#breadcrumb\",\"itemListElement\":[{\"@type\":\"ListItem\",\"position\":1,\"name\":\"Home\",\"item\":\"https:\\\/\\\/famicord.ch\\\/it\"},{\"@type\":\"ListItem\",\"position\":2,\"name\":\"FamiBlog\",\"item\":\"https:\\\/\\\/famicord.ch\\\/it\\\/pregnancy-zone-2\"},{\"@type\":\"ListItem\",\"position\":3,\"name\":\"28a settimana di gravidanza &#8211; movimenti e peso del bambino nel 7\u00b0 mese di gravidanza\"}]},{\"@type\":\"WebSite\",\"@id\":\"https:\\\/\\\/famicord.ch\\\/it#website\",\"url\":\"https:\\\/\\\/famicord.ch\\\/it\",\"name\":\"Famicord.ch\",\"description\":\"\",\"potentialAction\":[{\"@type\":\"SearchAction\",\"target\":{\"@type\":\"EntryPoint\",\"urlTemplate\":\"https:\\\/\\\/famicord.ch\\\/it?s={search_term_string}\"},\"query-input\":{\"@type\":\"PropertyValueSpecification\",\"valueRequired\":true,\"valueName\":\"search_term_string\"}}],\"inLanguage\":\"it-CH\"}]}<\/script>\n<!-- \/ Yoast SEO plugin. -->","yoast_head_json":{"title":"Settimana 28: Meno movimenti & bimbo quasi 1 kg | FamiCord","description":"Alla 28\u00aa settimana inizia il terzo trimestre. Il bambino pesa quasi 1 kg, si muove meno e dorme molto. La madre pu\u00f2 avvertire mal di schiena, prurito o disturbi digestivi.","robots":{"index":"index","follow":"follow","max-snippet":"max-snippet:-1","max-image-preview":"max-image-preview:large","max-video-preview":"max-video-preview:-1"},"canonical":"https:\/\/famicord.ch\/it\/pregnancy-zone-2\/calendario-della-gravidanza\/28-schwangerschaftswoche-bewegungen-und-gewicht-des-babys-im-7-monat-der-schwangerschaft","og_locale":"it_IT","og_type":"article","og_title":"Settimana 28: Meno movimenti & bimbo quasi 1 kg | FamiCord","og_description":"Alla 28\u00aa settimana inizia il terzo trimestre. Il bambino pesa quasi 1 kg, si muove meno e dorme molto. La madre pu\u00f2 avvertire mal di schiena, prurito o disturbi digestivi.","og_url":"https:\/\/famicord.ch\/it\/pregnancy-zone-2\/calendario-della-gravidanza\/28-schwangerschaftswoche-bewegungen-und-gewicht-des-babys-im-7-monat-der-schwangerschaft","og_site_name":"Famicord Suisse","article_modified_time":"2025-12-10T11:20:54+00:00","og_image":[{"width":610,"height":413,"url":"https:\/\/famicord.ch\/wp-content\/uploads\/2024\/08\/28_Kokos.jpg","type":"image\/jpeg"}],"twitter_card":"summary_large_image","twitter_misc":{"Est. reading time":"4 minutes"},"schema":{"@context":"https:\/\/schema.org","@graph":[{"@type":"WebPage","@id":"https:\/\/famicord.ch\/it\/pregnancy-zone-2\/calendario-della-gravidanza\/28-schwangerschaftswoche-bewegungen-und-gewicht-des-babys-im-7-monat-der-schwangerschaft","url":"https:\/\/famicord.ch\/it\/pregnancy-zone-2\/calendario-della-gravidanza\/28-schwangerschaftswoche-bewegungen-und-gewicht-des-babys-im-7-monat-der-schwangerschaft","name":"Settimana 28: Meno movimenti & bimbo quasi 1 kg | FamiCord","isPartOf":{"@id":"https:\/\/famicord.ch\/it#website"},"primaryImageOfPage":{"@id":"https:\/\/famicord.ch\/it\/pregnancy-zone-2\/calendario-della-gravidanza\/28-schwangerschaftswoche-bewegungen-und-gewicht-des-babys-im-7-monat-der-schwangerschaft#primaryimage"},"image":{"@id":"https:\/\/famicord.ch\/it\/pregnancy-zone-2\/calendario-della-gravidanza\/28-schwangerschaftswoche-bewegungen-und-gewicht-des-babys-im-7-monat-der-schwangerschaft#primaryimage"},"thumbnailUrl":"https:\/\/famicord.ch\/wp-content\/uploads\/2024\/08\/28_Kokos.jpg","datePublished":"2025-09-03T11:34:00+00:00","dateModified":"2025-12-10T11:20:54+00:00","description":"Alla 28\u00aa settimana inizia il terzo trimestre. Il bambino pesa quasi 1 kg, si muove meno e dorme molto. La madre pu\u00f2 avvertire mal di schiena, prurito o disturbi digestivi.","breadcrumb":{"@id":"https:\/\/famicord.ch\/it\/pregnancy-zone-2\/calendario-della-gravidanza\/28-schwangerschaftswoche-bewegungen-und-gewicht-des-babys-im-7-monat-der-schwangerschaft#breadcrumb"},"inLanguage":"it-CH","potentialAction":[{"@type":"ReadAction","target":["https:\/\/famicord.ch\/it\/pregnancy-zone-2\/calendario-della-gravidanza\/28-schwangerschaftswoche-bewegungen-und-gewicht-des-babys-im-7-monat-der-schwangerschaft"]}]},{"@type":"ImageObject","inLanguage":"it-CH","@id":"https:\/\/famicord.ch\/it\/pregnancy-zone-2\/calendario-della-gravidanza\/28-schwangerschaftswoche-bewegungen-und-gewicht-des-babys-im-7-monat-der-schwangerschaft#primaryimage","url":"https:\/\/famicord.ch\/wp-content\/uploads\/2024\/08\/28_Kokos.jpg","contentUrl":"https:\/\/famicord.ch\/wp-content\/uploads\/2024\/08\/28_Kokos.jpg","width":610,"height":413},{"@type":"BreadcrumbList","@id":"https:\/\/famicord.ch\/it\/pregnancy-zone-2\/calendario-della-gravidanza\/28-schwangerschaftswoche-bewegungen-und-gewicht-des-babys-im-7-monat-der-schwangerschaft#breadcrumb","itemListElement":[{"@type":"ListItem","position":1,"name":"Home","item":"https:\/\/famicord.ch\/it"},{"@type":"ListItem","position":2,"name":"FamiBlog","item":"https:\/\/famicord.ch\/it\/pregnancy-zone-2"},{"@type":"ListItem","position":3,"name":"28a settimana di gravidanza &#8211; movimenti e peso del bambino nel 7\u00b0 mese di gravidanza"}]},{"@type":"WebSite","@id":"https:\/\/famicord.ch\/it#website","url":"https:\/\/famicord.ch\/it","name":"Famicord.ch","description":"","potentialAction":[{"@type":"SearchAction","target":{"@type":"EntryPoint","urlTemplate":"https:\/\/famicord.ch\/it?s={search_term_string}"},"query-input":{"@type":"PropertyValueSpecification","valueRequired":true,"valueName":"search_term_string"}}],"inLanguage":"it-CH"}]}},"_links":{"self":[{"href":"https:\/\/famicord.ch\/it\/wp-json\/wp\/v2\/pregnancy_zone\/6028","targetHints":{"allow":["GET"]}}],"collection":[{"href":"https:\/\/famicord.ch\/it\/wp-json\/wp\/v2\/pregnancy_zone"}],"about":[{"href":"https:\/\/famicord.ch\/it\/wp-json\/wp\/v2\/types\/pregnancy_zone"}],"author":[{"embeddable":true,"href":"https:\/\/famicord.ch\/it\/wp-json\/wp\/v2\/users\/2"}],"wp:featuredmedia":[{"embeddable":true,"href":"https:\/\/famicord.ch\/it\/wp-json\/wp\/v2\/media\/2745"}],"wp:attachment":[{"href":"https:\/\/famicord.ch\/it\/wp-json\/wp\/v2\/media?parent=6028"}],"wp:term":[{"taxonomy":"pregnancy_zone_category","embeddable":true,"href":"https:\/\/famicord.ch\/it\/wp-json\/wp\/v2\/pregnancy_zone_category?post=6028"}],"curies":[{"name":"wp","href":"https:\/\/api.w.org\/{rel}","templated":true}]}}