{"id":6022,"date":"2025-07-16T08:01:00","date_gmt":"2025-07-16T06:01:00","guid":{"rendered":"https:\/\/wordpress-famicord-ch.empressia.dev\/pregnancy-zone-2\/%pregnancy_zone_category%\/die-21-schwangerschaftswoche-veraenderungen-in-der-mitte-der-schwangerschaft"},"modified":"2025-12-05T13:54:17","modified_gmt":"2025-12-05T12:54:17","slug":"die-21-schwangerschaftswoche-veraenderungen-in-der-mitte-der-schwangerschaft","status":"publish","type":"pregnancy_zone","link":"https:\/\/famicord.ch\/it\/pregnancy-zone-2\/calendario-della-gravidanza\/die-21-schwangerschaftswoche-veraenderungen-in-der-mitte-der-schwangerschaft","title":{"rendered":"La 21a settimana di gravidanza &#8211; cambiamenti nel mezzo della gravidanza"},"content":{"rendered":"<p class=\"Standard\">Nella 21a settimana di gravidanza, il cervello del bambino si sviluppa in modo molto intenso e il bambino diventa sempre pi\u00f9 consapevole di ci\u00f2 che sta facendo. Fa anche molti esercizi, girando, torcendo le gambe e le braccia. I suoi movimenti diventano pi\u00f9 evidenti per la futura madre.<\/p>\n<h2>Dimensioni e peso del bambino a 21 settimane di gravidanza<\/h2>\n<p class=\"Standard\">La 21a settimana di gravidanza: che mese \u00e8? La 21a settimana di gravidanza: che mese \u00e8?Alla 21a settimana di gravidanza, il bambino pesa gi\u00e0 circa 330-360 grammi. Tuttavia, \u00e8 importante ricordare che il bambino sta lentamente iniziando ad acquisire le sue caratteristiche individuali, quindi potrebbe essere leggermente pi\u00f9 leggero del peso indicato. Questo non deve preoccupare i futuri genitori.<\/p>\n<h2>Settimana 21 di gravidanza: \u00e8 il momento dell&#8217;ecografia intermedia<\/h2>\n<p class=\"Standard\">Verr\u00e0 effettuata un&#8217;altra ecografia tra la 18a e la 22a settimana di gravidanza. Durante l&#8217;ecografia si possono osservare i movimenti del bambino che diventa sempre pi\u00f9 pesante. Durante l&#8217;ecografia, le madri di gemelli possono anche osservare i gemelli che cercano di afferrarsi o di darsi calci. Si tratta di un&#8217;espressione della consapevolezza acquisita dai bambini dell&#8217;esistenza di un fratello. Si pu\u00f2 anche notare che il feto ha sviluppato le unghie, ma sono ancora abbastanza morbide da non rischiare di graffiare la pelle. \u00c8 importante notare che fino al 5\u00b0 mese il bambino \u00e8 solitamente molto magro, mentre intorno alla 21\u00b0 settimana inizia a ingrassare pi\u00f9 intensamente. Lentamente, il tessuto adiposo si accumula sotto la pelle.<\/p>\n<h2>Peso e sviluppo del bambino dopo 21 settimane<\/h2>\n<p class=\"Standard\">Il peso del bambino alla 21a settimana di gravidanza \u00e8 di circa 360 grammi, ma se \u00e8 leggermente inferiore non c&#8217;\u00e8 motivo di preoccuparsi. Questo \u00e8 il momento in cui iniziano a manifestarsi le differenze individuali. Tuttavia, la cosa pi\u00f9 importante \u00e8 lo sviluppo di alcuni sistemi dell&#8217;organismo:<\/p>\n<ul>\n<li>Gli organi sessuali sono gi\u00e0 sviluppati,<\/li>\n<li>il sistema immunitario si sviluppa lentamente &#8211; inizia la produzione di globuli bianchi,<\/li>\n<li>l&#8217;ingestione di grandi quantit\u00e0 di acqua fetale e la sua espulsione attraverso i reni favorisce lo sviluppo dell&#8217;apparato urinario e digestivo,<\/li>\n<li>inizia a digerire gli zuccheri del liquido amniotico (oltre al cibo somministrato direttamente attraverso il cordone ombelicale),<\/li>\n<li>Con il continuo sviluppo del sistema nervoso, emergono nuove connessioni e il bambino diventa lentamente consapevole dei propri movimenti,<\/li>\n<li>le palpebre del bambino sono ancora chiuse, ma i bulbi oculari ben sviluppati iniziano a reagire al cambiamento di intensit\u00e0 della luce (ci\u00f2 non significa che il feto dorma di notte, perch\u00e9 il movimento di dondolamento che si verifica, ad esempio, quando la futura madre cammina, \u00e8 pi\u00f9 importante per l&#8217;addormentamento).<\/li>\n<\/ul>\n<p class=\"Standard\">\n<h2>Cambiamenti nel corpo della donna nella 21a settimana di gravidanza<\/h2>\n<p class=\"Standard\">Nella 21a settimana, i movimenti del bambino sono sempre pi\u00f9 percepiti dalla futura mamma, ma questo non \u00e8 l&#8217;unico segno dei cambiamenti che avvengono nel suo corpo. Il corpo inizia a prepararsi al travaglio: Con l&#8217;aumento della circonferenza dei fianchi, viene rilasciata una quantit\u00e0 sempre maggiore di relaxina, responsabile anche del mal di schiena e del dolore alla sinfisi pubica. I seni e i capezzoli continuano a ingrandirsi e le areole diventano sempre pi\u00f9 scure. Pu\u00f2 verificarsi una decolorazione della pelle. Tutto ci\u00f2 \u00e8 dovuto al progesterone, agli estrogeni e alla prolattina. Anche gli ormoni della 21a settimana di gravidanza contribuiscono a ridurre la vista e a gonfiare i piedi. La pelle dell&#8217;addome pu\u00f2 diventare secca e pruriginosa.<\/p>\n<h2>&nbsp;<\/h2>\n<p class=\"Standard\">\n","protected":false},"excerpt":{"rendered":"<p>In questa settimana di gravidanza, quasi la met\u00e0 del tempo \u00e8 finita. Si verificano molti cambiamenti nell&#8217;organismo della madre e del bambino. \u00c8 il momento in cui si consiglia alle donne di rallentare il ritmo della loro vita, di essere pi\u00f9 attente e sensibili a tutti i tipi di sintomi.<\/p>\n","protected":false},"author":2,"featured_media":2616,"template":"","pregnancy_zone_category":[97],"class_list":["post-6022","pregnancy_zone","type-pregnancy_zone","status-publish","has-post-thumbnail","hentry","pregnancy_zone_category-calendario-della-gravidanza"],"acf":[],"yoast_head":"<!-- This site is optimized with the Yoast SEO plugin v27.5 - https:\/\/yoast.com\/product\/yoast-seo-wordpress\/ -->\n<title>Settimana 21: Sviluppo cerebrale &amp; movimenti | FamiCord<\/title>\n<meta name=\"description\" content=\"Alla 21\u00aa settimana il cervello del bambino si sviluppa rapidamente, i movimenti diventano pi\u00f9 consapevoli, pesa circa 330\u2013360 g e il corpo materno si prepara al parto.\" \/>\n<meta name=\"robots\" content=\"index, follow, max-snippet:-1, max-image-preview:large, max-video-preview:-1\" \/>\n<link rel=\"canonical\" href=\"https:\/\/famicord.ch\/it\/pregnancy-zone-2\/calendario-della-gravidanza\/die-21-schwangerschaftswoche-veraenderungen-in-der-mitte-der-schwangerschaft\" \/>\n<meta property=\"og:locale\" content=\"it_IT\" \/>\n<meta property=\"og:type\" content=\"article\" \/>\n<meta property=\"og:title\" content=\"Settimana 21: Sviluppo cerebrale &amp; movimenti | FamiCord\" \/>\n<meta property=\"og:description\" content=\"Alla 21\u00aa settimana il cervello del bambino si sviluppa rapidamente, i movimenti diventano pi\u00f9 consapevoli, pesa circa 330\u2013360 g e il corpo materno si prepara al parto.\" \/>\n<meta property=\"og:url\" content=\"https:\/\/famicord.ch\/it\/pregnancy-zone-2\/calendario-della-gravidanza\/die-21-schwangerschaftswoche-veraenderungen-in-der-mitte-der-schwangerschaft\" \/>\n<meta property=\"og:site_name\" content=\"Famicord Suisse\" \/>\n<meta property=\"article:modified_time\" content=\"2025-12-05T12:54:17+00:00\" \/>\n<meta property=\"og:image\" content=\"https:\/\/famicord.ch\/wp-content\/uploads\/2024\/08\/21_Kukurydza.jpg\" \/>\n\t<meta property=\"og:image:width\" content=\"610\" \/>\n\t<meta property=\"og:image:height\" content=\"413\" \/>\n\t<meta property=\"og:image:type\" content=\"image\/jpeg\" \/>\n<meta name=\"twitter:card\" content=\"summary_large_image\" \/>\n<meta name=\"twitter:label1\" content=\"Est. reading time\" \/>\n\t<meta name=\"twitter:data1\" content=\"4 minutes\" \/>\n<script type=\"application\/ld+json\" class=\"yoast-schema-graph\">{\"@context\":\"https:\\\/\\\/schema.org\",\"@graph\":[{\"@type\":\"WebPage\",\"@id\":\"https:\\\/\\\/famicord.ch\\\/it\\\/pregnancy-zone-2\\\/calendario-della-gravidanza\\\/die-21-schwangerschaftswoche-veraenderungen-in-der-mitte-der-schwangerschaft\",\"url\":\"https:\\\/\\\/famicord.ch\\\/it\\\/pregnancy-zone-2\\\/calendario-della-gravidanza\\\/die-21-schwangerschaftswoche-veraenderungen-in-der-mitte-der-schwangerschaft\",\"name\":\"Settimana 21: Sviluppo cerebrale & movimenti | FamiCord\",\"isPartOf\":{\"@id\":\"https:\\\/\\\/famicord.ch\\\/it#website\"},\"primaryImageOfPage\":{\"@id\":\"https:\\\/\\\/famicord.ch\\\/it\\\/pregnancy-zone-2\\\/calendario-della-gravidanza\\\/die-21-schwangerschaftswoche-veraenderungen-in-der-mitte-der-schwangerschaft#primaryimage\"},\"image\":{\"@id\":\"https:\\\/\\\/famicord.ch\\\/it\\\/pregnancy-zone-2\\\/calendario-della-gravidanza\\\/die-21-schwangerschaftswoche-veraenderungen-in-der-mitte-der-schwangerschaft#primaryimage\"},\"thumbnailUrl\":\"https:\\\/\\\/famicord.ch\\\/wp-content\\\/uploads\\\/2024\\\/08\\\/21_Kukurydza.jpg\",\"datePublished\":\"2025-07-16T06:01:00+00:00\",\"dateModified\":\"2025-12-05T12:54:17+00:00\",\"description\":\"Alla 21\u00aa settimana il cervello del bambino si sviluppa rapidamente, i movimenti diventano pi\u00f9 consapevoli, pesa circa 330\u2013360 g e il corpo materno si prepara al parto.\",\"breadcrumb\":{\"@id\":\"https:\\\/\\\/famicord.ch\\\/it\\\/pregnancy-zone-2\\\/calendario-della-gravidanza\\\/die-21-schwangerschaftswoche-veraenderungen-in-der-mitte-der-schwangerschaft#breadcrumb\"},\"inLanguage\":\"it-CH\",\"potentialAction\":[{\"@type\":\"ReadAction\",\"target\":[\"https:\\\/\\\/famicord.ch\\\/it\\\/pregnancy-zone-2\\\/calendario-della-gravidanza\\\/die-21-schwangerschaftswoche-veraenderungen-in-der-mitte-der-schwangerschaft\"]}]},{\"@type\":\"ImageObject\",\"inLanguage\":\"it-CH\",\"@id\":\"https:\\\/\\\/famicord.ch\\\/it\\\/pregnancy-zone-2\\\/calendario-della-gravidanza\\\/die-21-schwangerschaftswoche-veraenderungen-in-der-mitte-der-schwangerschaft#primaryimage\",\"url\":\"https:\\\/\\\/famicord.ch\\\/wp-content\\\/uploads\\\/2024\\\/08\\\/21_Kukurydza.jpg\",\"contentUrl\":\"https:\\\/\\\/famicord.ch\\\/wp-content\\\/uploads\\\/2024\\\/08\\\/21_Kukurydza.jpg\",\"width\":610,\"height\":413},{\"@type\":\"BreadcrumbList\",\"@id\":\"https:\\\/\\\/famicord.ch\\\/it\\\/pregnancy-zone-2\\\/calendario-della-gravidanza\\\/die-21-schwangerschaftswoche-veraenderungen-in-der-mitte-der-schwangerschaft#breadcrumb\",\"itemListElement\":[{\"@type\":\"ListItem\",\"position\":1,\"name\":\"Home\",\"item\":\"https:\\\/\\\/famicord.ch\\\/it\"},{\"@type\":\"ListItem\",\"position\":2,\"name\":\"FamiBlog\",\"item\":\"https:\\\/\\\/famicord.ch\\\/it\\\/pregnancy-zone-2\"},{\"@type\":\"ListItem\",\"position\":3,\"name\":\"La 21a settimana di gravidanza &#8211; cambiamenti nel mezzo della gravidanza\"}]},{\"@type\":\"WebSite\",\"@id\":\"https:\\\/\\\/famicord.ch\\\/it#website\",\"url\":\"https:\\\/\\\/famicord.ch\\\/it\",\"name\":\"Famicord.ch\",\"description\":\"\",\"potentialAction\":[{\"@type\":\"SearchAction\",\"target\":{\"@type\":\"EntryPoint\",\"urlTemplate\":\"https:\\\/\\\/famicord.ch\\\/it?s={search_term_string}\"},\"query-input\":{\"@type\":\"PropertyValueSpecification\",\"valueRequired\":true,\"valueName\":\"search_term_string\"}}],\"inLanguage\":\"it-CH\"}]}<\/script>\n<!-- \/ Yoast SEO plugin. -->","yoast_head_json":{"title":"Settimana 21: Sviluppo cerebrale & movimenti | FamiCord","description":"Alla 21\u00aa settimana il cervello del bambino si sviluppa rapidamente, i movimenti diventano pi\u00f9 consapevoli, pesa circa 330\u2013360 g e il corpo materno si prepara al parto.","robots":{"index":"index","follow":"follow","max-snippet":"max-snippet:-1","max-image-preview":"max-image-preview:large","max-video-preview":"max-video-preview:-1"},"canonical":"https:\/\/famicord.ch\/it\/pregnancy-zone-2\/calendario-della-gravidanza\/die-21-schwangerschaftswoche-veraenderungen-in-der-mitte-der-schwangerschaft","og_locale":"it_IT","og_type":"article","og_title":"Settimana 21: Sviluppo cerebrale & movimenti | FamiCord","og_description":"Alla 21\u00aa settimana il cervello del bambino si sviluppa rapidamente, i movimenti diventano pi\u00f9 consapevoli, pesa circa 330\u2013360 g e il corpo materno si prepara al parto.","og_url":"https:\/\/famicord.ch\/it\/pregnancy-zone-2\/calendario-della-gravidanza\/die-21-schwangerschaftswoche-veraenderungen-in-der-mitte-der-schwangerschaft","og_site_name":"Famicord Suisse","article_modified_time":"2025-12-05T12:54:17+00:00","og_image":[{"width":610,"height":413,"url":"https:\/\/famicord.ch\/wp-content\/uploads\/2024\/08\/21_Kukurydza.jpg","type":"image\/jpeg"}],"twitter_card":"summary_large_image","twitter_misc":{"Est. reading time":"4 minutes"},"schema":{"@context":"https:\/\/schema.org","@graph":[{"@type":"WebPage","@id":"https:\/\/famicord.ch\/it\/pregnancy-zone-2\/calendario-della-gravidanza\/die-21-schwangerschaftswoche-veraenderungen-in-der-mitte-der-schwangerschaft","url":"https:\/\/famicord.ch\/it\/pregnancy-zone-2\/calendario-della-gravidanza\/die-21-schwangerschaftswoche-veraenderungen-in-der-mitte-der-schwangerschaft","name":"Settimana 21: Sviluppo cerebrale & movimenti | FamiCord","isPartOf":{"@id":"https:\/\/famicord.ch\/it#website"},"primaryImageOfPage":{"@id":"https:\/\/famicord.ch\/it\/pregnancy-zone-2\/calendario-della-gravidanza\/die-21-schwangerschaftswoche-veraenderungen-in-der-mitte-der-schwangerschaft#primaryimage"},"image":{"@id":"https:\/\/famicord.ch\/it\/pregnancy-zone-2\/calendario-della-gravidanza\/die-21-schwangerschaftswoche-veraenderungen-in-der-mitte-der-schwangerschaft#primaryimage"},"thumbnailUrl":"https:\/\/famicord.ch\/wp-content\/uploads\/2024\/08\/21_Kukurydza.jpg","datePublished":"2025-07-16T06:01:00+00:00","dateModified":"2025-12-05T12:54:17+00:00","description":"Alla 21\u00aa settimana il cervello del bambino si sviluppa rapidamente, i movimenti diventano pi\u00f9 consapevoli, pesa circa 330\u2013360 g e il corpo materno si prepara al parto.","breadcrumb":{"@id":"https:\/\/famicord.ch\/it\/pregnancy-zone-2\/calendario-della-gravidanza\/die-21-schwangerschaftswoche-veraenderungen-in-der-mitte-der-schwangerschaft#breadcrumb"},"inLanguage":"it-CH","potentialAction":[{"@type":"ReadAction","target":["https:\/\/famicord.ch\/it\/pregnancy-zone-2\/calendario-della-gravidanza\/die-21-schwangerschaftswoche-veraenderungen-in-der-mitte-der-schwangerschaft"]}]},{"@type":"ImageObject","inLanguage":"it-CH","@id":"https:\/\/famicord.ch\/it\/pregnancy-zone-2\/calendario-della-gravidanza\/die-21-schwangerschaftswoche-veraenderungen-in-der-mitte-der-schwangerschaft#primaryimage","url":"https:\/\/famicord.ch\/wp-content\/uploads\/2024\/08\/21_Kukurydza.jpg","contentUrl":"https:\/\/famicord.ch\/wp-content\/uploads\/2024\/08\/21_Kukurydza.jpg","width":610,"height":413},{"@type":"BreadcrumbList","@id":"https:\/\/famicord.ch\/it\/pregnancy-zone-2\/calendario-della-gravidanza\/die-21-schwangerschaftswoche-veraenderungen-in-der-mitte-der-schwangerschaft#breadcrumb","itemListElement":[{"@type":"ListItem","position":1,"name":"Home","item":"https:\/\/famicord.ch\/it"},{"@type":"ListItem","position":2,"name":"FamiBlog","item":"https:\/\/famicord.ch\/it\/pregnancy-zone-2"},{"@type":"ListItem","position":3,"name":"La 21a settimana di gravidanza &#8211; cambiamenti nel mezzo della gravidanza"}]},{"@type":"WebSite","@id":"https:\/\/famicord.ch\/it#website","url":"https:\/\/famicord.ch\/it","name":"Famicord.ch","description":"","potentialAction":[{"@type":"SearchAction","target":{"@type":"EntryPoint","urlTemplate":"https:\/\/famicord.ch\/it?s={search_term_string}"},"query-input":{"@type":"PropertyValueSpecification","valueRequired":true,"valueName":"search_term_string"}}],"inLanguage":"it-CH"}]}},"_links":{"self":[{"href":"https:\/\/famicord.ch\/it\/wp-json\/wp\/v2\/pregnancy_zone\/6022","targetHints":{"allow":["GET"]}}],"collection":[{"href":"https:\/\/famicord.ch\/it\/wp-json\/wp\/v2\/pregnancy_zone"}],"about":[{"href":"https:\/\/famicord.ch\/it\/wp-json\/wp\/v2\/types\/pregnancy_zone"}],"author":[{"embeddable":true,"href":"https:\/\/famicord.ch\/it\/wp-json\/wp\/v2\/users\/2"}],"wp:featuredmedia":[{"embeddable":true,"href":"https:\/\/famicord.ch\/it\/wp-json\/wp\/v2\/media\/2616"}],"wp:attachment":[{"href":"https:\/\/famicord.ch\/it\/wp-json\/wp\/v2\/media?parent=6022"}],"wp:term":[{"taxonomy":"pregnancy_zone_category","embeddable":true,"href":"https:\/\/famicord.ch\/it\/wp-json\/wp\/v2\/pregnancy_zone_category?post=6022"}],"curies":[{"name":"wp","href":"https:\/\/api.w.org\/{rel}","templated":true}]}}