{"id":6018,"date":"2025-05-21T08:01:00","date_gmt":"2025-05-21T06:01:00","guid":{"rendered":"https:\/\/wordpress-famicord-ch.empressia.dev\/pregnancy-zone-2\/%pregnancy_zone_category%\/die-13-schwangerschaftswoche-die-entwicklung-des-babys-und-das-wohlbefinden-der-mutter"},"modified":"2025-12-03T16:30:37","modified_gmt":"2025-12-03T15:30:37","slug":"die-13-schwangerschaftswoche-die-entwicklung-des-babys-und-das-wohlbefinden-der-mutter","status":"publish","type":"pregnancy_zone","link":"https:\/\/famicord.ch\/it\/pregnancy-zone-2\/calendario-della-gravidanza\/die-13-schwangerschaftswoche-die-entwicklung-des-babys-und-das-wohlbefinden-der-mutter","title":{"rendered":"La 13a settimana di gravidanza: lo sviluppo del bambino e il benessere della madre"},"content":{"rendered":"<p class=\"Standard\">Per molte donne, l&#8217;addome \u00e8 gi\u00e0 arrotondato e leggermente rigonfio alla 13a settimana di gravidanza. Anche i fianchi sono aumentati, quindi alcuni vestiti non vi entrano pi\u00f9. Vale quindi la pena di pensare a un nuovo guardaroba per sentirsi a proprio agio in ogni situazione. Anche i seni spesso si ingrandiscono. Tuttavia, dobbiamo ricordare che tutti i cambiamenti della silhouette dipendono dalle caratteristiche individuali del corpo.<\/p>\n<h2>Settimana 13 di gravidanza: qual \u00e8 il mese e il trimestre?<\/h2>\n<p class=\"Standard\">La 13a settimana di gravidanza \u00e8 il 4\u00b0 mese e l&#8217;inizio del 2\u00b0 trimestre. Ci\u00f2 significa che la fase di rapidi cambiamenti nel corpo della futura madre \u00e8 terminata. Si sono formati anche gli organi interni del bambino. Il rischio di aborto spontaneo alla 13a settimana di gravidanza diminuisce notevolmente. Ci\u00f2 \u00e8 dovuto al fatto che la placenta si fa carico della produzione degli ormoni della gravidanza.<\/p>\n<h2>Come si sente una madre alla 13a settimana di gravidanza?<\/h2>\n<p class=\"Standard\">Alla 13a settimana di gravidanza, la maggior parte delle donne si sente molto bene. I sintomi spiacevoli della gravidanza sono scomparsi e la pancia non \u00e8 ancora cos\u00ec grande da rendere difficili le attivit\u00e0 quotidiane. Sono consentite le passeggiate e alcune attivit\u00e0 sportive. Tuttavia, l&#8217;allenamento non deve essere troppo intenso. Si consiglia di consultare il proprio medico se si vuole iniziare. L&#8217;attivit\u00e0 fisica durante la gravidanza aiuta l&#8217;organismo ad adattarsi ai cambiamenti in corso.<\/p>\n<p class=\"Standard\">Una donna alla 13a settimana di gravidanza pu\u00f2 notare un aumento dell&#8217;appetito e della voglia di certi prodotti. \u00c8 importante ricordare che la dieta deve essere razionale. \u00c8 un mito che una donna incinta mangi per due. Il fabbisogno energetico del corpo aumenta solo di circa 300 calorie nel secondo trimestre.<\/p>\n<p class=\"Standard\">Nella 13a settimana di gravidanza possono manifestarsi i seguenti sintomi:<\/p>\n<ul>\n<li class=\"Standard\">Costipazione<\/li>\n<li class=\"Standard\">Bruciore di stomaco<\/li>\n<li class=\"Standard\">Mal di schiena<\/li>\n<li class=\"Standard\">Vertigini<\/li>\n<\/ul>\n<h2>Che aspetto ha il bambino alla 13a settimana di gravidanza?<\/h2>\n<p class=\"Standard\">Il bambino alla 13a settimana di gravidanza misura circa 7 centimetri. Il peso \u00e8 di oltre 20 grammi. Gli organi interni si stanno sviluppando, ma non svolgono ancora la loro funzione. Grazie al fatto che il bambino ingerisce il liquido amniotico, i reni e l&#8217;apparato digerente iniziano a funzionare.<\/p>\n<p class=\"Standard\">La testa del bambino alla 13a settimana di gravidanza \u00e8 sproporzionata rispetto al resto del corpo. Orecchie, naso e palpebre sono gi\u00e0 sviluppati. Compaiono anche le espressioni facciali. Il bambino non solo apre e chiude la bocca, ma pu\u00f2 anche sbadigliare, aggrottare le sopracciglia e persino succhiarsi il pollice.<\/p>\n<p class=\"Standard\">Il bambino alla 13a settimana di gravidanza si muove molto. Questo \u00e8 possibile grazie agli arti completamente sviluppati e ai muscoli in via di sviluppo. Il neonato si piega e allunga le braccia e le gambe e si gira. Ci\u00f2 rende talvolta difficile l&#8217;esecuzione di un esame ecografico. Tuttavia, i movimenti del bambino non sono ancora percepibili dalla madre alla 13a settimana di gravidanza.<\/p>\n<h2>La 13a settimana di gravidanza e il sesso del bambino<\/h2>\n<p class=\"Standard\">Sebbene i genitali si stiano gi\u00e0 formando, alla 13a settimana di gravidanza non \u00e8 ancora possibile determinare il sesso del bambino. Il bambino \u00e8 troppo piccolo per vedere la sua struttura anatomica dettagliata con l&#8217;aiuto di un esame ecografico. Anche se il medico riesce a vederlo, si stima che l&#8217;accuratezza di tali osservazioni sia inferiore al 50%. La maggior parte dei genitori in attesa scopre il sesso del proprio bambino tra la 20a e la 22a settimana di gravidanza.<\/p>\n<h2>Ecografia prenatale alla 13a settimana di gravidanza<\/h2>\n<p class=\"Standard\">La 13a settimana di gravidanza \u00e8 il momento giusto per rivolgersi al medico per un&#8217;ecografia prenatale. Si tratta di un esame che viene effettuato con una sonda addominale. Il medico osserva attentamente il bambino e valuta la struttura della testa, del tronco, degli arti e degli organi interni. Si osserveranno anche i movimenti del bambino e si misurer\u00e0 la translucenza nucale. L&#8217;ecografia prenatale alla 13a settimana di gravidanza viene utilizzata per valutare il rischio di malformazioni dello sviluppo e anatomiche. Un risultato anomalo \u00e8 un&#8217;indicazione per ulteriori test.<\/p>\n<p>&nbsp;<\/p>\n","protected":false},"excerpt":{"rendered":"<p>Alla 13a settimana di gravidanza, la futura mamma \u00e8 accompagnata da un significativo aumento di energia e di umore positivo. Molte donne ritengono che questo sia il momento in cui inizia il periodo migliore di attesa della prole. Vale la pena di usarlo per legare con il piccolo, ma anche per preparare il corpo al parto.<\/p>\n","protected":false},"author":2,"featured_media":2586,"template":"","pregnancy_zone_category":[97],"class_list":["post-6018","pregnancy_zone","type-pregnancy_zone","status-publish","has-post-thumbnail","hentry","pregnancy_zone_category-calendario-della-gravidanza"],"acf":[],"yoast_head":"<!-- This site is optimized with the Yoast SEO plugin v27.5 - https:\/\/yoast.com\/product\/yoast-seo-wordpress\/ -->\n<title>Settimana 13: Inizio 2\u00ba trimestre | FamiCord Suisse<\/title>\n<meta name=\"description\" content=\"Alla 13\u00aa settimana il bimbo \u00e8 ~7 cm e &gt;20 g, organi formati e molti disturbi iniziali scompaiono \u2014 inizia il 2\u00ba trimestre.\" \/>\n<meta name=\"robots\" content=\"index, follow, max-snippet:-1, max-image-preview:large, max-video-preview:-1\" \/>\n<link rel=\"canonical\" href=\"https:\/\/famicord.ch\/it\/pregnancy-zone-2\/calendario-della-gravidanza\/die-13-schwangerschaftswoche-die-entwicklung-des-babys-und-das-wohlbefinden-der-mutter\" \/>\n<meta property=\"og:locale\" content=\"it_IT\" \/>\n<meta property=\"og:type\" content=\"article\" \/>\n<meta property=\"og:title\" content=\"Settimana 13: Inizio 2\u00ba trimestre | FamiCord Suisse\" \/>\n<meta property=\"og:description\" content=\"Alla 13\u00aa settimana il bimbo \u00e8 ~7 cm e &gt;20 g, organi formati e molti disturbi iniziali scompaiono \u2014 inizia il 2\u00ba trimestre.\" \/>\n<meta property=\"og:url\" content=\"https:\/\/famicord.ch\/it\/pregnancy-zone-2\/calendario-della-gravidanza\/die-13-schwangerschaftswoche-die-entwicklung-des-babys-und-das-wohlbefinden-der-mutter\" \/>\n<meta property=\"og:site_name\" content=\"Famicord Suisse\" \/>\n<meta property=\"article:modified_time\" content=\"2025-12-03T15:30:37+00:00\" \/>\n<meta property=\"og:image\" content=\"https:\/\/famicord.ch\/wp-content\/uploads\/2024\/08\/13_Awokado.jpg\" \/>\n\t<meta property=\"og:image:width\" content=\"610\" \/>\n\t<meta property=\"og:image:height\" content=\"413\" \/>\n\t<meta property=\"og:image:type\" content=\"image\/jpeg\" \/>\n<meta name=\"twitter:card\" content=\"summary_large_image\" \/>\n<meta name=\"twitter:label1\" content=\"Est. reading time\" \/>\n\t<meta name=\"twitter:data1\" content=\"4 minutes\" \/>\n<script type=\"application\/ld+json\" class=\"yoast-schema-graph\">{\"@context\":\"https:\\\/\\\/schema.org\",\"@graph\":[{\"@type\":\"WebPage\",\"@id\":\"https:\\\/\\\/famicord.ch\\\/it\\\/pregnancy-zone-2\\\/calendario-della-gravidanza\\\/die-13-schwangerschaftswoche-die-entwicklung-des-babys-und-das-wohlbefinden-der-mutter\",\"url\":\"https:\\\/\\\/famicord.ch\\\/it\\\/pregnancy-zone-2\\\/calendario-della-gravidanza\\\/die-13-schwangerschaftswoche-die-entwicklung-des-babys-und-das-wohlbefinden-der-mutter\",\"name\":\"Settimana 13: Inizio 2\u00ba trimestre | FamiCord Suisse\",\"isPartOf\":{\"@id\":\"https:\\\/\\\/famicord.ch\\\/it#website\"},\"primaryImageOfPage\":{\"@id\":\"https:\\\/\\\/famicord.ch\\\/it\\\/pregnancy-zone-2\\\/calendario-della-gravidanza\\\/die-13-schwangerschaftswoche-die-entwicklung-des-babys-und-das-wohlbefinden-der-mutter#primaryimage\"},\"image\":{\"@id\":\"https:\\\/\\\/famicord.ch\\\/it\\\/pregnancy-zone-2\\\/calendario-della-gravidanza\\\/die-13-schwangerschaftswoche-die-entwicklung-des-babys-und-das-wohlbefinden-der-mutter#primaryimage\"},\"thumbnailUrl\":\"https:\\\/\\\/famicord.ch\\\/wp-content\\\/uploads\\\/2024\\\/08\\\/13_Awokado.jpg\",\"datePublished\":\"2025-05-21T06:01:00+00:00\",\"dateModified\":\"2025-12-03T15:30:37+00:00\",\"description\":\"Alla 13\u00aa settimana il bimbo \u00e8 ~7 cm e >20 g, organi formati e molti disturbi iniziali scompaiono \u2014 inizia il 2\u00ba trimestre.\",\"breadcrumb\":{\"@id\":\"https:\\\/\\\/famicord.ch\\\/it\\\/pregnancy-zone-2\\\/calendario-della-gravidanza\\\/die-13-schwangerschaftswoche-die-entwicklung-des-babys-und-das-wohlbefinden-der-mutter#breadcrumb\"},\"inLanguage\":\"it-CH\",\"potentialAction\":[{\"@type\":\"ReadAction\",\"target\":[\"https:\\\/\\\/famicord.ch\\\/it\\\/pregnancy-zone-2\\\/calendario-della-gravidanza\\\/die-13-schwangerschaftswoche-die-entwicklung-des-babys-und-das-wohlbefinden-der-mutter\"]}]},{\"@type\":\"ImageObject\",\"inLanguage\":\"it-CH\",\"@id\":\"https:\\\/\\\/famicord.ch\\\/it\\\/pregnancy-zone-2\\\/calendario-della-gravidanza\\\/die-13-schwangerschaftswoche-die-entwicklung-des-babys-und-das-wohlbefinden-der-mutter#primaryimage\",\"url\":\"https:\\\/\\\/famicord.ch\\\/wp-content\\\/uploads\\\/2024\\\/08\\\/13_Awokado.jpg\",\"contentUrl\":\"https:\\\/\\\/famicord.ch\\\/wp-content\\\/uploads\\\/2024\\\/08\\\/13_Awokado.jpg\",\"width\":610,\"height\":413},{\"@type\":\"BreadcrumbList\",\"@id\":\"https:\\\/\\\/famicord.ch\\\/it\\\/pregnancy-zone-2\\\/calendario-della-gravidanza\\\/die-13-schwangerschaftswoche-die-entwicklung-des-babys-und-das-wohlbefinden-der-mutter#breadcrumb\",\"itemListElement\":[{\"@type\":\"ListItem\",\"position\":1,\"name\":\"Home\",\"item\":\"https:\\\/\\\/famicord.ch\\\/it\"},{\"@type\":\"ListItem\",\"position\":2,\"name\":\"FamiBlog\",\"item\":\"https:\\\/\\\/famicord.ch\\\/it\\\/pregnancy-zone-2\"},{\"@type\":\"ListItem\",\"position\":3,\"name\":\"La 13a settimana di gravidanza: lo sviluppo del bambino e il benessere della madre\"}]},{\"@type\":\"WebSite\",\"@id\":\"https:\\\/\\\/famicord.ch\\\/it#website\",\"url\":\"https:\\\/\\\/famicord.ch\\\/it\",\"name\":\"Famicord.ch\",\"description\":\"\",\"potentialAction\":[{\"@type\":\"SearchAction\",\"target\":{\"@type\":\"EntryPoint\",\"urlTemplate\":\"https:\\\/\\\/famicord.ch\\\/it?s={search_term_string}\"},\"query-input\":{\"@type\":\"PropertyValueSpecification\",\"valueRequired\":true,\"valueName\":\"search_term_string\"}}],\"inLanguage\":\"it-CH\"}]}<\/script>\n<!-- \/ Yoast SEO plugin. -->","yoast_head_json":{"title":"Settimana 13: Inizio 2\u00ba trimestre | FamiCord Suisse","description":"Alla 13\u00aa settimana il bimbo \u00e8 ~7 cm e >20 g, organi formati e molti disturbi iniziali scompaiono \u2014 inizia il 2\u00ba trimestre.","robots":{"index":"index","follow":"follow","max-snippet":"max-snippet:-1","max-image-preview":"max-image-preview:large","max-video-preview":"max-video-preview:-1"},"canonical":"https:\/\/famicord.ch\/it\/pregnancy-zone-2\/calendario-della-gravidanza\/die-13-schwangerschaftswoche-die-entwicklung-des-babys-und-das-wohlbefinden-der-mutter","og_locale":"it_IT","og_type":"article","og_title":"Settimana 13: Inizio 2\u00ba trimestre | FamiCord Suisse","og_description":"Alla 13\u00aa settimana il bimbo \u00e8 ~7 cm e >20 g, organi formati e molti disturbi iniziali scompaiono \u2014 inizia il 2\u00ba trimestre.","og_url":"https:\/\/famicord.ch\/it\/pregnancy-zone-2\/calendario-della-gravidanza\/die-13-schwangerschaftswoche-die-entwicklung-des-babys-und-das-wohlbefinden-der-mutter","og_site_name":"Famicord Suisse","article_modified_time":"2025-12-03T15:30:37+00:00","og_image":[{"width":610,"height":413,"url":"https:\/\/famicord.ch\/wp-content\/uploads\/2024\/08\/13_Awokado.jpg","type":"image\/jpeg"}],"twitter_card":"summary_large_image","twitter_misc":{"Est. reading time":"4 minutes"},"schema":{"@context":"https:\/\/schema.org","@graph":[{"@type":"WebPage","@id":"https:\/\/famicord.ch\/it\/pregnancy-zone-2\/calendario-della-gravidanza\/die-13-schwangerschaftswoche-die-entwicklung-des-babys-und-das-wohlbefinden-der-mutter","url":"https:\/\/famicord.ch\/it\/pregnancy-zone-2\/calendario-della-gravidanza\/die-13-schwangerschaftswoche-die-entwicklung-des-babys-und-das-wohlbefinden-der-mutter","name":"Settimana 13: Inizio 2\u00ba trimestre | FamiCord Suisse","isPartOf":{"@id":"https:\/\/famicord.ch\/it#website"},"primaryImageOfPage":{"@id":"https:\/\/famicord.ch\/it\/pregnancy-zone-2\/calendario-della-gravidanza\/die-13-schwangerschaftswoche-die-entwicklung-des-babys-und-das-wohlbefinden-der-mutter#primaryimage"},"image":{"@id":"https:\/\/famicord.ch\/it\/pregnancy-zone-2\/calendario-della-gravidanza\/die-13-schwangerschaftswoche-die-entwicklung-des-babys-und-das-wohlbefinden-der-mutter#primaryimage"},"thumbnailUrl":"https:\/\/famicord.ch\/wp-content\/uploads\/2024\/08\/13_Awokado.jpg","datePublished":"2025-05-21T06:01:00+00:00","dateModified":"2025-12-03T15:30:37+00:00","description":"Alla 13\u00aa settimana il bimbo \u00e8 ~7 cm e >20 g, organi formati e molti disturbi iniziali scompaiono \u2014 inizia il 2\u00ba trimestre.","breadcrumb":{"@id":"https:\/\/famicord.ch\/it\/pregnancy-zone-2\/calendario-della-gravidanza\/die-13-schwangerschaftswoche-die-entwicklung-des-babys-und-das-wohlbefinden-der-mutter#breadcrumb"},"inLanguage":"it-CH","potentialAction":[{"@type":"ReadAction","target":["https:\/\/famicord.ch\/it\/pregnancy-zone-2\/calendario-della-gravidanza\/die-13-schwangerschaftswoche-die-entwicklung-des-babys-und-das-wohlbefinden-der-mutter"]}]},{"@type":"ImageObject","inLanguage":"it-CH","@id":"https:\/\/famicord.ch\/it\/pregnancy-zone-2\/calendario-della-gravidanza\/die-13-schwangerschaftswoche-die-entwicklung-des-babys-und-das-wohlbefinden-der-mutter#primaryimage","url":"https:\/\/famicord.ch\/wp-content\/uploads\/2024\/08\/13_Awokado.jpg","contentUrl":"https:\/\/famicord.ch\/wp-content\/uploads\/2024\/08\/13_Awokado.jpg","width":610,"height":413},{"@type":"BreadcrumbList","@id":"https:\/\/famicord.ch\/it\/pregnancy-zone-2\/calendario-della-gravidanza\/die-13-schwangerschaftswoche-die-entwicklung-des-babys-und-das-wohlbefinden-der-mutter#breadcrumb","itemListElement":[{"@type":"ListItem","position":1,"name":"Home","item":"https:\/\/famicord.ch\/it"},{"@type":"ListItem","position":2,"name":"FamiBlog","item":"https:\/\/famicord.ch\/it\/pregnancy-zone-2"},{"@type":"ListItem","position":3,"name":"La 13a settimana di gravidanza: lo sviluppo del bambino e il benessere della madre"}]},{"@type":"WebSite","@id":"https:\/\/famicord.ch\/it#website","url":"https:\/\/famicord.ch\/it","name":"Famicord.ch","description":"","potentialAction":[{"@type":"SearchAction","target":{"@type":"EntryPoint","urlTemplate":"https:\/\/famicord.ch\/it?s={search_term_string}"},"query-input":{"@type":"PropertyValueSpecification","valueRequired":true,"valueName":"search_term_string"}}],"inLanguage":"it-CH"}]}},"_links":{"self":[{"href":"https:\/\/famicord.ch\/it\/wp-json\/wp\/v2\/pregnancy_zone\/6018","targetHints":{"allow":["GET"]}}],"collection":[{"href":"https:\/\/famicord.ch\/it\/wp-json\/wp\/v2\/pregnancy_zone"}],"about":[{"href":"https:\/\/famicord.ch\/it\/wp-json\/wp\/v2\/types\/pregnancy_zone"}],"author":[{"embeddable":true,"href":"https:\/\/famicord.ch\/it\/wp-json\/wp\/v2\/users\/2"}],"wp:featuredmedia":[{"embeddable":true,"href":"https:\/\/famicord.ch\/it\/wp-json\/wp\/v2\/media\/2586"}],"wp:attachment":[{"href":"https:\/\/famicord.ch\/it\/wp-json\/wp\/v2\/media?parent=6018"}],"wp:term":[{"taxonomy":"pregnancy_zone_category","embeddable":true,"href":"https:\/\/famicord.ch\/it\/wp-json\/wp\/v2\/pregnancy_zone_category?post=6018"}],"curies":[{"name":"wp","href":"https:\/\/api.w.org\/{rel}","templated":true}]}}