{"id":6003,"date":"2025-08-20T08:01:00","date_gmt":"2025-08-20T06:01:00","guid":{"rendered":"https:\/\/wordpress-famicord-ch.empressia.dev\/pregnancy-zone-2\/%pregnancy_zone_category%\/26-schwangerschaftswoche-was-passiert-mit-dem-foetus-und-dem-koerper-der-zukuenftigen-mutter"},"modified":"2025-12-10T12:11:32","modified_gmt":"2025-12-10T11:11:32","slug":"26-schwangerschaftswoche-was-passiert-mit-dem-foetus-und-dem-koerper-der-zukuenftigen-mutter","status":"publish","type":"pregnancy_zone","link":"https:\/\/famicord.ch\/it\/pregnancy-zone-2\/calendario-della-gravidanza\/26-schwangerschaftswoche-was-passiert-mit-dem-foetus-und-dem-koerper-der-zukuenftigen-mutter","title":{"rendered":"26a settimana di gravidanza: cosa succede al feto e al corpo della futura mamma?"},"content":{"rendered":"<p>La 26a settimana di gravidanza \u00e8 il 6\u00b0 mese di gravidanza: mancano solo 3 mesi alla nascita. In questo periodo si verificano intensi processi di ossificazione, lo scheletro del bambino assume la sua forma definitiva e ha bisogno di molto calcio. Alla 26a settimana di gravidanza, il peso del bambino si avvicina a 1 kg. Anche il peso della madre deve rientrare nella norma. Il mantenimento di un peso corporeo adeguato garantisce un cuore sano ed evita il rischio di sviluppare malattie come il diabete gestazionale. La fine del secondo trimestre \u00e8 anche un buon momento per mettere per iscritto tutte le vostre idee riguardo al parto, ovvero creare un cosiddetto piano del parto.<\/p>\n<h2>La pancia alla 26a settimana di gravidanza<\/h2>\n<p>Alla fine del secondo trimestre \u00e8 molto difficile nascondere la gravidanza, poich\u00e9 l&#8217;addome \u00e8 fortemente arrotondato e la pelle \u00e8 tesa. Durante questo periodo, sulla sua superficie possono comparire le antiestetiche smagliature, che sono la proverbiale maledizione di ogni mamma in attesa. Tuttavia, possono essere efficacemente eliminate con cure appropriate &#8211; oli o creme speciali &#8211; a condizione che vengano applicate regolarmente.<\/p>\n<p>Alla 26a settimana di gravidanza, il peso della madre non dovrebbe essere significativamente diverso da quello dei primi mesi. \u00c8 accettabile prendere qualche chilo, ma se la futura mamma ne prende una dozzina o pi\u00f9, \u00e8 un segnale preoccupante. In primo luogo, pu\u00f2 indicare squilibri ormonali, come l&#8217;ipotiroidismo. In secondo luogo, un aumento di peso cos\u00ec consistente pu\u00f2 essere collegato, tra l&#8217;altro, a problemi cardiaci o alla schiena. Anche se \u00e8 difficile da credere, al 6\u00b0 mese di gravidanza la futura madre inizia a produrre un alimento chiamato colostro. La donna incinta avverte sempre pi\u00f9 spesso i fastidiosi dolori alla schiena, i crampi ai polpacci e la stanchezza. In questo periodo \u00e8 quindi molto importante il riposo abbinato a una leggera attivit\u00e0 fisica, come camminare. \u00c8 necessario astenersi da attivit\u00e0 lavorative stressanti e da sforzi fisici pesanti.<\/p>\n<h2>Esame ecografico alla 26a settimana di gravidanza<\/h2>\n<p>Per vedere l&#8217;aspetto del bambino alla 26a settimana di gravidanza, \u00e8 necessario eseguire un&#8217;ecografia. In questo periodo, i movimenti del bambino iniziano lentamente a diventare coordinati, grazie a uno sviluppo psicomotorio dinamico. Il bambino inizia lentamente ad aprire gli occhi, che prima erano chiusi. Durante l&#8217;esame ecografico, i genitori possono vedere la prole con gambe e braccia completamente sviluppate. Il bambino sta attraversando un periodo di intenso sviluppo polmonare (i polmoni producono surfattante, un fattore di superficie che impedisce agli alveoli di aderire tra loro) e il suo corpo si ricopre di tessuto adiposo protettivo. A volte si pu\u00f2 anche vedere che si succhia il pollice o addirittura l&#8217;alluce durante l&#8217;esame. In questo modo non solo si sviluppa il riflesso di suzione, ma si allenano anche i muscoli della mascella. La lunghezza del corpo di un bambino al 6\u00b0 mese di gravidanza \u00e8 di circa 35 centimetri. Alla 26a settimana di gravidanza, il bambino \u00e8 in grado di riconoscere le voci di chi lo accudisce e comincia a rispondere.<\/p>\n<h2>Che cosa non si deve ignorare nella 26a settimana di gravidanza?<\/h2>\n<p>Se una donna incinta \u00e8 alle prese con malformazioni uterine, c&#8217;\u00e8 il rischio di parto prematuro alla fine del secondo trimestre. Si tratta di una situazione molto pericolosa perch\u00e9 il bambino non \u00e8 ancora pronto per nascere. Se in questo periodo della gravidanza la gestante avverte dei crampi, spesso accompagnati da dolore, \u00e8 bene che si rivolga al medico il prima possibile. Occorre inoltre prestare molta attenzione alle infezioni di qualsiasi tipo, in particolare a quelle fungine e batteriche.<\/p>\n<p>Un&#8217;infezione da Candida comporta una certa probabilit\u00e0 di rottura prematura delle membrane fetali e, di conseguenza, di parto pretermine. Le donne in gravidanza devono tenere presente che, a causa del loro sistema immunitario ridotto, sono particolarmente vulnerabili alle infezioni. Ai primi segni di infiammazione, \u00e8 necessario effettuare test per determinare il tipo di infezione. I risultati consentono di valutare il grado e la natura del patogeno che ha attaccato l&#8217;organismo. \u00c8 importante evitare, soprattutto, il ricorso ai cosiddetti rimedi casalinghi, considerando il benessere del bambino non ancora nato. A volte, l&#8217;uso di farmaci non concordati con il ginecologo curante pu\u00f2 causare pi\u00f9 danni che benefici. La futura madre, in questo periodo, deve prendersi cura non solo di s\u00e9 stessa, ma soprattutto del bambino che cresce nel suo grembo.<\/p>\n","protected":false},"excerpt":{"rendered":"<p>La 26a settimana di gravidanza segna la fine del sesto mese di gravidanza. Questo \u00e8 il momento in cui accadono molte cose sia per la madre che per il bambino. Da questo momento in poi, l&#8217;alimentazione e l&#8217;attivit\u00e0 fisica leggera diventano estremamente importanti.<\/p>\n","protected":false},"author":2,"featured_media":2515,"template":"","pregnancy_zone_category":[97],"class_list":["post-6003","pregnancy_zone","type-pregnancy_zone","status-publish","has-post-thumbnail","hentry","pregnancy_zone_category-calendario-della-gravidanza"],"acf":[],"yoast_head":"<!-- This site is optimized with the Yoast SEO plugin v27.5 - https:\/\/yoast.com\/product\/yoast-seo-wordpress\/ -->\n<title>Settimana 26: Ossa in crescita &amp; movimenti coordinati | FamiCord<\/title>\n<meta name=\"description\" content=\"Alla 26\u00aa settimana lo scheletro si ossifica, il peso si avvicina a 1 kg, gli occhi iniziano ad aprirsi e i movimenti diventano coordinati. La madre pu\u00f2 provare dolori, crampi, stanchezza e tensione della pelle. Riposo e cura sono importanti.\" \/>\n<meta name=\"robots\" content=\"index, follow, max-snippet:-1, max-image-preview:large, max-video-preview:-1\" \/>\n<link rel=\"canonical\" href=\"https:\/\/famicord.ch\/it\/pregnancy-zone-2\/calendario-della-gravidanza\/26-schwangerschaftswoche-was-passiert-mit-dem-foetus-und-dem-koerper-der-zukuenftigen-mutter\" \/>\n<meta property=\"og:locale\" content=\"it_IT\" \/>\n<meta property=\"og:type\" content=\"article\" \/>\n<meta property=\"og:title\" content=\"Settimana 26: Ossa in crescita &amp; movimenti coordinati | FamiCord\" \/>\n<meta property=\"og:description\" content=\"Alla 26\u00aa settimana lo scheletro si ossifica, il peso si avvicina a 1 kg, gli occhi iniziano ad aprirsi e i movimenti diventano coordinati. La madre pu\u00f2 provare dolori, crampi, stanchezza e tensione della pelle. Riposo e cura sono importanti.\" \/>\n<meta property=\"og:url\" content=\"https:\/\/famicord.ch\/it\/pregnancy-zone-2\/calendario-della-gravidanza\/26-schwangerschaftswoche-was-passiert-mit-dem-foetus-und-dem-koerper-der-zukuenftigen-mutter\" \/>\n<meta property=\"og:site_name\" content=\"Famicord Suisse\" \/>\n<meta property=\"article:modified_time\" content=\"2025-12-10T11:11:32+00:00\" \/>\n<meta property=\"og:image\" content=\"https:\/\/famicord.ch\/wp-content\/uploads\/2024\/08\/26_Dynia_zoledziowa.jpg\" \/>\n\t<meta property=\"og:image:width\" content=\"610\" \/>\n\t<meta property=\"og:image:height\" content=\"413\" \/>\n\t<meta property=\"og:image:type\" content=\"image\/jpeg\" \/>\n<meta name=\"twitter:card\" content=\"summary_large_image\" \/>\n<meta name=\"twitter:label1\" content=\"Est. reading time\" \/>\n\t<meta name=\"twitter:data1\" content=\"5 minutes\" \/>\n<script type=\"application\/ld+json\" class=\"yoast-schema-graph\">{\"@context\":\"https:\\\/\\\/schema.org\",\"@graph\":[{\"@type\":\"WebPage\",\"@id\":\"https:\\\/\\\/famicord.ch\\\/it\\\/pregnancy-zone-2\\\/calendario-della-gravidanza\\\/26-schwangerschaftswoche-was-passiert-mit-dem-foetus-und-dem-koerper-der-zukuenftigen-mutter\",\"url\":\"https:\\\/\\\/famicord.ch\\\/it\\\/pregnancy-zone-2\\\/calendario-della-gravidanza\\\/26-schwangerschaftswoche-was-passiert-mit-dem-foetus-und-dem-koerper-der-zukuenftigen-mutter\",\"name\":\"Settimana 26: Ossa in crescita & movimenti coordinati | FamiCord\",\"isPartOf\":{\"@id\":\"https:\\\/\\\/famicord.ch\\\/it#website\"},\"primaryImageOfPage\":{\"@id\":\"https:\\\/\\\/famicord.ch\\\/it\\\/pregnancy-zone-2\\\/calendario-della-gravidanza\\\/26-schwangerschaftswoche-was-passiert-mit-dem-foetus-und-dem-koerper-der-zukuenftigen-mutter#primaryimage\"},\"image\":{\"@id\":\"https:\\\/\\\/famicord.ch\\\/it\\\/pregnancy-zone-2\\\/calendario-della-gravidanza\\\/26-schwangerschaftswoche-was-passiert-mit-dem-foetus-und-dem-koerper-der-zukuenftigen-mutter#primaryimage\"},\"thumbnailUrl\":\"https:\\\/\\\/famicord.ch\\\/wp-content\\\/uploads\\\/2024\\\/08\\\/26_Dynia_zoledziowa.jpg\",\"datePublished\":\"2025-08-20T06:01:00+00:00\",\"dateModified\":\"2025-12-10T11:11:32+00:00\",\"description\":\"Alla 26\u00aa settimana lo scheletro si ossifica, il peso si avvicina a 1 kg, gli occhi iniziano ad aprirsi e i movimenti diventano coordinati. La madre pu\u00f2 provare dolori, crampi, stanchezza e tensione della pelle. Riposo e cura sono importanti.\",\"breadcrumb\":{\"@id\":\"https:\\\/\\\/famicord.ch\\\/it\\\/pregnancy-zone-2\\\/calendario-della-gravidanza\\\/26-schwangerschaftswoche-was-passiert-mit-dem-foetus-und-dem-koerper-der-zukuenftigen-mutter#breadcrumb\"},\"inLanguage\":\"it-CH\",\"potentialAction\":[{\"@type\":\"ReadAction\",\"target\":[\"https:\\\/\\\/famicord.ch\\\/it\\\/pregnancy-zone-2\\\/calendario-della-gravidanza\\\/26-schwangerschaftswoche-was-passiert-mit-dem-foetus-und-dem-koerper-der-zukuenftigen-mutter\"]}]},{\"@type\":\"ImageObject\",\"inLanguage\":\"it-CH\",\"@id\":\"https:\\\/\\\/famicord.ch\\\/it\\\/pregnancy-zone-2\\\/calendario-della-gravidanza\\\/26-schwangerschaftswoche-was-passiert-mit-dem-foetus-und-dem-koerper-der-zukuenftigen-mutter#primaryimage\",\"url\":\"https:\\\/\\\/famicord.ch\\\/wp-content\\\/uploads\\\/2024\\\/08\\\/26_Dynia_zoledziowa.jpg\",\"contentUrl\":\"https:\\\/\\\/famicord.ch\\\/wp-content\\\/uploads\\\/2024\\\/08\\\/26_Dynia_zoledziowa.jpg\",\"width\":610,\"height\":413},{\"@type\":\"BreadcrumbList\",\"@id\":\"https:\\\/\\\/famicord.ch\\\/it\\\/pregnancy-zone-2\\\/calendario-della-gravidanza\\\/26-schwangerschaftswoche-was-passiert-mit-dem-foetus-und-dem-koerper-der-zukuenftigen-mutter#breadcrumb\",\"itemListElement\":[{\"@type\":\"ListItem\",\"position\":1,\"name\":\"Home\",\"item\":\"https:\\\/\\\/famicord.ch\\\/it\"},{\"@type\":\"ListItem\",\"position\":2,\"name\":\"FamiBlog\",\"item\":\"https:\\\/\\\/famicord.ch\\\/it\\\/pregnancy-zone-2\"},{\"@type\":\"ListItem\",\"position\":3,\"name\":\"26a settimana di gravidanza: cosa succede al feto e al corpo della futura mamma?\"}]},{\"@type\":\"WebSite\",\"@id\":\"https:\\\/\\\/famicord.ch\\\/it#website\",\"url\":\"https:\\\/\\\/famicord.ch\\\/it\",\"name\":\"Famicord.ch\",\"description\":\"\",\"potentialAction\":[{\"@type\":\"SearchAction\",\"target\":{\"@type\":\"EntryPoint\",\"urlTemplate\":\"https:\\\/\\\/famicord.ch\\\/it?s={search_term_string}\"},\"query-input\":{\"@type\":\"PropertyValueSpecification\",\"valueRequired\":true,\"valueName\":\"search_term_string\"}}],\"inLanguage\":\"it-CH\"}]}<\/script>\n<!-- \/ Yoast SEO plugin. -->","yoast_head_json":{"title":"Settimana 26: Ossa in crescita & movimenti coordinati | FamiCord","description":"Alla 26\u00aa settimana lo scheletro si ossifica, il peso si avvicina a 1 kg, gli occhi iniziano ad aprirsi e i movimenti diventano coordinati. La madre pu\u00f2 provare dolori, crampi, stanchezza e tensione della pelle. Riposo e cura sono importanti.","robots":{"index":"index","follow":"follow","max-snippet":"max-snippet:-1","max-image-preview":"max-image-preview:large","max-video-preview":"max-video-preview:-1"},"canonical":"https:\/\/famicord.ch\/it\/pregnancy-zone-2\/calendario-della-gravidanza\/26-schwangerschaftswoche-was-passiert-mit-dem-foetus-und-dem-koerper-der-zukuenftigen-mutter","og_locale":"it_IT","og_type":"article","og_title":"Settimana 26: Ossa in crescita & movimenti coordinati | FamiCord","og_description":"Alla 26\u00aa settimana lo scheletro si ossifica, il peso si avvicina a 1 kg, gli occhi iniziano ad aprirsi e i movimenti diventano coordinati. La madre pu\u00f2 provare dolori, crampi, stanchezza e tensione della pelle. Riposo e cura sono importanti.","og_url":"https:\/\/famicord.ch\/it\/pregnancy-zone-2\/calendario-della-gravidanza\/26-schwangerschaftswoche-was-passiert-mit-dem-foetus-und-dem-koerper-der-zukuenftigen-mutter","og_site_name":"Famicord Suisse","article_modified_time":"2025-12-10T11:11:32+00:00","og_image":[{"width":610,"height":413,"url":"https:\/\/famicord.ch\/wp-content\/uploads\/2024\/08\/26_Dynia_zoledziowa.jpg","type":"image\/jpeg"}],"twitter_card":"summary_large_image","twitter_misc":{"Est. reading time":"5 minutes"},"schema":{"@context":"https:\/\/schema.org","@graph":[{"@type":"WebPage","@id":"https:\/\/famicord.ch\/it\/pregnancy-zone-2\/calendario-della-gravidanza\/26-schwangerschaftswoche-was-passiert-mit-dem-foetus-und-dem-koerper-der-zukuenftigen-mutter","url":"https:\/\/famicord.ch\/it\/pregnancy-zone-2\/calendario-della-gravidanza\/26-schwangerschaftswoche-was-passiert-mit-dem-foetus-und-dem-koerper-der-zukuenftigen-mutter","name":"Settimana 26: Ossa in crescita & movimenti coordinati | FamiCord","isPartOf":{"@id":"https:\/\/famicord.ch\/it#website"},"primaryImageOfPage":{"@id":"https:\/\/famicord.ch\/it\/pregnancy-zone-2\/calendario-della-gravidanza\/26-schwangerschaftswoche-was-passiert-mit-dem-foetus-und-dem-koerper-der-zukuenftigen-mutter#primaryimage"},"image":{"@id":"https:\/\/famicord.ch\/it\/pregnancy-zone-2\/calendario-della-gravidanza\/26-schwangerschaftswoche-was-passiert-mit-dem-foetus-und-dem-koerper-der-zukuenftigen-mutter#primaryimage"},"thumbnailUrl":"https:\/\/famicord.ch\/wp-content\/uploads\/2024\/08\/26_Dynia_zoledziowa.jpg","datePublished":"2025-08-20T06:01:00+00:00","dateModified":"2025-12-10T11:11:32+00:00","description":"Alla 26\u00aa settimana lo scheletro si ossifica, il peso si avvicina a 1 kg, gli occhi iniziano ad aprirsi e i movimenti diventano coordinati. La madre pu\u00f2 provare dolori, crampi, stanchezza e tensione della pelle. Riposo e cura sono importanti.","breadcrumb":{"@id":"https:\/\/famicord.ch\/it\/pregnancy-zone-2\/calendario-della-gravidanza\/26-schwangerschaftswoche-was-passiert-mit-dem-foetus-und-dem-koerper-der-zukuenftigen-mutter#breadcrumb"},"inLanguage":"it-CH","potentialAction":[{"@type":"ReadAction","target":["https:\/\/famicord.ch\/it\/pregnancy-zone-2\/calendario-della-gravidanza\/26-schwangerschaftswoche-was-passiert-mit-dem-foetus-und-dem-koerper-der-zukuenftigen-mutter"]}]},{"@type":"ImageObject","inLanguage":"it-CH","@id":"https:\/\/famicord.ch\/it\/pregnancy-zone-2\/calendario-della-gravidanza\/26-schwangerschaftswoche-was-passiert-mit-dem-foetus-und-dem-koerper-der-zukuenftigen-mutter#primaryimage","url":"https:\/\/famicord.ch\/wp-content\/uploads\/2024\/08\/26_Dynia_zoledziowa.jpg","contentUrl":"https:\/\/famicord.ch\/wp-content\/uploads\/2024\/08\/26_Dynia_zoledziowa.jpg","width":610,"height":413},{"@type":"BreadcrumbList","@id":"https:\/\/famicord.ch\/it\/pregnancy-zone-2\/calendario-della-gravidanza\/26-schwangerschaftswoche-was-passiert-mit-dem-foetus-und-dem-koerper-der-zukuenftigen-mutter#breadcrumb","itemListElement":[{"@type":"ListItem","position":1,"name":"Home","item":"https:\/\/famicord.ch\/it"},{"@type":"ListItem","position":2,"name":"FamiBlog","item":"https:\/\/famicord.ch\/it\/pregnancy-zone-2"},{"@type":"ListItem","position":3,"name":"26a settimana di gravidanza: cosa succede al feto e al corpo della futura mamma?"}]},{"@type":"WebSite","@id":"https:\/\/famicord.ch\/it#website","url":"https:\/\/famicord.ch\/it","name":"Famicord.ch","description":"","potentialAction":[{"@type":"SearchAction","target":{"@type":"EntryPoint","urlTemplate":"https:\/\/famicord.ch\/it?s={search_term_string}"},"query-input":{"@type":"PropertyValueSpecification","valueRequired":true,"valueName":"search_term_string"}}],"inLanguage":"it-CH"}]}},"_links":{"self":[{"href":"https:\/\/famicord.ch\/it\/wp-json\/wp\/v2\/pregnancy_zone\/6003","targetHints":{"allow":["GET"]}}],"collection":[{"href":"https:\/\/famicord.ch\/it\/wp-json\/wp\/v2\/pregnancy_zone"}],"about":[{"href":"https:\/\/famicord.ch\/it\/wp-json\/wp\/v2\/types\/pregnancy_zone"}],"author":[{"embeddable":true,"href":"https:\/\/famicord.ch\/it\/wp-json\/wp\/v2\/users\/2"}],"wp:featuredmedia":[{"embeddable":true,"href":"https:\/\/famicord.ch\/it\/wp-json\/wp\/v2\/media\/2515"}],"wp:attachment":[{"href":"https:\/\/famicord.ch\/it\/wp-json\/wp\/v2\/media?parent=6003"}],"wp:term":[{"taxonomy":"pregnancy_zone_category","embeddable":true,"href":"https:\/\/famicord.ch\/it\/wp-json\/wp\/v2\/pregnancy_zone_category?post=6003"}],"curies":[{"name":"wp","href":"https:\/\/api.w.org\/{rel}","templated":true}]}}