{"id":3884,"date":"2024-07-19T15:25:12","date_gmt":"2024-07-19T13:25:12","guid":{"rendered":"https:\/\/wordpress-famicord-ch.empressia.dev\/pregnancy-zone-2"},"modified":"2025-11-26T14:35:33","modified_gmt":"2025-11-26T13:35:33","slug":"pregnancy-zone-2","status":"publish","type":"page","link":"https:\/\/famicord.ch\/it\/pregnancy-zone-2","title":{"rendered":"FamiBlog"},"content":{"rendered":"\n<section class=\"hero flex flex-col justify-center bg-center bg-cover bg-no-repeat py-32 lg:py-48 mb-72 xl:mb-120 relative min-h-[20.5rem] xl:min-h-[26rem]\" style=\"background-image: url(https:\/\/famicord.ch\/wp-content\/uploads\/2024\/07\/default-hero-bg.webp)\">\n\t<div class=\"container items-center\">\n\t\t<h1 class=\"text-center text-blue max-w-[90%] md:max-w-[60%] lg:max-w-[80%] xxl:max-w-1200 mx-auto\">\n\t\t\t\t\t\t\t<span class=\"font-normal break-words\">FamiBlog<\/span>\n\t\t\t\n\t\t\t\n\t\t\t\t\t<\/h1>\n\t<\/div>\n\n\t<div class=\"absolute left-[-14rem] bottom-[-10.8rem] md:bottom-[-15.8rem] xl:bottom-[-20.3rem]\">\n\t\t<svg width=\"500\" height=\"500\" viewbox=\"0 0 500 500\" fill=\"none\" xmlns=\"http:\/\/www.w3.org\/2000\/svg\" class=\"size-180 md:size-260 xl:size-340\">\n\t\t\t<mask id=\"mask0_1511_27028\" style=\"mask-type:alpha\" maskunits=\"userSpaceOnUse\" x=\"0\" y=\"0\" width=\"500\" height=\"200\">\n\t\t\t\t<rect width=\"500\" height=\"200\" transform=\"matrix(-1 0 0 1 500 0)\" fill=\"#D9D9D9\"\/>\n\t\t\t<\/mask>\n\t\t\t<g mask=\"url(#mask0_1511_27028)\">\n\t\t\t\t<path d=\"M214.686 463.894C166.261 512.319 87.156 511.726 38.731 463.301C-9.69398 414.876 -10.2866 335.771 38.1384 287.346L287.04 38.4443C335.465 -9.98075 414.57 -9.3881 462.995 39.0369C511.42 87.4619 512.013 166.567 463.588 214.992L214.686 463.894Z\" fill=\"#FE6F20\"\/>\n\t\t\t<\/g>\n\t\t\t<path d=\"M214.404 462.612C166.377 510.639 87.7903 509.946 39.7484 461.905C-8.29344 413.863 -8.98578 335.276 39.0413 287.249L287.943 38.3476C335.97 -9.67956 414.556 -8.98719 462.598 39.0547C510.64 87.0966 511.333 165.683 463.305 213.71L214.404 462.612Z\" stroke=\"#FE6F20\" stroke-width=\"2\"\/>\n\t\t<\/svg>\n\t<\/div>\n\n\t<div class=\"absolute right-[-10rem] bottom-[-7.2rem] md:bottom-[-10.4rem] xl:bottom-[-13.6rem]\">\n\t\t<svg width=\"500\" height=\"500\" viewbox=\"0 0 500 500\" fill=\"none\" xmlns=\"http:\/\/www.w3.org\/2000\/svg\" class=\"size-180 md:size-260 xl:size-340\">\n\t\t\t<mask id=\"mask0_1511_27023\" style=\"mask-type:alpha\" maskunits=\"userSpaceOnUse\" x=\"0\" y=\"0\" width=\"500\" height=\"300\">\n\t\t\t\t<rect width=\"500\" height=\"300\" fill=\"#D9D9D9\"\/>\n\t\t\t<\/mask>\n\t\t\t<g mask=\"url(#mask0_1511_27023)\">\n\t\t\t\t<path d=\"M285.622 36.4146C334.047 -12.0104 413.069 -11.5011 461.494 36.9239C509.919 85.349 510.429 164.371 462.004 212.796L213.102 461.697C164.677 510.122 85.6552 509.613 37.2302 461.188C-11.1948 412.763 -11.7041 333.741 36.7209 285.316L285.622 36.4146Z\" fill=\"#1560DA\"\/>\n\t\t\t<\/g>\n\t\t\t<path d=\"M285.596 37.3883C333.623 -10.6388 412.21 -9.94644 460.252 38.0955C508.293 86.1373 508.986 164.724 460.959 212.751L212.057 461.652C164.03 509.68 85.4436 508.987 37.4017 460.945C-10.6402 412.903 -11.3325 334.317 36.6946 286.29L285.596 37.3883Z\" stroke=\"#1560DA\" stroke-width=\"2\"\/>\n\t\t<\/svg>\n\t<\/div>\n<\/section>\n\n\n<section class=\"embedded-search-form\">\n  <div class=\"container\">\n          \n    <p   class=\"h3 text-center text-blue font-normal \">\n\n            Cari futuri genitori\n\n    <\/p>\n\n    \n          <div class=\"max-w-[77.8rem] mx-auto text-center mt-16 lg:mt-32\">\n        Benvenuti nel nostro blog, dove vi accompagneremo in un viaggio informativo attraverso il mondo della gravidanza, della conservazione delle cellule staminali e oltre. Scoprite articoli interessanti, consigli pratici e storie ispiratrici che vi sosterranno in questa fase speciale della vostra vita.\n      <\/div>\n    \n        <div class=\"mt-32 lg:mt-56 mb-24 lg:mb-40\">\n      <form method=\"get\"\n  action=\"https:\/\/famicord.ch\/it\"\n  class=\"flex items-center gap-24 max-w-[57.2rem] mx-auto relative\">\n  <p>Ricerca:<\/p>\n\n  <input type=\"text\"\n    class=\"flex-1 rounded-24 bg-gray-light border-none px-24 pr-58 py-8 text-14 leading-[1.65] placeholder-gray-dark\"\n    name=\"s\"\n    placeholder=\"Termine di ricerca...\"\n    value=\"\" \/>\n\n  <button class=\"absolute right-24 top-1\/2 -translate-y-1\/2 text-blue\">\n    <svg xmlns=\"http:\/\/www.w3.org\/2000\/svg\" width=\"24\" height=\"24\" viewBox=\"0 0 24 24\" fill=\"none\" class=\"h-24 w-24 search-form-icon\">\n    <path d=\"M15.8034 15.8034L21 21M18 10.5C18 14.6421 14.6421 18 10.5 18C6.35786 18 3 14.6421 3 10.5C3 6.35786 6.35786 3 10.5 3C14.6421 3 18 6.35786 18 10.5Z\" stroke=\"currentColor\" stroke-width=\"1.5\" stroke-linecap=\"round\" stroke-linejoin=\"round\"\/>\n<\/svg>\n\n  <\/button>\n<\/form>\n    <\/div>\n  <\/div>\n<\/section>\n\n\n  <section class=\"pregnancy-zone-taxonomy-navigation section-margin section-margin--small\">\n    <div class=\"container flex flex-col xl:flex-row xl:items-center xxxl:justify-center gap-12 xl:gap-x-24\">\n      <p class=\"shrink-0\">Vai a:<\/p>\n\n      <nav class=\"flex flex-wrap gap-10 lg:gap-16\">\n            \n<a href=\"https:\/\/famicord.ch\/it\/pregnancy-zone-2\" class=\"text-12 leading-[2.6rem] rounded-16 px-16 border !no-underline bg-white text-black hover:text-blue border-black hover:border-blue\">Tutti<\/a>\n\n                      \n<a href=\"https:\/\/famicord.ch\/it\/pregnancy-zone-2\/calendario-della-gravidanza\" class=\"text-12 leading-[2.6rem] rounded-16 px-16 border !no-underline bg-white text-black hover:text-blue border-black hover:border-blue\">Calendario della gravidanza<\/a>\n                      \n<a href=\"https:\/\/famicord.ch\/it\/pregnancy-zone-2\/disturbi-della-gravidanza\" class=\"text-12 leading-[2.6rem] rounded-16 px-16 border !no-underline bg-white text-black hover:text-blue border-black hover:border-blue\">Disturbi della gravidanza<\/a>\n                      \n<a href=\"https:\/\/famicord.ch\/it\/pregnancy-zone-2\/come-ci-si-prende-cura-di-se-durante-la-gravidanza\" class=\"text-12 leading-[2.6rem] rounded-16 px-16 border !no-underline bg-white text-black hover:text-blue border-black hover:border-blue\">Come ci si prende cura di s\u00e9 durante la gravidanza?<\/a>\n                      \n<a href=\"https:\/\/famicord.ch\/it\/pregnancy-zone-2\/news-it\" class=\"text-12 leading-[2.6rem] rounded-16 px-16 border !no-underline bg-white text-black hover:text-blue border-black hover:border-blue\">News<\/a>\n              <\/nav>\n    <\/div>\n  <\/section>\n\n\n    <div class=\"container\">\n                    \n    <h2   class=\"h3  text-blue mb-24 lg:mb-40\">\n\n            Calendario della gravidanza\n\n    <\/h2>\n\n        \n                    <div class=\"max-w-[88rem] mt-24 mb-48 lg:mt-40 lg:mb-80 lg:pl-100\">\n                                    <div>Sappiamo che la gravidanza pu\u00f2 essere un periodo pieno di gioia, ma anche di sfide. Scoprite come potete sostenere al meglio voi stesse e il vostro bambino durante questo viaggio speciale e ottenete preziosi consigli su come gestire i disagi pi\u00f9 comuni.<br \/>\r\n<\/div>\n                \n                                    \n\t\n\t\n\t\t\t\t\t<a href=\"\/it\/pregnancy-zone-2\/calendario-della-gravidanza\" target=\"_self\"  class=\"button primary w-full md:w-auto mt-24 lg:mt-40 \">\n        \n        \n                    Vedi tutti gli articoli\n        \n        \n        \n                    <\/a>\n\t\t\n\t\n                            <\/div>\n            <\/div>\n\n    <section class=\"posts-slider sliders-styles section-margin relative\">\n\n                    <div class=\"side-gradient--left hidden lg:block hide absolute z-10 top-0 left-0 w-60 md:w-80 xl:w-100 h-full bg-gradient-to-r from-white to-transparent\"><\/div>\n<div class=\"side-gradient--right absolute z-10 top-0 right-0 w-60 md:w-80 xl:w-100 h-full bg-gradient-to-l from-white to-transparent\"><\/div>\n        \n        <div class=\"container relative\">\n                            <a role=\"button\" class=\"posts-slider__prev-button navigation-button hide hidden xl:grid xl:place-content-center absolute z-20 left-0 top-40 xxl:top-[27%]\"><svg xmlns=\"http:\/\/www.w3.org\/2000\/svg\" width=\"24\" height=\"24\" viewbox=\"0 0 24 24\" fill=\"none\">\n\t<path d=\"M20.25 12L3.75 12M3.75 12L10.5 18.75M3.75 12L10.5 5.25\" stroke=\"#1B1B1B\" stroke-width=\"1.5\" stroke-linecap=\"round\" stroke-linejoin=\"round\"\/>\n<\/svg>\n<\/a>\n<a role=\"button\" class=\"posts-slider__next-button navigation-button hidden xl:grid xl:place-content-center absolute z-20 right-0 top-40 xxl:top-[27%]\"><svg xmlns=\"http:\/\/www.w3.org\/2000\/svg\" width=\"24\" height=\"24\" viewbox=\"0 0 24 24\" fill=\"none\">\n\t<path d=\"M3.75 12H20.25M20.25 12L13.5 5.25M20.25 12L13.5 18.75\" stroke=\"currentColor\" stroke-width=\"1.5\" stroke-linecap=\"round\" stroke-linejoin=\"round\"\/>\n<\/svg>\n<\/a>\n            \n            <div class=\"splide\">\n                <div class=\"splide__track !overflow-visible\">\n                    <ul class=\"splide__list\">\n\n                                                    <li class=\"splide__slide [&#038;_figure]:h-[17rem] md:[&#038;_figure]:h-[25rem] xxl:[&#038;_figure]:h-[39rem] [&#038;_figure]:rounded-bl-16 [&#038;_figure]:rounded-br-16 [&#038;_figure]:rounded-tr-16 group\">\n  <a href=\"https:\/\/famicord.ch\/it\/pregnancy-zone-2\/calendario-della-gravidanza\/40-schwangerschaftswoche-welche-veraenderungen-finden-im-unterleib-der-schwangeren-statt\"\n    class=\"!no-underline flex flex-col items-start h-full [&#038;_img]:w-full [&#038;_img]:h-full [&#038;_img]:object-cover group-hover:[&#038;_img]:scale-105 [&#038;_img]:transition-all [&#038;_img]:duration-200 [&#038;_img]:ease-in-out pb-24\">\n    <div class=\"w-full h-[17rem] md:h-[25rem] xxl:h-[39rem]\">\n                    \n      \n\t\n\t\t\n\t\t\t\n\t<figure class=\"overflow-hidden \">\n\n\t\t\n\t\t\t\t\t\t<img decoding=\"async\" src=\"https:\/\/famicord.ch\/wp-content\/uploads\/2024\/08\/36_Arbuz.webp\" alt=\"Immagine\"  loading=\"lazy\"  width=\"610\" height=\"413\"\/>\n\n\t\t\n\t<\/figure>\n\n\n\t\t\n\t\n    <\/div>\n\n          <p class=\"lead-paragraph text-blue mt-24 px-8 xl:px-24 mb-8 line-clamp-2\">\n        40a settimana di gravidanza: quali cambiamenti avvengono nell&#8217;addome della donna incinta?\n      <\/p>\n    \n          <div class=\"mt-12 mb-24 text-black px-8 xl:px-24 line-clamp-4 [&#038;_strong]:font-normal\">\n        La 40a settimana di gravidanza \u00e8 il punto di arrivo del lungo viaggio di 9 mesi di una donna in attesa di un bambino. Nelle ultime settimane di gravidanza, la pancia della donna si rassoda fino a quando si verificano le prime contrazioni pretermine.\n      <\/div>\n    \n    <span class=\"link link--tertiary mt-24 ml-8 xl:ml-24\">\n      Per saperne di pi\u00f9\n      <span class=\"text-blue\"><svg width=\"11\" height=\"8\" viewbox=\"0 0 11 8\" fill=\"none\" xmlns=\"http:\/\/www.w3.org\/2000\/svg\">\n\t<path d=\"M7.442 7.264L6.63 6.438L8.604 4.52H0.232V3.344H8.59L6.63 1.426L7.442 0.613999L10.76 3.932L7.442 7.264Z\" fill=\"currentColor\"\/>\n<\/svg>\n<\/span>\n    <\/span>\n  <\/a>\n<\/li>\n                                                    <li class=\"splide__slide [&#038;_figure]:h-[17rem] md:[&#038;_figure]:h-[25rem] xxl:[&#038;_figure]:h-[39rem] [&#038;_figure]:rounded-bl-16 [&#038;_figure]:rounded-br-16 [&#038;_figure]:rounded-tr-16 group\">\n  <a href=\"https:\/\/famicord.ch\/it\/pregnancy-zone-2\/calendario-della-gravidanza\/39-schwangerschaftswoche-wenn-die-wehen-nahen-wie-sie-die-anzeichen-der-wehen-erkennen\"\n    class=\"!no-underline flex flex-col items-start h-full [&#038;_img]:w-full [&#038;_img]:h-full [&#038;_img]:object-cover group-hover:[&#038;_img]:scale-105 [&#038;_img]:transition-all [&#038;_img]:duration-200 [&#038;_img]:ease-in-out pb-24\">\n    <div class=\"w-full h-[17rem] md:h-[25rem] xxl:h-[39rem]\">\n                    \n      \n\t\n\t\t\n\t\t\t\n\t<figure class=\"overflow-hidden \">\n\n\t\t\n\t\t\t\t\t\t<img decoding=\"async\" src=\"https:\/\/famicord.ch\/wp-content\/uploads\/2024\/08\/36_Arbuz.webp\" alt=\"Immagine\"  loading=\"lazy\"  width=\"610\" height=\"413\"\/>\n\n\t\t\n\t<\/figure>\n\n\n\t\t\n\t\n    <\/div>\n\n          <p class=\"lead-paragraph text-blue mt-24 px-8 xl:px-24 mb-8 line-clamp-2\">\n        La 39a settimana di gravidanza: quando il travaglio \u00e8 vicino&#8230;. Come riconoscere i segni del travaglio\n      <\/p>\n    \n          <div class=\"mt-12 mb-24 text-black px-8 xl:px-24 line-clamp-4 [&#038;_strong]:font-normal\">\n        La 39a settimana di gravidanza \u00e8 l&#8217;ultimo momento che separa le future mamme dal dare il benvenuto nel mondo al loro bambino tanto atteso. \u00c8 anche l&#8217;ultimo momento per completare tutti i preparativi per la nascita.&nbsp; Inoltre, la futura mamma inizia ad avvertire sintomi insoliti.\n      <\/div>\n    \n    <span class=\"link link--tertiary mt-24 ml-8 xl:ml-24\">\n      Per saperne di pi\u00f9\n      <span class=\"text-blue\"><svg width=\"11\" height=\"8\" viewbox=\"0 0 11 8\" fill=\"none\" xmlns=\"http:\/\/www.w3.org\/2000\/svg\">\n\t<path d=\"M7.442 7.264L6.63 6.438L8.604 4.52H0.232V3.344H8.59L6.63 1.426L7.442 0.613999L10.76 3.932L7.442 7.264Z\" fill=\"currentColor\"\/>\n<\/svg>\n<\/span>\n    <\/span>\n  <\/a>\n<\/li>\n                                                    <li class=\"splide__slide [&#038;_figure]:h-[17rem] md:[&#038;_figure]:h-[25rem] xxl:[&#038;_figure]:h-[39rem] [&#038;_figure]:rounded-bl-16 [&#038;_figure]:rounded-br-16 [&#038;_figure]:rounded-tr-16 group\">\n  <a href=\"https:\/\/famicord.ch\/it\/pregnancy-zone-2\/calendario-della-gravidanza\/die-38-schwangerschaftswoche-und-die-anzeichen-der-geburt-wie-viel-wiegt-das-baby-und-wie-sieht-es-aus\"\n    class=\"!no-underline flex flex-col items-start h-full [&#038;_img]:w-full [&#038;_img]:h-full [&#038;_img]:object-cover group-hover:[&#038;_img]:scale-105 [&#038;_img]:transition-all [&#038;_img]:duration-200 [&#038;_img]:ease-in-out pb-24\">\n    <div class=\"w-full h-[17rem] md:h-[25rem] xxl:h-[39rem]\">\n                    \n      \n\t\n\t\t\n\t\t\t\n\t<figure class=\"overflow-hidden \">\n\n\t\t\n\t\t\t\t\t\t<img decoding=\"async\" src=\"https:\/\/famicord.ch\/wp-content\/uploads\/2024\/08\/36_Arbuz.webp\" alt=\"Immagine\"  loading=\"lazy\"  width=\"610\" height=\"413\"\/>\n\n\t\t\n\t<\/figure>\n\n\n\t\t\n\t\n    <\/div>\n\n          <p class=\"lead-paragraph text-blue mt-24 px-8 xl:px-24 mb-8 line-clamp-2\">\n        La 38a settimana di gravidanza e i segni della nascita. Quanto pesa il bambino e che aspetto ha?\n      <\/p>\n    \n          <div class=\"mt-12 mb-24 text-black px-8 xl:px-24 line-clamp-4 [&#038;_strong]:font-normal\">\n        Dopo 38 settimane, la gravidanza \u00e8 considerata a termine. La quantit\u00e0 di acqua nel feto diminuisce e l&#8217;addome smette di crescere. Il bambino ha sempre meno spazio, quindi le madri possono lamentare un disagio dovuto alla pressione sulla vescica.\n      <\/div>\n    \n    <span class=\"link link--tertiary mt-24 ml-8 xl:ml-24\">\n      Per saperne di pi\u00f9\n      <span class=\"text-blue\"><svg width=\"11\" height=\"8\" viewbox=\"0 0 11 8\" fill=\"none\" xmlns=\"http:\/\/www.w3.org\/2000\/svg\">\n\t<path d=\"M7.442 7.264L6.63 6.438L8.604 4.52H0.232V3.344H8.59L6.63 1.426L7.442 0.613999L10.76 3.932L7.442 7.264Z\" fill=\"currentColor\"\/>\n<\/svg>\n<\/span>\n    <\/span>\n  <\/a>\n<\/li>\n                                                    <li class=\"splide__slide [&#038;_figure]:h-[17rem] md:[&#038;_figure]:h-[25rem] xxl:[&#038;_figure]:h-[39rem] [&#038;_figure]:rounded-bl-16 [&#038;_figure]:rounded-br-16 [&#038;_figure]:rounded-tr-16 group\">\n  <a href=\"https:\/\/famicord.ch\/it\/pregnancy-zone-2\/calendario-della-gravidanza\/die-37-schwangerschaftswoche-vorbereitungen-fuer-die-entbindung-was-ist-charakteristisch-fuer-das-baby-in-dieser-zeit\"\n    class=\"!no-underline flex flex-col items-start h-full [&#038;_img]:w-full [&#038;_img]:h-full [&#038;_img]:object-cover group-hover:[&#038;_img]:scale-105 [&#038;_img]:transition-all [&#038;_img]:duration-200 [&#038;_img]:ease-in-out pb-24\">\n    <div class=\"w-full h-[17rem] md:h-[25rem] xxl:h-[39rem]\">\n                    \n      \n\t\n\t\t\n\t\t\t\n\t<figure class=\"overflow-hidden \">\n\n\t\t\n\t\t\t\t\t\t<img decoding=\"async\" src=\"https:\/\/famicord.ch\/wp-content\/uploads\/2024\/08\/36_Arbuz.webp\" alt=\"Immagine\"  loading=\"lazy\"  width=\"610\" height=\"413\"\/>\n\n\t\t\n\t<\/figure>\n\n\n\t\t\n\t\n    <\/div>\n\n          <p class=\"lead-paragraph text-blue mt-24 px-8 xl:px-24 mb-8 line-clamp-2\">\n        La 37a settimana di gravidanza: i preparativi per il parto. Quali sono le caratteristiche del bambino in questo periodo?\n      <\/p>\n    \n          <div class=\"mt-12 mb-24 text-black px-8 xl:px-24 line-clamp-4 [&#038;_strong]:font-normal\">\n        La 37a settimana di gravidanza \u00e8 un periodo di preparazione al parto imminente. La futura mamma deve decidere l&#8217;intero percorso del parto. Il parto pu\u00f2 avvenire in qualsiasi momento, quindi \u00e8 un periodo molto impegnativo per le donne in gravidanza.\n      <\/div>\n    \n    <span class=\"link link--tertiary mt-24 ml-8 xl:ml-24\">\n      Per saperne di pi\u00f9\n      <span class=\"text-blue\"><svg width=\"11\" height=\"8\" viewbox=\"0 0 11 8\" fill=\"none\" xmlns=\"http:\/\/www.w3.org\/2000\/svg\">\n\t<path d=\"M7.442 7.264L6.63 6.438L8.604 4.52H0.232V3.344H8.59L6.63 1.426L7.442 0.613999L10.76 3.932L7.442 7.264Z\" fill=\"currentColor\"\/>\n<\/svg>\n<\/span>\n    <\/span>\n  <\/a>\n<\/li>\n                                                    <li class=\"splide__slide [&#038;_figure]:h-[17rem] md:[&#038;_figure]:h-[25rem] xxl:[&#038;_figure]:h-[39rem] [&#038;_figure]:rounded-bl-16 [&#038;_figure]:rounded-br-16 [&#038;_figure]:rounded-tr-16 group\">\n  <a href=\"https:\/\/famicord.ch\/it\/pregnancy-zone-2\/calendario-della-gravidanza\/die-36-schwangerschaftswoche-die-entwicklung-des-babys-im-dritten-trimester-welche-beschwerden-treten-bei-werdenden-muettern-auf\"\n    class=\"!no-underline flex flex-col items-start h-full [&#038;_img]:w-full [&#038;_img]:h-full [&#038;_img]:object-cover group-hover:[&#038;_img]:scale-105 [&#038;_img]:transition-all [&#038;_img]:duration-200 [&#038;_img]:ease-in-out pb-24\">\n    <div class=\"w-full h-[17rem] md:h-[25rem] xxl:h-[39rem]\">\n                    \n      \n\t\n\t\t\n\t\t\t\n\t<figure class=\"overflow-hidden \">\n\n\t\t\n\t\t\t\t\t\t<img decoding=\"async\" src=\"https:\/\/famicord.ch\/wp-content\/uploads\/2024\/08\/36_Arbuz.webp\" alt=\"Immagine\"  loading=\"lazy\"  width=\"610\" height=\"413\"\/>\n\n\t\t\n\t<\/figure>\n\n\n\t\t\n\t\n    <\/div>\n\n          <p class=\"lead-paragraph text-blue mt-24 px-8 xl:px-24 mb-8 line-clamp-2\">\n        La 36a settimana di gravidanza: lo sviluppo del bambino nel terzo trimestre. Quali sono i disturbi delle donne in attesa?\n      <\/p>\n    \n          <div class=\"mt-12 mb-24 text-black px-8 xl:px-24 line-clamp-4 [&#038;_strong]:font-normal\">\n        La 36a settimana di gravidanza \u00e8 una delle pi\u00f9 difficili dell&#8217;intero periodo di gestazione. Il disagio che affligge la donna \u00e8 cos\u00ec fastidioso che non vede l&#8217;ora di partorire. Anche se non manca molto, il tempo si trascina impietosamente. Vale la pena di sapere come affrontare questa situazione.\n      <\/div>\n    \n    <span class=\"link link--tertiary mt-24 ml-8 xl:ml-24\">\n      Per saperne di pi\u00f9\n      <span class=\"text-blue\"><svg width=\"11\" height=\"8\" viewbox=\"0 0 11 8\" fill=\"none\" xmlns=\"http:\/\/www.w3.org\/2000\/svg\">\n\t<path d=\"M7.442 7.264L6.63 6.438L8.604 4.52H0.232V3.344H8.59L6.63 1.426L7.442 0.613999L10.76 3.932L7.442 7.264Z\" fill=\"currentColor\"\/>\n<\/svg>\n<\/span>\n    <\/span>\n  <\/a>\n<\/li>\n                                                    <li class=\"splide__slide [&#038;_figure]:h-[17rem] md:[&#038;_figure]:h-[25rem] xxl:[&#038;_figure]:h-[39rem] [&#038;_figure]:rounded-bl-16 [&#038;_figure]:rounded-br-16 [&#038;_figure]:rounded-tr-16 group\">\n  <a href=\"https:\/\/famicord.ch\/it\/pregnancy-zone-2\/calendario-della-gravidanza\/die-35-schwangerschaftswoche-beschwerden-der-werdenden-mutter-abschaetzung-des-risikos-einer-fruehgeburt\"\n    class=\"!no-underline flex flex-col items-start h-full [&#038;_img]:w-full [&#038;_img]:h-full [&#038;_img]:object-cover group-hover:[&#038;_img]:scale-105 [&#038;_img]:transition-all [&#038;_img]:duration-200 [&#038;_img]:ease-in-out pb-24\">\n    <div class=\"w-full h-[17rem] md:h-[25rem] xxl:h-[39rem]\">\n                    \n      \n\t\n\t\t\n\t\t\t\n\t<figure class=\"overflow-hidden \">\n\n\t\t\n\t\t\t\t\t\t<img decoding=\"async\" src=\"https:\/\/famicord.ch\/wp-content\/uploads\/2024\/08\/35_Dynia.webp\" alt=\"Immagine\"  loading=\"lazy\"  width=\"610\" height=\"413\"\/>\n\n\t\t\n\t<\/figure>\n\n\n\t\t\n\t\n    <\/div>\n\n          <p class=\"lead-paragraph text-blue mt-24 px-8 xl:px-24 mb-8 line-clamp-2\">\n        La 35a settimana di gravidanza: i disturbi della futura mamma. Stima del rischio di parto prematuro\n      <\/p>\n    \n          <div class=\"mt-12 mb-24 text-black px-8 xl:px-24 line-clamp-4 [&#038;_strong]:font-normal\">\n        La 35a settimana di gravidanza \u00e8 un momento cruciale per la futura mamma. I disturbi che la accompagnano diventano pi\u00f9 forti. \u00c8 stanca e non vede l&#8217;ora che nasca. In una gravidanza multipla, questa pu\u00f2 essere l&#8217;ultima occasione per prepararsi al parto imminente.\n      <\/div>\n    \n    <span class=\"link link--tertiary mt-24 ml-8 xl:ml-24\">\n      Per saperne di pi\u00f9\n      <span class=\"text-blue\"><svg width=\"11\" height=\"8\" viewbox=\"0 0 11 8\" fill=\"none\" xmlns=\"http:\/\/www.w3.org\/2000\/svg\">\n\t<path d=\"M7.442 7.264L6.63 6.438L8.604 4.52H0.232V3.344H8.59L6.63 1.426L7.442 0.613999L10.76 3.932L7.442 7.264Z\" fill=\"currentColor\"\/>\n<\/svg>\n<\/span>\n    <\/span>\n  <\/a>\n<\/li>\n                        \n                    <\/ul>\n                <\/div>\n            <\/div>\n        <\/div>\n\n    <\/section>\n\n\n    <div class=\"container\">\n                    \n    <h2   class=\"h3  text-blue mb-24 lg:mb-40\">\n\n            Disturbi della gravidanza\n\n    <\/h2>\n\n        \n                    <div class=\"max-w-[88rem] mt-24 mb-48 lg:mt-40 lg:mb-80 lg:pl-100\">\n                                    <div>Comprendiamo che la gravidanza pu\u00f2 essere un periodo pieno di gioia, ma anche di sfide. Scoprite come potete sostenere al meglio voi stesse e il vostro bambino durante questo viaggio speciale e ricevete consigli preziosi per affrontare i disturbi pi\u00f9 comuni.<\/div>\n                \n                                    \n\t\n\t\n\t\t\t\t\t<a href=\"\/it\/pregnancy-zone-2\/disturbi-della-gravidanza\" target=\"_self\"  class=\"button primary w-full md:w-auto mt-24 lg:mt-40 \">\n        \n        \n                    Visualizza tutti gli articoli\n        \n        \n        \n                    <\/a>\n\t\t\n\t\n                            <\/div>\n            <\/div>\n\n    <section class=\"posts-slider sliders-styles section-margin relative\">\n\n                    <div class=\"side-gradient--left hidden lg:block hide absolute z-10 top-0 left-0 w-60 md:w-80 xl:w-100 h-full bg-gradient-to-r from-white to-transparent\"><\/div>\n<div class=\"side-gradient--right absolute z-10 top-0 right-0 w-60 md:w-80 xl:w-100 h-full bg-gradient-to-l from-white to-transparent\"><\/div>\n        \n        <div class=\"container relative\">\n                            <a role=\"button\" class=\"posts-slider__prev-button navigation-button hide hidden xl:grid xl:place-content-center absolute z-20 left-0 top-40 xxl:top-[27%]\"><svg xmlns=\"http:\/\/www.w3.org\/2000\/svg\" width=\"24\" height=\"24\" viewbox=\"0 0 24 24\" fill=\"none\">\n\t<path d=\"M20.25 12L3.75 12M3.75 12L10.5 18.75M3.75 12L10.5 5.25\" stroke=\"#1B1B1B\" stroke-width=\"1.5\" stroke-linecap=\"round\" stroke-linejoin=\"round\"\/>\n<\/svg>\n<\/a>\n<a role=\"button\" class=\"posts-slider__next-button navigation-button hidden xl:grid xl:place-content-center absolute z-20 right-0 top-40 xxl:top-[27%]\"><svg xmlns=\"http:\/\/www.w3.org\/2000\/svg\" width=\"24\" height=\"24\" viewbox=\"0 0 24 24\" fill=\"none\">\n\t<path d=\"M3.75 12H20.25M20.25 12L13.5 5.25M20.25 12L13.5 18.75\" stroke=\"currentColor\" stroke-width=\"1.5\" stroke-linecap=\"round\" stroke-linejoin=\"round\"\/>\n<\/svg>\n<\/a>\n            \n            <div class=\"splide\">\n                <div class=\"splide__track !overflow-visible\">\n                    <ul class=\"splide__list\">\n\n                                                    <li class=\"splide__slide [&#038;_figure]:h-[17rem] md:[&#038;_figure]:h-[25rem] xxl:[&#038;_figure]:h-[39rem] [&#038;_figure]:rounded-bl-16 [&#038;_figure]:rounded-br-16 [&#038;_figure]:rounded-tr-16 group\">\n  <a href=\"https:\/\/famicord.ch\/it\/pregnancy-zone-2\/disturbi-della-gravidanza\/ibuprofene\"\n    class=\"!no-underline flex flex-col items-start h-full [&#038;_img]:w-full [&#038;_img]:h-full [&#038;_img]:object-cover group-hover:[&#038;_img]:scale-105 [&#038;_img]:transition-all [&#038;_img]:duration-200 [&#038;_img]:ease-in-out pb-24\">\n    <div class=\"w-full h-[17rem] md:h-[25rem] xxl:h-[39rem]\">\n                    \n      \n\t\n\t\t\n\t\t\t\n\t<figure class=\"overflow-hidden \">\n\n\t\t\n\t\t\t\t\t\t<img decoding=\"async\" src=\"https:\/\/famicord.ch\/wp-content\/uploads\/2025\/07\/Ibuprofen.webp\" alt=\"Immagine\"  loading=\"lazy\"  width=\"640\" height=\"427\"\/>\n\n\t\t\n\t<\/figure>\n\n\n\t\t\n\t\n    <\/div>\n\n          <p class=\"lead-paragraph text-blue mt-24 px-8 xl:px-24 mb-8 line-clamp-2\">\n        Ibuprofene in gravidanza \u2013 \u00e8 consentito assumerlo?\n      <\/p>\n    \n    \n    <span class=\"link link--tertiary mt-24 ml-8 xl:ml-24\">\n      Per saperne di pi\u00f9\n      <span class=\"text-blue\"><svg width=\"11\" height=\"8\" viewbox=\"0 0 11 8\" fill=\"none\" xmlns=\"http:\/\/www.w3.org\/2000\/svg\">\n\t<path d=\"M7.442 7.264L6.63 6.438L8.604 4.52H0.232V3.344H8.59L6.63 1.426L7.442 0.613999L10.76 3.932L7.442 7.264Z\" fill=\"currentColor\"\/>\n<\/svg>\n<\/span>\n    <\/span>\n  <\/a>\n<\/li>\n                                                    <li class=\"splide__slide [&#038;_figure]:h-[17rem] md:[&#038;_figure]:h-[25rem] xxl:[&#038;_figure]:h-[39rem] [&#038;_figure]:rounded-bl-16 [&#038;_figure]:rounded-br-16 [&#038;_figure]:rounded-tr-16 group\">\n  <a href=\"https:\/\/famicord.ch\/it\/pregnancy-zone-2\/disturbi-della-gravidanza\/test-di-tolleranza-al-glucosio-orale\"\n    class=\"!no-underline flex flex-col items-start h-full [&#038;_img]:w-full [&#038;_img]:h-full [&#038;_img]:object-cover group-hover:[&#038;_img]:scale-105 [&#038;_img]:transition-all [&#038;_img]:duration-200 [&#038;_img]:ease-in-out pb-24\">\n    <div class=\"w-full h-[17rem] md:h-[25rem] xxl:h-[39rem]\">\n                    \n      \n\t\n\t\t\n\t\t\t\n\t<figure class=\"overflow-hidden \">\n\n\t\t\n\t\t\t\t\t\t<img decoding=\"async\" src=\"https:\/\/famicord.ch\/wp-content\/uploads\/2025\/07\/Oraler_Glukosetoleranztest.webp\" alt=\"Immagine\"  loading=\"lazy\"  width=\"400\" height=\"300\"\/>\n\n\t\t\n\t<\/figure>\n\n\n\t\t\n\t\n    <\/div>\n\n          <p class=\"lead-paragraph text-blue mt-24 px-8 xl:px-24 mb-8 line-clamp-2\">\n        Test di tolleranza al glucosio orale (OGTT) \u2013 cos&#8217;\u00e8 e come interpretare i risultati?\n      <\/p>\n    \n    \n    <span class=\"link link--tertiary mt-24 ml-8 xl:ml-24\">\n      Per saperne di pi\u00f9\n      <span class=\"text-blue\"><svg width=\"11\" height=\"8\" viewbox=\"0 0 11 8\" fill=\"none\" xmlns=\"http:\/\/www.w3.org\/2000\/svg\">\n\t<path d=\"M7.442 7.264L6.63 6.438L8.604 4.52H0.232V3.344H8.59L6.63 1.426L7.442 0.613999L10.76 3.932L7.442 7.264Z\" fill=\"currentColor\"\/>\n<\/svg>\n<\/span>\n    <\/span>\n  <\/a>\n<\/li>\n                                                    <li class=\"splide__slide [&#038;_figure]:h-[17rem] md:[&#038;_figure]:h-[25rem] xxl:[&#038;_figure]:h-[39rem] [&#038;_figure]:rounded-bl-16 [&#038;_figure]:rounded-br-16 [&#038;_figure]:rounded-tr-16 group\">\n  <a href=\"https:\/\/famicord.ch\/it\/pregnancy-zone-2\/disturbi-della-gravidanza\/dolore-ovarico\"\n    class=\"!no-underline flex flex-col items-start h-full [&#038;_img]:w-full [&#038;_img]:h-full [&#038;_img]:object-cover group-hover:[&#038;_img]:scale-105 [&#038;_img]:transition-all [&#038;_img]:duration-200 [&#038;_img]:ease-in-out pb-24\">\n    <div class=\"w-full h-[17rem] md:h-[25rem] xxl:h-[39rem]\">\n                    \n      \n\t\n\t\t\n\t\t\t\n\t<figure class=\"overflow-hidden \">\n\n\t\t\n\t\t\t\t\t\t<img decoding=\"async\" src=\"https:\/\/famicord.ch\/wp-content\/uploads\/2025\/07\/Eierstockschmerzen.webp\" alt=\"Immagine\"  loading=\"lazy\"  width=\"600\" height=\"400\"\/>\n\n\t\t\n\t<\/figure>\n\n\n\t\t\n\t\n    <\/div>\n\n          <p class=\"lead-paragraph text-blue mt-24 px-8 xl:px-24 mb-8 line-clamp-2\">\n        Dolore ovarico all\u2019inizio della gravidanza \u2013 cause, rischi, prognosi\n      <\/p>\n    \n    \n    <span class=\"link link--tertiary mt-24 ml-8 xl:ml-24\">\n      Per saperne di pi\u00f9\n      <span class=\"text-blue\"><svg width=\"11\" height=\"8\" viewbox=\"0 0 11 8\" fill=\"none\" xmlns=\"http:\/\/www.w3.org\/2000\/svg\">\n\t<path d=\"M7.442 7.264L6.63 6.438L8.604 4.52H0.232V3.344H8.59L6.63 1.426L7.442 0.613999L10.76 3.932L7.442 7.264Z\" fill=\"currentColor\"\/>\n<\/svg>\n<\/span>\n    <\/span>\n  <\/a>\n<\/li>\n                                                    <li class=\"splide__slide [&#038;_figure]:h-[17rem] md:[&#038;_figure]:h-[25rem] xxl:[&#038;_figure]:h-[39rem] [&#038;_figure]:rounded-bl-16 [&#038;_figure]:rounded-br-16 [&#038;_figure]:rounded-tr-16 group\">\n  <a href=\"https:\/\/famicord.ch\/it\/pregnancy-zone-2\/disturbi-della-gravidanza\/sciatica\"\n    class=\"!no-underline flex flex-col items-start h-full [&#038;_img]:w-full [&#038;_img]:h-full [&#038;_img]:object-cover group-hover:[&#038;_img]:scale-105 [&#038;_img]:transition-all [&#038;_img]:duration-200 [&#038;_img]:ease-in-out pb-24\">\n    <div class=\"w-full h-[17rem] md:h-[25rem] xxl:h-[39rem]\">\n                    \n      \n\t\n\t\t\n\t\t\t\n\t<figure class=\"overflow-hidden \">\n\n\t\t\n\t\t\t\t\t\t<img decoding=\"async\" src=\"https:\/\/famicord.ch\/wp-content\/uploads\/2025\/06\/Ischias.webp\" alt=\"Immagine\"  loading=\"lazy\"  width=\"600\" height=\"400\"\/>\n\n\t\t\n\t<\/figure>\n\n\n\t\t\n\t\n    <\/div>\n\n          <p class=\"lead-paragraph text-blue mt-24 px-8 xl:px-24 mb-8 line-clamp-2\">\n        Sciatica in gravidanza \u2013 come affrontare il dolore\n      <\/p>\n    \n    \n    <span class=\"link link--tertiary mt-24 ml-8 xl:ml-24\">\n      Per saperne di pi\u00f9\n      <span class=\"text-blue\"><svg width=\"11\" height=\"8\" viewbox=\"0 0 11 8\" fill=\"none\" xmlns=\"http:\/\/www.w3.org\/2000\/svg\">\n\t<path d=\"M7.442 7.264L6.63 6.438L8.604 4.52H0.232V3.344H8.59L6.63 1.426L7.442 0.613999L10.76 3.932L7.442 7.264Z\" fill=\"currentColor\"\/>\n<\/svg>\n<\/span>\n    <\/span>\n  <\/a>\n<\/li>\n                                                    <li class=\"splide__slide [&#038;_figure]:h-[17rem] md:[&#038;_figure]:h-[25rem] xxl:[&#038;_figure]:h-[39rem] [&#038;_figure]:rounded-bl-16 [&#038;_figure]:rounded-br-16 [&#038;_figure]:rounded-tr-16 group\">\n  <a href=\"https:\/\/famicord.ch\/it\/pregnancy-zone-2\/disturbi-della-gravidanza\/infezione-delle-vie-urinarie\"\n    class=\"!no-underline flex flex-col items-start h-full [&#038;_img]:w-full [&#038;_img]:h-full [&#038;_img]:object-cover group-hover:[&#038;_img]:scale-105 [&#038;_img]:transition-all [&#038;_img]:duration-200 [&#038;_img]:ease-in-out pb-24\">\n    <div class=\"w-full h-[17rem] md:h-[25rem] xxl:h-[39rem]\">\n                    \n      \n\t\n\t\t\n\t\t\t\n\t<figure class=\"overflow-hidden \">\n\n\t\t\n\t\t\t\t\t\t<img decoding=\"async\" src=\"https:\/\/famicord.ch\/wp-content\/uploads\/2025\/06\/Harnwegsinfektion.webp\" alt=\"Immagine\"  loading=\"lazy\"  width=\"600\" height=\"400\"\/>\n\n\t\t\n\t<\/figure>\n\n\n\t\t\n\t\n    <\/div>\n\n          <p class=\"lead-paragraph text-blue mt-24 px-8 xl:px-24 mb-8 line-clamp-2\">\n        Infezione delle vie urinarie in gravidanza \u2013 sintomi e trattamento\n      <\/p>\n    \n    \n    <span class=\"link link--tertiary mt-24 ml-8 xl:ml-24\">\n      Per saperne di pi\u00f9\n      <span class=\"text-blue\"><svg width=\"11\" height=\"8\" viewbox=\"0 0 11 8\" fill=\"none\" xmlns=\"http:\/\/www.w3.org\/2000\/svg\">\n\t<path d=\"M7.442 7.264L6.63 6.438L8.604 4.52H0.232V3.344H8.59L6.63 1.426L7.442 0.613999L10.76 3.932L7.442 7.264Z\" fill=\"currentColor\"\/>\n<\/svg>\n<\/span>\n    <\/span>\n  <\/a>\n<\/li>\n                                                    <li class=\"splide__slide [&#038;_figure]:h-[17rem] md:[&#038;_figure]:h-[25rem] xxl:[&#038;_figure]:h-[39rem] [&#038;_figure]:rounded-bl-16 [&#038;_figure]:rounded-br-16 [&#038;_figure]:rounded-tr-16 group\">\n  <a href=\"https:\/\/famicord.ch\/it\/pregnancy-zone-2\/disturbi-della-gravidanza\/distacco-della-placenta\"\n    class=\"!no-underline flex flex-col items-start h-full [&#038;_img]:w-full [&#038;_img]:h-full [&#038;_img]:object-cover group-hover:[&#038;_img]:scale-105 [&#038;_img]:transition-all [&#038;_img]:duration-200 [&#038;_img]:ease-in-out pb-24\">\n    <div class=\"w-full h-[17rem] md:h-[25rem] xxl:h-[39rem]\">\n                    \n      \n\t\n\t\t\n\t\t\t\n\t<figure class=\"overflow-hidden \">\n\n\t\t\n\t\t\t\t\t\t<img decoding=\"async\" src=\"https:\/\/famicord.ch\/wp-content\/uploads\/2025\/06\/Plazentaabloesung.webp\" alt=\"Immagine\"  loading=\"lazy\"  width=\"600\" height=\"400\"\/>\n\n\t\t\n\t<\/figure>\n\n\n\t\t\n\t\n    <\/div>\n\n          <p class=\"lead-paragraph text-blue mt-24 px-8 xl:px-24 mb-8 line-clamp-2\">\n        Distacco della placenta \u2013 perch\u00e9 \u00e8 pericoloso?\n      <\/p>\n    \n    \n    <span class=\"link link--tertiary mt-24 ml-8 xl:ml-24\">\n      Per saperne di pi\u00f9\n      <span class=\"text-blue\"><svg width=\"11\" height=\"8\" viewbox=\"0 0 11 8\" fill=\"none\" xmlns=\"http:\/\/www.w3.org\/2000\/svg\">\n\t<path d=\"M7.442 7.264L6.63 6.438L8.604 4.52H0.232V3.344H8.59L6.63 1.426L7.442 0.613999L10.76 3.932L7.442 7.264Z\" fill=\"currentColor\"\/>\n<\/svg>\n<\/span>\n    <\/span>\n  <\/a>\n<\/li>\n                        \n                    <\/ul>\n                <\/div>\n            <\/div>\n        <\/div>\n\n    <\/section>\n\n\n    <div class=\"container\">\n                    \n    <h2   class=\"h3  text-blue mb-24 lg:mb-40\">\n\n            Come ci si prende cura di s\u00e9 durante la gravidanza?\n\n    <\/h2>\n\n        \n                    <div class=\"max-w-[88rem] mt-24 mb-48 lg:mt-40 lg:mb-80 lg:pl-100\">\n                                    <div>Vogliamo offrire alle future mamme una fonte affidabile di informazioni su tutti gli aspetti importanti della gravidanza. Dall&#8217;alimentazione alla forma fisica, dalla salute emotiva alla cura di s\u00e9, troverete consigli esaurienti e suggerimenti pratici per sfruttare al meglio la vostra gravidanza. Siamo qui per aiutarvi a essere una mamma felice, sana e informata!<\/div>\n                \n                                    \n\t\n\t\n\t\t\t\t\t<a href=\"\/it\/pregnancy-zone-2\/come-ci-si-prende-cura-di-se-durante-la-gravidanza\" target=\"_self\"  class=\"button primary w-full md:w-auto mt-24 lg:mt-40 \">\n        \n        \n                    Vedi tutti gli articoli\n        \n        \n        \n                    <\/a>\n\t\t\n\t\n                            <\/div>\n            <\/div>\n\n    <section class=\"posts-slider sliders-styles section-margin relative\">\n\n                    <div class=\"side-gradient--left hidden lg:block hide absolute z-10 top-0 left-0 w-60 md:w-80 xl:w-100 h-full bg-gradient-to-r from-white to-transparent\"><\/div>\n<div class=\"side-gradient--right absolute z-10 top-0 right-0 w-60 md:w-80 xl:w-100 h-full bg-gradient-to-l from-white to-transparent\"><\/div>\n        \n        <div class=\"container relative\">\n                            <a role=\"button\" class=\"posts-slider__prev-button navigation-button hide hidden xl:grid xl:place-content-center absolute z-20 left-0 top-40 xxl:top-[27%]\"><svg xmlns=\"http:\/\/www.w3.org\/2000\/svg\" width=\"24\" height=\"24\" viewbox=\"0 0 24 24\" fill=\"none\">\n\t<path d=\"M20.25 12L3.75 12M3.75 12L10.5 18.75M3.75 12L10.5 5.25\" stroke=\"#1B1B1B\" stroke-width=\"1.5\" stroke-linecap=\"round\" stroke-linejoin=\"round\"\/>\n<\/svg>\n<\/a>\n<a role=\"button\" class=\"posts-slider__next-button navigation-button hidden xl:grid xl:place-content-center absolute z-20 right-0 top-40 xxl:top-[27%]\"><svg xmlns=\"http:\/\/www.w3.org\/2000\/svg\" width=\"24\" height=\"24\" viewbox=\"0 0 24 24\" fill=\"none\">\n\t<path d=\"M3.75 12H20.25M20.25 12L13.5 5.25M20.25 12L13.5 18.75\" stroke=\"currentColor\" stroke-width=\"1.5\" stroke-linecap=\"round\" stroke-linejoin=\"round\"\/>\n<\/svg>\n<\/a>\n            \n            <div class=\"splide\">\n                <div class=\"splide__track !overflow-visible\">\n                    <ul class=\"splide__list\">\n\n                                                    <li class=\"splide__slide [&#038;_figure]:h-[17rem] md:[&#038;_figure]:h-[25rem] xxl:[&#038;_figure]:h-[39rem] [&#038;_figure]:rounded-bl-16 [&#038;_figure]:rounded-br-16 [&#038;_figure]:rounded-tr-16 group\">\n  <a href=\"https:\/\/famicord.ch\/it\/pregnancy-zone-2\/come-ci-si-prende-cura-di-se-durante-la-gravidanza\/supporto-del-partner\"\n    class=\"!no-underline flex flex-col items-start h-full [&#038;_img]:w-full [&#038;_img]:h-full [&#038;_img]:object-cover group-hover:[&#038;_img]:scale-105 [&#038;_img]:transition-all [&#038;_img]:duration-200 [&#038;_img]:ease-in-out pb-24\">\n    <div class=\"w-full h-[17rem] md:h-[25rem] xxl:h-[39rem]\">\n                    \n      \n\t\n\t\t\n\t\t\t\n\t<figure class=\"overflow-hidden \">\n\n\t\t\n\t\t\t\t\t\t<img decoding=\"async\" src=\"https:\/\/famicord.ch\/wp-content\/uploads\/2025\/07\/Unterstuetzung_Partner.webp\" alt=\"Immagine\"  loading=\"lazy\"  width=\"640\" height=\"427\"\/>\n\n\t\t\n\t<\/figure>\n\n\n\t\t\n\t\n    <\/div>\n\n          <p class=\"lead-paragraph text-blue mt-24 px-8 xl:px-24 mb-8 line-clamp-2\">\n        Supporto del partner durante la gravidanza\n      <\/p>\n    \n    \n    <span class=\"link link--tertiary mt-24 ml-8 xl:ml-24\">\n      Per saperne di pi\u00f9\n      <span class=\"text-blue\"><svg width=\"11\" height=\"8\" viewbox=\"0 0 11 8\" fill=\"none\" xmlns=\"http:\/\/www.w3.org\/2000\/svg\">\n\t<path d=\"M7.442 7.264L6.63 6.438L8.604 4.52H0.232V3.344H8.59L6.63 1.426L7.442 0.613999L10.76 3.932L7.442 7.264Z\" fill=\"currentColor\"\/>\n<\/svg>\n<\/span>\n    <\/span>\n  <\/a>\n<\/li>\n                                                    <li class=\"splide__slide [&#038;_figure]:h-[17rem] md:[&#038;_figure]:h-[25rem] xxl:[&#038;_figure]:h-[39rem] [&#038;_figure]:rounded-bl-16 [&#038;_figure]:rounded-br-16 [&#038;_figure]:rounded-tr-16 group\">\n  <a href=\"https:\/\/famicord.ch\/it\/pregnancy-zone-2\/come-ci-si-prende-cura-di-se-durante-la-gravidanza\/zenzero\"\n    class=\"!no-underline flex flex-col items-start h-full [&#038;_img]:w-full [&#038;_img]:h-full [&#038;_img]:object-cover group-hover:[&#038;_img]:scale-105 [&#038;_img]:transition-all [&#038;_img]:duration-200 [&#038;_img]:ease-in-out pb-24\">\n    <div class=\"w-full h-[17rem] md:h-[25rem] xxl:h-[39rem]\">\n                    \n      \n\t\n\t\t\n\t\t\t\n\t<figure class=\"overflow-hidden \">\n\n\t\t\n\t\t\t\t\t\t<img decoding=\"async\" src=\"https:\/\/famicord.ch\/wp-content\/uploads\/2025\/07\/Ingwer-768x513.webp\" alt=\"Immagine\"  loading=\"lazy\"  width=\"768\" height=\"513\"\/>\n\n\t\t\n\t<\/figure>\n\n\n\t\t\n\t\n    <\/div>\n\n          <p class=\"lead-paragraph text-blue mt-24 px-8 xl:px-24 mb-8 line-clamp-2\">\n        Zenzero in gravidanza \u2013 \u00c8 consentito?\n      <\/p>\n    \n    \n    <span class=\"link link--tertiary mt-24 ml-8 xl:ml-24\">\n      Per saperne di pi\u00f9\n      <span class=\"text-blue\"><svg width=\"11\" height=\"8\" viewbox=\"0 0 11 8\" fill=\"none\" xmlns=\"http:\/\/www.w3.org\/2000\/svg\">\n\t<path d=\"M7.442 7.264L6.63 6.438L8.604 4.52H0.232V3.344H8.59L6.63 1.426L7.442 0.613999L10.76 3.932L7.442 7.264Z\" fill=\"currentColor\"\/>\n<\/svg>\n<\/span>\n    <\/span>\n  <\/a>\n<\/li>\n                                                    <li class=\"splide__slide [&#038;_figure]:h-[17rem] md:[&#038;_figure]:h-[25rem] xxl:[&#038;_figure]:h-[39rem] [&#038;_figure]:rounded-bl-16 [&#038;_figure]:rounded-br-16 [&#038;_figure]:rounded-tr-16 group\">\n  <a href=\"https:\/\/famicord.ch\/it\/pregnancy-zone-2\/come-ci-si-prende-cura-di-se-durante-la-gravidanza\/sacco-gestazionale\"\n    class=\"!no-underline flex flex-col items-start h-full [&#038;_img]:w-full [&#038;_img]:h-full [&#038;_img]:object-cover group-hover:[&#038;_img]:scale-105 [&#038;_img]:transition-all [&#038;_img]:duration-200 [&#038;_img]:ease-in-out pb-24\">\n    <div class=\"w-full h-[17rem] md:h-[25rem] xxl:h-[39rem]\">\n                    \n      \n\t\n\t\t\n\t\t\t\n\t<figure class=\"overflow-hidden \">\n\n\t\t\n\t\t\t\t\t\t<img decoding=\"async\" src=\"https:\/\/famicord.ch\/wp-content\/uploads\/2025\/07\/Fruchthoehle.webp\" alt=\"Immagine\"  loading=\"lazy\"  width=\"640\" height=\"427\"\/>\n\n\t\t\n\t<\/figure>\n\n\n\t\t\n\t\n    <\/div>\n\n          <p class=\"lead-paragraph text-blue mt-24 px-8 xl:px-24 mb-8 line-clamp-2\">\n        Sacco gestazionale \u2013 qual \u00e8 la sua funzione?\n      <\/p>\n    \n    \n    <span class=\"link link--tertiary mt-24 ml-8 xl:ml-24\">\n      Per saperne di pi\u00f9\n      <span class=\"text-blue\"><svg width=\"11\" height=\"8\" viewbox=\"0 0 11 8\" fill=\"none\" xmlns=\"http:\/\/www.w3.org\/2000\/svg\">\n\t<path d=\"M7.442 7.264L6.63 6.438L8.604 4.52H0.232V3.344H8.59L6.63 1.426L7.442 0.613999L10.76 3.932L7.442 7.264Z\" fill=\"currentColor\"\/>\n<\/svg>\n<\/span>\n    <\/span>\n  <\/a>\n<\/li>\n                                                    <li class=\"splide__slide [&#038;_figure]:h-[17rem] md:[&#038;_figure]:h-[25rem] xxl:[&#038;_figure]:h-[39rem] [&#038;_figure]:rounded-bl-16 [&#038;_figure]:rounded-br-16 [&#038;_figure]:rounded-tr-16 group\">\n  <a href=\"https:\/\/famicord.ch\/it\/pregnancy-zone-2\/come-ci-si-prende-cura-di-se-durante-la-gravidanza\/integratori-alimentari\"\n    class=\"!no-underline flex flex-col items-start h-full [&#038;_img]:w-full [&#038;_img]:h-full [&#038;_img]:object-cover group-hover:[&#038;_img]:scale-105 [&#038;_img]:transition-all [&#038;_img]:duration-200 [&#038;_img]:ease-in-out pb-24\">\n    <div class=\"w-full h-[17rem] md:h-[25rem] xxl:h-[39rem]\">\n                    \n      \n\t\n\t\t\n\t\t\t\n\t<figure class=\"overflow-hidden \">\n\n\t\t\n\t\t\t\t\t\t<img decoding=\"async\" src=\"https:\/\/famicord.ch\/wp-content\/uploads\/2025\/06\/Nahrungsergaenzungsmittel.webp\" alt=\"Immagine\"  loading=\"lazy\"  width=\"480\" height=\"480\"\/>\n\n\t\t\n\t<\/figure>\n\n\n\t\t\n\t\n    <\/div>\n\n          <p class=\"lead-paragraph text-blue mt-24 px-8 xl:px-24 mb-8 line-clamp-2\">\n        Integratori alimentari in gravidanza \u2013 assumere o no?\n      <\/p>\n    \n    \n    <span class=\"link link--tertiary mt-24 ml-8 xl:ml-24\">\n      Per saperne di pi\u00f9\n      <span class=\"text-blue\"><svg width=\"11\" height=\"8\" viewbox=\"0 0 11 8\" fill=\"none\" xmlns=\"http:\/\/www.w3.org\/2000\/svg\">\n\t<path d=\"M7.442 7.264L6.63 6.438L8.604 4.52H0.232V3.344H8.59L6.63 1.426L7.442 0.613999L10.76 3.932L7.442 7.264Z\" fill=\"currentColor\"\/>\n<\/svg>\n<\/span>\n    <\/span>\n  <\/a>\n<\/li>\n                                                    <li class=\"splide__slide [&#038;_figure]:h-[17rem] md:[&#038;_figure]:h-[25rem] xxl:[&#038;_figure]:h-[39rem] [&#038;_figure]:rounded-bl-16 [&#038;_figure]:rounded-br-16 [&#038;_figure]:rounded-tr-16 group\">\n  <a href=\"https:\/\/famicord.ch\/it\/pregnancy-zone-2\/come-ci-si-prende-cura-di-se-durante-la-gravidanza\/contrazioni-del-parto-cosa-bisogna-sapere\"\n    class=\"!no-underline flex flex-col items-start h-full [&#038;_img]:w-full [&#038;_img]:h-full [&#038;_img]:object-cover group-hover:[&#038;_img]:scale-105 [&#038;_img]:transition-all [&#038;_img]:duration-200 [&#038;_img]:ease-in-out pb-24\">\n    <div class=\"w-full h-[17rem] md:h-[25rem] xxl:h-[39rem]\">\n                    \n      \n\t\n\t\t\n\t\t\t\n\t<figure class=\"overflow-hidden \">\n\n\t\t\n\t\t\t\t\t\t<img decoding=\"async\" src=\"https:\/\/famicord.ch\/wp-content\/uploads\/2025\/06\/Geburtswehen_2.webp\" alt=\"Immagine\"  loading=\"lazy\"  width=\"640\" height=\"426\"\/>\n\n\t\t\n\t<\/figure>\n\n\n\t\t\n\t\n    <\/div>\n\n          <p class=\"lead-paragraph text-blue mt-24 px-8 xl:px-24 mb-8 line-clamp-2\">\n        Contrazioni del parto \u2013 cosa bisogna sapere\n      <\/p>\n    \n    \n    <span class=\"link link--tertiary mt-24 ml-8 xl:ml-24\">\n      Per saperne di pi\u00f9\n      <span class=\"text-blue\"><svg width=\"11\" height=\"8\" viewbox=\"0 0 11 8\" fill=\"none\" xmlns=\"http:\/\/www.w3.org\/2000\/svg\">\n\t<path d=\"M7.442 7.264L6.63 6.438L8.604 4.52H0.232V3.344H8.59L6.63 1.426L7.442 0.613999L10.76 3.932L7.442 7.264Z\" fill=\"currentColor\"\/>\n<\/svg>\n<\/span>\n    <\/span>\n  <\/a>\n<\/li>\n                                                    <li class=\"splide__slide [&#038;_figure]:h-[17rem] md:[&#038;_figure]:h-[25rem] xxl:[&#038;_figure]:h-[39rem] [&#038;_figure]:rounded-bl-16 [&#038;_figure]:rounded-br-16 [&#038;_figure]:rounded-tr-16 group\">\n  <a href=\"https:\/\/famicord.ch\/it\/pregnancy-zone-2\/come-ci-si-prende-cura-di-se-durante-la-gravidanza\/primi-movimenti-del-bambino\"\n    class=\"!no-underline flex flex-col items-start h-full [&#038;_img]:w-full [&#038;_img]:h-full [&#038;_img]:object-cover group-hover:[&#038;_img]:scale-105 [&#038;_img]:transition-all [&#038;_img]:duration-200 [&#038;_img]:ease-in-out pb-24\">\n    <div class=\"w-full h-[17rem] md:h-[25rem] xxl:h-[39rem]\">\n                    \n      \n\t\n\t\t\n\t\t\t\n\t<figure class=\"overflow-hidden \">\n\n\t\t\n\t\t\t\t\t\t<img decoding=\"async\" src=\"https:\/\/famicord.ch\/wp-content\/uploads\/2025\/06\/Bewegung_Baby.webp\" alt=\"Immagine\"  loading=\"lazy\"  width=\"640\" height=\"427\"\/>\n\n\t\t\n\t<\/figure>\n\n\n\t\t\n\t\n    <\/div>\n\n          <p class=\"lead-paragraph text-blue mt-24 px-8 xl:px-24 mb-8 line-clamp-2\">\n        I primi movimenti del bambino \u2013 quando si iniziano a sentire?\n      <\/p>\n    \n    \n    <span class=\"link link--tertiary mt-24 ml-8 xl:ml-24\">\n      Per saperne di pi\u00f9\n      <span class=\"text-blue\"><svg width=\"11\" height=\"8\" viewbox=\"0 0 11 8\" fill=\"none\" xmlns=\"http:\/\/www.w3.org\/2000\/svg\">\n\t<path d=\"M7.442 7.264L6.63 6.438L8.604 4.52H0.232V3.344H8.59L6.63 1.426L7.442 0.613999L10.76 3.932L7.442 7.264Z\" fill=\"currentColor\"\/>\n<\/svg>\n<\/span>\n    <\/span>\n  <\/a>\n<\/li>\n                        \n                    <\/ul>\n                <\/div>\n            <\/div>\n        <\/div>\n\n    <\/section>\n\n\n\n\n    <div class=\"container\">\n                    \n    <h2   class=\"h3  text-blue mb-24 lg:mb-40\">\n\n            News\n\n    <\/h2>\n\n        \n                    <div class=\"max-w-[88rem] mt-24 mb-48 lg:mt-40 lg:mb-80 lg:pl-100\">\n                                    <div>Notizie dal campo delle cellule staminali del cordone ombelicale<\/div>\n                \n                                    \n\t\n\t\n\t\t\t\t\t<a href=\"\/it\/pregnancy-zone-2\/news-it\" target=\"_self\"  class=\"button primary w-full md:w-auto mt-24 lg:mt-40 \">\n        \n        \n                    Visualizza tutti gli articoli\n        \n        \n        \n                    <\/a>\n\t\t\n\t\n                            <\/div>\n            <\/div>\n\n    <section class=\"posts-slider sliders-styles section-margin relative\">\n\n                    <div class=\"side-gradient--left hidden lg:block hide absolute z-10 top-0 left-0 w-60 md:w-80 xl:w-100 h-full bg-gradient-to-r from-white to-transparent\"><\/div>\n<div class=\"side-gradient--right absolute z-10 top-0 right-0 w-60 md:w-80 xl:w-100 h-full bg-gradient-to-l from-white to-transparent\"><\/div>\n        \n        <div class=\"container relative\">\n                            <a role=\"button\" class=\"posts-slider__prev-button navigation-button hide hidden xl:grid xl:place-content-center absolute z-20 left-0 top-40 xxl:top-[27%]\"><svg xmlns=\"http:\/\/www.w3.org\/2000\/svg\" width=\"24\" height=\"24\" viewbox=\"0 0 24 24\" fill=\"none\">\n\t<path d=\"M20.25 12L3.75 12M3.75 12L10.5 18.75M3.75 12L10.5 5.25\" stroke=\"#1B1B1B\" stroke-width=\"1.5\" stroke-linecap=\"round\" stroke-linejoin=\"round\"\/>\n<\/svg>\n<\/a>\n<a role=\"button\" class=\"posts-slider__next-button navigation-button hidden xl:grid xl:place-content-center absolute z-20 right-0 top-40 xxl:top-[27%]\"><svg xmlns=\"http:\/\/www.w3.org\/2000\/svg\" width=\"24\" height=\"24\" viewbox=\"0 0 24 24\" fill=\"none\">\n\t<path d=\"M3.75 12H20.25M20.25 12L13.5 5.25M20.25 12L13.5 18.75\" stroke=\"currentColor\" stroke-width=\"1.5\" stroke-linecap=\"round\" stroke-linejoin=\"round\"\/>\n<\/svg>\n<\/a>\n            \n            <div class=\"splide\">\n                <div class=\"splide__track !overflow-visible\">\n                    <ul class=\"splide__list\">\n\n                                                    <li class=\"splide__slide [&#038;_figure]:h-[17rem] md:[&#038;_figure]:h-[25rem] xxl:[&#038;_figure]:h-[39rem] [&#038;_figure]:rounded-bl-16 [&#038;_figure]:rounded-br-16 [&#038;_figure]:rounded-tr-16 group\">\n  <a href=\"https:\/\/famicord.ch\/it\/pregnancy-zone-2\/news-it\/lidias-geschichte\"\n    class=\"!no-underline flex flex-col items-start h-full [&#038;_img]:w-full [&#038;_img]:h-full [&#038;_img]:object-cover group-hover:[&#038;_img]:scale-105 [&#038;_img]:transition-all [&#038;_img]:duration-200 [&#038;_img]:ease-in-out pb-24\">\n    <div class=\"w-full h-[17rem] md:h-[25rem] xxl:h-[39rem]\">\n                    \n      \n\t\n\t\t\n\t\t\t\n\t<figure class=\"overflow-hidden \">\n\n\t\t\n\t\t\t\t\t\t<img decoding=\"async\" src=\"https:\/\/famicord.ch\/wp-content\/uploads\/2024\/08\/Lidki-768x432.webp\" alt=\"Immagine\"  loading=\"lazy\"  width=\"768\" height=\"432\"\/>\n\n\t\t\n\t<\/figure>\n\n\n\t\t\n\t\n    <\/div>\n\n          <p class=\"lead-paragraph text-blue mt-24 px-8 xl:px-24 mb-8 line-clamp-2\">\n        La storia di Lidia &#8211; Terapia con cellule staminali per l&#8217;atassia cerebellare spinocerebellare\n      <\/p>\n    \n          <div class=\"mt-12 mb-24 text-black px-8 xl:px-24 line-clamp-4 [&#038;_strong]:font-normal\">\n        Lidia \u00e8 nata prematura a 29 settimane di gestazione. Nel primo anno di vita, alla bambina \u00e8 stata diagnosticata l&#8217;atassia spino-cerebellare e la malattia di Hirschsprung. L&#8217;atassia spino-cerebellare \u00e8 una rara malattia neurologica caratterizzata, tra l&#8217;altro, da difficolt\u00e0 di coordinamento motorio. La malattia di Hirschsprung \u00e8 un raro disturbo congenito dell&#8217;innervazione intestinale, geneticamente determinato.\n      <\/div>\n    \n    <span class=\"link link--tertiary mt-24 ml-8 xl:ml-24\">\n      Per saperne di pi\u00f9\n      <span class=\"text-blue\"><svg width=\"11\" height=\"8\" viewbox=\"0 0 11 8\" fill=\"none\" xmlns=\"http:\/\/www.w3.org\/2000\/svg\">\n\t<path d=\"M7.442 7.264L6.63 6.438L8.604 4.52H0.232V3.344H8.59L6.63 1.426L7.442 0.613999L10.76 3.932L7.442 7.264Z\" fill=\"currentColor\"\/>\n<\/svg>\n<\/span>\n    <\/span>\n  <\/a>\n<\/li>\n                                                    <li class=\"splide__slide [&#038;_figure]:h-[17rem] md:[&#038;_figure]:h-[25rem] xxl:[&#038;_figure]:h-[39rem] [&#038;_figure]:rounded-bl-16 [&#038;_figure]:rounded-br-16 [&#038;_figure]:rounded-tr-16 group\">\n  <a href=\"https:\/\/famicord.ch\/it\/pregnancy-zone-2\/news-it\/nabelschnurblut-rettet-maedchen-mit-schwerer-pulmonaler-hypertonie\"\n    class=\"!no-underline flex flex-col items-start h-full [&#038;_img]:w-full [&#038;_img]:h-full [&#038;_img]:object-cover group-hover:[&#038;_img]:scale-105 [&#038;_img]:transition-all [&#038;_img]:duration-200 [&#038;_img]:ease-in-out pb-24\">\n    <div class=\"w-full h-[17rem] md:h-[25rem] xxl:h-[39rem]\">\n                    \n      \n\t\n\t\t\n\t\t\t\n\t<figure class=\"overflow-hidden \">\n\n\t\t\n\t\t\t\t\t\t<img decoding=\"async\" src=\"https:\/\/famicord.ch\/wp-content\/uploads\/2024\/08\/Pulmonale_Hypertonie-768x513.webp\" alt=\"Immagine\"  loading=\"lazy\"  width=\"768\" height=\"513\"\/>\n\n\t\t\n\t<\/figure>\n\n\n\t\t\n\t\n    <\/div>\n\n          <p class=\"lead-paragraph text-blue mt-24 px-8 xl:px-24 mb-8 line-clamp-2\">\n        Il sangue del cordone ombelicale salva una bambina con grave ipertensione polmonare\n      <\/p>\n    \n          <div class=\"mt-12 mb-24 text-black px-8 xl:px-24 line-clamp-4 [&#038;_strong]:font-normal\">\n        Le cellule staminali derivate dal sangue del cordone ombelicale sono utilizzate come trattamento standard per 80 malattie. Negli ultimi anni sono stati pubblicati nuovi rapporti sull&#8217;uso di queste cellule per altre malattie. I medici tedeschi le hanno utilizzate con successo per trattare l&#8217;ipertensione polmonare di una bambina di 3 anni.\n      <\/div>\n    \n    <span class=\"link link--tertiary mt-24 ml-8 xl:ml-24\">\n      Per saperne di pi\u00f9\n      <span class=\"text-blue\"><svg width=\"11\" height=\"8\" viewbox=\"0 0 11 8\" fill=\"none\" xmlns=\"http:\/\/www.w3.org\/2000\/svg\">\n\t<path d=\"M7.442 7.264L6.63 6.438L8.604 4.52H0.232V3.344H8.59L6.63 1.426L7.442 0.613999L10.76 3.932L7.442 7.264Z\" fill=\"currentColor\"\/>\n<\/svg>\n<\/span>\n    <\/span>\n  <\/a>\n<\/li>\n                                                    <li class=\"splide__slide [&#038;_figure]:h-[17rem] md:[&#038;_figure]:h-[25rem] xxl:[&#038;_figure]:h-[39rem] [&#038;_figure]:rounded-bl-16 [&#038;_figure]:rounded-br-16 [&#038;_figure]:rounded-tr-16 group\">\n  <a href=\"https:\/\/famicord.ch\/it\/pregnancy-zone-2\/news-it\/trattamento-con-cellule-staminali-per-linfertilita\"\n    class=\"!no-underline flex flex-col items-start h-full [&#038;_img]:w-full [&#038;_img]:h-full [&#038;_img]:object-cover group-hover:[&#038;_img]:scale-105 [&#038;_img]:transition-all [&#038;_img]:duration-200 [&#038;_img]:ease-in-out pb-24\">\n    <div class=\"w-full h-[17rem] md:h-[25rem] xxl:h-[39rem]\">\n                    \n      \n\t\n\t\t\n\t\t\t\n\t<figure class=\"overflow-hidden \">\n\n\t\t\n\t\t\t\t\t\t<img decoding=\"async\" src=\"https:\/\/famicord.ch\/wp-content\/uploads\/2024\/08\/SZ_Unfruchtbarkeit-768x509.webp\" alt=\"Immagine\"  loading=\"lazy\"  width=\"768\" height=\"509\"\/>\n\n\t\t\n\t<\/figure>\n\n\n\t\t\n\t\n    <\/div>\n\n          <p class=\"lead-paragraph text-blue mt-24 px-8 xl:px-24 mb-8 line-clamp-2\">\n        Trattamento con cellule staminali per l&#8217;infertilit\u00e0\n      <\/p>\n    \n          <div class=\"mt-12 mb-24 text-black px-8 xl:px-24 line-clamp-4 [&#038;_strong]:font-normal\">\n        L&#8217;infertilit\u00e0 \u00e8 un problema che colpisce circa il 15% delle coppie in tutto il mondo. Per questo motivo, gli specialisti di tutto il mondo sono costantemente alla ricerca di nuove opzioni terapeutiche. Una possibilit\u00e0 sembra essere l&#8217;uso delle cellule staminali nella terapia.\n      <\/div>\n    \n    <span class=\"link link--tertiary mt-24 ml-8 xl:ml-24\">\n      Per saperne di pi\u00f9\n      <span class=\"text-blue\"><svg width=\"11\" height=\"8\" viewbox=\"0 0 11 8\" fill=\"none\" xmlns=\"http:\/\/www.w3.org\/2000\/svg\">\n\t<path d=\"M7.442 7.264L6.63 6.438L8.604 4.52H0.232V3.344H8.59L6.63 1.426L7.442 0.613999L10.76 3.932L7.442 7.264Z\" fill=\"currentColor\"\/>\n<\/svg>\n<\/span>\n    <\/span>\n  <\/a>\n<\/li>\n                                                    <li class=\"splide__slide [&#038;_figure]:h-[17rem] md:[&#038;_figure]:h-[25rem] xxl:[&#038;_figure]:h-[39rem] [&#038;_figure]:rounded-bl-16 [&#038;_figure]:rounded-br-16 [&#038;_figure]:rounded-tr-16 group\">\n  <a href=\"https:\/\/famicord.ch\/it\/pregnancy-zone-2\/news-it\/cellule-staminali-del-sangue-del-cordone-ombelicale-hanno-curato-un-paziente-affetto-da-hiv\"\n    class=\"!no-underline flex flex-col items-start h-full [&#038;_img]:w-full [&#038;_img]:h-full [&#038;_img]:object-cover group-hover:[&#038;_img]:scale-105 [&#038;_img]:transition-all [&#038;_img]:duration-200 [&#038;_img]:ease-in-out pb-24\">\n    <div class=\"w-full h-[17rem] md:h-[25rem] xxl:h-[39rem]\">\n                    \n      \n\t\n\t\t\n\t\t\t\n\t<figure class=\"overflow-hidden \">\n\n\t\t\n\t\t\t\t\t\t<img decoding=\"async\" src=\"https:\/\/famicord.ch\/wp-content\/uploads\/2024\/08\/HIV.webp\" alt=\"Immagine\"  loading=\"lazy\"  width=\"672\" height=\"444\"\/>\n\n\t\t\n\t<\/figure>\n\n\n\t\t\n\t\n    <\/div>\n\n          <p class=\"lead-paragraph text-blue mt-24 px-8 xl:px-24 mb-8 line-clamp-2\">\n        Le cellule staminali del sangue del cordone ombelicale hanno curato un paziente affetto da HIV\n      <\/p>\n    \n          <div class=\"mt-12 mb-24 text-black px-8 xl:px-24 line-clamp-4 [&#038;_strong]:font-normal\">\n        La notizia che una donna statunitense \u00e8 diventata la terza persona al mondo ad essere guarita dall&#8217;infezione da HIV ha fatto recentemente il giro del mondo. Una malattia che prima era considerata incurabile pu\u00f2 essere trattata con successo grazie alle cellule staminali del sangue del cordone ombelicale. Si tratta di una grande speranza sia per i pazienti che per i ricercatori.\n      <\/div>\n    \n    <span class=\"link link--tertiary mt-24 ml-8 xl:ml-24\">\n      Per saperne di pi\u00f9\n      <span class=\"text-blue\"><svg width=\"11\" height=\"8\" viewbox=\"0 0 11 8\" fill=\"none\" xmlns=\"http:\/\/www.w3.org\/2000\/svg\">\n\t<path d=\"M7.442 7.264L6.63 6.438L8.604 4.52H0.232V3.344H8.59L6.63 1.426L7.442 0.613999L10.76 3.932L7.442 7.264Z\" fill=\"currentColor\"\/>\n<\/svg>\n<\/span>\n    <\/span>\n  <\/a>\n<\/li>\n                        \n                    <\/ul>\n                <\/div>\n            <\/div>\n        <\/div>\n\n    <\/section>\n","protected":false},"excerpt":{"rendered":"","protected":false},"author":1,"featured_media":0,"parent":0,"menu_order":0,"comment_status":"closed","ping_status":"closed","template":"","meta":{"_acf_changed":false,"inline_featured_image":false,"editor_plus_copied_stylings":"{}","footnotes":""},"class_list":["post-3884","page","type-page","status-publish","hentry"],"acf":[],"yoast_head":"<!-- This site is optimized with the Yoast SEO plugin v27.5 - https:\/\/yoast.com\/product\/yoast-seo-wordpress\/ -->\n<title>FamiBlog \u2013 La tua guida durante la gravidanza<\/title>\n<meta name=\"description\" content=\"Accompagna la tua gravidanza con FamiBlog: consigli su salute, alimentazione, sviluppo del bambino e benessere della futura mamma. Scopri di pi\u00f9!\" \/>\n<meta name=\"robots\" content=\"index, follow, max-snippet:-1, max-image-preview:large, max-video-preview:-1\" \/>\n<link rel=\"canonical\" href=\"https:\/\/famicord.ch\/it\/pregnancy-zone-2\" \/>\n<meta property=\"og:locale\" content=\"it_IT\" \/>\n<meta property=\"og:type\" content=\"article\" \/>\n<meta property=\"og:title\" content=\"FamiBlog \u2013 La tua guida durante la gravidanza\" \/>\n<meta property=\"og:description\" content=\"Accompagna la tua gravidanza con FamiBlog: consigli su salute, alimentazione, sviluppo del bambino e benessere della futura mamma. Scopri di pi\u00f9!\" \/>\n<meta property=\"og:url\" content=\"https:\/\/famicord.ch\/it\/pregnancy-zone-2\" \/>\n<meta property=\"og:site_name\" content=\"Famicord Suisse\" \/>\n<meta property=\"article:modified_time\" content=\"2025-11-26T13:35:33+00:00\" \/>\n<meta name=\"twitter:card\" content=\"summary_large_image\" \/>\n<script type=\"application\/ld+json\" class=\"yoast-schema-graph\">{\"@context\":\"https:\\\/\\\/schema.org\",\"@graph\":[{\"@type\":\"WebPage\",\"@id\":\"https:\\\/\\\/famicord.ch\\\/it\\\/pregnancy-zone-2\",\"url\":\"https:\\\/\\\/famicord.ch\\\/it\\\/pregnancy-zone-2\",\"name\":\"FamiBlog \u2013 La tua guida durante la gravidanza\",\"isPartOf\":{\"@id\":\"https:\\\/\\\/famicord.ch\\\/it#website\"},\"datePublished\":\"2024-07-19T13:25:12+00:00\",\"dateModified\":\"2025-11-26T13:35:33+00:00\",\"description\":\"Accompagna la tua gravidanza con FamiBlog: consigli su salute, alimentazione, sviluppo del bambino e benessere della futura mamma. Scopri di pi\u00f9!\",\"breadcrumb\":{\"@id\":\"https:\\\/\\\/famicord.ch\\\/it\\\/pregnancy-zone-2#breadcrumb\"},\"inLanguage\":\"it-CH\",\"potentialAction\":[{\"@type\":\"ReadAction\",\"target\":[\"https:\\\/\\\/famicord.ch\\\/it\\\/pregnancy-zone-2\"]}]},{\"@type\":\"BreadcrumbList\",\"@id\":\"https:\\\/\\\/famicord.ch\\\/it\\\/pregnancy-zone-2#breadcrumb\",\"itemListElement\":[{\"@type\":\"ListItem\",\"position\":1,\"name\":\"Home\",\"item\":\"https:\\\/\\\/famicord.ch\\\/it\"},{\"@type\":\"ListItem\",\"position\":2,\"name\":\"FamiBlog\"}]},{\"@type\":\"WebSite\",\"@id\":\"https:\\\/\\\/famicord.ch\\\/it#website\",\"url\":\"https:\\\/\\\/famicord.ch\\\/it\",\"name\":\"Famicord.ch\",\"description\":\"\",\"potentialAction\":[{\"@type\":\"SearchAction\",\"target\":{\"@type\":\"EntryPoint\",\"urlTemplate\":\"https:\\\/\\\/famicord.ch\\\/it?s={search_term_string}\"},\"query-input\":{\"@type\":\"PropertyValueSpecification\",\"valueRequired\":true,\"valueName\":\"search_term_string\"}}],\"inLanguage\":\"it-CH\"}]}<\/script>\n<!-- \/ Yoast SEO plugin. -->","yoast_head_json":{"title":"FamiBlog \u2013 La tua guida durante la gravidanza","description":"Accompagna la tua gravidanza con FamiBlog: consigli su salute, alimentazione, sviluppo del bambino e benessere della futura mamma. Scopri di pi\u00f9!","robots":{"index":"index","follow":"follow","max-snippet":"max-snippet:-1","max-image-preview":"max-image-preview:large","max-video-preview":"max-video-preview:-1"},"canonical":"https:\/\/famicord.ch\/it\/pregnancy-zone-2","og_locale":"it_IT","og_type":"article","og_title":"FamiBlog \u2013 La tua guida durante la gravidanza","og_description":"Accompagna la tua gravidanza con FamiBlog: consigli su salute, alimentazione, sviluppo del bambino e benessere della futura mamma. Scopri di pi\u00f9!","og_url":"https:\/\/famicord.ch\/it\/pregnancy-zone-2","og_site_name":"Famicord Suisse","article_modified_time":"2025-11-26T13:35:33+00:00","twitter_card":"summary_large_image","schema":{"@context":"https:\/\/schema.org","@graph":[{"@type":"WebPage","@id":"https:\/\/famicord.ch\/it\/pregnancy-zone-2","url":"https:\/\/famicord.ch\/it\/pregnancy-zone-2","name":"FamiBlog \u2013 La tua guida durante la gravidanza","isPartOf":{"@id":"https:\/\/famicord.ch\/it#website"},"datePublished":"2024-07-19T13:25:12+00:00","dateModified":"2025-11-26T13:35:33+00:00","description":"Accompagna la tua gravidanza con FamiBlog: consigli su salute, alimentazione, sviluppo del bambino e benessere della futura mamma. Scopri di pi\u00f9!","breadcrumb":{"@id":"https:\/\/famicord.ch\/it\/pregnancy-zone-2#breadcrumb"},"inLanguage":"it-CH","potentialAction":[{"@type":"ReadAction","target":["https:\/\/famicord.ch\/it\/pregnancy-zone-2"]}]},{"@type":"BreadcrumbList","@id":"https:\/\/famicord.ch\/it\/pregnancy-zone-2#breadcrumb","itemListElement":[{"@type":"ListItem","position":1,"name":"Home","item":"https:\/\/famicord.ch\/it"},{"@type":"ListItem","position":2,"name":"FamiBlog"}]},{"@type":"WebSite","@id":"https:\/\/famicord.ch\/it#website","url":"https:\/\/famicord.ch\/it","name":"Famicord.ch","description":"","potentialAction":[{"@type":"SearchAction","target":{"@type":"EntryPoint","urlTemplate":"https:\/\/famicord.ch\/it?s={search_term_string}"},"query-input":{"@type":"PropertyValueSpecification","valueRequired":true,"valueName":"search_term_string"}}],"inLanguage":"it-CH"}]}},"_links":{"self":[{"href":"https:\/\/famicord.ch\/it\/wp-json\/wp\/v2\/pages\/3884","targetHints":{"allow":["GET"]}}],"collection":[{"href":"https:\/\/famicord.ch\/it\/wp-json\/wp\/v2\/pages"}],"about":[{"href":"https:\/\/famicord.ch\/it\/wp-json\/wp\/v2\/types\/page"}],"author":[{"embeddable":true,"href":"https:\/\/famicord.ch\/it\/wp-json\/wp\/v2\/users\/1"}],"replies":[{"embeddable":true,"href":"https:\/\/famicord.ch\/it\/wp-json\/wp\/v2\/comments?post=3884"}],"version-history":[{"count":10,"href":"https:\/\/famicord.ch\/it\/wp-json\/wp\/v2\/pages\/3884\/revisions"}],"predecessor-version":[{"id":11673,"href":"https:\/\/famicord.ch\/it\/wp-json\/wp\/v2\/pages\/3884\/revisions\/11673"}],"wp:attachment":[{"href":"https:\/\/famicord.ch\/it\/wp-json\/wp\/v2\/media?parent=3884"}],"curies":[{"name":"wp","href":"https:\/\/api.w.org\/{rel}","templated":true}]}}