{"id":3883,"date":"2024-07-19T15:25:12","date_gmt":"2024-07-19T13:25:12","guid":{"rendered":"https:\/\/wordpress-famicord-ch.empressia.dev\/pregnancy-zone-2"},"modified":"2025-11-26T14:32:08","modified_gmt":"2025-11-26T13:32:08","slug":"pregnancy-zone-2","status":"publish","type":"page","link":"https:\/\/famicord.ch\/fr\/pregnancy-zone-2","title":{"rendered":"FamiBlog"},"content":{"rendered":"\n<section class=\"hero flex flex-col justify-center bg-center bg-cover bg-no-repeat py-32 lg:py-48 mb-72 xl:mb-120 relative min-h-[20.5rem] xl:min-h-[26rem]\" style=\"background-image: url(https:\/\/famicord.ch\/wp-content\/uploads\/2024\/07\/default-hero-bg.webp)\">\n\t<div class=\"container items-center\">\n\t\t<h1 class=\"text-center text-blue max-w-[90%] md:max-w-[60%] lg:max-w-[80%] xxl:max-w-1200 mx-auto\">\n\t\t\t\t\t\t\t<span class=\"font-normal break-words\">FamiBlog<\/span>\n\t\t\t\n\t\t\t\n\t\t\t\t\t<\/h1>\n\t<\/div>\n\n\t<div class=\"absolute left-[-14rem] bottom-[-10.8rem] md:bottom-[-15.8rem] xl:bottom-[-20.3rem]\">\n\t\t<svg width=\"500\" height=\"500\" viewbox=\"0 0 500 500\" fill=\"none\" xmlns=\"http:\/\/www.w3.org\/2000\/svg\" class=\"size-180 md:size-260 xl:size-340\">\n\t\t\t<mask id=\"mask0_1511_27028\" style=\"mask-type:alpha\" maskunits=\"userSpaceOnUse\" x=\"0\" y=\"0\" width=\"500\" height=\"200\">\n\t\t\t\t<rect width=\"500\" height=\"200\" transform=\"matrix(-1 0 0 1 500 0)\" fill=\"#D9D9D9\"\/>\n\t\t\t<\/mask>\n\t\t\t<g mask=\"url(#mask0_1511_27028)\">\n\t\t\t\t<path d=\"M214.686 463.894C166.261 512.319 87.156 511.726 38.731 463.301C-9.69398 414.876 -10.2866 335.771 38.1384 287.346L287.04 38.4443C335.465 -9.98075 414.57 -9.3881 462.995 39.0369C511.42 87.4619 512.013 166.567 463.588 214.992L214.686 463.894Z\" fill=\"#FE6F20\"\/>\n\t\t\t<\/g>\n\t\t\t<path d=\"M214.404 462.612C166.377 510.639 87.7903 509.946 39.7484 461.905C-8.29344 413.863 -8.98578 335.276 39.0413 287.249L287.943 38.3476C335.97 -9.67956 414.556 -8.98719 462.598 39.0547C510.64 87.0966 511.333 165.683 463.305 213.71L214.404 462.612Z\" stroke=\"#FE6F20\" stroke-width=\"2\"\/>\n\t\t<\/svg>\n\t<\/div>\n\n\t<div class=\"absolute right-[-10rem] bottom-[-7.2rem] md:bottom-[-10.4rem] xl:bottom-[-13.6rem]\">\n\t\t<svg width=\"500\" height=\"500\" viewbox=\"0 0 500 500\" fill=\"none\" xmlns=\"http:\/\/www.w3.org\/2000\/svg\" class=\"size-180 md:size-260 xl:size-340\">\n\t\t\t<mask id=\"mask0_1511_27023\" style=\"mask-type:alpha\" maskunits=\"userSpaceOnUse\" x=\"0\" y=\"0\" width=\"500\" height=\"300\">\n\t\t\t\t<rect width=\"500\" height=\"300\" fill=\"#D9D9D9\"\/>\n\t\t\t<\/mask>\n\t\t\t<g mask=\"url(#mask0_1511_27023)\">\n\t\t\t\t<path d=\"M285.622 36.4146C334.047 -12.0104 413.069 -11.5011 461.494 36.9239C509.919 85.349 510.429 164.371 462.004 212.796L213.102 461.697C164.677 510.122 85.6552 509.613 37.2302 461.188C-11.1948 412.763 -11.7041 333.741 36.7209 285.316L285.622 36.4146Z\" fill=\"#1560DA\"\/>\n\t\t\t<\/g>\n\t\t\t<path d=\"M285.596 37.3883C333.623 -10.6388 412.21 -9.94644 460.252 38.0955C508.293 86.1373 508.986 164.724 460.959 212.751L212.057 461.652C164.03 509.68 85.4436 508.987 37.4017 460.945C-10.6402 412.903 -11.3325 334.317 36.6946 286.29L285.596 37.3883Z\" stroke=\"#1560DA\" stroke-width=\"2\"\/>\n\t\t<\/svg>\n\t<\/div>\n<\/section>\n\n\n<section class=\"embedded-search-form\">\n  <div class=\"container\">\n          \n    <p   class=\"h3 text-center text-blue font-normal \">\n\n            Chers futurs parents\n\n    <\/p>\n\n    \n          <div class=\"max-w-[77.8rem] mx-auto text-center mt-16 lg:mt-32\">\n        Bienvenue sur notre blog, o\u00f9 nous vous emmenons dans un voyage informatif \u00e0 travers le monde de la grossesse, de la conservation des cellules souches et au-del\u00e0. D\u00e9couvrez des articles passionnants, des conseils pratiques et des histoires inspirantes qui vous aideront \u00e0 traverser cette phase particuli\u00e8re de la vie.\n      <\/div>\n    \n        <div class=\"mt-32 lg:mt-56 mb-24 lg:mb-40\">\n      <form method=\"get\"\n  action=\"https:\/\/famicord.ch\/fr\"\n  class=\"flex items-center gap-24 max-w-[57.2rem] mx-auto relative\">\n  <p>Recherche:<\/p>\n\n  <input type=\"text\"\n    class=\"flex-1 rounded-24 bg-gray-light border-none px-24 pr-58 py-8 text-14 leading-[1.65] placeholder-gray-dark\"\n    name=\"s\"\n    placeholder=\"Terme de recherche...\"\n    value=\"\" \/>\n\n  <button class=\"absolute right-24 top-1\/2 -translate-y-1\/2 text-blue\">\n    <svg xmlns=\"http:\/\/www.w3.org\/2000\/svg\" width=\"24\" height=\"24\" viewBox=\"0 0 24 24\" fill=\"none\" class=\"h-24 w-24 search-form-icon\">\n    <path d=\"M15.8034 15.8034L21 21M18 10.5C18 14.6421 14.6421 18 10.5 18C6.35786 18 3 14.6421 3 10.5C3 6.35786 6.35786 3 10.5 3C14.6421 3 18 6.35786 18 10.5Z\" stroke=\"currentColor\" stroke-width=\"1.5\" stroke-linecap=\"round\" stroke-linejoin=\"round\"\/>\n<\/svg>\n\n  <\/button>\n<\/form>\n    <\/div>\n  <\/div>\n<\/section>\n\n\n  <section class=\"pregnancy-zone-taxonomy-navigation section-margin section-margin--small\">\n    <div class=\"container flex flex-col xl:flex-row xl:items-center xxxl:justify-center gap-12 xl:gap-x-24\">\n      <p class=\"shrink-0\">Aller \u00e0:<\/p>\n\n      <nav class=\"flex flex-wrap gap-10 lg:gap-16\">\n            \n<a href=\"https:\/\/famicord.ch\/fr\/pregnancy-zone-2\" class=\"text-12 leading-[2.6rem] rounded-16 px-16 border !no-underline bg-white text-black hover:text-blue border-black hover:border-blue\">Tout<\/a>\n\n                      \n<a href=\"https:\/\/famicord.ch\/fr\/pregnancy-zone-2\/calendrier-de-grossesse\" class=\"text-12 leading-[2.6rem] rounded-16 px-16 border !no-underline bg-white text-black hover:text-blue border-black hover:border-blue\">Calendrier de grossesse<\/a>\n                      \n<a href=\"https:\/\/famicord.ch\/fr\/pregnancy-zone-2\/troubles-de-la-grossesse\" class=\"text-12 leading-[2.6rem] rounded-16 px-16 border !no-underline bg-white text-black hover:text-blue border-black hover:border-blue\">Troubles de la grossesse<\/a>\n                      \n<a href=\"https:\/\/famicord.ch\/fr\/pregnancy-zone-2\/informations-sur-la-grossesse\" class=\"text-12 leading-[2.6rem] rounded-16 px-16 border !no-underline bg-white text-black hover:text-blue border-black hover:border-blue\">Informations sur la grossesse<\/a>\n                      \n<a href=\"https:\/\/famicord.ch\/fr\/pregnancy-zone-2\/news-fr\" class=\"text-12 leading-[2.6rem] rounded-16 px-16 border !no-underline bg-white text-black hover:text-blue border-black hover:border-blue\">News<\/a>\n              <\/nav>\n    <\/div>\n  <\/section>\n\n\n    <div class=\"container\">\n                    \n    <h2   class=\"h3  text-blue mb-24 lg:mb-40\">\n\n            Calendrier de grossesse\n\n    <\/h2>\n\n        \n                    <div class=\"max-w-[88rem] mt-24 mb-48 lg:mt-40 lg:mb-80 lg:pl-100\">\n                                    <div>Nous comprenons que la grossesse peut \u00eatre une p\u00e9riode pleine de joie, mais aussi de d\u00e9fis. Apprenez-en plus sur la mani\u00e8re de vous soutenir au mieux, vous et votre b\u00e9b\u00e9, pendant ce voyage particulier, et recevez de pr\u00e9cieux conseils pour faire face aux troubles qui surviennent fr\u00e9quemment.<br \/>\r\n<\/div>\n                \n                                    \n\t\n\t\n\t\t\t\t\t<a href=\"https:\/\/famicord.ch\/fr\/pregnancy-zone-2\/calendrier-de-grossesse\" target=\"_self\"  class=\"button primary w-full md:w-auto mt-24 lg:mt-40 \">\n        \n        \n                    Voir tous les articles\n        \n        \n        \n                    <\/a>\n\t\t\n\t\n                            <\/div>\n            <\/div>\n\n    <section class=\"posts-slider sliders-styles section-margin relative\">\n\n                    <div class=\"side-gradient--left hidden lg:block hide absolute z-10 top-0 left-0 w-60 md:w-80 xl:w-100 h-full bg-gradient-to-r from-white to-transparent\"><\/div>\n<div class=\"side-gradient--right absolute z-10 top-0 right-0 w-60 md:w-80 xl:w-100 h-full bg-gradient-to-l from-white to-transparent\"><\/div>\n        \n        <div class=\"container relative\">\n                            <a role=\"button\" class=\"posts-slider__prev-button navigation-button hide hidden xl:grid xl:place-content-center absolute z-20 left-0 top-40 xxl:top-[27%]\"><svg xmlns=\"http:\/\/www.w3.org\/2000\/svg\" width=\"24\" height=\"24\" viewbox=\"0 0 24 24\" fill=\"none\">\n\t<path d=\"M20.25 12L3.75 12M3.75 12L10.5 18.75M3.75 12L10.5 5.25\" stroke=\"#1B1B1B\" stroke-width=\"1.5\" stroke-linecap=\"round\" stroke-linejoin=\"round\"\/>\n<\/svg>\n<\/a>\n<a role=\"button\" class=\"posts-slider__next-button navigation-button hidden xl:grid xl:place-content-center absolute z-20 right-0 top-40 xxl:top-[27%]\"><svg xmlns=\"http:\/\/www.w3.org\/2000\/svg\" width=\"24\" height=\"24\" viewbox=\"0 0 24 24\" fill=\"none\">\n\t<path d=\"M3.75 12H20.25M20.25 12L13.5 5.25M20.25 12L13.5 18.75\" stroke=\"currentColor\" stroke-width=\"1.5\" stroke-linecap=\"round\" stroke-linejoin=\"round\"\/>\n<\/svg>\n<\/a>\n            \n            <div class=\"splide\">\n                <div class=\"splide__track !overflow-visible\">\n                    <ul class=\"splide__list\">\n\n                                                    <li class=\"splide__slide [&#038;_figure]:h-[17rem] md:[&#038;_figure]:h-[25rem] xxl:[&#038;_figure]:h-[39rem] [&#038;_figure]:rounded-bl-16 [&#038;_figure]:rounded-br-16 [&#038;_figure]:rounded-tr-16 group\">\n  <a href=\"https:\/\/famicord.ch\/fr\/pregnancy-zone-2\/calendrier-de-grossesse\/40-schwangerschaftswoche-welche-veraenderungen-finden-im-unterleib-der-schwangeren-statt\"\n    class=\"!no-underline flex flex-col items-start h-full [&#038;_img]:w-full [&#038;_img]:h-full [&#038;_img]:object-cover group-hover:[&#038;_img]:scale-105 [&#038;_img]:transition-all [&#038;_img]:duration-200 [&#038;_img]:ease-in-out pb-24\">\n    <div class=\"w-full h-[17rem] md:h-[25rem] xxl:h-[39rem]\">\n                    \n      \n\t\n\t\t\n\t\t\t\n\t<figure class=\"overflow-hidden \">\n\n\t\t\n\t\t\t\t\t\t<img decoding=\"async\" src=\"https:\/\/famicord.ch\/wp-content\/uploads\/2024\/08\/36_Arbuz.webp\" alt=\"Image\"  loading=\"lazy\"  width=\"610\" height=\"413\"\/>\n\n\t\t\n\t<\/figure>\n\n\n\t\t\n\t\n    <\/div>\n\n          <p class=\"lead-paragraph text-blue mt-24 px-8 xl:px-24 mb-8 line-clamp-2\">\n        40e semaine de grossesse &#8211; quels sont les changements qui se produisent dans le bas-ventre de la femme enceinte?\n      <\/p>\n    \n          <div class=\"mt-12 mb-24 text-black px-8 xl:px-24 line-clamp-4 [&#038;_strong]:font-normal\">\n        La 40e semaine de grossesse est la derni\u00e8re ligne droite du long voyage de 9 mois d&#8217;une femme qui attend un b\u00e9b\u00e9. Au cours des derni\u00e8res semaines de la grossesse, le ventre de la femme se raffermit jusqu&#8217;\u00e0 l&#8217;apparition des premi\u00e8res contractions.\n      <\/div>\n    \n    <span class=\"link link--tertiary mt-24 ml-8 xl:ml-24\">\n      Lire la suite\n      <span class=\"text-blue\"><svg width=\"11\" height=\"8\" viewbox=\"0 0 11 8\" fill=\"none\" xmlns=\"http:\/\/www.w3.org\/2000\/svg\">\n\t<path d=\"M7.442 7.264L6.63 6.438L8.604 4.52H0.232V3.344H8.59L6.63 1.426L7.442 0.613999L10.76 3.932L7.442 7.264Z\" fill=\"currentColor\"\/>\n<\/svg>\n<\/span>\n    <\/span>\n  <\/a>\n<\/li>\n                                                    <li class=\"splide__slide [&#038;_figure]:h-[17rem] md:[&#038;_figure]:h-[25rem] xxl:[&#038;_figure]:h-[39rem] [&#038;_figure]:rounded-bl-16 [&#038;_figure]:rounded-br-16 [&#038;_figure]:rounded-tr-16 group\">\n  <a href=\"https:\/\/famicord.ch\/fr\/pregnancy-zone-2\/calendrier-de-grossesse\/39-schwangerschaftswoche-wenn-die-wehen-nahen-wie-sie-die-anzeichen-der-wehen-erkennen\"\n    class=\"!no-underline flex flex-col items-start h-full [&#038;_img]:w-full [&#038;_img]:h-full [&#038;_img]:object-cover group-hover:[&#038;_img]:scale-105 [&#038;_img]:transition-all [&#038;_img]:duration-200 [&#038;_img]:ease-in-out pb-24\">\n    <div class=\"w-full h-[17rem] md:h-[25rem] xxl:h-[39rem]\">\n                    \n      \n\t\n\t\t\n\t\t\t\n\t<figure class=\"overflow-hidden \">\n\n\t\t\n\t\t\t\t\t\t<img decoding=\"async\" src=\"https:\/\/famicord.ch\/wp-content\/uploads\/2024\/08\/36_Arbuz.webp\" alt=\"Image\"  loading=\"lazy\"  width=\"610\" height=\"413\"\/>\n\n\t\t\n\t<\/figure>\n\n\n\t\t\n\t\n    <\/div>\n\n          <p class=\"lead-paragraph text-blue mt-24 px-8 xl:px-24 mb-8 line-clamp-2\">\n        39e semaine de grossesse &#8211; quand les contractions approchent&#8230; Comment reconna\u00eetre les signes des contractions\n      <\/p>\n    \n          <div class=\"mt-12 mb-24 text-black px-8 xl:px-24 line-clamp-4 [&#038;_strong]:font-normal\">\n        La 39e semaine de grossesse est le dernier moment qui s\u00e9pare les futures m\u00e8res de l&#8217;accueil de leur b\u00e9b\u00e9 tant attendu dans le monde. C&#8217;est aussi le dernier moment pour achever tous les pr\u00e9paratifs de l&#8217;accouchement.&nbsp; A cela s&#8217;ajoute le fait que la future maman commence \u00e0 ressentir des sympt\u00f4mes inhabituels.\n      <\/div>\n    \n    <span class=\"link link--tertiary mt-24 ml-8 xl:ml-24\">\n      Lire la suite\n      <span class=\"text-blue\"><svg width=\"11\" height=\"8\" viewbox=\"0 0 11 8\" fill=\"none\" xmlns=\"http:\/\/www.w3.org\/2000\/svg\">\n\t<path d=\"M7.442 7.264L6.63 6.438L8.604 4.52H0.232V3.344H8.59L6.63 1.426L7.442 0.613999L10.76 3.932L7.442 7.264Z\" fill=\"currentColor\"\/>\n<\/svg>\n<\/span>\n    <\/span>\n  <\/a>\n<\/li>\n                                                    <li class=\"splide__slide [&#038;_figure]:h-[17rem] md:[&#038;_figure]:h-[25rem] xxl:[&#038;_figure]:h-[39rem] [&#038;_figure]:rounded-bl-16 [&#038;_figure]:rounded-br-16 [&#038;_figure]:rounded-tr-16 group\">\n  <a href=\"https:\/\/famicord.ch\/fr\/pregnancy-zone-2\/calendrier-de-grossesse\/die-38-schwangerschaftswoche-und-die-anzeichen-der-geburt-wie-viel-wiegt-das-baby-und-wie-sieht-es-aus\"\n    class=\"!no-underline flex flex-col items-start h-full [&#038;_img]:w-full [&#038;_img]:h-full [&#038;_img]:object-cover group-hover:[&#038;_img]:scale-105 [&#038;_img]:transition-all [&#038;_img]:duration-200 [&#038;_img]:ease-in-out pb-24\">\n    <div class=\"w-full h-[17rem] md:h-[25rem] xxl:h-[39rem]\">\n                    \n      \n\t\n\t\t\n\t\t\t\n\t<figure class=\"overflow-hidden \">\n\n\t\t\n\t\t\t\t\t\t<img decoding=\"async\" src=\"https:\/\/famicord.ch\/wp-content\/uploads\/2024\/08\/36_Arbuz.webp\" alt=\"Image\"  loading=\"lazy\"  width=\"610\" height=\"413\"\/>\n\n\t\t\n\t<\/figure>\n\n\n\t\t\n\t\n    <\/div>\n\n          <p class=\"lead-paragraph text-blue mt-24 px-8 xl:px-24 mb-8 line-clamp-2\">\n        La 38e semaine de grossesse et les signes de l&#8217;accouchement. Combien p\u00e8se le b\u00e9b\u00e9 et \u00e0 quoi ressemble-t-il?\n      <\/p>\n    \n          <div class=\"mt-12 mb-24 text-black px-8 xl:px-24 line-clamp-4 [&#038;_strong]:font-normal\">\n        Apr\u00e8s 38 semaines, la grossesse est consid\u00e9r\u00e9e comme men\u00e9e \u00e0 terme. La quantit\u00e9 d&#8217;eau du f\u0153tus diminue et l&#8217;abdomen cesse de se d\u00e9velopper. Le b\u00e9b\u00e9 a de moins en moins de place, de sorte que les m\u00e8res peuvent se plaindre d&#8217;une g\u00eane due \u00e0 la pression sur la vessie.\n      <\/div>\n    \n    <span class=\"link link--tertiary mt-24 ml-8 xl:ml-24\">\n      Lire la suite\n      <span class=\"text-blue\"><svg width=\"11\" height=\"8\" viewbox=\"0 0 11 8\" fill=\"none\" xmlns=\"http:\/\/www.w3.org\/2000\/svg\">\n\t<path d=\"M7.442 7.264L6.63 6.438L8.604 4.52H0.232V3.344H8.59L6.63 1.426L7.442 0.613999L10.76 3.932L7.442 7.264Z\" fill=\"currentColor\"\/>\n<\/svg>\n<\/span>\n    <\/span>\n  <\/a>\n<\/li>\n                                                    <li class=\"splide__slide [&#038;_figure]:h-[17rem] md:[&#038;_figure]:h-[25rem] xxl:[&#038;_figure]:h-[39rem] [&#038;_figure]:rounded-bl-16 [&#038;_figure]:rounded-br-16 [&#038;_figure]:rounded-tr-16 group\">\n  <a href=\"https:\/\/famicord.ch\/fr\/pregnancy-zone-2\/calendrier-de-grossesse\/die-37-schwangerschaftswoche-vorbereitungen-fuer-die-entbindung-was-ist-charakteristisch-fuer-das-baby-in-dieser-zeit\"\n    class=\"!no-underline flex flex-col items-start h-full [&#038;_img]:w-full [&#038;_img]:h-full [&#038;_img]:object-cover group-hover:[&#038;_img]:scale-105 [&#038;_img]:transition-all [&#038;_img]:duration-200 [&#038;_img]:ease-in-out pb-24\">\n    <div class=\"w-full h-[17rem] md:h-[25rem] xxl:h-[39rem]\">\n                    \n      \n\t\n\t\t\n\t\t\t\n\t<figure class=\"overflow-hidden \">\n\n\t\t\n\t\t\t\t\t\t<img decoding=\"async\" src=\"https:\/\/famicord.ch\/wp-content\/uploads\/2024\/08\/36_Arbuz.webp\" alt=\"Image\"  loading=\"lazy\"  width=\"610\" height=\"413\"\/>\n\n\t\t\n\t<\/figure>\n\n\n\t\t\n\t\n    <\/div>\n\n          <p class=\"lead-paragraph text-blue mt-24 px-8 xl:px-24 mb-8 line-clamp-2\">\n        37e semaine de grossesse &#8211; Pr\u00e9paratifs pour l&#8217;accouchement. Qu&#8217;est-ce qui caract\u00e9rise le b\u00e9b\u00e9 \u00e0 cette p\u00e9riode?\n      <\/p>\n    \n          <div class=\"mt-12 mb-24 text-black px-8 xl:px-24 line-clamp-4 [&#038;_strong]:font-normal\">\n        La 37e semaine de grossesse est une p\u00e9riode de pr\u00e9paration \u00e0 l&#8217;accouchement imminent. La future m\u00e8re doit d\u00e9cider de l&#8217;ensemble du d\u00e9roulement de l&#8217;accouchement. L&#8217;accouchement peut avoir lieu \u00e0 tout moment, c&#8217;est donc une p\u00e9riode tr\u00e8s charg\u00e9e pour les femmes enceintes.\n      <\/div>\n    \n    <span class=\"link link--tertiary mt-24 ml-8 xl:ml-24\">\n      Lire la suite\n      <span class=\"text-blue\"><svg width=\"11\" height=\"8\" viewbox=\"0 0 11 8\" fill=\"none\" xmlns=\"http:\/\/www.w3.org\/2000\/svg\">\n\t<path d=\"M7.442 7.264L6.63 6.438L8.604 4.52H0.232V3.344H8.59L6.63 1.426L7.442 0.613999L10.76 3.932L7.442 7.264Z\" fill=\"currentColor\"\/>\n<\/svg>\n<\/span>\n    <\/span>\n  <\/a>\n<\/li>\n                                                    <li class=\"splide__slide [&#038;_figure]:h-[17rem] md:[&#038;_figure]:h-[25rem] xxl:[&#038;_figure]:h-[39rem] [&#038;_figure]:rounded-bl-16 [&#038;_figure]:rounded-br-16 [&#038;_figure]:rounded-tr-16 group\">\n  <a href=\"https:\/\/famicord.ch\/fr\/pregnancy-zone-2\/calendrier-de-grossesse\/die-36-schwangerschaftswoche-die-entwicklung-des-babys-im-dritten-trimester-welche-beschwerden-treten-bei-werdenden-muettern-auf\"\n    class=\"!no-underline flex flex-col items-start h-full [&#038;_img]:w-full [&#038;_img]:h-full [&#038;_img]:object-cover group-hover:[&#038;_img]:scale-105 [&#038;_img]:transition-all [&#038;_img]:duration-200 [&#038;_img]:ease-in-out pb-24\">\n    <div class=\"w-full h-[17rem] md:h-[25rem] xxl:h-[39rem]\">\n                    \n      \n\t\n\t\t\n\t\t\t\n\t<figure class=\"overflow-hidden \">\n\n\t\t\n\t\t\t\t\t\t<img decoding=\"async\" src=\"https:\/\/famicord.ch\/wp-content\/uploads\/2024\/08\/36_Arbuz.webp\" alt=\"Image\"  loading=\"lazy\"  width=\"610\" height=\"413\"\/>\n\n\t\t\n\t<\/figure>\n\n\n\t\t\n\t\n    <\/div>\n\n          <p class=\"lead-paragraph text-blue mt-24 px-8 xl:px-24 mb-8 line-clamp-2\">\n        La 36e semaine de grossesse &#8211; le d\u00e9veloppement du b\u00e9b\u00e9 au troisi\u00e8me trimestre. Quels sont les troubles rencontr\u00e9s par les futures mamans?\n      <\/p>\n    \n          <div class=\"mt-12 mb-24 text-black px-8 xl:px-24 line-clamp-4 [&#038;_strong]:font-normal\">\n        La 36e semaine de grossesse est l&#8217;une des plus difficiles de toute la p\u00e9riode de grossesse. Les maux qui affligent une femme sont si p\u00e9nibles qu&#8217;elle ne peut pas attendre pour accoucher. Bien que ce ne soit pas beaucoup plus long, le temps s&#8217;\u00e9tire impitoyablement. Il vaut la peine de savoir comment y faire face.\n      <\/div>\n    \n    <span class=\"link link--tertiary mt-24 ml-8 xl:ml-24\">\n      Lire la suite\n      <span class=\"text-blue\"><svg width=\"11\" height=\"8\" viewbox=\"0 0 11 8\" fill=\"none\" xmlns=\"http:\/\/www.w3.org\/2000\/svg\">\n\t<path d=\"M7.442 7.264L6.63 6.438L8.604 4.52H0.232V3.344H8.59L6.63 1.426L7.442 0.613999L10.76 3.932L7.442 7.264Z\" fill=\"currentColor\"\/>\n<\/svg>\n<\/span>\n    <\/span>\n  <\/a>\n<\/li>\n                                                    <li class=\"splide__slide [&#038;_figure]:h-[17rem] md:[&#038;_figure]:h-[25rem] xxl:[&#038;_figure]:h-[39rem] [&#038;_figure]:rounded-bl-16 [&#038;_figure]:rounded-br-16 [&#038;_figure]:rounded-tr-16 group\">\n  <a href=\"https:\/\/famicord.ch\/fr\/pregnancy-zone-2\/calendrier-de-grossesse\/die-35-schwangerschaftswoche-beschwerden-der-werdenden-mutter-abschaetzung-des-risikos-einer-fruehgeburt\"\n    class=\"!no-underline flex flex-col items-start h-full [&#038;_img]:w-full [&#038;_img]:h-full [&#038;_img]:object-cover group-hover:[&#038;_img]:scale-105 [&#038;_img]:transition-all [&#038;_img]:duration-200 [&#038;_img]:ease-in-out pb-24\">\n    <div class=\"w-full h-[17rem] md:h-[25rem] xxl:h-[39rem]\">\n                    \n      \n\t\n\t\t\n\t\t\t\n\t<figure class=\"overflow-hidden \">\n\n\t\t\n\t\t\t\t\t\t<img decoding=\"async\" src=\"https:\/\/famicord.ch\/wp-content\/uploads\/2024\/08\/35_Dynia.webp\" alt=\"Image\"  loading=\"lazy\"  width=\"610\" height=\"413\"\/>\n\n\t\t\n\t<\/figure>\n\n\n\t\t\n\t\n    <\/div>\n\n          <p class=\"lead-paragraph text-blue mt-24 px-8 xl:px-24 mb-8 line-clamp-2\">\n        35e semaine de grossesse &#8211; plaintes de la future m\u00e8re. Estimation du risque d&#8217;accouchement pr\u00e9matur\u00e9\n      <\/p>\n    \n    \n    <span class=\"link link--tertiary mt-24 ml-8 xl:ml-24\">\n      Lire la suite\n      <span class=\"text-blue\"><svg width=\"11\" height=\"8\" viewbox=\"0 0 11 8\" fill=\"none\" xmlns=\"http:\/\/www.w3.org\/2000\/svg\">\n\t<path d=\"M7.442 7.264L6.63 6.438L8.604 4.52H0.232V3.344H8.59L6.63 1.426L7.442 0.613999L10.76 3.932L7.442 7.264Z\" fill=\"currentColor\"\/>\n<\/svg>\n<\/span>\n    <\/span>\n  <\/a>\n<\/li>\n                        \n                    <\/ul>\n                <\/div>\n            <\/div>\n        <\/div>\n\n    <\/section>\n\n\n    <div class=\"container\">\n                    \n    <h2   class=\"h3  text-blue mb-24 lg:mb-40\">\n\n            Troubles de la grossesse\n\n    <\/h2>\n\n        \n                    <div class=\"max-w-[88rem] mt-24 mb-48 lg:mt-40 lg:mb-80 lg:pl-100\">\n                                    <div>Enceinte? C&#8217;est toujours difficile, car il faut non seulement s&#8217;occuper de soi, mais aussi de son b\u00e9b\u00e9. D\u00e9couvrez ce \u00e0 quoi vous devez faire attention si vous avez certains troubles.<\/div>\n                \n                                    \n\t\n\t\n\t\t\t\t\t<a href=\"https:\/\/famicord.ch\/fr\/pregnancy-zone-2\/troubles-de-la-grossesse\" target=\"_self\"  class=\"button primary w-full md:w-auto mt-24 lg:mt-40 \">\n        \n        \n                    Voir tous les articles\n        \n        \n        \n                    <\/a>\n\t\t\n\t\n                            <\/div>\n            <\/div>\n\n    <section class=\"posts-slider sliders-styles section-margin relative\">\n\n                    <div class=\"side-gradient--left hidden lg:block hide absolute z-10 top-0 left-0 w-60 md:w-80 xl:w-100 h-full bg-gradient-to-r from-white to-transparent\"><\/div>\n<div class=\"side-gradient--right absolute z-10 top-0 right-0 w-60 md:w-80 xl:w-100 h-full bg-gradient-to-l from-white to-transparent\"><\/div>\n        \n        <div class=\"container relative\">\n                            <a role=\"button\" class=\"posts-slider__prev-button navigation-button hide hidden xl:grid xl:place-content-center absolute z-20 left-0 top-40 xxl:top-[27%]\"><svg xmlns=\"http:\/\/www.w3.org\/2000\/svg\" width=\"24\" height=\"24\" viewbox=\"0 0 24 24\" fill=\"none\">\n\t<path d=\"M20.25 12L3.75 12M3.75 12L10.5 18.75M3.75 12L10.5 5.25\" stroke=\"#1B1B1B\" stroke-width=\"1.5\" stroke-linecap=\"round\" stroke-linejoin=\"round\"\/>\n<\/svg>\n<\/a>\n<a role=\"button\" class=\"posts-slider__next-button navigation-button hidden xl:grid xl:place-content-center absolute z-20 right-0 top-40 xxl:top-[27%]\"><svg xmlns=\"http:\/\/www.w3.org\/2000\/svg\" width=\"24\" height=\"24\" viewbox=\"0 0 24 24\" fill=\"none\">\n\t<path d=\"M3.75 12H20.25M20.25 12L13.5 5.25M20.25 12L13.5 18.75\" stroke=\"currentColor\" stroke-width=\"1.5\" stroke-linecap=\"round\" stroke-linejoin=\"round\"\/>\n<\/svg>\n<\/a>\n            \n            <div class=\"splide\">\n                <div class=\"splide__track !overflow-visible\">\n                    <ul class=\"splide__list\">\n\n                                                    <li class=\"splide__slide [&#038;_figure]:h-[17rem] md:[&#038;_figure]:h-[25rem] xxl:[&#038;_figure]:h-[39rem] [&#038;_figure]:rounded-bl-16 [&#038;_figure]:rounded-br-16 [&#038;_figure]:rounded-tr-16 group\">\n  <a href=\"https:\/\/famicord.ch\/fr\/pregnancy-zone-2\/troubles-de-la-grossesse\/herpes-waehrend-der-schwangerschaft\"\n    class=\"!no-underline flex flex-col items-start h-full [&#038;_img]:w-full [&#038;_img]:h-full [&#038;_img]:object-cover group-hover:[&#038;_img]:scale-105 [&#038;_img]:transition-all [&#038;_img]:duration-200 [&#038;_img]:ease-in-out pb-24\">\n    <div class=\"w-full h-[17rem] md:h-[25rem] xxl:h-[39rem]\">\n                    \n      \n\t\n\t\t\n\t\t\t\n\t<figure class=\"overflow-hidden \">\n\n\t\t\n\t\t\t\t\t\t<img decoding=\"async\" src=\"https:\/\/famicord.ch\/wp-content\/uploads\/2024\/08\/Herpes-768x512.webp\" alt=\"Image\"  loading=\"lazy\"  width=\"768\" height=\"512\"\/>\n\n\t\t\n\t<\/figure>\n\n\n\t\t\n\t\n    <\/div>\n\n          <p class=\"lead-paragraph text-blue mt-24 px-8 xl:px-24 mb-8 line-clamp-2\">\n        L&#8217;herp\u00e8s pendant la grossesse\n      <\/p>\n    \n          <div class=\"mt-12 mb-24 text-black px-8 xl:px-24 line-clamp-4 [&#038;_strong]:font-normal\">\n        L&#8217;herp\u00e8s labial, souvent appel\u00e9 &#8220;bouton de fi\u00e8vre&#8221;, est un probl\u00e8me fr\u00e9quent qui touche de nombreuses personnes. On estime que plus de 80 % de la population est porteuse de l&#8217;herp\u00e8s. Il existe sur le march\u00e9 de nombreuses pr\u00e9parations qui acc\u00e9l\u00e8rent la gu\u00e9rison. V\u00e9rifiez si les m\u00e9dicaments contenant la substance active acyclovir sont sans danger pour les femmes enceintes.\n      <\/div>\n    \n    <span class=\"link link--tertiary mt-24 ml-8 xl:ml-24\">\n      Lire la suite\n      <span class=\"text-blue\"><svg width=\"11\" height=\"8\" viewbox=\"0 0 11 8\" fill=\"none\" xmlns=\"http:\/\/www.w3.org\/2000\/svg\">\n\t<path d=\"M7.442 7.264L6.63 6.438L8.604 4.52H0.232V3.344H8.59L6.63 1.426L7.442 0.613999L10.76 3.932L7.442 7.264Z\" fill=\"currentColor\"\/>\n<\/svg>\n<\/span>\n    <\/span>\n  <\/a>\n<\/li>\n                                                    <li class=\"splide__slide [&#038;_figure]:h-[17rem] md:[&#038;_figure]:h-[25rem] xxl:[&#038;_figure]:h-[39rem] [&#038;_figure]:rounded-bl-16 [&#038;_figure]:rounded-br-16 [&#038;_figure]:rounded-tr-16 group\">\n  <a href=\"https:\/\/famicord.ch\/fr\/pregnancy-zone-2\/troubles-de-la-grossesse\/myome-und-schwangerschaft\"\n    class=\"!no-underline flex flex-col items-start h-full [&#038;_img]:w-full [&#038;_img]:h-full [&#038;_img]:object-cover group-hover:[&#038;_img]:scale-105 [&#038;_img]:transition-all [&#038;_img]:duration-200 [&#038;_img]:ease-in-out pb-24\">\n    <div class=\"w-full h-[17rem] md:h-[25rem] xxl:h-[39rem]\">\n                    \n      \n\t\n\t\t\n\t\t\t\n\t<figure class=\"overflow-hidden \">\n\n\t\t\n\t\t\t\t\t\t<img decoding=\"async\" src=\"https:\/\/famicord.ch\/wp-content\/uploads\/2024\/08\/Myom.jpg\" alt=\"Image\"  loading=\"lazy\"  width=\"640\" height=\"427\"\/>\n\n\t\t\n\t<\/figure>\n\n\n\t\t\n\t\n    <\/div>\n\n          <p class=\"lead-paragraph text-blue mt-24 px-8 xl:px-24 mb-8 line-clamp-2\">\n        Myomes et grossesse\n      <\/p>\n    \n          <div class=\"mt-12 mb-24 text-black px-8 xl:px-24 line-clamp-4 [&#038;_strong]:font-normal\">\n        Les myomes sont une maladie gyn\u00e9cologique qui touche de nombreuses femmes. Ils ne provoquent souvent aucun sympt\u00f4me, mais dans certains cas, ils peuvent rendre la grossesse et l&#8217;implantation d&#8217;un embryon difficiles. D\u00e9couvrez la marche \u00e0 suivre si une femme atteinte de myomes envisage une grossesse.\n      <\/div>\n    \n    <span class=\"link link--tertiary mt-24 ml-8 xl:ml-24\">\n      Lire la suite\n      <span class=\"text-blue\"><svg width=\"11\" height=\"8\" viewbox=\"0 0 11 8\" fill=\"none\" xmlns=\"http:\/\/www.w3.org\/2000\/svg\">\n\t<path d=\"M7.442 7.264L6.63 6.438L8.604 4.52H0.232V3.344H8.59L6.63 1.426L7.442 0.613999L10.76 3.932L7.442 7.264Z\" fill=\"currentColor\"\/>\n<\/svg>\n<\/span>\n    <\/span>\n  <\/a>\n<\/li>\n                                                    <li class=\"splide__slide [&#038;_figure]:h-[17rem] md:[&#038;_figure]:h-[25rem] xxl:[&#038;_figure]:h-[39rem] [&#038;_figure]:rounded-bl-16 [&#038;_figure]:rounded-br-16 [&#038;_figure]:rounded-tr-16 group\">\n  <a href=\"https:\/\/famicord.ch\/fr\/pregnancy-zone-2\/troubles-de-la-grossesse\/schmerzsalbe-in-der-schwangerschaft\"\n    class=\"!no-underline flex flex-col items-start h-full [&#038;_img]:w-full [&#038;_img]:h-full [&#038;_img]:object-cover group-hover:[&#038;_img]:scale-105 [&#038;_img]:transition-all [&#038;_img]:duration-200 [&#038;_img]:ease-in-out pb-24\">\n    <div class=\"w-full h-[17rem] md:h-[25rem] xxl:h-[39rem]\">\n                    \n      \n\t\n\t\t\n\t\t\t\n\t<figure class=\"overflow-hidden \">\n\n\t\t\n\t\t\t\t\t\t<img decoding=\"async\" src=\"https:\/\/famicord.ch\/wp-content\/uploads\/2024\/08\/Schmerzsalbe-768x512.webp\" alt=\"Image\"  loading=\"lazy\"  width=\"768\" height=\"512\"\/>\n\n\t\t\n\t<\/figure>\n\n\n\t\t\n\t\n    <\/div>\n\n          <p class=\"lead-paragraph text-blue mt-24 px-8 xl:px-24 mb-8 line-clamp-2\">\n        Pommade contre la douleur pendant la grossesse\n      <\/p>\n    \n          <div class=\"mt-12 mb-24 text-black px-8 xl:px-24 line-clamp-4 [&#038;_strong]:font-normal\">\n        La grossesse est une p\u00e9riode pendant laquelle une femme est particuli\u00e8rement vuln\u00e9rable aux douleurs dorsales li\u00e9es \u00e0 l&#8217;augmentation de la taille de son ventre. L&#8217;utilisation de nombreux analg\u00e9siques \u00e9tant interdite pendant ces neuf mois, il est utile de savoir quelles pr\u00e9parations sont s\u00fbres. Quelle pommade antidouleur peut \u00eatre utilis\u00e9e pendant la grossesse ?&nbsp;\n      <\/div>\n    \n    <span class=\"link link--tertiary mt-24 ml-8 xl:ml-24\">\n      Lire la suite\n      <span class=\"text-blue\"><svg width=\"11\" height=\"8\" viewbox=\"0 0 11 8\" fill=\"none\" xmlns=\"http:\/\/www.w3.org\/2000\/svg\">\n\t<path d=\"M7.442 7.264L6.63 6.438L8.604 4.52H0.232V3.344H8.59L6.63 1.426L7.442 0.613999L10.76 3.932L7.442 7.264Z\" fill=\"currentColor\"\/>\n<\/svg>\n<\/span>\n    <\/span>\n  <\/a>\n<\/li>\n                                                    <li class=\"splide__slide [&#038;_figure]:h-[17rem] md:[&#038;_figure]:h-[25rem] xxl:[&#038;_figure]:h-[39rem] [&#038;_figure]:rounded-bl-16 [&#038;_figure]:rounded-br-16 [&#038;_figure]:rounded-tr-16 group\">\n  <a href=\"https:\/\/famicord.ch\/fr\/pregnancy-zone-2\/troubles-de-la-grossesse\/nabelschmerzen-in-der-schwangerschaft\"\n    class=\"!no-underline flex flex-col items-start h-full [&#038;_img]:w-full [&#038;_img]:h-full [&#038;_img]:object-cover group-hover:[&#038;_img]:scale-105 [&#038;_img]:transition-all [&#038;_img]:duration-200 [&#038;_img]:ease-in-out pb-24\">\n    <div class=\"w-full h-[17rem] md:h-[25rem] xxl:h-[39rem]\">\n                    \n      \n\t\n\t\t\n\t\t\t\n\t<figure class=\"overflow-hidden \">\n\n\t\t\n\t\t\t\t\t\t<img decoding=\"async\" src=\"https:\/\/famicord.ch\/wp-content\/uploads\/2024\/08\/Nabelschmerzen.jpg\" alt=\"Image\"  loading=\"lazy\"  width=\"400\" height=\"350\"\/>\n\n\t\t\n\t<\/figure>\n\n\n\t\t\n\t\n    <\/div>\n\n          <p class=\"lead-paragraph text-blue mt-24 px-8 xl:px-24 mb-8 line-clamp-2\">\n        Douleurs ombilicales pendant la grossesse\n      <\/p>\n    \n          <div class=\"mt-12 mb-24 text-black px-8 xl:px-24 line-clamp-4 [&#038;_strong]:font-normal\">\n        Les douleurs, surtout pendant la grossesse, sont une source d&#8217;inqui\u00e9tude. Les douleurs dans la r\u00e9gion du nombril pendant la grossesse peuvent avoir diff\u00e9rentes causes, de celles qui sont b\u00e9nignes \u00e0 celles qui n\u00e9cessitent une intervention m\u00e9dicale. D\u00e9couvrez ce qui provoque des douleurs ombilicales pendant la grossesse et quand vous devez vous rendre imm\u00e9diatement \u00e0 l&#8217;h\u00f4pital.\n      <\/div>\n    \n    <span class=\"link link--tertiary mt-24 ml-8 xl:ml-24\">\n      Lire la suite\n      <span class=\"text-blue\"><svg width=\"11\" height=\"8\" viewbox=\"0 0 11 8\" fill=\"none\" xmlns=\"http:\/\/www.w3.org\/2000\/svg\">\n\t<path d=\"M7.442 7.264L6.63 6.438L8.604 4.52H0.232V3.344H8.59L6.63 1.426L7.442 0.613999L10.76 3.932L7.442 7.264Z\" fill=\"currentColor\"\/>\n<\/svg>\n<\/span>\n    <\/span>\n  <\/a>\n<\/li>\n                                                    <li class=\"splide__slide [&#038;_figure]:h-[17rem] md:[&#038;_figure]:h-[25rem] xxl:[&#038;_figure]:h-[39rem] [&#038;_figure]:rounded-bl-16 [&#038;_figure]:rounded-br-16 [&#038;_figure]:rounded-tr-16 group\">\n  <a href=\"https:\/\/famicord.ch\/fr\/pregnancy-zone-2\/troubles-de-la-grossesse\/glyzerin-zaepfchen-in-der-schwangerschaft\"\n    class=\"!no-underline flex flex-col items-start h-full [&#038;_img]:w-full [&#038;_img]:h-full [&#038;_img]:object-cover group-hover:[&#038;_img]:scale-105 [&#038;_img]:transition-all [&#038;_img]:duration-200 [&#038;_img]:ease-in-out pb-24\">\n    <div class=\"w-full h-[17rem] md:h-[25rem] xxl:h-[39rem]\">\n                    \n      \n\t\n\t\t\n\t\t\t\n\t<figure class=\"overflow-hidden \">\n\n\t\t\n\t\t\t\t\t\t<img decoding=\"async\" src=\"https:\/\/famicord.ch\/wp-content\/uploads\/2024\/08\/Glyzerin-Zaepfchen.jpg\" alt=\"Image\"  loading=\"lazy\"  width=\"640\" height=\"427\"\/>\n\n\t\t\n\t<\/figure>\n\n\n\t\t\n\t\n    <\/div>\n\n          <p class=\"lead-paragraph text-blue mt-24 px-8 xl:px-24 mb-8 line-clamp-2\">\n        Suppositoires \u00e0 la glyc\u00e9rine pendant la grossesse\n      <\/p>\n    \n          <div class=\"mt-12 mb-24 text-black px-8 xl:px-24 line-clamp-4 [&#038;_strong]:font-normal\">\n        La constipation pendant la grossesse est une affection relativement fr\u00e9quente. Il existe sur le march\u00e9 de nombreuses pr\u00e9parations en vente libre qui offrent un soulagement temporaire de ce type de d\u00e9sagr\u00e9ment. Les suppositoires \u00e0 la glyc\u00e9rine en font partie. Peuvent-ils \u00eatre utilis\u00e9s en toute s\u00e9curit\u00e9 pendant la grossesse? La constipation pendant la grossesse est une affection relativement fr\u00e9quente. Il existe de nombreuses pr\u00e9parations en vente libre sur le march\u00e9 qui offrent un soulagement temporaire de ce type d&#8217;inconfort. Les suppositoires \u00e0 la glyc\u00e9rine en font partie. Peuvent-ils \u00eatre utilis\u00e9s en toute s\u00e9curit\u00e9 pendant la grossesse ?\n      <\/div>\n    \n    <span class=\"link link--tertiary mt-24 ml-8 xl:ml-24\">\n      Lire la suite\n      <span class=\"text-blue\"><svg width=\"11\" height=\"8\" viewbox=\"0 0 11 8\" fill=\"none\" xmlns=\"http:\/\/www.w3.org\/2000\/svg\">\n\t<path d=\"M7.442 7.264L6.63 6.438L8.604 4.52H0.232V3.344H8.59L6.63 1.426L7.442 0.613999L10.76 3.932L7.442 7.264Z\" fill=\"currentColor\"\/>\n<\/svg>\n<\/span>\n    <\/span>\n  <\/a>\n<\/li>\n                                                    <li class=\"splide__slide [&#038;_figure]:h-[17rem] md:[&#038;_figure]:h-[25rem] xxl:[&#038;_figure]:h-[39rem] [&#038;_figure]:rounded-bl-16 [&#038;_figure]:rounded-br-16 [&#038;_figure]:rounded-tr-16 group\">\n  <a href=\"https:\/\/famicord.ch\/fr\/pregnancy-zone-2\/troubles-de-la-grossesse\/stimmungsschwankungen-in-der-schwangerschaft-emotionen-in-der-schwangerschaft\"\n    class=\"!no-underline flex flex-col items-start h-full [&#038;_img]:w-full [&#038;_img]:h-full [&#038;_img]:object-cover group-hover:[&#038;_img]:scale-105 [&#038;_img]:transition-all [&#038;_img]:duration-200 [&#038;_img]:ease-in-out pb-24\">\n    <div class=\"w-full h-[17rem] md:h-[25rem] xxl:h-[39rem]\">\n                    \n      \n\t\n\t\t\n\t\t\t\n\t<figure class=\"overflow-hidden \">\n\n\t\t\n\t\t\t\t\t\t<img decoding=\"async\" src=\"https:\/\/famicord.ch\/wp-content\/uploads\/2024\/08\/Stimmunsschwankungen-768x571.webp\" alt=\"Image\"  loading=\"lazy\"  width=\"768\" height=\"571\"\/>\n\n\t\t\n\t<\/figure>\n\n\n\t\t\n\t\n    <\/div>\n\n          <p class=\"lead-paragraph text-blue mt-24 px-8 xl:px-24 mb-8 line-clamp-2\">\n        Sautes d&#8217;humeur pendant la grossesse &#8211; \u00c9motions pendant la grossesse\n      <\/p>\n    \n          <div class=\"mt-12 mb-24 text-black px-8 xl:px-24 line-clamp-4 [&#038;_strong]:font-normal\">\n        Pendant la grossesse, de nombreux changements diff\u00e9rents ont lieu dans le corps de la future m\u00e8re. Parmi eux, les sautes d&#8217;humeur et les d\u00e9bordements d&#8217;\u00e9motions qui compliquent le quotidien de la femme enceinte. D\u00e9couvrez la diff\u00e9rence entre les sautes d&#8217;humeur et la d\u00e9pression pendant la grossesse et comment g\u00e9rer vos \u00e9motions pendant la grossesse.\n      <\/div>\n    \n    <span class=\"link link--tertiary mt-24 ml-8 xl:ml-24\">\n      Lire la suite\n      <span class=\"text-blue\"><svg width=\"11\" height=\"8\" viewbox=\"0 0 11 8\" fill=\"none\" xmlns=\"http:\/\/www.w3.org\/2000\/svg\">\n\t<path d=\"M7.442 7.264L6.63 6.438L8.604 4.52H0.232V3.344H8.59L6.63 1.426L7.442 0.613999L10.76 3.932L7.442 7.264Z\" fill=\"currentColor\"\/>\n<\/svg>\n<\/span>\n    <\/span>\n  <\/a>\n<\/li>\n                        \n                    <\/ul>\n                <\/div>\n            <\/div>\n        <\/div>\n\n    <\/section>\n\n\n    <div class=\"container\">\n                    \n    <h2   class=\"h3  text-blue mb-24 lg:mb-40\">\n\n            Informations sur la grossesse\n\n    <\/h2>\n\n        \n                    <div class=\"max-w-[88rem] mt-24 mb-48 lg:mt-40 lg:mb-80 lg:pl-100\">\n                                    <div>Nous souhaitons offrir aux futures mamans une source fiable d&#8217;informations sur tous les aspects importants de la grossesse. De l&#8217;alimentation et du fitness \u00e0 la sant\u00e9 \u00e9motionnelle et aux soins personnels, vous trouverez ici des conseils complets et des astuces pratiques pour vivre au mieux votre grossesse. Nous sommes l\u00e0 pour vous aider \u00e0 \u00eatre une m\u00e8re heureuse, en bonne sant\u00e9 et bien inform\u00e9e!<\/div>\n                \n                                    \n\t\n\t\n\t\t\t\t\t<a href=\"https:\/\/famicord.ch\/fr\/pregnancy-zone-2\/informations-sur-la-grossesse\" target=\"_self\"  class=\"button primary w-full md:w-auto mt-24 lg:mt-40 \">\n        \n        \n                    Voir tous les articles\n        \n        \n        \n                    <\/a>\n\t\t\n\t\n                            <\/div>\n            <\/div>\n\n    <section class=\"posts-slider sliders-styles section-margin relative\">\n\n                    <div class=\"side-gradient--left hidden lg:block hide absolute z-10 top-0 left-0 w-60 md:w-80 xl:w-100 h-full bg-gradient-to-r from-white to-transparent\"><\/div>\n<div class=\"side-gradient--right absolute z-10 top-0 right-0 w-60 md:w-80 xl:w-100 h-full bg-gradient-to-l from-white to-transparent\"><\/div>\n        \n        <div class=\"container relative\">\n                            <a role=\"button\" class=\"posts-slider__prev-button navigation-button hide hidden xl:grid xl:place-content-center absolute z-20 left-0 top-40 xxl:top-[27%]\"><svg xmlns=\"http:\/\/www.w3.org\/2000\/svg\" width=\"24\" height=\"24\" viewbox=\"0 0 24 24\" fill=\"none\">\n\t<path d=\"M20.25 12L3.75 12M3.75 12L10.5 18.75M3.75 12L10.5 5.25\" stroke=\"#1B1B1B\" stroke-width=\"1.5\" stroke-linecap=\"round\" stroke-linejoin=\"round\"\/>\n<\/svg>\n<\/a>\n<a role=\"button\" class=\"posts-slider__next-button navigation-button hidden xl:grid xl:place-content-center absolute z-20 right-0 top-40 xxl:top-[27%]\"><svg xmlns=\"http:\/\/www.w3.org\/2000\/svg\" width=\"24\" height=\"24\" viewbox=\"0 0 24 24\" fill=\"none\">\n\t<path d=\"M3.75 12H20.25M20.25 12L13.5 5.25M20.25 12L13.5 18.75\" stroke=\"currentColor\" stroke-width=\"1.5\" stroke-linecap=\"round\" stroke-linejoin=\"round\"\/>\n<\/svg>\n<\/a>\n            \n            <div class=\"splide\">\n                <div class=\"splide__track !overflow-visible\">\n                    <ul class=\"splide__list\">\n\n                                                    <li class=\"splide__slide [&#038;_figure]:h-[17rem] md:[&#038;_figure]:h-[25rem] xxl:[&#038;_figure]:h-[39rem] [&#038;_figure]:rounded-bl-16 [&#038;_figure]:rounded-br-16 [&#038;_figure]:rounded-tr-16 group\">\n  <a href=\"https:\/\/famicord.ch\/fr\/pregnancy-zone-2\/informations-sur-la-grossesse\/fruehgeburt\"\n    class=\"!no-underline flex flex-col items-start h-full [&#038;_img]:w-full [&#038;_img]:h-full [&#038;_img]:object-cover group-hover:[&#038;_img]:scale-105 [&#038;_img]:transition-all [&#038;_img]:duration-200 [&#038;_img]:ease-in-out pb-24\">\n    <div class=\"w-full h-[17rem] md:h-[25rem] xxl:h-[39rem]\">\n                    \n      \n\t\n\t\t\n\t\t\t\n\t<figure class=\"overflow-hidden \">\n\n\t\t\n\t\t\t\t\t\t<img decoding=\"async\" src=\"https:\/\/famicord.ch\/wp-content\/uploads\/2024\/08\/Fruehgeburt.jpg\" alt=\"Image\"  loading=\"lazy\"  width=\"640\" height=\"360\"\/>\n\n\t\t\n\t<\/figure>\n\n\n\t\t\n\t\n    <\/div>\n\n          <p class=\"lead-paragraph text-blue mt-24 px-8 xl:px-24 mb-8 line-clamp-2\">\n        Naissance pr\u00e9matur\u00e9e\n      <\/p>\n    \n          <div class=\"mt-12 mb-24 text-black px-8 xl:px-24 line-clamp-4 [&#038;_strong]:font-normal\">\n        Lorsque le premier trimestre est pass\u00e9 et que la peur d&#8217;une fausse couche s&#8217;estompe, de nombreuses futures m\u00e8res redoutent un accouchement pr\u00e9matur\u00e9. Elle est \u00e9galement redout\u00e9e par les gyn\u00e9cologues, car elle reste un probl\u00e8me tr\u00e8s pr\u00e9sent dans l&#8217;obst\u00e9trique moderne. D\u00e9couvrez les causes les plus fr\u00e9quentes d&#8217;un accouchement pr\u00e9matur\u00e9 et les moyens de l&#8217;\u00e9viter.\n      <\/div>\n    \n    <span class=\"link link--tertiary mt-24 ml-8 xl:ml-24\">\n      Lire la suite\n      <span class=\"text-blue\"><svg width=\"11\" height=\"8\" viewbox=\"0 0 11 8\" fill=\"none\" xmlns=\"http:\/\/www.w3.org\/2000\/svg\">\n\t<path d=\"M7.442 7.264L6.63 6.438L8.604 4.52H0.232V3.344H8.59L6.63 1.426L7.442 0.613999L10.76 3.932L7.442 7.264Z\" fill=\"currentColor\"\/>\n<\/svg>\n<\/span>\n    <\/span>\n  <\/a>\n<\/li>\n                                                    <li class=\"splide__slide [&#038;_figure]:h-[17rem] md:[&#038;_figure]:h-[25rem] xxl:[&#038;_figure]:h-[39rem] [&#038;_figure]:rounded-bl-16 [&#038;_figure]:rounded-br-16 [&#038;_figure]:rounded-tr-16 group\">\n  <a href=\"https:\/\/famicord.ch\/fr\/pregnancy-zone-2\/informations-sur-la-grossesse\/dauer-der-schwangerschaft\"\n    class=\"!no-underline flex flex-col items-start h-full [&#038;_img]:w-full [&#038;_img]:h-full [&#038;_img]:object-cover group-hover:[&#038;_img]:scale-105 [&#038;_img]:transition-all [&#038;_img]:duration-200 [&#038;_img]:ease-in-out pb-24\">\n    <div class=\"w-full h-[17rem] md:h-[25rem] xxl:h-[39rem]\">\n                    \n      \n\t\n\t\t\n\t\t\t\n\t<figure class=\"overflow-hidden \">\n\n\t\t\n\t\t\t\t\t\t<img decoding=\"async\" src=\"https:\/\/famicord.ch\/wp-content\/uploads\/2024\/08\/Dauer.jpg\" alt=\"Image\"  loading=\"lazy\"  width=\"640\" height=\"427\"\/>\n\n\t\t\n\t<\/figure>\n\n\n\t\t\n\t\n    <\/div>\n\n          <p class=\"lead-paragraph text-blue mt-24 px-8 xl:px-24 mb-8 line-clamp-2\">\n        Dur\u00e9e de la grossesse\n      <\/p>\n    \n          <div class=\"mt-12 mb-24 text-black px-8 xl:px-24 line-clamp-4 [&#038;_strong]:font-normal\">\n        Neuf mois est un terme de moins en moins utilis\u00e9 pour d\u00e9signer la dur\u00e9e de la grossesse. L&#8217;indication des semaines est beaucoup plus pr\u00e9cise. Cependant, tout le monde n&#8217;est pas conscient qu&#8217;un nombre relativement faible de grossesses se terminent \u00e0 la date fix\u00e9e. L&#8217;essentiel est que la grossesse soit men\u00e9e \u00e0 terme. D\u00e9couvrez quand on parle de grossesse men\u00e9e \u00e0 terme et ce que signifie un accouchement pr\u00e9matur\u00e9.\n      <\/div>\n    \n    <span class=\"link link--tertiary mt-24 ml-8 xl:ml-24\">\n      Lire la suite\n      <span class=\"text-blue\"><svg width=\"11\" height=\"8\" viewbox=\"0 0 11 8\" fill=\"none\" xmlns=\"http:\/\/www.w3.org\/2000\/svg\">\n\t<path d=\"M7.442 7.264L6.63 6.438L8.604 4.52H0.232V3.344H8.59L6.63 1.426L7.442 0.613999L10.76 3.932L7.442 7.264Z\" fill=\"currentColor\"\/>\n<\/svg>\n<\/span>\n    <\/span>\n  <\/a>\n<\/li>\n                                                    <li class=\"splide__slide [&#038;_figure]:h-[17rem] md:[&#038;_figure]:h-[25rem] xxl:[&#038;_figure]:h-[39rem] [&#038;_figure]:rounded-bl-16 [&#038;_figure]:rounded-br-16 [&#038;_figure]:rounded-tr-16 group\">\n  <a href=\"https:\/\/famicord.ch\/fr\/pregnancy-zone-2\/informations-sur-la-grossesse\/eileiterschwangerschaft-symptome-und-ablauf\"\n    class=\"!no-underline flex flex-col items-start h-full [&#038;_img]:w-full [&#038;_img]:h-full [&#038;_img]:object-cover group-hover:[&#038;_img]:scale-105 [&#038;_img]:transition-all [&#038;_img]:duration-200 [&#038;_img]:ease-in-out pb-24\">\n    <div class=\"w-full h-[17rem] md:h-[25rem] xxl:h-[39rem]\">\n                    \n      \n\t\n\t\t\n\t\t\t\n\t<figure class=\"overflow-hidden \">\n\n\t\t\n\t\t\t\t\t\t<img decoding=\"async\" src=\"https:\/\/famicord.ch\/wp-content\/uploads\/2024\/08\/Eileiterschwangerschaft.jpg\" alt=\"Image\"  loading=\"lazy\"  width=\"600\" height=\"600\"\/>\n\n\t\t\n\t<\/figure>\n\n\n\t\t\n\t\n    <\/div>\n\n          <p class=\"lead-paragraph text-blue mt-24 px-8 xl:px-24 mb-8 line-clamp-2\">\n        Grossesse extra-ut\u00e9rine &#8211; sympt\u00f4mes et d\u00e9roulement\n      <\/p>\n    \n          <div class=\"mt-12 mb-24 text-black px-8 xl:px-24 line-clamp-4 [&#038;_strong]:font-normal\">\n        Une grossesse extra-ut\u00e9rine peut avoir de graves cons\u00e9quences. C&#8217;est pourquoi il est extr\u00eamement important de la d\u00e9tecter \u00e0 temps. Au d\u00e9part, les sympt\u00f4mes d&#8217;une grossesse extra-ut\u00e9rine sont tr\u00e8s similaires \u00e0 ceux d&#8217;une grossesse normale. D\u00e9couvrez comment se d\u00e9roule une grossesse extra-ut\u00e9rine et comment elle est trait\u00e9e.\n      <\/div>\n    \n    <span class=\"link link--tertiary mt-24 ml-8 xl:ml-24\">\n      Lire la suite\n      <span class=\"text-blue\"><svg width=\"11\" height=\"8\" viewbox=\"0 0 11 8\" fill=\"none\" xmlns=\"http:\/\/www.w3.org\/2000\/svg\">\n\t<path d=\"M7.442 7.264L6.63 6.438L8.604 4.52H0.232V3.344H8.59L6.63 1.426L7.442 0.613999L10.76 3.932L7.442 7.264Z\" fill=\"currentColor\"\/>\n<\/svg>\n<\/span>\n    <\/span>\n  <\/a>\n<\/li>\n                                                    <li class=\"splide__slide [&#038;_figure]:h-[17rem] md:[&#038;_figure]:h-[25rem] xxl:[&#038;_figure]:h-[39rem] [&#038;_figure]:rounded-bl-16 [&#038;_figure]:rounded-br-16 [&#038;_figure]:rounded-tr-16 group\">\n  <a href=\"https:\/\/famicord.ch\/fr\/pregnancy-zone-2\/informations-sur-la-grossesse\/hyaluronsaeure-in-der-schwangerschaft\"\n    class=\"!no-underline flex flex-col items-start h-full [&#038;_img]:w-full [&#038;_img]:h-full [&#038;_img]:object-cover group-hover:[&#038;_img]:scale-105 [&#038;_img]:transition-all [&#038;_img]:duration-200 [&#038;_img]:ease-in-out pb-24\">\n    <div class=\"w-full h-[17rem] md:h-[25rem] xxl:h-[39rem]\">\n                    \n      \n\t\n\t\t\n\t\t\t\n\t<figure class=\"overflow-hidden \">\n\n\t\t\n\t\t\t\t\t\t<img decoding=\"async\" src=\"https:\/\/famicord.ch\/wp-content\/uploads\/2024\/08\/Hyaluronsaeure.jpg\" alt=\"Image\"  loading=\"lazy\"  width=\"640\" height=\"460\"\/>\n\n\t\t\n\t<\/figure>\n\n\n\t\t\n\t\n    <\/div>\n\n          <p class=\"lead-paragraph text-blue mt-24 px-8 xl:px-24 mb-8 line-clamp-2\">\n        L&#8217;acide hyaluronique pendant la grossesse\n      <\/p>\n    \n          <div class=\"mt-12 mb-24 text-black px-8 xl:px-24 line-clamp-4 [&#038;_strong]:font-normal\">\n        Les proc\u00e9dures de m\u00e9decine esth\u00e9tique sont de plus en plus populaires. L&#8217;une de ces proc\u00e9dures est l&#8217;injection d&#8217;acide hyaluronique. Mais cette proc\u00e9dure peut-elle \u00eatre r\u00e9alis\u00e9e en toute s\u00e9curit\u00e9 pendant la grossesse ?\n      <\/div>\n    \n    <span class=\"link link--tertiary mt-24 ml-8 xl:ml-24\">\n      Lire la suite\n      <span class=\"text-blue\"><svg width=\"11\" height=\"8\" viewbox=\"0 0 11 8\" fill=\"none\" xmlns=\"http:\/\/www.w3.org\/2000\/svg\">\n\t<path d=\"M7.442 7.264L6.63 6.438L8.604 4.52H0.232V3.344H8.59L6.63 1.426L7.442 0.613999L10.76 3.932L7.442 7.264Z\" fill=\"currentColor\"\/>\n<\/svg>\n<\/span>\n    <\/span>\n  <\/a>\n<\/li>\n                                                    <li class=\"splide__slide [&#038;_figure]:h-[17rem] md:[&#038;_figure]:h-[25rem] xxl:[&#038;_figure]:h-[39rem] [&#038;_figure]:rounded-bl-16 [&#038;_figure]:rounded-br-16 [&#038;_figure]:rounded-tr-16 group\">\n  <a href=\"https:\/\/famicord.ch\/fr\/pregnancy-zone-2\/informations-sur-la-grossesse\/schwangerschaft-nach-30\"\n    class=\"!no-underline flex flex-col items-start h-full [&#038;_img]:w-full [&#038;_img]:h-full [&#038;_img]:object-cover group-hover:[&#038;_img]:scale-105 [&#038;_img]:transition-all [&#038;_img]:duration-200 [&#038;_img]:ease-in-out pb-24\">\n    <div class=\"w-full h-[17rem] md:h-[25rem] xxl:h-[39rem]\">\n                    \n      \n\t\n\t\t\n\t\t\t\n\t<figure class=\"overflow-hidden \">\n\n\t\t\n\t\t\t\t\t\t<img decoding=\"async\" src=\"https:\/\/famicord.ch\/wp-content\/uploads\/2024\/08\/30_Jahre.webp\" alt=\"Image\"  loading=\"lazy\"  width=\"640\" height=\"427\"\/>\n\n\t\t\n\t<\/figure>\n\n\n\t\t\n\t\n    <\/div>\n\n          <p class=\"lead-paragraph text-blue mt-24 px-8 xl:px-24 mb-8 line-clamp-2\">\n        Grossesse apr\u00e8s 30 ans\n      <\/p>\n    \n          <div class=\"mt-12 mb-24 text-black px-8 xl:px-24 line-clamp-4 [&#038;_strong]:font-normal\">\n        De nos jours, de nombreuses femmes ont leur enfant apr\u00e8s l&#8217;\u00e2ge de 30 ans. L&#8217;\u00e2ge auquel une femme devient m\u00e8re d\u00e9pend toutefois d&#8217;un certain nombre de facteurs, tels que ses projets de carri\u00e8re, mais aussi des probl\u00e8mes rencontr\u00e9s pour tomber enceinte. Une grossesse apr\u00e8s 30 ans est-elle une grossesse \u00e0 risque?\n      <\/div>\n    \n    <span class=\"link link--tertiary mt-24 ml-8 xl:ml-24\">\n      Lire la suite\n      <span class=\"text-blue\"><svg width=\"11\" height=\"8\" viewbox=\"0 0 11 8\" fill=\"none\" xmlns=\"http:\/\/www.w3.org\/2000\/svg\">\n\t<path d=\"M7.442 7.264L6.63 6.438L8.604 4.52H0.232V3.344H8.59L6.63 1.426L7.442 0.613999L10.76 3.932L7.442 7.264Z\" fill=\"currentColor\"\/>\n<\/svg>\n<\/span>\n    <\/span>\n  <\/a>\n<\/li>\n                                                    <li class=\"splide__slide [&#038;_figure]:h-[17rem] md:[&#038;_figure]:h-[25rem] xxl:[&#038;_figure]:h-[39rem] [&#038;_figure]:rounded-bl-16 [&#038;_figure]:rounded-br-16 [&#038;_figure]:rounded-tr-16 group\">\n  <a href=\"https:\/\/famicord.ch\/fr\/pregnancy-zone-2\/informations-sur-la-grossesse\/uebungen-in-der-wochenbettphase\"\n    class=\"!no-underline flex flex-col items-start h-full [&#038;_img]:w-full [&#038;_img]:h-full [&#038;_img]:object-cover group-hover:[&#038;_img]:scale-105 [&#038;_img]:transition-all [&#038;_img]:duration-200 [&#038;_img]:ease-in-out pb-24\">\n    <div class=\"w-full h-[17rem] md:h-[25rem] xxl:h-[39rem]\">\n                    \n      \n\t\n\t\t\n\t\t\t\n\t<figure class=\"overflow-hidden \">\n\n\t\t\n\t\t\t\t\t\t<img decoding=\"async\" src=\"https:\/\/famicord.ch\/wp-content\/uploads\/2024\/08\/Uebungen-768x510.webp\" alt=\"Image\"  loading=\"lazy\"  width=\"768\" height=\"510\"\/>\n\n\t\t\n\t<\/figure>\n\n\n\t\t\n\t\n    <\/div>\n\n          <p class=\"lead-paragraph text-blue mt-24 px-8 xl:px-24 mb-8 line-clamp-2\">\n        Exercices dans la phase post-partum\n      <\/p>\n    \n          <div class=\"mt-12 mb-24 text-black px-8 xl:px-24 line-clamp-4 [&#038;_strong]:font-normal\">\n        L&#8217;activit\u00e9 physique est tr\u00e8s importante, tant pendant la grossesse qu&#8217;apr\u00e8s l&#8217;accouchement. Les experts soulignent que l&#8217;exercice physique en post-partum ne doit se faire que sous la surveillance d&#8217;un kin\u00e9sith\u00e9rapeute et que vous devez attendre l&#8217;accord de votre gyn\u00e9cologue pour \u00eatre totalement libre de vos mouvements. D\u00e9couvrez quels exercices sont sans danger en post-partum.\n      <\/div>\n    \n    <span class=\"link link--tertiary mt-24 ml-8 xl:ml-24\">\n      Lire la suite\n      <span class=\"text-blue\"><svg width=\"11\" height=\"8\" viewbox=\"0 0 11 8\" fill=\"none\" xmlns=\"http:\/\/www.w3.org\/2000\/svg\">\n\t<path d=\"M7.442 7.264L6.63 6.438L8.604 4.52H0.232V3.344H8.59L6.63 1.426L7.442 0.613999L10.76 3.932L7.442 7.264Z\" fill=\"currentColor\"\/>\n<\/svg>\n<\/span>\n    <\/span>\n  <\/a>\n<\/li>\n                        \n                    <\/ul>\n                <\/div>\n            <\/div>\n        <\/div>\n\n    <\/section>\n\n\n\n\n    <div class=\"container\">\n                    \n    <h2   class=\"h3  text-blue mb-24 lg:mb-40\">\n\n            News\n\n    <\/h2>\n\n        \n                    <div class=\"max-w-[88rem] mt-24 mb-48 lg:mt-40 lg:mb-80 lg:pl-100\">\n                                    <div>Nouveaut\u00e9s dans le domaine des cellules souches du cordon ombilical<\/div>\n                \n                                    \n\t\n\t\n\t\t\t\t\t<a href=\"https:\/\/famicord.ch\/fr\/pregnancy-zone-2\/news-fr\" target=\"_self\"  class=\"button primary w-full md:w-auto mt-24 lg:mt-40 \">\n        \n        \n                    Voir tous les articles\n        \n        \n        \n                    <\/a>\n\t\t\n\t\n                            <\/div>\n            <\/div>\n\n    <section class=\"posts-slider sliders-styles section-margin relative\">\n\n                    <div class=\"side-gradient--left hidden lg:block hide absolute z-10 top-0 left-0 w-60 md:w-80 xl:w-100 h-full bg-gradient-to-r from-white to-transparent\"><\/div>\n<div class=\"side-gradient--right absolute z-10 top-0 right-0 w-60 md:w-80 xl:w-100 h-full bg-gradient-to-l from-white to-transparent\"><\/div>\n        \n        <div class=\"container relative\">\n                            <a role=\"button\" class=\"posts-slider__prev-button navigation-button hide hidden xl:grid xl:place-content-center absolute z-20 left-0 top-40 xxl:top-[27%]\"><svg xmlns=\"http:\/\/www.w3.org\/2000\/svg\" width=\"24\" height=\"24\" viewbox=\"0 0 24 24\" fill=\"none\">\n\t<path d=\"M20.25 12L3.75 12M3.75 12L10.5 18.75M3.75 12L10.5 5.25\" stroke=\"#1B1B1B\" stroke-width=\"1.5\" stroke-linecap=\"round\" stroke-linejoin=\"round\"\/>\n<\/svg>\n<\/a>\n<a role=\"button\" class=\"posts-slider__next-button navigation-button hidden xl:grid xl:place-content-center absolute z-20 right-0 top-40 xxl:top-[27%]\"><svg xmlns=\"http:\/\/www.w3.org\/2000\/svg\" width=\"24\" height=\"24\" viewbox=\"0 0 24 24\" fill=\"none\">\n\t<path d=\"M3.75 12H20.25M20.25 12L13.5 5.25M20.25 12L13.5 18.75\" stroke=\"currentColor\" stroke-width=\"1.5\" stroke-linecap=\"round\" stroke-linejoin=\"round\"\/>\n<\/svg>\n<\/a>\n            \n            <div class=\"splide\">\n                <div class=\"splide__track !overflow-visible\">\n                    <ul class=\"splide__list\">\n\n                                                    <li class=\"splide__slide [&#038;_figure]:h-[17rem] md:[&#038;_figure]:h-[25rem] xxl:[&#038;_figure]:h-[39rem] [&#038;_figure]:rounded-bl-16 [&#038;_figure]:rounded-br-16 [&#038;_figure]:rounded-tr-16 group\">\n  <a href=\"https:\/\/famicord.ch\/fr\/pregnancy-zone-2\/news-fr\/lidias-geschichte\"\n    class=\"!no-underline flex flex-col items-start h-full [&#038;_img]:w-full [&#038;_img]:h-full [&#038;_img]:object-cover group-hover:[&#038;_img]:scale-105 [&#038;_img]:transition-all [&#038;_img]:duration-200 [&#038;_img]:ease-in-out pb-24\">\n    <div class=\"w-full h-[17rem] md:h-[25rem] xxl:h-[39rem]\">\n                    \n      \n\t\n\t\t\n\t\t\t\n\t<figure class=\"overflow-hidden \">\n\n\t\t\n\t\t\t\t\t\t<img decoding=\"async\" src=\"https:\/\/famicord.ch\/wp-content\/uploads\/2024\/08\/Lidki-768x432.webp\" alt=\"Image\"  loading=\"lazy\"  width=\"768\" height=\"432\"\/>\n\n\t\t\n\t<\/figure>\n\n\n\t\t\n\t\n    <\/div>\n\n          <p class=\"lead-paragraph text-blue mt-24 px-8 xl:px-24 mb-8 line-clamp-2\">\n        L&#8217;histoire de Lidia &#8211; Th\u00e9rapie par cellules souches pour l&#8217;ataxie spinoc\u00e9r\u00e9belleuse c\u00e9r\u00e9brale\n      <\/p>\n    \n          <div class=\"mt-12 mb-24 text-black px-8 xl:px-24 line-clamp-4 [&#038;_strong]:font-normal\">\n        Lidia est n\u00e9e pr\u00e9matur\u00e9ment \u00e0 29 semaines de grossesse. Au cours de sa premi\u00e8re ann\u00e9e de vie, la fillette a \u00e9t\u00e9 diagnostiqu\u00e9e avec une ataxie spino-c\u00e9r\u00e9belleuse et la maladie de Hirschsprung. L&#8217;ataxie c\u00e9r\u00e9belleuse spinale est une maladie neurologique rare qui se caract\u00e9rise, entre autres, par des difficult\u00e9s de coordination motrice. La maladie de Hirschsprung est un trouble cong\u00e9nital rare de l&#8217;innervation intestinale, d&#8217;origine g\u00e9n\u00e9tique.\n      <\/div>\n    \n    <span class=\"link link--tertiary mt-24 ml-8 xl:ml-24\">\n      Lire la suite\n      <span class=\"text-blue\"><svg width=\"11\" height=\"8\" viewbox=\"0 0 11 8\" fill=\"none\" xmlns=\"http:\/\/www.w3.org\/2000\/svg\">\n\t<path d=\"M7.442 7.264L6.63 6.438L8.604 4.52H0.232V3.344H8.59L6.63 1.426L7.442 0.613999L10.76 3.932L7.442 7.264Z\" fill=\"currentColor\"\/>\n<\/svg>\n<\/span>\n    <\/span>\n  <\/a>\n<\/li>\n                                                    <li class=\"splide__slide [&#038;_figure]:h-[17rem] md:[&#038;_figure]:h-[25rem] xxl:[&#038;_figure]:h-[39rem] [&#038;_figure]:rounded-bl-16 [&#038;_figure]:rounded-br-16 [&#038;_figure]:rounded-tr-16 group\">\n  <a href=\"https:\/\/famicord.ch\/fr\/pregnancy-zone-2\/news-fr\/nabelschnurblut-rettet-maedchen-mit-schwerer-pulmonaler-hypertonie\"\n    class=\"!no-underline flex flex-col items-start h-full [&#038;_img]:w-full [&#038;_img]:h-full [&#038;_img]:object-cover group-hover:[&#038;_img]:scale-105 [&#038;_img]:transition-all [&#038;_img]:duration-200 [&#038;_img]:ease-in-out pb-24\">\n    <div class=\"w-full h-[17rem] md:h-[25rem] xxl:h-[39rem]\">\n                    \n      \n\t\n\t\t\n\t\t\t\n\t<figure class=\"overflow-hidden \">\n\n\t\t\n\t\t\t\t\t\t<img decoding=\"async\" src=\"https:\/\/famicord.ch\/wp-content\/uploads\/2024\/08\/Pulmonale_Hypertonie-768x513.webp\" alt=\"Image\"  loading=\"lazy\"  width=\"768\" height=\"513\"\/>\n\n\t\t\n\t<\/figure>\n\n\n\t\t\n\t\n    <\/div>\n\n          <p class=\"lead-paragraph text-blue mt-24 px-8 xl:px-24 mb-8 line-clamp-2\">\n        Le sang de cordon ombilical sauve une fillette atteinte d&#8217;hypertension pulmonaire s\u00e9v\u00e8re\n      <\/p>\n    \n          <div class=\"mt-12 mb-24 text-black px-8 xl:px-24 line-clamp-4 [&#038;_strong]:font-normal\">\n        Les cellules souches extraites du sang de cordon ombilical sont utilis\u00e9es comme traitement standard pour 80 maladies. Ces derni\u00e8res ann\u00e9es, de nouveaux rapports ont fait \u00e9tat de l&#8217;utilisation de ces cellules pour d&#8217;autres maladies. Des m\u00e9decins en Allemagne les ont utilis\u00e9es avec succ\u00e8s pour traiter l&#8217;hypertension pulmonaire chez une fillette de 3 ans.\n      <\/div>\n    \n    <span class=\"link link--tertiary mt-24 ml-8 xl:ml-24\">\n      Lire la suite\n      <span class=\"text-blue\"><svg width=\"11\" height=\"8\" viewbox=\"0 0 11 8\" fill=\"none\" xmlns=\"http:\/\/www.w3.org\/2000\/svg\">\n\t<path d=\"M7.442 7.264L6.63 6.438L8.604 4.52H0.232V3.344H8.59L6.63 1.426L7.442 0.613999L10.76 3.932L7.442 7.264Z\" fill=\"currentColor\"\/>\n<\/svg>\n<\/span>\n    <\/span>\n  <\/a>\n<\/li>\n                                                    <li class=\"splide__slide [&#038;_figure]:h-[17rem] md:[&#038;_figure]:h-[25rem] xxl:[&#038;_figure]:h-[39rem] [&#038;_figure]:rounded-bl-16 [&#038;_figure]:rounded-br-16 [&#038;_figure]:rounded-tr-16 group\">\n  <a href=\"https:\/\/famicord.ch\/fr\/pregnancy-zone-2\/news-fr\/traitement-de-linfertilite-par-les-cellules-souches\"\n    class=\"!no-underline flex flex-col items-start h-full [&#038;_img]:w-full [&#038;_img]:h-full [&#038;_img]:object-cover group-hover:[&#038;_img]:scale-105 [&#038;_img]:transition-all [&#038;_img]:duration-200 [&#038;_img]:ease-in-out pb-24\">\n    <div class=\"w-full h-[17rem] md:h-[25rem] xxl:h-[39rem]\">\n                    \n      \n\t\n\t\t\n\t\t\t\n\t<figure class=\"overflow-hidden \">\n\n\t\t\n\t\t\t\t\t\t<img decoding=\"async\" src=\"https:\/\/famicord.ch\/wp-content\/uploads\/2024\/08\/SZ_Unfruchtbarkeit-768x509.webp\" alt=\"Image\"  loading=\"lazy\"  width=\"768\" height=\"509\"\/>\n\n\t\t\n\t<\/figure>\n\n\n\t\t\n\t\n    <\/div>\n\n          <p class=\"lead-paragraph text-blue mt-24 px-8 xl:px-24 mb-8 line-clamp-2\">\n        Traitement de l\u2019infertilit\u00e9 par les cellules souches\n      <\/p>\n    \n    \n    <span class=\"link link--tertiary mt-24 ml-8 xl:ml-24\">\n      Lire la suite\n      <span class=\"text-blue\"><svg width=\"11\" height=\"8\" viewbox=\"0 0 11 8\" fill=\"none\" xmlns=\"http:\/\/www.w3.org\/2000\/svg\">\n\t<path d=\"M7.442 7.264L6.63 6.438L8.604 4.52H0.232V3.344H8.59L6.63 1.426L7.442 0.613999L10.76 3.932L7.442 7.264Z\" fill=\"currentColor\"\/>\n<\/svg>\n<\/span>\n    <\/span>\n  <\/a>\n<\/li>\n                                                    <li class=\"splide__slide [&#038;_figure]:h-[17rem] md:[&#038;_figure]:h-[25rem] xxl:[&#038;_figure]:h-[39rem] [&#038;_figure]:rounded-bl-16 [&#038;_figure]:rounded-br-16 [&#038;_figure]:rounded-tr-16 group\">\n  <a href=\"https:\/\/famicord.ch\/fr\/pregnancy-zone-2\/news-fr\/cellules-souches-issues-du-sang-de-cordon-ombilical-ont-gueri-des-patients-infectes-par-le-vih\"\n    class=\"!no-underline flex flex-col items-start h-full [&#038;_img]:w-full [&#038;_img]:h-full [&#038;_img]:object-cover group-hover:[&#038;_img]:scale-105 [&#038;_img]:transition-all [&#038;_img]:duration-200 [&#038;_img]:ease-in-out pb-24\">\n    <div class=\"w-full h-[17rem] md:h-[25rem] xxl:h-[39rem]\">\n                    \n      \n\t\n\t\t\n\t\t\t\n\t<figure class=\"overflow-hidden \">\n\n\t\t\n\t\t\t\t\t\t<img decoding=\"async\" src=\"https:\/\/famicord.ch\/wp-content\/uploads\/2024\/08\/HIV.webp\" alt=\"Image\"  loading=\"lazy\"  width=\"672\" height=\"444\"\/>\n\n\t\t\n\t<\/figure>\n\n\n\t\t\n\t\n    <\/div>\n\n          <p class=\"lead-paragraph text-blue mt-24 px-8 xl:px-24 mb-8 line-clamp-2\">\n        Des cellules souches issues du sang de cordon ombilical ont gu\u00e9ri des patients infect\u00e9s par le VIH\n      <\/p>\n    \n    \n    <span class=\"link link--tertiary mt-24 ml-8 xl:ml-24\">\n      Lire la suite\n      <span class=\"text-blue\"><svg width=\"11\" height=\"8\" viewbox=\"0 0 11 8\" fill=\"none\" xmlns=\"http:\/\/www.w3.org\/2000\/svg\">\n\t<path d=\"M7.442 7.264L6.63 6.438L8.604 4.52H0.232V3.344H8.59L6.63 1.426L7.442 0.613999L10.76 3.932L7.442 7.264Z\" fill=\"currentColor\"\/>\n<\/svg>\n<\/span>\n    <\/span>\n  <\/a>\n<\/li>\n                                                    <li class=\"splide__slide [&#038;_figure]:h-[17rem] md:[&#038;_figure]:h-[25rem] xxl:[&#038;_figure]:h-[39rem] [&#038;_figure]:rounded-bl-16 [&#038;_figure]:rounded-br-16 [&#038;_figure]:rounded-tr-16 group\">\n  <a href=\"https:\/\/famicord.ch\/fr\/pregnancy-zone-2\/news-fr\/vermehrung-von-nabelschnurblut-stammzellen-als-neue-hoffnung-fuer-krebspatienten\"\n    class=\"!no-underline flex flex-col items-start h-full [&#038;_img]:w-full [&#038;_img]:h-full [&#038;_img]:object-cover group-hover:[&#038;_img]:scale-105 [&#038;_img]:transition-all [&#038;_img]:duration-200 [&#038;_img]:ease-in-out pb-24\">\n    <div class=\"w-full h-[17rem] md:h-[25rem] xxl:h-[39rem]\">\n                    \n      \n\t\n\t\t\n\t\t\t\n\t<figure class=\"overflow-hidden \">\n\n\t\t\n\t\t\t\t\t\t<img decoding=\"async\" src=\"https:\/\/famicord.ch\/wp-content\/uploads\/2024\/08\/stem_cell.webp\" alt=\"Image\"  loading=\"lazy\"  width=\"522\" height=\"273\"\/>\n\n\t\t\n\t<\/figure>\n\n\n\t\t\n\t\n    <\/div>\n\n          <p class=\"lead-paragraph text-blue mt-24 px-8 xl:px-24 mb-8 line-clamp-2\">\n        La multiplication des cellules souches du sang de cordon ombilical, un nouvel espoir pour les patients atteints de cancer\n      <\/p>\n    \n    \n    <span class=\"link link--tertiary mt-24 ml-8 xl:ml-24\">\n      Lire la suite\n      <span class=\"text-blue\"><svg width=\"11\" height=\"8\" viewbox=\"0 0 11 8\" fill=\"none\" xmlns=\"http:\/\/www.w3.org\/2000\/svg\">\n\t<path d=\"M7.442 7.264L6.63 6.438L8.604 4.52H0.232V3.344H8.59L6.63 1.426L7.442 0.613999L10.76 3.932L7.442 7.264Z\" fill=\"currentColor\"\/>\n<\/svg>\n<\/span>\n    <\/span>\n  <\/a>\n<\/li>\n                        \n                    <\/ul>\n                <\/div>\n            <\/div>\n        <\/div>\n\n    <\/section>\n","protected":false},"excerpt":{"rendered":"","protected":false},"author":1,"featured_media":0,"parent":0,"menu_order":0,"comment_status":"closed","ping_status":"closed","template":"","meta":{"_acf_changed":false,"inline_featured_image":false,"editor_plus_copied_stylings":"{}","footnotes":""},"class_list":["post-3883","page","type-page","status-publish","hentry"],"acf":[],"yoast_head":"<!-- This site is optimized with the Yoast SEO plugin v27.5 - https:\/\/yoast.com\/product\/yoast-seo-wordpress\/ -->\n<title>FamiBlog \u2013 Votre compagnon pendant la grossesse<\/title>\n<meta name=\"description\" content=\"Suivez votre grossesse avec FamiBlog : conseils sant\u00e9, alimentation, d\u00e9veloppement du b\u00e9b\u00e9 et bien-\u00eatre de la future maman. D\u00e9couvrez nos articles inspirants !\" \/>\n<meta name=\"robots\" content=\"index, follow, max-snippet:-1, max-image-preview:large, max-video-preview:-1\" \/>\n<link rel=\"canonical\" href=\"https:\/\/famicord.ch\/fr\/pregnancy-zone-2\" \/>\n<meta property=\"og:locale\" content=\"fr_FR\" \/>\n<meta property=\"og:type\" content=\"article\" \/>\n<meta property=\"og:title\" content=\"FamiBlog \u2013 Votre compagnon pendant la grossesse\" \/>\n<meta property=\"og:description\" content=\"Suivez votre grossesse avec FamiBlog : conseils sant\u00e9, alimentation, d\u00e9veloppement du b\u00e9b\u00e9 et bien-\u00eatre de la future maman. D\u00e9couvrez nos articles inspirants !\" \/>\n<meta property=\"og:url\" content=\"https:\/\/famicord.ch\/fr\/pregnancy-zone-2\" \/>\n<meta property=\"og:site_name\" content=\"Famicord Suisse\" \/>\n<meta property=\"article:modified_time\" content=\"2025-11-26T13:32:08+00:00\" \/>\n<meta name=\"twitter:card\" content=\"summary_large_image\" \/>\n<script type=\"application\/ld+json\" class=\"yoast-schema-graph\">{\"@context\":\"https:\\\/\\\/schema.org\",\"@graph\":[{\"@type\":\"WebPage\",\"@id\":\"https:\\\/\\\/famicord.ch\\\/fr\\\/pregnancy-zone-2\",\"url\":\"https:\\\/\\\/famicord.ch\\\/fr\\\/pregnancy-zone-2\",\"name\":\"FamiBlog \u2013 Votre compagnon pendant la grossesse\",\"isPartOf\":{\"@id\":\"https:\\\/\\\/famicord.ch\\\/fr#website\"},\"datePublished\":\"2024-07-19T13:25:12+00:00\",\"dateModified\":\"2025-11-26T13:32:08+00:00\",\"description\":\"Suivez votre grossesse avec FamiBlog : conseils sant\u00e9, alimentation, d\u00e9veloppement du b\u00e9b\u00e9 et bien-\u00eatre de la future maman. D\u00e9couvrez nos articles inspirants !\",\"breadcrumb\":{\"@id\":\"https:\\\/\\\/famicord.ch\\\/fr\\\/pregnancy-zone-2#breadcrumb\"},\"inLanguage\":\"fr-CH\",\"potentialAction\":[{\"@type\":\"ReadAction\",\"target\":[\"https:\\\/\\\/famicord.ch\\\/fr\\\/pregnancy-zone-2\"]}]},{\"@type\":\"BreadcrumbList\",\"@id\":\"https:\\\/\\\/famicord.ch\\\/fr\\\/pregnancy-zone-2#breadcrumb\",\"itemListElement\":[{\"@type\":\"ListItem\",\"position\":1,\"name\":\"Home\",\"item\":\"https:\\\/\\\/famicord.ch\\\/fr\"},{\"@type\":\"ListItem\",\"position\":2,\"name\":\"FamiBlog\"}]},{\"@type\":\"WebSite\",\"@id\":\"https:\\\/\\\/famicord.ch\\\/fr#website\",\"url\":\"https:\\\/\\\/famicord.ch\\\/fr\",\"name\":\"Famicord.ch\",\"description\":\"\",\"potentialAction\":[{\"@type\":\"SearchAction\",\"target\":{\"@type\":\"EntryPoint\",\"urlTemplate\":\"https:\\\/\\\/famicord.ch\\\/fr?s={search_term_string}\"},\"query-input\":{\"@type\":\"PropertyValueSpecification\",\"valueRequired\":true,\"valueName\":\"search_term_string\"}}],\"inLanguage\":\"fr-CH\"}]}<\/script>\n<!-- \/ Yoast SEO plugin. -->","yoast_head_json":{"title":"FamiBlog \u2013 Votre compagnon pendant la grossesse","description":"Suivez votre grossesse avec FamiBlog : conseils sant\u00e9, alimentation, d\u00e9veloppement du b\u00e9b\u00e9 et bien-\u00eatre de la future maman. D\u00e9couvrez nos articles inspirants !","robots":{"index":"index","follow":"follow","max-snippet":"max-snippet:-1","max-image-preview":"max-image-preview:large","max-video-preview":"max-video-preview:-1"},"canonical":"https:\/\/famicord.ch\/fr\/pregnancy-zone-2","og_locale":"fr_FR","og_type":"article","og_title":"FamiBlog \u2013 Votre compagnon pendant la grossesse","og_description":"Suivez votre grossesse avec FamiBlog : conseils sant\u00e9, alimentation, d\u00e9veloppement du b\u00e9b\u00e9 et bien-\u00eatre de la future maman. D\u00e9couvrez nos articles inspirants !","og_url":"https:\/\/famicord.ch\/fr\/pregnancy-zone-2","og_site_name":"Famicord Suisse","article_modified_time":"2025-11-26T13:32:08+00:00","twitter_card":"summary_large_image","schema":{"@context":"https:\/\/schema.org","@graph":[{"@type":"WebPage","@id":"https:\/\/famicord.ch\/fr\/pregnancy-zone-2","url":"https:\/\/famicord.ch\/fr\/pregnancy-zone-2","name":"FamiBlog \u2013 Votre compagnon pendant la grossesse","isPartOf":{"@id":"https:\/\/famicord.ch\/fr#website"},"datePublished":"2024-07-19T13:25:12+00:00","dateModified":"2025-11-26T13:32:08+00:00","description":"Suivez votre grossesse avec FamiBlog : conseils sant\u00e9, alimentation, d\u00e9veloppement du b\u00e9b\u00e9 et bien-\u00eatre de la future maman. D\u00e9couvrez nos articles inspirants !","breadcrumb":{"@id":"https:\/\/famicord.ch\/fr\/pregnancy-zone-2#breadcrumb"},"inLanguage":"fr-CH","potentialAction":[{"@type":"ReadAction","target":["https:\/\/famicord.ch\/fr\/pregnancy-zone-2"]}]},{"@type":"BreadcrumbList","@id":"https:\/\/famicord.ch\/fr\/pregnancy-zone-2#breadcrumb","itemListElement":[{"@type":"ListItem","position":1,"name":"Home","item":"https:\/\/famicord.ch\/fr"},{"@type":"ListItem","position":2,"name":"FamiBlog"}]},{"@type":"WebSite","@id":"https:\/\/famicord.ch\/fr#website","url":"https:\/\/famicord.ch\/fr","name":"Famicord.ch","description":"","potentialAction":[{"@type":"SearchAction","target":{"@type":"EntryPoint","urlTemplate":"https:\/\/famicord.ch\/fr?s={search_term_string}"},"query-input":{"@type":"PropertyValueSpecification","valueRequired":true,"valueName":"search_term_string"}}],"inLanguage":"fr-CH"}]}},"_links":{"self":[{"href":"https:\/\/famicord.ch\/fr\/wp-json\/wp\/v2\/pages\/3883","targetHints":{"allow":["GET"]}}],"collection":[{"href":"https:\/\/famicord.ch\/fr\/wp-json\/wp\/v2\/pages"}],"about":[{"href":"https:\/\/famicord.ch\/fr\/wp-json\/wp\/v2\/types\/page"}],"author":[{"embeddable":true,"href":"https:\/\/famicord.ch\/fr\/wp-json\/wp\/v2\/users\/1"}],"replies":[{"embeddable":true,"href":"https:\/\/famicord.ch\/fr\/wp-json\/wp\/v2\/comments?post=3883"}],"version-history":[{"count":10,"href":"https:\/\/famicord.ch\/fr\/wp-json\/wp\/v2\/pages\/3883\/revisions"}],"predecessor-version":[{"id":11671,"href":"https:\/\/famicord.ch\/fr\/wp-json\/wp\/v2\/pages\/3883\/revisions\/11671"}],"wp:attachment":[{"href":"https:\/\/famicord.ch\/fr\/wp-json\/wp\/v2\/media?parent=3883"}],"curies":[{"name":"wp","href":"https:\/\/api.w.org\/{rel}","templated":true}]}}