{"id":3656,"date":"2024-07-17T10:38:16","date_gmt":"2024-07-17T08:38:16","guid":{"rendered":"https:\/\/wordpress-famicord-ch.empressia.dev\/stammzellen\/warum-lohnt-es-sich"},"modified":"2025-11-05T09:59:21","modified_gmt":"2025-11-05T08:59:21","slug":"pourquoi-cela-vaut-il-la-peine","status":"publish","type":"page","link":"https:\/\/famicord.ch\/fr\/cellules-souches\/pourquoi-cela-vaut-il-la-peine","title":{"rendered":"Pourquoi vaut-il la peine de conserver des cellules souches ?"},"content":{"rendered":"\n<section class=\"hero flex flex-col justify-center bg-center bg-cover bg-no-repeat py-32 lg:py-48 mb-72 xl:mb-120 relative min-h-[20.5rem] xl:min-h-[26rem]\" style=\"background-image: url(https:\/\/famicord.ch\/wp-content\/uploads\/2024\/07\/default-hero-bg.webp)\">\n\t<div class=\"container items-center\">\n\t\t<h1 class=\"text-center text-blue max-w-[90%] md:max-w-[60%] lg:max-w-[80%] xxl:max-w-1200 mx-auto\">\n\t\t\t\t\t\t\t<span class=\"font-normal break-words\">Pourquoi vaut-il la peine <\/span>\n\t\t\t\n\t\t\t\t\t\t\t<br\/>\n\t\t\t\n\t\t\t\t\t\t\t<span class=\"font-extralight break-words\">de conserver des cellules souches ?<\/span>\n\t\t\t\t\t<\/h1>\n\t<\/div>\n\n\t<div class=\"absolute left-[-14rem] bottom-[-10.8rem] md:bottom-[-15.8rem] xl:bottom-[-20.3rem]\">\n\t\t<svg width=\"500\" height=\"500\" viewbox=\"0 0 500 500\" fill=\"none\" xmlns=\"http:\/\/www.w3.org\/2000\/svg\" class=\"size-180 md:size-260 xl:size-340\">\n\t\t\t<mask id=\"mask0_1511_27028\" style=\"mask-type:alpha\" maskunits=\"userSpaceOnUse\" x=\"0\" y=\"0\" width=\"500\" height=\"200\">\n\t\t\t\t<rect width=\"500\" height=\"200\" transform=\"matrix(-1 0 0 1 500 0)\" fill=\"#D9D9D9\"\/>\n\t\t\t<\/mask>\n\t\t\t<g mask=\"url(#mask0_1511_27028)\">\n\t\t\t\t<path d=\"M214.686 463.894C166.261 512.319 87.156 511.726 38.731 463.301C-9.69398 414.876 -10.2866 335.771 38.1384 287.346L287.04 38.4443C335.465 -9.98075 414.57 -9.3881 462.995 39.0369C511.42 87.4619 512.013 166.567 463.588 214.992L214.686 463.894Z\" fill=\"#FE6F20\"\/>\n\t\t\t<\/g>\n\t\t\t<path d=\"M214.404 462.612C166.377 510.639 87.7903 509.946 39.7484 461.905C-8.29344 413.863 -8.98578 335.276 39.0413 287.249L287.943 38.3476C335.97 -9.67956 414.556 -8.98719 462.598 39.0547C510.64 87.0966 511.333 165.683 463.305 213.71L214.404 462.612Z\" stroke=\"#FE6F20\" stroke-width=\"2\"\/>\n\t\t<\/svg>\n\t<\/div>\n\n\t<div class=\"absolute right-[-10rem] bottom-[-7.2rem] md:bottom-[-10.4rem] xl:bottom-[-13.6rem]\">\n\t\t<svg width=\"500\" height=\"500\" viewbox=\"0 0 500 500\" fill=\"none\" xmlns=\"http:\/\/www.w3.org\/2000\/svg\" class=\"size-180 md:size-260 xl:size-340\">\n\t\t\t<mask id=\"mask0_1511_27023\" style=\"mask-type:alpha\" maskunits=\"userSpaceOnUse\" x=\"0\" y=\"0\" width=\"500\" height=\"300\">\n\t\t\t\t<rect width=\"500\" height=\"300\" fill=\"#D9D9D9\"\/>\n\t\t\t<\/mask>\n\t\t\t<g mask=\"url(#mask0_1511_27023)\">\n\t\t\t\t<path d=\"M285.622 36.4146C334.047 -12.0104 413.069 -11.5011 461.494 36.9239C509.919 85.349 510.429 164.371 462.004 212.796L213.102 461.697C164.677 510.122 85.6552 509.613 37.2302 461.188C-11.1948 412.763 -11.7041 333.741 36.7209 285.316L285.622 36.4146Z\" fill=\"#1560DA\"\/>\n\t\t\t<\/g>\n\t\t\t<path d=\"M285.596 37.3883C333.623 -10.6388 412.21 -9.94644 460.252 38.0955C508.293 86.1373 508.986 164.724 460.959 212.751L212.057 461.652C164.03 509.68 85.4436 508.987 37.4017 460.945C-10.6402 412.903 -11.3325 334.317 36.6946 286.29L285.596 37.3883Z\" stroke=\"#1560DA\" stroke-width=\"2\"\/>\n\t\t<\/svg>\n\t<\/div>\n<\/section>\n\n\n<section class=\"section-with-heading-and-text section-margin section-margin--small\">\n\t<div class=\"container\">\n\n\t\t\t\t\t\n\t\t\t\n    <h2   class=\"h3 h1 text-blue break-words lg:max-w-[90%] xl:max-w-[98rem]\">\n\n            Avantages de la conservation des cellules souches\n\n    <\/h2>\n\n\t\t\n\t\t\t\t\t\t\t\t<div class=\"mt-24 xl:mt-40 xl:ml-100 space-y-24  xl:max-w-[78rem]\"><p>La conservation du sang de cordon, du tissu du cordon ombilical ainsi que du tissu placentaire \u00e0 la naissance fait sans aucun doute partie des d\u00e9cisions les plus importantes de votre vie. D\u00e9couvrez ici ce que vous devez savoir \u00e0 ce sujet, \u00e0 quoi cela peut servir et quelles limitations peuvent survenir.<\/p>\n<\/div>\n\t\t\n\t<\/div>\n<\/section>\n\n\n    \n    \n    \n    \n  <section class=\"section-with-icon-boxes alignfull relative section-margin section-margin--small\">\n    <div class=\"container\">\n                                        \n        \n                    \n                            \n        <div class=\"section-with-icon-boxes__layout section-with-icon-boxes__layout--four flex flex-wrap icon-position--left box-text-align--left\">\n            \n                                \n  <div class=\"icon-box icon-box-- border border-gray-medium rounded-tr-16 rounded-br-16 rounded-bl-16 flex flex-col items-start p-24 md:px-32 bg-white\">\n          <img decoding=\"async\" src=\"https:\/\/famicord.ch\/wp-content\/uploads\/2024\/07\/Microscope.svg\"\n        alt=\"Icon\"\n        class=\"icon-box__icon !size-32 lg:!size-48 h-auto mb-24 shrink-0\" \/>\n    \n    <div class=\"icon-box__content flex flex-col\">\n              <h3 class=\"text-blue font-medium paragraph--m\">80 maladies oncologiques ou h\u00e9matologiques<\/h3>\n      \n              <p class=\"mt-16\">Tant de maladies \u00e0 pr\u00e9sent trait\u00e9es par des cellules souches de sang de cordon ombilical<\/p>\n      \n          <\/div>\n  <\/div>\n\n            \n                                \n  <div class=\"icon-box icon-box-- border border-gray-medium rounded-tr-16 rounded-br-16 rounded-bl-16 flex flex-col items-start p-24 md:px-32 bg-white\">\n          <img decoding=\"async\" src=\"https:\/\/famicord.ch\/wp-content\/uploads\/2024\/07\/Familly.svg\"\n        alt=\"Icon\"\n        class=\"icon-box__icon !size-32 lg:!size-48 h-auto mb-24 shrink-0\" \/>\n    \n    <div class=\"icon-box__content flex flex-col\">\n              <h3 class=\"text-blue font-medium paragraph--m\">Autisme et paralysie c\u00e9r\u00e9brale<\/h3>\n      \n              <p class=\"mt-16\">Les patients atteints de ces maladies b\u00e9n\u00e9ficient de la transplantation de cellules souches.<\/p>\n      \n          <\/div>\n  <\/div>\n\n            \n                                \n  <div class=\"icon-box icon-box-- border border-gray-medium rounded-tr-16 rounded-br-16 rounded-bl-16 flex flex-col items-start p-24 md:px-32 bg-white\">\n          <img decoding=\"async\" src=\"https:\/\/famicord.ch\/wp-content\/uploads\/2024\/07\/baby-unborn.svg\"\n        alt=\"Icon\"\n        class=\"icon-box__icon !size-32 lg:!size-48 h-auto mb-24 shrink-0\" \/>\n    \n    <div class=\"icon-box__content flex flex-col\">\n              <h3 class=\"text-blue font-medium paragraph--m\">M\u00e9decine r\u00e9g\u00e9n\u00e9rative<\/h3>\n      \n              <p class=\"mt-16\">Les cellules souches du cordon ombilical et du placenta sont largement utilis\u00e9es dans la reconstruction des neurones, des articulations et des os.<\/p>\n      \n          <\/div>\n  <\/div>\n\n            \n                                \n  <div class=\"icon-box icon-box-- border border-gray-medium rounded-tr-16 rounded-br-16 rounded-bl-16 flex flex-col items-start p-24 md:px-32 bg-white\">\n          <img decoding=\"async\" src=\"https:\/\/famicord.ch\/wp-content\/uploads\/2024\/07\/waga.svg\"\n        alt=\"Icon\"\n        class=\"icon-box__icon !size-32 lg:!size-48 h-auto mb-24 shrink-0\" \/>\n    \n    <div class=\"icon-box__content flex flex-col\">\n              <h3 class=\"text-blue font-medium paragraph--m\">1:100<\/h3>\n      \n              <p class=\"mt-16\">Les chances d\u2019\u00eatre un jour trait\u00e9 par des cellules souches<\/p>\n      \n          <\/div>\n  <\/div>\n\n                    <\/div>\n\n            <\/div>\n  <\/section>\n\n\n  \n\n  \n<section class=\"mixed-content-section alignfull relative mb-56 xl:mb-96 pt-64 pb-24 lg:py-100\">\n                  \n  <div class=\"container  grid grid-cols-1 md:grid-cols-2 xl:grid-cols-[58rem_48rem] items-center md:gap-x-58 lg:gap-x-80 xl:gap-x-100 xxl:gap-x-120 relative xxxl:justify-center\">\n          \n<div class=\"mb-64 m:mb-84 md:mb-0 relative order-1\">\n  <div class=\"absolute top-1\/2 left-1\/2 -translate-x-1\/2 -translate-y-1\/2 text-orange\">\n          <svg xmlns=\"http:\/\/www.w3.org\/2000\/svg\"\n        width=\"731\"\n        height=\"730\"\n        viewbox=\"0 0 731 730\"\n        fill=\"none\"\n        class=\"size-[35rem] m:size-[40rem] lg:size-[55rem] xl:size-[75rem]\">\n        <path d=\"M272.882 682.429C210.789 744.522 110.116 744.522 48.0222 682.429C-14.0712 620.336 -14.0712 519.662 48.0222 457.569L458.005 47.5862C520.098 -14.5072 620.772 -14.5073 682.865 47.5861C744.958 109.679 744.958 210.353 682.865 272.446L272.882 682.429Z\"\n          stroke=\"currentColor\"\n          stroke-width=\"2\" \/>\n      <\/svg>\n      <\/div>\n\n  <div class=\"[&#038;_figure]:h-[29rem] lg:[&#038;_figure]:h-[38rem] xl:[&#038;_figure]:h-[48rem] xxl:[&#038;_figure]:h-[60rem] rounded-tr-16 rounded-br-16 rounded-bl-16 overflow-hidden mx-[5%] md:mx-0\">\n                \n\t\n\t\t\n\t\t\t\n\t<figure class=\"overflow-hidden relative z-20 [&#038;_img]:object-cover\">\n\n\t\t\n\t\t\t\t\t\t\t\t\t\t\t\t\n\t\t\t\t\t\t\t\t\t\t\n\t\t\t<img decoding=\"async\" src=\"https:\/\/famicord.ch\/wp-content\/uploads\/2024\/07\/family-on-carpet.webp\" srcset=\"https:\/\/famicord.ch\/wp-content\/uploads\/2024\/07\/family-on-carpet.webp 1339w, https:\/\/famicord.ch\/wp-content\/uploads\/2024\/07\/family-on-carpet-300x200.webp 300w, https:\/\/famicord.ch\/wp-content\/uploads\/2024\/07\/family-on-carpet-1024x683.webp 1024w, https:\/\/famicord.ch\/wp-content\/uploads\/2024\/07\/family-on-carpet-768x512.webp 768w, https:\/\/famicord.ch\/wp-content\/uploads\/2024\/07\/family-on-carpet-500x333.webp 500w\" sizes=\"(max-width: 1339px) 100vw, 1339px\" alt=\"family-on-carpet\" class=\"h-full w-full object-cover\" width=\"1339\" height=\"893\"  loading=\"lazy\" \/>\n\n\t\t\n\t<\/figure>\n\n\n\t\t\n\t\n      <\/div>\n<\/div>\n    \n    <div class=\"order-2 space-y-24 xl:space-y-48 md:p-0 flex flex-col\">\n              \n    <h2   class=\"h4 text-orange\">\n\n            Traitement par cellules souches\n\n    <\/h2>\n\n      \n              <div class=\"wysiwyg xl:ml-80 xxl:ml-100 xxxl:ml-120 lg:max-w-[38rem] xxxl:max-w-[50rem]\">\n          <p>Personne ne voit l\u2019avenir, ni ne peut pr\u00e9voir les maladies susceptibles de toucher sa propre famille. L\u2019\u00e9tude en cours montre que la probabilit\u00e9 d&#8217;utilisation des cellules souches dans sa vie est \u00e0 pr\u00e9sent de 1\/100. Les cellules souches collect\u00e9es \u00e0 la naissance peuvent servir \u00e0 l\u2019enfant qui vient de na\u00eetre et \u00e0 ses fr\u00e8res et s\u0153urs (avec caract\u00e9ristiques HLA compatibles). Le pr\u00e9l\u00e8vement ne pr\u00e9sente aucun risque pour une m\u00e8re, ni pour un nouveau-n\u00e9.<\/p>\n\n        <\/div>\n      \n          <\/div>\n  <\/div>\n<\/section>\n\n\n\t<section class=\"cta cta--blue alignfull pt-48 pb-64 md:pt-56 md:pb-72 xl:pt-64 xl:pb-80 relative overflow-hidden section-margin section-margin--small\">\n      <div class=\"cta-decorator-wrapper--top absolute top-0 left-0\">\n      <svg width=\"566\"\n  height=\"386\"\n  viewBox=\"0 0 566 386\"\n  fill=\"none\"\n  xmlns=\"http:\/\/www.w3.org\/2000\/svg\"\n  class=\"cta-decorator\">\n  <rect x=\"-396.5\"\n    y=\"470.586\"\n    width=\"398\"\n    height=\"998\"\n    rx=\"199\"\n    transform=\"rotate(-135 -396.5 470.586)\"\n    stroke=\"currentColor\"\n    stroke-width=\"2\" \/>\n  <path d=\"M166.5 -122C166.5 -231.905 255.595 -321 365.5 -321C475.405 -321 564.5 -231.905 564.5 -122C564.5 -12.0953 475.405 77 365.5 77C255.595 77 166.5 -12.0953 166.5 -122Z\"\n    stroke=\"currentColor\"\n    stroke-width=\"2\" \/>\n<\/svg>\n\n    <\/div>\n    <div class=\"cta-decorator-wrapper--bottom absolute bottom-0 right-0\">\n      <svg width=\"574\"\n  height=\"386\"\n  viewBox=\"0 0 574 386\"\n  fill=\"none\"\n  xmlns=\"http:\/\/www.w3.org\/2000\/svg\"\n  class=\"cta-decorator\">\n  <rect x=\"963.5\"\n    y=\"-84.5858\"\n    width=\"398\"\n    height=\"998\"\n    rx=\"199\"\n    transform=\"rotate(45 963.5 -84.5858)\"\n    stroke=\"currentColor\"\n    stroke-width=\"2\" \/>\n  <path d=\"M399.5 508C399.5 617.905 310.405 707 200.5 707C90.5953 707 1.5 617.905 1.5 508C1.5 398.095 90.5953 309 200.5 309C310.405 309 399.5 398.095 399.5 508Z\"\n    stroke=\"currentColor\"\n    stroke-width=\"2\" \/>\n<\/svg>\n\n    <\/div>\n  \n  <div class=\"container flex flex-col items-center gap-y-32 text-center relative z-1\">\n      <figure>\n    <img decoding=\"async\" src=\"https:\/\/famicord.ch\/wp-content\/uploads\/2024\/07\/Drop-48.svg\" alt=\"Icon\" class=\"style-svg w-48 h-auto\" \/>\n  <\/figure>\n\n  \n    <p   class=\"h5  lg:max-w-[97rem]\">\n\n            Saviez-vous que la conservation des cellules souches issues du cordon ombilical et du placenta est une opportunit\u00e9 unique dans une vie pour prot\u00e9ger la sant\u00e9 de votre enfant et de votre famille ?\n\n    <\/p>\n\n\n\n<div class=\"flex flex-col sm:flex-row justify-center items-center flex-wrap gap-8 md:gap-y-16 md:gap-x-40 w-full sm:w-auto\">\n      \n\t\n\t\n\t\t\t\t\t<a href=\"https:\/\/famicord.ch\/fr\/options\" target=\"_self\"  class=\"button inverted  button--big w-full sm:w-auto \">\n        \n        \n                    D\u00e9couvrez les co\u00fbts et les options\n        \n        \n        \n                    <\/a>\n\t\t\n\t\n  \n        <\/div>\n  <\/div>\n<\/section>\n\n\n    \n    \n    \n    \n  <section class=\"section-with-icon-boxes alignfull relative section-margin section-margin--small\">\n    <div class=\"container\">\n                                \n    <h2   class=\"h3  text-blue mb-24 xl:mb-40 text-center\">\n\n            Quelles sont les limitations li\u00e9es \u00e0 la proc\u00e9dure ?\n\n    <\/h2>\n\n        \n        \n                    \n                            \n        <div class=\"section-with-icon-boxes__layout section-with-icon-boxes__layout--three flex flex-wrap icon-position--left box-text-align--left\">\n            \n                                \n  <div class=\"icon-box icon-box-- border border-gray-medium rounded-tr-16 rounded-br-16 rounded-bl-16 flex flex-col items-start p-24 md:px-32 bg-white\">\n          <img decoding=\"async\" src=\"https:\/\/famicord.ch\/wp-content\/uploads\/2024\/07\/Medicine.svg\"\n        alt=\"Icon\"\n        class=\"icon-box__icon !size-32 lg:!size-48 h-auto mb-24 shrink-0\" \/>\n    \n    <div class=\"icon-box__content flex flex-col\">\n              <h3 class=\"text-blue font-medium paragraph--m\">Il ne gu\u00e9rit pas tout<\/h3>\n      \n              <p class=\"mt-16\">Malgr\u00e9 le nombre grandissant d\u2019indications, les cellules souches ne peuvent pas servir au traitement de tous les cas pathologiques<\/p>\n      \n          <\/div>\n  <\/div>\n\n            \n                                \n  <div class=\"icon-box icon-box-- border border-gray-medium rounded-tr-16 rounded-br-16 rounded-bl-16 flex flex-col items-start p-24 md:px-32 bg-white\">\n          <img decoding=\"async\" src=\"https:\/\/famicord.ch\/wp-content\/uploads\/2024\/07\/Notice.svg\"\n        alt=\"Icon\"\n        class=\"icon-box__icon !size-32 lg:!size-48 h-auto mb-24 shrink-0\" \/>\n    \n    <div class=\"icon-box__content flex flex-col\">\n              <h3 class=\"text-blue font-medium paragraph--m\">Le co\u00fbt<\/h3>\n      \n              <p class=\"mt-16\">Le pr\u00e9l\u00e8vement et la conservation des cellules souches ne sont pas rembours\u00e9s et doivent \u00eatre financ\u00e9s par les parents.<\/p>\n      \n          <\/div>\n  <\/div>\n\n            \n                                \n  <div class=\"icon-box icon-box-- border border-gray-medium rounded-tr-16 rounded-br-16 rounded-bl-16 flex flex-col items-start p-24 md:px-32 bg-white\">\n          <img decoding=\"async\" src=\"https:\/\/famicord.ch\/wp-content\/uploads\/2024\/07\/Blood.svg\"\n        alt=\"Icon\"\n        class=\"icon-box__icon !size-32 lg:!size-48 h-auto mb-24 shrink-0\" \/>\n    \n    <div class=\"icon-box__content flex flex-col\">\n              <h3 class=\"text-blue font-medium paragraph--m\">La conservation n\u2019est pas toujours possible<\/h3>\n      \n              <p class=\"mt-16\">Il existe certaines contre-indications, comme dans le cas d\u2019un VIH<\/p>\n      \n          <\/div>\n  <\/div>\n\n                    <\/div>\n\n            <\/div>\n  <\/section>\n","protected":false},"excerpt":{"rendered":"","protected":false},"author":1,"featured_media":0,"parent":3622,"menu_order":0,"comment_status":"closed","ping_status":"closed","template":"","meta":{"_acf_changed":false,"inline_featured_image":false,"editor_plus_copied_stylings":"{}","footnotes":""},"class_list":["post-3656","page","type-page","status-publish","hentry"],"acf":[],"yoast_head":"<!-- This site is optimized with the Yoast SEO plugin v27.5 - https:\/\/yoast.com\/product\/yoast-seo-wordpress\/ -->\n<title>Pourquoi une conservation des cellules souches en vaut la peine<\/title>\n<meta name=\"description\" content=\"La conservation des cellules souches : s\u00e9curit\u00e9 pour votre enfant, opportunit\u00e9s futures gr\u00e2ce aux th\u00e9rapies modernes et protection pour toute la famille.\" \/>\n<meta name=\"robots\" content=\"index, follow, max-snippet:-1, max-image-preview:large, max-video-preview:-1\" \/>\n<link rel=\"canonical\" href=\"https:\/\/famicord.ch\/fr\/cellules-souches\/pourquoi-cela-vaut-il-la-peine\" \/>\n<meta property=\"og:locale\" content=\"fr_FR\" \/>\n<meta property=\"og:type\" content=\"article\" \/>\n<meta property=\"og:title\" content=\"Pourquoi une conservation des cellules souches en vaut la peine\" \/>\n<meta property=\"og:description\" content=\"La conservation des cellules souches : s\u00e9curit\u00e9 pour votre enfant, opportunit\u00e9s futures gr\u00e2ce aux th\u00e9rapies modernes et protection pour toute la famille.\" \/>\n<meta property=\"og:url\" content=\"https:\/\/famicord.ch\/fr\/cellules-souches\/pourquoi-cela-vaut-il-la-peine\" \/>\n<meta property=\"og:site_name\" content=\"Famicord Suisse\" \/>\n<meta property=\"article:modified_time\" content=\"2025-11-05T08:59:21+00:00\" \/>\n<meta name=\"twitter:card\" content=\"summary_large_image\" \/>\n<script type=\"application\/ld+json\" class=\"yoast-schema-graph\">{\"@context\":\"https:\\\/\\\/schema.org\",\"@graph\":[{\"@type\":\"WebPage\",\"@id\":\"https:\\\/\\\/famicord.ch\\\/fr\\\/cellules-souches\\\/pourquoi-cela-vaut-il-la-peine\",\"url\":\"https:\\\/\\\/famicord.ch\\\/fr\\\/cellules-souches\\\/pourquoi-cela-vaut-il-la-peine\",\"name\":\"Pourquoi une conservation des cellules souches en vaut la peine\",\"isPartOf\":{\"@id\":\"https:\\\/\\\/famicord.ch\\\/fr#website\"},\"datePublished\":\"2024-07-17T08:38:16+00:00\",\"dateModified\":\"2025-11-05T08:59:21+00:00\",\"description\":\"La conservation des cellules souches : s\u00e9curit\u00e9 pour votre enfant, opportunit\u00e9s futures gr\u00e2ce aux th\u00e9rapies modernes et protection pour toute la famille.\",\"breadcrumb\":{\"@id\":\"https:\\\/\\\/famicord.ch\\\/fr\\\/cellules-souches\\\/pourquoi-cela-vaut-il-la-peine#breadcrumb\"},\"inLanguage\":\"fr-CH\",\"potentialAction\":[{\"@type\":\"ReadAction\",\"target\":[\"https:\\\/\\\/famicord.ch\\\/fr\\\/cellules-souches\\\/pourquoi-cela-vaut-il-la-peine\"]}]},{\"@type\":\"BreadcrumbList\",\"@id\":\"https:\\\/\\\/famicord.ch\\\/fr\\\/cellules-souches\\\/pourquoi-cela-vaut-il-la-peine#breadcrumb\",\"itemListElement\":[{\"@type\":\"ListItem\",\"position\":1,\"name\":\"Home\",\"item\":\"https:\\\/\\\/famicord.ch\\\/fr\"},{\"@type\":\"ListItem\",\"position\":2,\"name\":\"Cellules souches\",\"item\":\"https:\\\/\\\/famicord.ch\\\/fr\\\/cellules-souches\"},{\"@type\":\"ListItem\",\"position\":3,\"name\":\"Pourquoi vaut-il la peine de conserver des cellules souches ?\"}]},{\"@type\":\"WebSite\",\"@id\":\"https:\\\/\\\/famicord.ch\\\/fr#website\",\"url\":\"https:\\\/\\\/famicord.ch\\\/fr\",\"name\":\"Famicord.ch\",\"description\":\"\",\"potentialAction\":[{\"@type\":\"SearchAction\",\"target\":{\"@type\":\"EntryPoint\",\"urlTemplate\":\"https:\\\/\\\/famicord.ch\\\/fr?s={search_term_string}\"},\"query-input\":{\"@type\":\"PropertyValueSpecification\",\"valueRequired\":true,\"valueName\":\"search_term_string\"}}],\"inLanguage\":\"fr-CH\"}]}<\/script>\n<!-- \/ Yoast SEO plugin. -->","yoast_head_json":{"title":"Pourquoi une conservation des cellules souches en vaut la peine","description":"La conservation des cellules souches : s\u00e9curit\u00e9 pour votre enfant, opportunit\u00e9s futures gr\u00e2ce aux th\u00e9rapies modernes et protection pour toute la famille.","robots":{"index":"index","follow":"follow","max-snippet":"max-snippet:-1","max-image-preview":"max-image-preview:large","max-video-preview":"max-video-preview:-1"},"canonical":"https:\/\/famicord.ch\/fr\/cellules-souches\/pourquoi-cela-vaut-il-la-peine","og_locale":"fr_FR","og_type":"article","og_title":"Pourquoi une conservation des cellules souches en vaut la peine","og_description":"La conservation des cellules souches : s\u00e9curit\u00e9 pour votre enfant, opportunit\u00e9s futures gr\u00e2ce aux th\u00e9rapies modernes et protection pour toute la famille.","og_url":"https:\/\/famicord.ch\/fr\/cellules-souches\/pourquoi-cela-vaut-il-la-peine","og_site_name":"Famicord Suisse","article_modified_time":"2025-11-05T08:59:21+00:00","twitter_card":"summary_large_image","schema":{"@context":"https:\/\/schema.org","@graph":[{"@type":"WebPage","@id":"https:\/\/famicord.ch\/fr\/cellules-souches\/pourquoi-cela-vaut-il-la-peine","url":"https:\/\/famicord.ch\/fr\/cellules-souches\/pourquoi-cela-vaut-il-la-peine","name":"Pourquoi une conservation des cellules souches en vaut la peine","isPartOf":{"@id":"https:\/\/famicord.ch\/fr#website"},"datePublished":"2024-07-17T08:38:16+00:00","dateModified":"2025-11-05T08:59:21+00:00","description":"La conservation des cellules souches : s\u00e9curit\u00e9 pour votre enfant, opportunit\u00e9s futures gr\u00e2ce aux th\u00e9rapies modernes et protection pour toute la famille.","breadcrumb":{"@id":"https:\/\/famicord.ch\/fr\/cellules-souches\/pourquoi-cela-vaut-il-la-peine#breadcrumb"},"inLanguage":"fr-CH","potentialAction":[{"@type":"ReadAction","target":["https:\/\/famicord.ch\/fr\/cellules-souches\/pourquoi-cela-vaut-il-la-peine"]}]},{"@type":"BreadcrumbList","@id":"https:\/\/famicord.ch\/fr\/cellules-souches\/pourquoi-cela-vaut-il-la-peine#breadcrumb","itemListElement":[{"@type":"ListItem","position":1,"name":"Home","item":"https:\/\/famicord.ch\/fr"},{"@type":"ListItem","position":2,"name":"Cellules souches","item":"https:\/\/famicord.ch\/fr\/cellules-souches"},{"@type":"ListItem","position":3,"name":"Pourquoi vaut-il la peine de conserver des cellules souches ?"}]},{"@type":"WebSite","@id":"https:\/\/famicord.ch\/fr#website","url":"https:\/\/famicord.ch\/fr","name":"Famicord.ch","description":"","potentialAction":[{"@type":"SearchAction","target":{"@type":"EntryPoint","urlTemplate":"https:\/\/famicord.ch\/fr?s={search_term_string}"},"query-input":{"@type":"PropertyValueSpecification","valueRequired":true,"valueName":"search_term_string"}}],"inLanguage":"fr-CH"}]}},"_links":{"self":[{"href":"https:\/\/famicord.ch\/fr\/wp-json\/wp\/v2\/pages\/3656","targetHints":{"allow":["GET"]}}],"collection":[{"href":"https:\/\/famicord.ch\/fr\/wp-json\/wp\/v2\/pages"}],"about":[{"href":"https:\/\/famicord.ch\/fr\/wp-json\/wp\/v2\/types\/page"}],"author":[{"embeddable":true,"href":"https:\/\/famicord.ch\/fr\/wp-json\/wp\/v2\/users\/1"}],"replies":[{"embeddable":true,"href":"https:\/\/famicord.ch\/fr\/wp-json\/wp\/v2\/comments?post=3656"}],"version-history":[{"count":14,"href":"https:\/\/famicord.ch\/fr\/wp-json\/wp\/v2\/pages\/3656\/revisions"}],"predecessor-version":[{"id":11550,"href":"https:\/\/famicord.ch\/fr\/wp-json\/wp\/v2\/pages\/3656\/revisions\/11550"}],"up":[{"embeddable":true,"href":"https:\/\/famicord.ch\/fr\/wp-json\/wp\/v2\/pages\/3622"}],"wp:attachment":[{"href":"https:\/\/famicord.ch\/fr\/wp-json\/wp\/v2\/media?parent=3656"}],"curies":[{"name":"wp","href":"https:\/\/api.w.org\/{rel}","templated":true}]}}